{"id":69025,"date":"2025-12-22T01:17:09","date_gmt":"2025-12-22T00:17:09","guid":{"rendered":"https:\/\/orthodoxalbania.org\/2020\/?page_id=69025"},"modified":"2025-12-22T01:23:28","modified_gmt":"2025-12-22T00:23:28","slug":"organizimi-kishtar-2026","status":"publish","type":"page","link":"https:\/\/orthodoxalbania.org\/2020\/organizimi-kishtar-2026\/","title":{"rendered":"Organizimi Kishtar &#8211; 2026"},"content":{"rendered":"<h1><span class=\"ez-toc-section\" id=\"ORGANIZIMI_KISHTAR_%E2%80%93_2026\"><\/span>ORGANIZIMI KISHTAR &#8211; 2026<span class=\"ez-toc-section-end\"><\/span><\/h1>\n<h2><span class=\"ez-toc-section\" id=\"Kisha_Orthodhokse_Autoqefale_e_Shqiperise\"><\/span>Kisha Orthodhokse Autoqefale e Shqip\u00ebris\u00eb<span class=\"ez-toc-section-end\"><\/span><\/h2>\n<p><strong>Burimi:<\/strong> Kalendari Orthodhoks 2026<\/p>\n<hr \/>\n<h2><span class=\"ez-toc-section\" id=\"SINODI_I_SHENJTE\"><\/span>SINODI I SHENJT\u00cb<span class=\"ez-toc-section-end\"><\/span><\/h2>\n<h3><span class=\"ez-toc-section\" id=\"Anetaret\"><\/span>An\u00ebtar\u00ebt<span class=\"ez-toc-section-end\"><\/span><\/h3>\n<table>\n<thead>\n<tr>\n<th>Titulli<\/th>\n<th>Emri<\/th>\n<th>Selia<\/th>\n<\/tr>\n<\/thead>\n<tbody>\n<tr>\n<td><strong>Kryetar<\/strong><\/td>\n<td>Fortlumturia e Tij, Kryepiskopi i Tiran\u00ebs, Durr\u00ebsit dhe i Gjith\u00eb Shqip\u00ebris\u00eb <strong>JOANI<\/strong><\/td>\n<td>Tiran\u00eb<\/td>\n<\/tr>\n<tr>\n<td>Mitropolit<\/td>\n<td>Hir\u00ebsia e Tij, Mitropoliti i Apollonis\u00eb dhe Fierit <strong>NIKOLLA<\/strong><\/td>\n<td>Fier<\/td>\n<\/tr>\n<tr>\n<td>Mitropolit<\/td>\n<td>Hir\u00ebsia e Tij, Mitropoliti i Elbasanit <strong>ANDONI<\/strong><\/td>\n<td>Elbasan<\/td>\n<\/tr>\n<tr>\n<td>Mitropolit<\/td>\n<td>Hir\u00ebsia e Tij, Mitropoliti i Beratit <strong>ASTI<\/strong><\/td>\n<td>Berat<\/td>\n<\/tr>\n<tr>\n<td>Mitropolit<\/td>\n<td>Hir\u00ebsia e Tij, Mitropoliti i Gjirokastr\u00ebs <strong>NATHANAILI<\/strong><\/td>\n<td>Gjirokast\u00ebr<\/td>\n<\/tr>\n<tr>\n<td>Mitropolit<\/td>\n<td>Hir\u00ebsia e Tij, Mitropoliti i Kor\u00e7\u00ebs <strong>ANASTASI<\/strong><\/td>\n<td>Kor\u00e7\u00eb<\/td>\n<\/tr>\n<\/tbody>\n<\/table>\n<h3><span class=\"ez-toc-section\" id=\"Zyrat_e_Sinodit\"><\/span>Zyrat e Sinodit<span class=\"ez-toc-section-end\"><\/span><\/h3>\n<ul>\n<li><strong>Kryesekretar:<\/strong> Arkimandrit Ignat Todri<\/li>\n<li><strong>Sekretar:<\/strong> At\u00eb Grigor Pelushi<\/li>\n<\/ul>\n<h3><span class=\"ez-toc-section\" id=\"Te_dhenat_e_kontaktit\"><\/span>T\u00eb dh\u00ebnat e kontaktit<span class=\"ez-toc-section-end\"><\/span><\/h3>\n<p><strong>Adresa postare:<\/strong><\/p>\n<ul>\n<li>Bulevardi &#8220;D\u00ebshmor\u00ebt e Kombit&#8221;, Nr. 5, Tiran\u00eb<\/li>\n<li>Tel: 04-2257 261\/2<\/li>\n<\/ul>\n<p><strong>Adresa alternative:<\/strong><\/p>\n<ul>\n<li>Rruga e Kavaj\u00ebs, Nr. 141, Nj\u00ebsia Administrative Nr. 10, Tiran\u00eb<\/li>\n<li>Tel: 04-2234 117, 04-2235 095<\/li>\n<\/ul>\n<p><strong>Email:<\/strong> &#111;&#x72;t&#104;&#x63;h&#x61;&#x6c;&#64;&#x6f;r&#116;&#x68;o&#100;&#x6f;&#120;&#x61;l&#98;&#x61;n&#105;&#x61;&#46;&#x6f;&#x72;&#103;<br \/>\n<strong>Website:<\/strong> www.orthodoxalbania.org<\/p>\n<hr \/>\n<h2><span class=\"ez-toc-section\" id=\"KESHILLI_KISHTAR_KLERIKO-LAIK\"><\/span>K\u00cbSHILLI KISHTAR KLERIKO-LAIK<span class=\"ez-toc-section-end\"><\/span><\/h2>\n<p><strong>Kryetar:<\/strong> Fortlumturia e Tij, Kryepiskopi Joani<\/p>\n<p><strong>An\u00ebtar\u00eb:<\/strong><\/p>\n<ul>\n<li>T\u00eb gjith\u00eb an\u00ebtar\u00ebt e Sinodit<\/li>\n<li>Ikonom Aleks Ndoni<\/li>\n<li>Protopresviter Joan Qako<\/li>\n<li>Stavrofor Mihal Sanellari<\/li>\n<li>Protopresviter Joan M\u00ebrkuri<\/li>\n<li>At\u00eb Dhimit\u00ebr Loshi<\/li>\n<li>Ikonom Stavri \u00c7ipi<\/li>\n<li>At\u00eb Jovan Koroveshi<\/li>\n<li>N. Mile, R. Papi, A. Na\u00e7o, D. Shuraja<\/li>\n<li>A. Bualoti, I. Ko\u00e7i, O. Beci, E. Doko, V. Koli\u00e7i<\/li>\n<\/ul>\n<hr \/>\n<h2><span class=\"ez-toc-section\" id=\"STATISTIKA_E_KLERIKEVE\"><\/span>STATISTIKA E KLERIK\u00cbVE<span class=\"ez-toc-section-end\"><\/span><\/h2>\n<table>\n<thead>\n<tr>\n<th>Kategoria<\/th>\n<th>Numri<\/th>\n<\/tr>\n<\/thead>\n<tbody>\n<tr>\n<td><strong>Klerik\u00eb<\/strong><\/td>\n<td>157<\/td>\n<\/tr>\n<tr>\n<td>Klerik\u00eb q\u00eb kan\u00eb nd\u00ebrruar jet\u00eb (1992-2025)<\/td>\n<td>34<\/td>\n<\/tr>\n<tr>\n<td><strong>Murgj<\/strong><\/td>\n<td>6 (4 murgj + 2 murgesha)<\/td>\n<\/tr>\n<tr>\n<td><strong>N\u00ebndhjakon\u00eb<\/strong><\/td>\n<td>2<\/td>\n<\/tr>\n<\/tbody>\n<\/table>\n<hr \/>\n<h2><span class=\"ez-toc-section\" id=\"MANASTIRET\"><\/span>MANASTIRET<span class=\"ez-toc-section-end\"><\/span><\/h2>\n<table>\n<thead>\n<tr>\n<th>Manastiri<\/th>\n<th>Vendndodhja<\/th>\n<th>Murgjit<\/th>\n<th>Kontakti<\/th>\n<\/tr>\n<\/thead>\n<tbody>\n<tr>\n<td><strong>Manastiri i Shenjt\u00eb i Ri i Sh\u00ebn Vlashit<\/strong><\/td>\n<td>Durr\u00ebs<\/td>\n<td>Arkimandrit Ignati, At\u00eb Emanuel Lapanxa<\/td>\n<td>069 271 2564, 069 306 7055<\/td>\n<\/tr>\n<tr>\n<td><strong>Skiti i Miroprur\u00ebseve<\/strong><\/td>\n<td>Sh\u00ebn Vlash<\/td>\n<td>1 murgesh\u00eb<\/td>\n<td>&#8211;<\/td>\n<\/tr>\n<tr>\n<td><strong>Manastiri &#8220;Lindja e Hyjlind\u00ebses&#8221;<\/strong><\/td>\n<td>Ardenic\u00eb<\/td>\n<td>1 murg<\/td>\n<td>068 654 3850<\/td>\n<\/tr>\n<tr>\n<td><strong>Manastiri &#8220;Sh\u00ebn Kozmai&#8221;<\/strong><\/td>\n<td>Kolkondas<\/td>\n<td>1 murg<\/td>\n<td>&#8211;<\/td>\n<\/tr>\n<tr>\n<td><strong>Manastiri &#8220;Burimi jet\u00ebdh\u00ebn\u00ebs&#8221;<\/strong><\/td>\n<td>Dh\u00ebrmi<\/td>\n<td>1 murg<\/td>\n<td>&#8211;<\/td>\n<\/tr>\n<tr>\n<td><strong>Manastiri &#8220;Sh\u00ebn Dhimitri&#8221;<\/strong><\/td>\n<td>Qeparo<\/td>\n<td>1 murg<\/td>\n<td>&#8211;<\/td>\n<\/tr>\n<tr>\n<td><strong>Skiti i Sh\u00ebn An\u00ebs<\/strong><\/td>\n<td>Gjirokast\u00ebr<\/td>\n<td>1 murgesh\u00eb<\/td>\n<td>&#8211;<\/td>\n<\/tr>\n<\/tbody>\n<\/table>\n<hr \/>\n<h2><span class=\"ez-toc-section\" id=\"KRYEPISKOPATA_E_SHENJTE_E_TIRANES_DHE_E_DURRESIT\"><\/span>KRYEPISKOPATA E SHENJT\u00cb E TIRAN\u00cbS DHE E DURR\u00cbSIT<span class=\"ez-toc-section-end\"><\/span><\/h2>\n<p><strong>Kryepiskop:<\/strong> Fortlumturia e Tij, JOANI<\/p>\n<h3><span class=\"ez-toc-section\" id=\"Sherbimet_Administrative\"><\/span>Sh\u00ebrbimet Administrative<span class=\"ez-toc-section-end\"><\/span><\/h3>\n<table>\n<thead>\n<tr>\n<th>Zyra<\/th>\n<th>P\u00ebrgjegj\u00ebsi<\/th>\n<\/tr>\n<\/thead>\n<tbody>\n<tr>\n<td><strong>Protosingjel<\/strong> (detyr\u00eb)<\/td>\n<td>Protopresviter Spiro Topanxha<\/td>\n<\/tr>\n<tr>\n<td><strong>Epitrop i P\u00ebrgjithsh\u00ebm Arkihieratik<\/strong><\/td>\n<td>Ikonom Aleks Ndoni<\/td>\n<\/tr>\n<tr>\n<td><strong>Zyra e Kryepiskopit<\/strong><\/td>\n<td>Ikonom i Madh Harallamb Gjoka, Protopresviter Spiro Topanxha<\/td>\n<\/tr>\n<tr>\n<td><strong>Arkivi<\/strong><\/td>\n<td>S. R\u00ebmbeci, C. Rusku<\/td>\n<\/tr>\n<tr>\n<td><strong>Zyra e Pron\u00ebs Kishtare<\/strong><\/td>\n<td>Mitropoliti i Kor\u00e7\u00ebs Anastasi, P. Shal\u00ebsi, Th. Xhile, A. Zaimi<\/td>\n<\/tr>\n<tr>\n<td><strong>Zyra e Financ\u00ebs<\/strong><\/td>\n<td>Ikonom Jovan Koroveshi, E. Mo\u00e7ka, Dhjakon Kristo Xhaferi<\/td>\n<\/tr>\n<tr>\n<td><strong>Zyra e Personelit<\/strong><\/td>\n<td>Ikonom Aleks Ndoni, N\u00ebndhjakon Joan Rusku<\/td>\n<\/tr>\n<tr>\n<td><strong>Zyra e Shtypit<\/strong><\/td>\n<td>V. Duri (&#122;y&#114;a&#115;h&#x74;y&#x70;i&#x74;k&#x6f;a&#x73;h&#x40;g&#x6d;a&#x69;l&#x2e;c&#x6f;&#109;)<\/td>\n<\/tr>\n<tr>\n<td><strong>Zyra e Botimeve<\/strong><\/td>\n<td>A. Baba, A. B\u00ebrbati<\/td>\n<\/tr>\n<tr>\n<td><strong>Zyra e P\u00ebrkthimit<\/strong><\/td>\n<td>S. Zhupa, P. Kondili<\/td>\n<\/tr>\n<tr>\n<td><strong>Website<\/strong><\/td>\n<td>E. Gjoka<\/td>\n<\/tr>\n<tr>\n<td><strong>Biblioteka<\/strong><\/td>\n<td>N. Tashi<\/td>\n<\/tr>\n<tr>\n<td><strong>Zyra e Sh\u00ebrbimit Teknik<\/strong><\/td>\n<td>Ark. A. Man\u00e7o<\/td>\n<\/tr>\n<tr>\n<td><strong>B\u00ebrthama e Trash\u00ebgimis\u00eb Kulturore<\/strong><\/td>\n<td>Ark. restaurator J. Stratob\u00ebrdha, A. R\u00ebmbeci, V. Kasneci, A. Tashi<\/td>\n<\/tr>\n<tr>\n<td><strong>Centrali telefonik<\/strong><\/td>\n<td>E. Sinani<\/td>\n<\/tr>\n<\/tbody>\n<\/table>\n<h3><span class=\"ez-toc-section\" id=\"Botimet\"><\/span>Botimet<span class=\"ez-toc-section-end\"><\/span><\/h3>\n<ul>\n<li><strong>Gazeta &#8220;Ngjallja&#8221;<\/strong> &#8211; Gazet\u00eb mujore<\/li>\n<li><strong>Revista &#8220;K\u00ebrkim&#8221;<\/strong> &#8211; Revist\u00eb periodike<\/li>\n<li><strong>Revista &#8220;G\u00ebzohu&#8221;<\/strong> &#8211; Revist\u00eb mujore p\u00ebr f\u00ebmij\u00eb (Zyra e F\u00ebmij\u00ebve)<\/li>\n<li><strong>Revista &#8220;Kambanat&#8221;<\/strong> &#8211; Revist\u00eb p\u00ebr t\u00eb rinj<\/li>\n<\/ul>\n<h3><span class=\"ez-toc-section\" id=\"Katedralja_dhe_Qendrat\"><\/span>Katedralja dhe Qendrat<span class=\"ez-toc-section-end\"><\/span><\/h3>\n<p><strong>Katedralja e Re &#8220;Ngjallja e Krishtit&#8221;<\/strong><\/p>\n<ul>\n<li>Adresa: Rruga &#8220;Ibrahim Rugova&#8221;<\/li>\n<li>P\u00ebrgjegj\u00ebs: Arkimandrit Ignat Todri<\/li>\n<li>K\u00ebshilli kishtar: A. Dodbiba, S. Prifti, N. Mile, Gj. Mulla, J. Bagaviki<\/li>\n<li>Dyqani i artikujve kishtar\u00eb<\/li>\n<\/ul>\n<p><strong>Qendra Sinodike Orthodhokse dhe Qendra Kulturore<\/strong><\/p>\n<ul>\n<li>P\u00ebrgjegj\u00ebs: Arkimandrit Ignat Todri<\/li>\n<li>Staf: N\u00ebndhjakon Joan Rusku, K. Mihali, M. Teneqexhiu, F. Sinani, K. K\u00ebshteja, M. Selenica<\/li>\n<li>Adresa: Bulevardi &#8220;D\u00ebshmor\u00ebt e Kombit&#8221;, Nr. 5, Tiran\u00eb<\/li>\n<li>Tel: 04-2257 261\/2<\/li>\n<\/ul>\n<h3><span class=\"ez-toc-section\" id=\"Zevendesite_Arkihieratike\"><\/span>Z\u00ebvend\u00ebsit\u00eb Arkihieratike<span class=\"ez-toc-section-end\"><\/span><\/h3>\n<table>\n<thead>\n<tr>\n<th>Zona<\/th>\n<th>Kisha<\/th>\n<th>Telefoni<\/th>\n<\/tr>\n<\/thead>\n<tbody>\n<tr>\n<td><strong>Tiran\u00eb<\/strong><\/td>\n<td>Katedralja &#8220;Ngjallja e Krishtit&#8221;<\/td>\n<td>04-2257 261\/2<\/td>\n<\/tr>\n<tr>\n<td><strong>Tiran\u00eb<\/strong><\/td>\n<td>Kisha &#8220;Ungjill\u00ebzimi i Hyjlind\u00ebses&#8221;<\/td>\n<td>068 276 1159<\/td>\n<\/tr>\n<tr>\n<td><strong>Durr\u00ebs<\/strong><\/td>\n<td>Kisha &#8220;Apostull Pavli e Sh\u00ebn Asti&#8221;<\/td>\n<td>052-230 767<\/td>\n<\/tr>\n<tr>\n<td><strong>Kavaj\u00eb<\/strong><\/td>\n<td>Kisha &#8220;Sh\u00ebn Nikolla&#8221;<\/td>\n<td>055-243 996<\/td>\n<\/tr>\n<tr>\n<td><strong>Shkod\u00ebr<\/strong><\/td>\n<td>Kisha &#8220;Lindja e Krishtit&#8221;<\/td>\n<td>069 966 6908<\/td>\n<\/tr>\n<\/tbody>\n<\/table>\n<hr \/>\n<h2><span class=\"ez-toc-section\" id=\"MITROPOLIA_E_SHENJTE_E_BERATIT\"><\/span>MITROPOLIA E SHENJT\u00cb E BERATIT<span class=\"ez-toc-section-end\"><\/span><\/h2>\n<p><strong>Mitropolit:<\/strong> Hir\u00ebsia e Tij, <strong>ASTI<\/strong><\/p>\n<p><strong>Selia:<\/strong> Berat, Lagjja &#8220;28 N\u00ebntori&#8221;<br \/>\n<strong>Tel:<\/strong> 0322 33 532<br \/>\n<strong>Email:<\/strong> &#x6d;&#105;t&#x72;&#x6f;&#112;o&#x6c;&#105;a&#x62;&#x65;&#114;a&#x74;&#64;y&#x61;&#x68;&#111;o&#x2e;&#x63;&#111;&#x6d;<\/p>\n<h3><span class=\"ez-toc-section\" id=\"Administrata\"><\/span>Administrata<span class=\"ez-toc-section-end\"><\/span><\/h3>\n<table>\n<thead>\n<tr>\n<th>Detyra<\/th>\n<th>Personi<\/th>\n<th>Kontakti<\/th>\n<\/tr>\n<\/thead>\n<tbody>\n<tr>\n<td>Epitrop i p\u00ebrgjithsh\u00ebm arkihieratik<\/td>\n<td>At\u00eb Kristaq Subashi<\/td>\n<td>069 348 4061<\/td>\n<\/tr>\n<tr>\n<td>Protopresviter<\/td>\n<td>Joan Qako<\/td>\n<td>069 474 8002<\/td>\n<\/tr>\n<tr>\n<td>Zyra e Financ\u00ebs<\/td>\n<td>I. Ko\u00e7i<\/td>\n<td>069 281 6931<\/td>\n<\/tr>\n<tr>\n<td>Edukimi Orthodhoks<\/td>\n<td>At\u00eb Leonard Dedja<\/td>\n<td>13 katekist\u00eb<\/td>\n<\/tr>\n<\/tbody>\n<\/table>\n<p><strong>&#8220;Shoq\u00ebria e Dashuris\u00eb&#8221;<\/strong> &#8211; 2 her\u00eb\/jav\u00eb drek\u00eb p\u00ebr nevojtar\u00ebt<br \/>\nMens\u00eb: &#8220;Sh\u00ebn Joan P\u00ebrd\u00ebllimtari&#8221;<br \/>\nP\u00ebrgjegj\u00ebs: At\u00eb Kristaq Subashi<\/p>\n<h3><span class=\"ez-toc-section\" id=\"Zevendesite_Arkihieratike-2\"><\/span>Z\u00ebvend\u00ebsit\u00eb Arkihieratike<span class=\"ez-toc-section-end\"><\/span><\/h3>\n<table>\n<thead>\n<tr>\n<th>Zona<\/th>\n<th>Kisha<\/th>\n<th>Telefoni<\/th>\n<\/tr>\n<\/thead>\n<tbody>\n<tr>\n<td><strong>Berat<\/strong><\/td>\n<td>Katedralja &#8220;Sh\u00ebn Dhimitri&#8221;<\/td>\n<td>069 474 8002<\/td>\n<\/tr>\n<tr>\n<td><strong>Vlor\u00eb<\/strong><\/td>\n<td>Kisha &#8220;Sh\u00ebn Theodhor\u00ebt&#8221;<\/td>\n<td>069 230 8674<\/td>\n<\/tr>\n<tr>\n<td><strong>Lushnj\u00eb<\/strong><\/td>\n<td>Kisha &#8220;Sh\u00ebn Gjergji&#8221;<\/td>\n<td>068 324 6561<\/td>\n<\/tr>\n<tr>\n<td>Mallakastra<\/td>\n<td>&#8211;<\/td>\n<td>&#8211;<\/td>\n<\/tr>\n<\/tbody>\n<\/table>\n<hr \/>\n<h2><span class=\"ez-toc-section\" id=\"MITROPOLIA_E_SHENJTE_E_GJIROKASTRES\"><\/span>MITROPOLIA E SHENJT\u00cb E GJIROKASTR\u00cbS<span class=\"ez-toc-section-end\"><\/span><\/h2>\n<p><strong>Mitropolit:<\/strong> Hir\u00ebsia e Tij, <strong>NATHANAILI<\/strong><\/p>\n<p><strong>Selia:<\/strong> Gjirokast\u00ebr, Rr. &#8220;Alqi Kondi&#8221;, nr. 27<br \/>\n<strong>Tel:<\/strong> 084-264 266<br \/>\n<strong>Email:<\/strong> &#109;i&#x74;r&#x6f;p&#x6f;l&#x69;a&#x2e;g&#x6a;&#105;&#x72;&#111;&#x6b;&#97;&#x73;&#116;&#x65;&#114;&#x40;&#121;&#x61;&#104;o&#x6f;&#46;&#x63;o&#x6d;<\/p>\n<h3><span class=\"ez-toc-section\" id=\"Administrata-2\"><\/span>Administrata<span class=\"ez-toc-section-end\"><\/span><\/h3>\n<table>\n<thead>\n<tr>\n<th>Detyra<\/th>\n<th>Personi<\/th>\n<\/tr>\n<\/thead>\n<tbody>\n<tr>\n<td>Epitrop i P\u00ebrgjithsh\u00ebm Arkihieratik<\/td>\n<td>At\u00eb Pandeleimon Mitru<\/td>\n<\/tr>\n<tr>\n<td>Edukimi Orthodhoks<\/td>\n<td>Dhjakon Pandeli Zeneli<\/td>\n<\/tr>\n<tr>\n<td>Zyra e Sh\u00ebrbimit Teknik<\/td>\n<td>O. Beci<\/td>\n<\/tr>\n<\/tbody>\n<\/table>\n<p><strong>&#8220;Shoq\u00ebria e Dashuris\u00eb&#8221;<\/strong> &#8211; 2 her\u00eb\/jav\u00eb drek\u00eb p\u00ebr nevojtar\u00ebt<\/p>\n<h3><span class=\"ez-toc-section\" id=\"Zevendesite_Arkihieratike-3\"><\/span>Z\u00ebvend\u00ebsit\u00eb Arkihieratike<span class=\"ez-toc-section-end\"><\/span><\/h3>\n<table>\n<thead>\n<tr>\n<th>Zona<\/th>\n<th>Kisha<\/th>\n<th>Telefoni<\/th>\n<\/tr>\n<\/thead>\n<tbody>\n<tr>\n<td><strong>Gjirokast\u00ebr<\/strong><\/td>\n<td>Katedralja &#8220;Ngjallja e Krishtit&#8221;<\/td>\n<td>069 621 0626<\/td>\n<\/tr>\n<tr>\n<td><strong>Sarand\u00eb<\/strong><\/td>\n<td>Kisha &#8220;Sh\u00ebn Harallambi&#8221;<\/td>\n<td>069 736 4490<\/td>\n<\/tr>\n<tr>\n<td><strong>Himar\u00eb<\/strong><\/td>\n<td>Kisha &#8220;Gjith\u00eb Shenjtor\u00ebt&#8221;<\/td>\n<td>069 749 5351<\/td>\n<\/tr>\n<tr>\n<td><strong>Poli\u00e7an<\/strong><\/td>\n<td>Kisha &#8220;Kryeengj\u00ebjt&#8221;<\/td>\n<td>069 331 3105<\/td>\n<\/tr>\n<tr>\n<td><strong>P\u00ebrmet<\/strong><\/td>\n<td>Kisha &#8220;Sh\u00ebn Parashqevia&#8221;<\/td>\n<td>069 621 0626<\/td>\n<\/tr>\n<tr>\n<td><strong>P\u00ebrmet<\/strong><\/td>\n<td>Kisha &#8220;Hyrja e Hyjl. n\u00eb Tempull&#8221;<\/td>\n<td>069 691 7314<\/td>\n<\/tr>\n<tr>\n<td>Drinupoli<\/td>\n<td>&#8211;<\/td>\n<td>&#8211;<\/td>\n<\/tr>\n<tr>\n<td>Pogoni<\/td>\n<td>&#8211;<\/td>\n<td>&#8211;<\/td>\n<\/tr>\n<tr>\n<td>Delvina<\/td>\n<td>&#8211;<\/td>\n<td>&#8211;<\/td>\n<\/tr>\n<\/tbody>\n<\/table>\n<hr \/>\n<h2><span class=\"ez-toc-section\" id=\"MITROPOLIA_E_SHENJTE_E_KORCES\"><\/span>MITROPOLIA E SHENJT\u00cb E KOR\u00c7\u00cbS<span class=\"ez-toc-section-end\"><\/span><\/h2>\n<p><strong>Mitropolit:<\/strong> Hir\u00ebsia e Tij, <strong>ANASTASI<\/strong><\/p>\n<p><strong>Selia:<\/strong> Kor\u00e7\u00eb, Rr. &#8220;Kryepiskopi Anastas&#8221; nr. 2<br \/>\n<strong>Tel:<\/strong> 082-242 876<br \/>\n<strong>Cel:<\/strong> 068 408 9888<br \/>\n<strong>Email:<\/strong> &#109;&#x69;&#x74;r&#111;&#x70;o&#108;&#x69;a&#46;&#x6b;o&#114;&#x63;&#x65;&#64;&#x67;&#x6d;a&#105;&#x6c;&#46;&#99;&#x6f;m<\/p>\n<h3><span class=\"ez-toc-section\" id=\"Administrata-3\"><\/span>Administrata<span class=\"ez-toc-section-end\"><\/span><\/h3>\n<table>\n<thead>\n<tr>\n<th>Detyra<\/th>\n<th>Personi<\/th>\n<\/tr>\n<\/thead>\n<tbody>\n<tr>\n<td>Epitrop Arkihieratik<\/td>\n<td>Stavrofor Mihal Sanellari<\/td>\n<\/tr>\n<tr>\n<td>Edukimi Orthodhoks<\/td>\n<td>At\u00eb Vangjel Sotiri &amp; 6 katekist\u00eb<\/td>\n<\/tr>\n<tr>\n<td>Zyra e Sh\u00ebrbimit Teknik<\/td>\n<td>R. Papi<\/td>\n<\/tr>\n<\/tbody>\n<\/table>\n<p><strong>&#8220;Shoq\u00ebria e Dashuris\u00eb&#8221;<\/strong> &#8211; 5 her\u00eb\/jav\u00eb drek\u00eb p\u00ebr nevojtar\u00ebt<\/p>\n<h3><span class=\"ez-toc-section\" id=\"Zevendesite_Arkihieratike-4\"><\/span>Z\u00ebvend\u00ebsit\u00eb Arkihieratike<span class=\"ez-toc-section-end\"><\/span><\/h3>\n<table>\n<thead>\n<tr>\n<th>Zona<\/th>\n<th>Kisha<\/th>\n<th>Telefoni<\/th>\n<\/tr>\n<\/thead>\n<tbody>\n<tr>\n<td><strong>Kor\u00e7\u00eb<\/strong><\/td>\n<td>Katedralja &#8220;Ngjallja e Krishtit&#8221;<\/td>\n<td>082 252 228<\/td>\n<\/tr>\n<tr>\n<td><strong>Pogradec<\/strong><\/td>\n<td>Kisha &#8220;Ngjallja e Krishtit&#8221;<\/td>\n<td>083 223 514<\/td>\n<\/tr>\n<tr>\n<td>Prespa<\/td>\n<td>&#8211;<\/td>\n<td>&#8211;<\/td>\n<\/tr>\n<tr>\n<td>Devolli<\/td>\n<td>&#8211;<\/td>\n<td>&#8211;<\/td>\n<\/tr>\n<tr>\n<td>Kolonja<\/td>\n<td>&#8211;<\/td>\n<td>&#8211;<\/td>\n<\/tr>\n<\/tbody>\n<\/table>\n<hr \/>\n<h2><span class=\"ez-toc-section\" id=\"MITROPOLIA_E_SHENJTE_E_APOLLONISE_DHE_E_FIERIT\"><\/span>MITROPOLIA E SHENJT\u00cb E APOLLONIS\u00cb DHE E FIERIT<span class=\"ez-toc-section-end\"><\/span><\/h2>\n<p><strong>Mitropolit:<\/strong> Hir\u00ebsia e Tij, <strong>NIKOLLA<\/strong><\/p>\n<p><strong>Selia:<\/strong> Fier, Katedralja &#8220;Sh\u00ebn Gjergji&#8221;, lagjja &#8220;1 Maji&#8221;, rr. &#8220;Jani Bakalli&#8221;<br \/>\n<strong>Cel:<\/strong> 068 901 0120<br \/>\n<strong>Email:<\/strong> Mit&#114;&#111;&#112;&#111;&#x6c;&#x69;&#x61;&#x66;&#x69;&#x65;&#x72;&#64;or&#116;&#104;&#111;&#100;&#111;&#x78;&#x61;&#x6c;&#x62;&#x61;&#x6e;ia&#46;o&#114;&#103;<\/p>\n<h3><span class=\"ez-toc-section\" id=\"Administrata-4\"><\/span>Administrata<span class=\"ez-toc-section-end\"><\/span><\/h3>\n<table>\n<thead>\n<tr>\n<th>Detyra<\/th>\n<th>Personi<\/th>\n<\/tr>\n<\/thead>\n<tbody>\n<tr>\n<td>Epitrop Arkihieratik<\/td>\n<td>At\u00eb Dhimit\u00ebr Loshi<\/td>\n<\/tr>\n<tr>\n<td>Edukimi Orthodhoks<\/td>\n<td>I. Bida &amp; 8 katekist\u00eb<\/td>\n<\/tr>\n<\/tbody>\n<\/table>\n<h3><span class=\"ez-toc-section\" id=\"Zevendesite_Arkihieratike-5\"><\/span>Z\u00ebvend\u00ebsit\u00eb Arkihieratike<span class=\"ez-toc-section-end\"><\/span><\/h3>\n<ul>\n<li>Fieri<\/li>\n<li>Patosi<\/li>\n<li>Libofsha<\/li>\n<\/ul>\n<hr \/>\n<h2><span class=\"ez-toc-section\" id=\"MITROPOLIA_E_SHENJTE_E_ELBASANIT\"><\/span>MITROPOLIA E SHENJT\u00cb E ELBASANIT<span class=\"ez-toc-section-end\"><\/span><\/h2>\n<p><strong>Mitropolit:<\/strong> Hir\u00ebsia e Tij, <strong>ANDONI<\/strong><\/p>\n<p><strong>Selia:<\/strong> Elbasan<br \/>\n<strong>Email:<\/strong> mitropolia&#46;elbasan&#64;gmail&#46;&#99;&#111;&#109;<\/p>\n<h3><span class=\"ez-toc-section\" id=\"Administrata-5\"><\/span>Administrata<span class=\"ez-toc-section-end\"><\/span><\/h3>\n<table>\n<thead>\n<tr>\n<th>Detyra<\/th>\n<th>Personi<\/th>\n<\/tr>\n<\/thead>\n<tbody>\n<tr>\n<td>Edukimi Orthodhoks<\/td>\n<td>At\u00eb Andrea Ranxha &amp; 9 katekist\u00eb<\/td>\n<\/tr>\n<\/tbody>\n<\/table>\n<h3><span class=\"ez-toc-section\" id=\"Zevendesite_Arkihieratike-6\"><\/span>Z\u00ebvend\u00ebsit\u00eb Arkihieratike<span class=\"ez-toc-section-end\"><\/span><\/h3>\n<table>\n<thead>\n<tr>\n<th>Zona<\/th>\n<th>Kisha<\/th>\n<\/tr>\n<\/thead>\n<tbody>\n<tr>\n<td>Elbasan<\/td>\n<td>Kisha &#8220;Sh\u00ebn Nikolla&#8221;<\/td>\n<\/tr>\n<tr>\n<td>Elbasan<\/td>\n<td>Kisha &#8220;Sh\u00ebn Athanasi&#8221;<\/td>\n<\/tr>\n<tr>\n<td>Shpati<\/td>\n<td>&#8211;<\/td>\n<\/tr>\n<tr>\n<td>Librazhdi<\/td>\n<td>&#8211;<\/td>\n<\/tr>\n<\/tbody>\n<\/table>\n<hr \/>\n<h2><span class=\"ez-toc-section\" id=\"ARSIMI\"><\/span>ARSIMI<span class=\"ez-toc-section-end\"><\/span><\/h2>\n<h3><span class=\"ez-toc-section\" id=\"Akademia_Teologjike_Orthodhokse_%E2%80%9CNgjallja_e_Krishtit%E2%80%9D\"><\/span>Akademia Teologjike Orthodhokse &#8220;Ngjallja e Krishtit&#8221;<span class=\"ez-toc-section-end\"><\/span><\/h3>\n<p><strong>Vendndodhja:<\/strong> Sh\u00ebn Vlash, Durr\u00ebs<br \/>\n<strong>Sekretaria:<\/strong> 067 224 7059<br \/>\n<strong>Email:<\/strong> te&#111;&#108;&#111;&#x72;&#x74;&#x68;&#x61;lb&#64;&#121;&#97;&#x68;&#x6f;&#x6f;&#x2e;co&#109;<\/p>\n<p><strong>President:<\/strong> Fortlumturia e Tij, Kryepiskopi JOANI<\/p>\n<p>Funksionon q\u00eb nga viti 1992 p\u00ebr p\u00ebrgatitjen e kuadrove t\u00eb rinj t\u00eb Kish\u00ebs. P\u00ebrfshin:<\/p>\n<ul>\n<li>Seminari Orthodhoks<\/li>\n<li>Departamenti i Teologjis\u00eb dhe Kultur\u00ebs (Kolegji Universitar &#8220;Logos&#8221;)<\/li>\n<\/ul>\n<h3><span class=\"ez-toc-section\" id=\"Shkolla_e_Muzikes_Bizantine\"><\/span>Shkolla e Muzik\u00ebs Bizantine<span class=\"ez-toc-section-end\"><\/span><\/h3>\n<p><strong>Vendndodhja:<\/strong> Qendra shpirt\u00ebrore &#8220;Thavor&#8221;, Rr. &#8220;Aleksand\u00ebr Marteli&#8221;, nr. 23, Shkoz\u00eb, Tiran\u00eb<br \/>\n<strong>Cel:<\/strong> 069 263 6132<br \/>\n<strong>Email:<\/strong> sh&#107;&#111;&#x6c;&#x6c;&#x61;&#x6d;uz&#105;&#107;&#x65;&#x73;&#x62;&#x69;za&#110;&#116;&#105;&#x6e;&#x65;&#x40;&#x79;ah&#111;&#111;&#x2e;&#x63;&#x6f;&#x6d;<\/p>\n<p><strong>Drejtor:<\/strong> Th. Peci<br \/>\n<strong>Staf:<\/strong> M\u00ebsues 3, personel ndihm\u00ebs 1<br \/>\n<strong>Student\u00eb:<\/strong> 10 (me burs\u00eb)<\/p>\n<h3><span class=\"ez-toc-section\" id=\"Konvikti_%E2%80%9CTrendafili_i_pavyshkur%E2%80%9D\"><\/span>Konvikti &#8220;Tr\u00ebndafili i pavyshkur&#8221;<span class=\"ez-toc-section-end\"><\/span><\/h3>\n<p><strong>Vendndodhja:<\/strong> Bularat, Gjirokast\u00ebr<br \/>\n<strong>Cel:<\/strong> 069 205 2872<\/p>\n<p>P\u00ebr vajza t\u00eb shkoll\u00ebs s\u00eb mesme<br \/>\n<strong>Drejtore:<\/strong> M. Sileu<br \/>\n<strong>Personel:<\/strong> 2<br \/>\n<strong>Nx\u00ebn\u00ebse:<\/strong> 16<\/p>\n<h3><span class=\"ez-toc-section\" id=\"%E2%80%9CShtepia_Orthodhokse_e_Shpreses%E2%80%9D_Shtepi_femijesh\"><\/span>&#8220;Sht\u00ebpia Orthodhokse e Shpres\u00ebs&#8221; (Sht\u00ebpi f\u00ebmij\u00ebsh)<span class=\"ez-toc-section-end\"><\/span><\/h3>\n<p><strong>Vendndodhja:<\/strong> Sh\u00ebn Vlash, Durr\u00ebs<br \/>\n<strong>Cel:<\/strong> 068 904 0279<br \/>\n<strong>Email:<\/strong> s&#104;&#x6f;&#x73;&#x68;_&#115;&#x68;&#x65;&#x6e;v&#108;&#x61;&#x73;&#x68;&#64;&#104;&#x6f;&#x74;&#x6d;a&#105;&#x6c;&#x2e;&#x63;o&#109;<\/p>\n<p><strong>P\u00ebrgjegj\u00ebse:<\/strong> N. Lapanxa<br \/>\n<strong>Punonj\u00ebs:<\/strong> 13<br \/>\n<strong>F\u00ebmij\u00eb:<\/strong> 24<\/p>\n<hr \/>\n<h2><span class=\"ez-toc-section\" id=\"STACIONI_RADIOFONIK_%E2%80%9CNGJALLJA%E2%80%9D\"><\/span>STACIONI RADIOFONIK &#8220;NGJALLJA&#8221;<span class=\"ez-toc-section-end\"><\/span><\/h2>\n<p><strong>Programi:<\/strong> Live 24 or\u00eb<\/p>\n<h3><span class=\"ez-toc-section\" id=\"Frekuencat_FM\"><\/span>Frekuencat FM<span class=\"ez-toc-section-end\"><\/span><\/h3>\n<table>\n<thead>\n<tr>\n<th>Zona<\/th>\n<th>Frekuenca<\/th>\n<\/tr>\n<\/thead>\n<tbody>\n<tr>\n<td>Tiran\u00eb &amp; Durr\u00ebs<\/td>\n<td>FM 88.5 MHz<\/td>\n<\/tr>\n<tr>\n<td>Elbasan<\/td>\n<td>FM 93.4 MHz<\/td>\n<\/tr>\n<tr>\n<td>Kor\u00e7\u00eb<\/td>\n<td>FM 88.7 MHz<\/td>\n<\/tr>\n<tr>\n<td>Fier<\/td>\n<td>FM 98.7 MHz<\/td>\n<\/tr>\n<tr>\n<td>Pogradec, P\u00ebrrenjas, Librazhd<\/td>\n<td>FM 90.7 MHz<\/td>\n<\/tr>\n<\/tbody>\n<\/table>\n<p><strong>Online:<\/strong> media.ngjallja.org<br \/>\n<strong>Email:<\/strong> &#114;&#x61;d&#x69;&#x6f;&#110;&#x67;j&#97;&#x6c;&#108;&#x6a;a&#49;&#x39;9&#x38;&#64;&#103;&#x6d;a&#x69;&#x6c;&#46;&#x63;o&#109;<br \/>\n<strong>Cel:<\/strong> 068 409 8394<\/p>\n<p><strong>Adresa:<\/strong> Rr. &#8220;Dritan Hoxha&#8221;, pallati Komfort, Tiran\u00eb<\/p>\n<p><strong>P\u00ebrgjegj\u00ebs:<\/strong> At\u00eb Grigor Pelushi<br \/>\n<strong>Staf:<\/strong> Dhjakon Aleksand\u00ebr Dimro\u00e7i, J. Kobuzi, A. Mo\u00e7i, J. Molla, E. Gjici, M. Marku + 30 bashk\u00ebpun\u00ebtor\u00eb vullnetar\u00eb<\/p>\n<hr \/>\n<h2><span class=\"ez-toc-section\" id=\"FONDACIONET\"><\/span>FONDACIONET<span class=\"ez-toc-section-end\"><\/span><\/h2>\n<h3><span class=\"ez-toc-section\" id=\"FONDACIONI_KLINIKA_ORTHODHOKSE_%E2%80%9CUNGJILLEZIMI%E2%80%9D\"><\/span>FONDACIONI KLINIKA ORTHODHOKSE &#8220;UNGJILL\u00cbZIMI&#8221;<span class=\"ez-toc-section-end\"><\/span><\/h3>\n<p><strong>President:<\/strong> Kryepiskopi JOANI<br \/>\n<strong>Drejtor ekzekutiv:<\/strong> V. Kristo<\/p>\n<h4><span class=\"ez-toc-section\" id=\"Klinika_Orthodhokse_%E2%80%9CUngjillezimi%E2%80%9D\"><\/span>Klinika Orthodhokse &#8220;Ungjill\u00ebzimi&#8221;<span class=\"ez-toc-section-end\"><\/span><\/h4>\n<p><strong>Adresa:<\/strong> Rr. e Dibr\u00ebs, Nr. 159, Tiran\u00eb<br \/>\n<strong>Tel:<\/strong> 04-2360925, 04-2382210<br \/>\n<strong>Website:<\/strong> www.klinikaorthodhokse.com<br \/>\n<strong>Email:<\/strong> klinik&#97;&#111;&#114;&#116;&#104;&#111;&#100;&#x68;&#x6f;&#x6b;&#x73;&#x65;&#x40;&#x79;&#x61;&#x68;&#x6f;&#x6f;&#x2e;com<\/p>\n<p><strong>Personeli:<\/strong><\/p>\n<ul>\n<li>Mjek\u00eb specialist\u00eb: 67<\/li>\n<li>Personel administrativ e ndihm\u00ebs: 79<\/li>\n<\/ul>\n<h4><span class=\"ez-toc-section\" id=\"Farmacia_%E2%80%9CUngjillezimi%E2%80%9D\"><\/span>Farmacia &#8220;Ungjill\u00ebzimi&#8221;<span class=\"ez-toc-section-end\"><\/span><\/h4>\n<p>(brenda mjediseve t\u00eb Klinik\u00ebs)<br \/>\n<strong>P\u00ebrgjegj\u00ebse:<\/strong> K. Topra<br \/>\n<strong>Tel:<\/strong> 067 433 8472<\/p>\n<h4><span class=\"ez-toc-section\" id=\"Klinika_Okulistike_dhe_ORL\"><\/span>Klinika Okulistike dhe O.R.L.<span class=\"ez-toc-section-end\"><\/span><\/h4>\n<p><strong>Adresa:<\/strong> Rr. &#8220;Hamit Troplini&#8221;, Tiran\u00eb<br \/>\n<strong>Tel:<\/strong> 04-2221 266<\/p>\n<h4><span class=\"ez-toc-section\" id=\"Poliklinika\"><\/span>Poliklinika<span class=\"ez-toc-section-end\"><\/span><\/h4>\n<p>Funksionojn\u00eb n\u00eb: <strong>Kor\u00e7\u00eb<\/strong> dhe <strong>Jergucat<\/strong> (Gjirokast\u00ebr)<br \/>\n(N\u00eb Jergucat japin kontributin e tyre edhe mjek\u00eb nga spitali i Janin\u00ebs)<\/p>\n<h4><span class=\"ez-toc-section\" id=\"Qendra_rezidenciale_%E2%80%9CFamilja_e_Dashurise_Hyjlindesja_Mari%E2%80%9D\"><\/span>Qendra rezidenciale &#8220;Familja e Dashuris\u00eb Hyjlind\u00ebsja Mari&#8221;<span class=\"ez-toc-section-end\"><\/span><\/h4>\n<p>(P\u00ebr mosh\u00ebn e tret\u00eb)<\/p>\n<p><strong>Vendndodhja:<\/strong> Qendra shpirt\u00ebrore &#8220;Thavor&#8221;, Rr. &#8220;Aleksand\u00ebr Marteli&#8221;, nr. 23, Shkoz\u00eb, Tiran\u00eb<br \/>\n<strong>P\u00ebrgjegj\u00ebse:<\/strong> A. Davidi<\/p>\n<hr \/>\n<h3><span class=\"ez-toc-section\" id=\"FONDACIONI_%E2%80%9CFRYMA_E_DASHURISE%E2%80%9D\"><\/span>FONDACIONI &#8220;FRYMA E DASHURIS\u00cb&#8221;<span class=\"ez-toc-section-end\"><\/span><\/h3>\n<p><strong>President:<\/strong> Kryepiskopi JOANI<br \/>\n<strong>Drejtor ekzekutiv:<\/strong> A. Rembeci<\/p>\n<h4><span class=\"ez-toc-section\" id=\"Administrata_Qendrore\"><\/span>Administrata Qendrore<span class=\"ez-toc-section-end\"><\/span><\/h4>\n<p><strong>Adresa:<\/strong> Bulevardi &#8220;D\u00ebshmor\u00ebt e Kombit&#8221;, Nr. 5, Tiran\u00eb<br \/>\n<strong>Tel:<\/strong> 04-2257 261<br \/>\n<strong>Cel:<\/strong> 069 280 2805<br \/>\n<strong>Email:<\/strong> inf&#111;&#64;&#102;&#114;&#x79;&#x6d;&#x61;&#x65;&#x64;&#x61;&#x73;hur&#105;&#115;&#101;&#46;&#111;&#x72;&#x67;<\/p>\n<p><strong>Staf:<\/strong> 7<br \/>\n<strong>Sekretaria:<\/strong> D. Ustia<\/p>\n<h4><span class=\"ez-toc-section\" id=\"%E2%80%9CDiakonia_Agapes%E2%80%9D_Sherbimi_i_Dashurise\"><\/span>&#8220;Diakonia Agapes&#8221; (Sh\u00ebrbimi i Dashuris\u00eb)<span class=\"ez-toc-section-end\"><\/span><\/h4>\n<p>Zyra sociale, zhvilluese dhe e emergjenc\u00ebs e Kish\u00ebs Orthodhokse Autoqefale t\u00eb Shqip\u00ebris\u00eb.<\/p>\n<p><strong>Fushat e veprimtaris\u00eb:<\/strong><\/p>\n<ul>\n<li>Zhvillimi i integruar rural<\/li>\n<li>Edukimi<\/li>\n<li>Sh\u00ebndeti<\/li>\n<li>Kujdesi social<\/li>\n<li>Emergjencat<\/li>\n<\/ul>\n<p><strong>Tel:<\/strong> 04-2266452<br \/>\n<strong>Website:<\/strong> www.diakoniagapes.org<br \/>\n<strong>Email:<\/strong> &#x64;&#97;&#111;f&#x66;&#x69;&#99;e&#x40;&#x64;&#105;a&#x6b;&#x6f;&#110;i&#x61;&#x67;&#97;p&#x65;&#x73;&#46;o&#x72;&#x67;<\/p>\n<p><strong>P\u00ebrgjegj\u00ebse:<\/strong> G. Gramo<br \/>\n<strong>Punonj\u00ebs:<\/strong> 3<\/p>\n<h4><span class=\"ez-toc-section\" id=\"Sektori_i_perkujdesjeve_ditore_kopshteve\"><\/span>Sektori i p\u00ebrkujdesjeve ditore (kopshteve)<span class=\"ez-toc-section-end\"><\/span><\/h4>\n<p><strong>Gjithsej:<\/strong> 14 kopshte<\/p>\n<table>\n<thead>\n<tr>\n<th>Qyteti<\/th>\n<th>Numri<\/th>\n<\/tr>\n<\/thead>\n<tbody>\n<tr>\n<td>Tiran\u00eb<\/td>\n<td>2<\/td>\n<\/tr>\n<tr>\n<td>Elbasan<\/td>\n<td>2<\/td>\n<\/tr>\n<tr>\n<td>Gjirokast\u00ebr<\/td>\n<td>2<\/td>\n<\/tr>\n<tr>\n<td>Durr\u00ebs<\/td>\n<td>1<\/td>\n<\/tr>\n<tr>\n<td>Shkod\u00ebr<\/td>\n<td>1<\/td>\n<\/tr>\n<tr>\n<td>Vlor\u00eb<\/td>\n<td>1<\/td>\n<\/tr>\n<tr>\n<td>Lushnj\u00eb<\/td>\n<td>1<\/td>\n<\/tr>\n<tr>\n<td>Dervician<\/td>\n<td>1<\/td>\n<\/tr>\n<tr>\n<td>P\u00ebrmet<\/td>\n<td>1<\/td>\n<\/tr>\n<tr>\n<td>Kor\u00e7\u00eb<\/td>\n<td>1<\/td>\n<\/tr>\n<tr>\n<td>Pogradec<\/td>\n<td>1<\/td>\n<\/tr>\n<\/tbody>\n<\/table>\n<p><strong>P\u00ebrgjegj\u00ebse:<\/strong> N. Melo<br \/>\n<strong>Tel:<\/strong> +355 42 257 261<br \/>\n<strong>Personel:<\/strong> 73<br \/>\n<strong>F\u00ebmij\u00eb:<\/strong> 585<\/p>\n<p>N\u00eb \u00e7do kopsht ofrohet sh\u00ebrbim edukativ e psikosocial.<\/p>\n<hr \/>\n<h3><span class=\"ez-toc-section\" id=\"INSTITUCIONET_ARSIMORE\"><\/span>INSTITUCIONET ARSIMORE<span class=\"ez-toc-section-end\"><\/span><\/h3>\n<h4><span class=\"ez-toc-section\" id=\"Institucioni_Arsimor_%E2%80%9CProtagonistet%E2%80%9D_%E2%80%93_Tirane\"><\/span>Institucioni Arsimor &#8220;Protagonist\u00ebt&#8221; &#8211; Tiran\u00eb<span class=\"ez-toc-section-end\"><\/span><\/h4>\n<p><strong>Website:<\/strong> www.protagonistschool.org<br \/>\n<strong>Email:<\/strong> info&#64;&#112;&#114;&#111;&#116;&#97;&#103;&#x6f;&#x6e;&#x69;&#x73;&#x74;&#x73;&#x63;&#x68;&#x6f;ol&#46;o&#114;&#103;<\/p>\n<p><strong>Stafi gjithsej:<\/strong> 133<br \/>\n<strong>F\u00ebmij\u00eb\/nx\u00ebn\u00ebs gjithsej:<\/strong> 1,113<\/p>\n<table>\n<thead>\n<tr>\n<th>Niveli<\/th>\n<th>Drejtues<\/th>\n<th>Adresa<\/th>\n<th>Kontakti<\/th>\n<th>Staf<\/th>\n<th>Nx\u00ebn\u00ebs<\/th>\n<\/tr>\n<\/thead>\n<tbody>\n<tr>\n<td><strong>Kopshti<\/strong><\/td>\n<td>D. Sejati<\/td>\n<td>Rr. e Kavaj\u00ebs, nr. 121\/1<\/td>\n<td>069 403 9565<\/td>\n<td>25<\/td>\n<td>193<\/td>\n<\/tr>\n<tr>\n<td><strong>9-vje\u00e7are<\/strong><\/td>\n<td>E. Ismaili<\/td>\n<td>Rr. e Kavaj\u00ebs, nr. 129<\/td>\n<td>069 403 9571<\/td>\n<td>83<\/td>\n<td>735<\/td>\n<\/tr>\n<tr>\n<td><strong>Shkolla e mesme<\/strong><\/td>\n<td>I. Gjino<\/td>\n<td>Rr. &#8220;Dritan Hoxha&#8221;, Zogu i Zi<\/td>\n<td>069 403 9581<\/td>\n<td>25<\/td>\n<td>185<\/td>\n<\/tr>\n<\/tbody>\n<\/table>\n<h4><span class=\"ez-toc-section\" id=\"Institucioni_Arsimor_%E2%80%9CFryme_Dashurie%E2%80%9D_%E2%80%93_Durres\"><\/span>Institucioni Arsimor &#8220;Frym\u00eb Dashurie&#8221; &#8211; Durr\u00ebs<span class=\"ez-toc-section-end\"><\/span><\/h4>\n<p><strong>Adresa:<\/strong> Lagjja 1, rr. &#8220;Mbret\u00ebresha Teut\u00eb&#8221;, Durr\u00ebs<br \/>\n<strong>Cel:<\/strong> 068 207 1633<br \/>\n<strong>Email:<\/strong> &#115;&#x68;f&#100;&#x2e;d&#117;&#x72;r&#101;&#x73;&#64;&#102;&#x72;&#121;&#x6d;&#x61;&#101;&#x64;&#x61;&#115;&#x68;u&#114;&#x69;s&#101;&#x2e;o&#114;&#x67;<\/p>\n<p><strong>Drejtor:<\/strong> J. Jovani<br \/>\n<strong>Staf:<\/strong> 33<br \/>\n<strong>F\u00ebmij\u00eb\/nx\u00ebn\u00ebs:<\/strong> 176<\/p>\n<table>\n<thead>\n<tr>\n<th>Niveli<\/th>\n<th>Nx\u00ebn\u00ebs<\/th>\n<\/tr>\n<\/thead>\n<tbody>\n<tr>\n<td>Kopshti<\/td>\n<td>25<\/td>\n<\/tr>\n<tr>\n<td>9-vje\u00e7are<\/td>\n<td>113<\/td>\n<\/tr>\n<tr>\n<td>Shkolla e mesme<\/td>\n<td>63<\/td>\n<\/tr>\n<\/tbody>\n<\/table>\n<h4><span class=\"ez-toc-section\" id=\"Shkolla_9-vjecare_%E2%80%9CFryme_Dashurie%E2%80%9D_%E2%80%93_Gjirokaster\"><\/span>Shkolla 9-vje\u00e7are &#8220;Frym\u00eb Dashurie&#8221; &#8211; Gjirokast\u00ebr<span class=\"ez-toc-section-end\"><\/span><\/h4>\n<p><strong>Adresa:<\/strong> Rr. &#8220;7 Krojet&#8221;, Gjirokast\u00ebr<br \/>\n<strong>Cel:<\/strong> 069 403 9568<br \/>\n<strong>Email:<\/strong> &#x73;&#104;&#x66;&#100;&#46;&#x39;&#118;j&#x65;&#99;&#x61;&#x72;e&#x2e;&#103;j&#x72;&#64;&#x66;&#x72;y&#x6d;&#97;e&#x64;&#97;s&#x68;&#117;&#x72;&#105;s&#x65;&#46;o&#x72;&#103;<\/p>\n<p><strong>Drejtor:<\/strong> S. Koti<br \/>\n<strong>Staf:<\/strong> 24<br \/>\n<strong>Nx\u00ebn\u00ebs:<\/strong> 238<\/p>\n<h4><span class=\"ez-toc-section\" id=\"Shkolla_e_mesme_%E2%80%9CFryme_Dashurie%E2%80%9D_%E2%80%93_Gjirokaster\"><\/span>Shkolla e mesme &#8220;Frym\u00eb Dashurie&#8221; &#8211; Gjirokast\u00ebr<span class=\"ez-toc-section-end\"><\/span><\/h4>\n<p><strong>Adresa:<\/strong> Rr. nacionale G\u00ebrhot-Virua<br \/>\n<strong>Tel:<\/strong> 069 403 9568<br \/>\n<strong>Email:<\/strong> &#x73;&#104;f&#x64;&#46;&#103;&#x6a;&#x69;&#109;n&#x61;&#122;&#46;&#x67;&#x6a;&#114;&#64;&#x66;&#114;y&#x6d;&#x61;&#101;d&#x61;&#115;h&#x75;&#x72;&#105;s&#x65;&#46;o&#x72;&#x67;<\/p>\n<p><strong>Drejtor:<\/strong> S. Koti<br \/>\n<strong>Staf:<\/strong> 8<br \/>\n<strong>Nx\u00ebn\u00ebs:<\/strong> 80<\/p>\n<h4><span class=\"ez-toc-section\" id=\"Kolegji_%E2%80%9CFryme_Dashurie%E2%80%9D_%E2%80%93_Mesopotam_Delvine\"><\/span>Kolegji &#8220;Frym\u00eb Dashurie&#8221; &#8211; Mesopotam, Delvin\u00eb<span class=\"ez-toc-section-end\"><\/span><\/h4>\n<p><strong>Vendndodhja:<\/strong> Pran\u00eb kish\u00ebs &#8220;Apostull Pavli&#8221;<br \/>\n<strong>Tel:<\/strong> 069 566 3083<br \/>\n<strong>Email:<\/strong> s&#104;&#x66;&#x64;&#46;&#109;&#101;&#x73;&#x6f;p&#111;&#116;&#x61;&#x6d;&#64;&#102;&#x72;&#x79;&#x6d;a&#101;&#x64;&#x61;s&#104;&#117;&#x72;&#x69;s&#101;&#46;&#x6f;&#x72;g<\/p>\n<p><strong>Drejtor:<\/strong> A. Sterjo<br \/>\n<strong>Staf:<\/strong> 20<br \/>\n<strong>Nx\u00ebn\u00ebs:<\/strong> 267<\/p>\n<table>\n<thead>\n<tr>\n<th>Niveli<\/th>\n<th>Nx\u00ebn\u00ebs<\/th>\n<\/tr>\n<\/thead>\n<tbody>\n<tr>\n<td>Shkolla e mesme<\/td>\n<td>122<\/td>\n<\/tr>\n<tr>\n<td>Shkolla e mesme profesionale<\/td>\n<td>145<\/td>\n<\/tr>\n<\/tbody>\n<\/table>\n<p><strong>Specialitetet:<\/strong> TIK, Elektronik\u00eb, Termohidraulik\u00eb, Sh\u00ebrbime Sociale dhe Sh\u00ebndet\u00ebsore<\/p>\n<h4><span class=\"ez-toc-section\" id=\"Kolegji_%E2%80%9CPlaton%E2%80%9D_%E2%80%93_Korce\"><\/span>Kolegji &#8220;Platon&#8221; &#8211; Kor\u00e7\u00eb<span class=\"ez-toc-section-end\"><\/span><\/h4>\n<p><strong>Adresa:<\/strong> Rruga Kor\u00e7\u00eb-Ersek\u00eb, km. 3<br \/>\n<strong>Cel:<\/strong> 069 403 9567<br \/>\n<strong>Email:<\/strong> &#112;&#x6c;a&#116;&#x6f;n&#46;&#x6b;o&#114;&#x63;e&#64;&#x66;r&#121;&#x6d;a&#101;&#x64;a&#115;&#x68;u&#114;&#x69;s&#101;&#x2e;o&#114;&#x67;<\/p>\n<p><strong>Drejtor:<\/strong> H. Tushi<br \/>\n<strong>Staf:<\/strong> 12<br \/>\n<strong>Nx\u00ebn\u00ebs:<\/strong> 119<\/p>\n<hr \/>\n<h3><span class=\"ez-toc-section\" id=\"FONDACIONI_%E2%80%9CLOGOS%E2%80%9D\"><\/span>FONDACIONI &#8220;LOGOS&#8221;<span class=\"ez-toc-section-end\"><\/span><\/h3>\n<p><strong>President:<\/strong> Kryepiskopi JOANI<br \/>\n<strong>Drejtor ekzekutiv:<\/strong> Mitropoliti i Kor\u00e7\u00ebs, Anastasi<\/p>\n<p><strong>Email:<\/strong> &#x66;&#x6f;&#x6e;&#x64;&#x61;&#x63;&#x69;&#x6f;&#x6e;&#x69;&#x2e;&#x6c;&#x6f;&#x67;&#x6f;&#x73;&#x40;&#x67;&#x6d;&#x61;&#x69;&#x6c;&#46;&#99;&#111;&#109;<\/p>\n<h4><span class=\"ez-toc-section\" id=\"Kolegji_Universitar_%E2%80%9CLOGOS%E2%80%9D\"><\/span>Kolegji Universitar &#8220;LOGOS&#8221;<span class=\"ez-toc-section-end\"><\/span><\/h4>\n<p><strong>Adresa:<\/strong> Rr. &#8220;Dritan Hoxha&#8221;, pallati Komfort, Tiran\u00eb<br \/>\n<strong>Sekretaria Cel:<\/strong> 069 303 0277<br \/>\n<strong>Tel:<\/strong> 04 2405355<br \/>\n<strong>Website:<\/strong> www.kulogos.edu.al<br \/>\n<strong>Email:<\/strong> &#x69;&#x6e;&#x66;&#x6f;&#x40;&#x6b;&#x75;&#x6c;&#111;&#103;&#111;&#115;&#46;&#101;&#100;u&#46;al<\/p>\n<p><strong>Rektor:<\/strong> Prof. Dr. I. Ninka<br \/>\n<strong>Administrator:<\/strong> V. Mile<\/p>\n<p><strong>Stafi:<\/strong><\/p>\n<ul>\n<li>Pedagog\u00eb t\u00eb brendsh\u00ebm: 57<\/li>\n<li>Personel ndihm\u00ebs: 22<\/li>\n<li>Student\u00eb: 301<\/li>\n<\/ul>\n<p><strong>Botimet:<\/strong><\/p>\n<ul>\n<li>Revista shkencore &#8220;LOGOS&#8221;<\/li>\n<li>Revista studentore &#8220;LOGOS&#8221;<\/li>\n<\/ul>\n<h4><span class=\"ez-toc-section\" id=\"Programet_e_Studimit\"><\/span>Programet e Studimit<span class=\"ez-toc-section-end\"><\/span><\/h4>\n<p><strong>Fakulteti Ekonomik (Bachelor):<\/strong><\/p>\n<ul>\n<li>Financ\u00eb Kontabilitet<\/li>\n<li>Menaxhim Biznesi<\/li>\n<li>Menaxhim Turizmi<\/li>\n<li>Art, Multimedia Design p\u00ebr Ekonomin\u00eb e Q\u00ebndrueshme<\/li>\n<\/ul>\n<p><strong>Profesionale:<\/strong><\/p>\n<ul>\n<li>Menaxhim i Ferm\u00ebs Bujq\u00ebsore<\/li>\n<li>Marketing i Produktit Bujq\u00ebsor<\/li>\n<\/ul>\n<p><strong>Fakulteti i Shkencave t\u00eb Aplikuara (Bachelor):<\/strong><\/p>\n<ul>\n<li>Informatik\u00eb e Zbatuar<\/li>\n<li>Teknik\u00eb e Lart\u00eb n\u00eb Laborator\u00eb Mjek\u00ebsor\u00eb<\/li>\n<\/ul>\n<p><strong>Fakulteti i Shkencave Humane dhe Komunikimit Gjuh\u00ebsor (Bachelor):<\/strong><\/p>\n<ul>\n<li>Theologji Sociale dhe Studime Religjioze<\/li>\n<li>Gjuh\u00eb dhe Civilizim Grek<\/li>\n<li>M\u00ebsuesi p\u00ebr Arsimin Parashkollor<\/li>\n<li>Pun\u00eb Sociale<\/li>\n<\/ul>\n<p><strong>Master Profesional:<\/strong><\/p>\n<ul>\n<li>Financ\u00eb Kontabilitet<\/li>\n<li>Teknik\u00eb e Lart\u00eb n\u00eb Laborator\u00eb Mjek\u00ebsor\u00eb<\/li>\n<li>Theologji Sociale dhe Praktike<\/li>\n<\/ul>\n<p><strong>Master i Shkencave:<\/strong><\/p>\n<ul>\n<li>Turiz\u00ebm Religjioz<\/li>\n<li>P\u00ebrkthim Profesional<\/li>\n<li>Financ\u00eb-Kontabilitet<\/li>\n<\/ul>\n<hr \/>\n<h3><span class=\"ez-toc-section\" id=\"FONDACIONI_%E2%80%9CKRYEPISKOPI_ANASTAS%E2%80%9D\"><\/span>FONDACIONI &#8220;KRYEPISKOPI ANASTAS&#8221;<span class=\"ez-toc-section-end\"><\/span><\/h3>\n<p>Fondacioni mb\u00ebshtet mbulimin e nevojave funksionale t\u00eb Kish\u00ebs, vepr\u00ebn e saj arsimore, iniciativa sociale, kulturore dhe ekologjike.<\/p>\n<p><strong>Kryetar i Bordit Administrativ:<\/strong> Kryepiskopi JOANI<br \/>\n<strong>Drejtor ekzekutiv:<\/strong> N\u00ebndhjakon Joan Rusku<\/p>\n<hr \/>\n<h2><span class=\"ez-toc-section\" id=\"LIDHJET\"><\/span>LIDHJET<span class=\"ez-toc-section-end\"><\/span><\/h2>\n<h3><span class=\"ez-toc-section\" id=\"Lidhja_e_Grave_Orthodhokse_%E2%80%9CPerhapja_e_Dashurise%E2%80%9D\"><\/span>Lidhja e Grave Orthodhokse &#8220;P\u00ebrhapja e Dashuris\u00eb&#8221;<span class=\"ez-toc-section-end\"><\/span><\/h3>\n<p><strong>P\u00ebrgjegj\u00ebse:<\/strong> J. Bagaviki<br \/>\n<strong>Staf:<\/strong> M. Ndoni, E. Viso, R. Shqevi<\/p>\n<p><strong>Veprimtarit\u00eb:<\/strong><\/p>\n<ul>\n<li>Ndihma p\u00ebr personat n\u00eb nevoj\u00eb<\/li>\n<li>&#8220;Shoq\u00ebria e Dashuris\u00eb&#8221; &#8211; 6 her\u00eb\/jav\u00eb drek\u00eb n\u00eb Tiran\u00eb\n<ul>\n<li>P\u00ebrgjegj\u00ebs: At\u00eb Nikolla Kodheli<\/li>\n<li>Email: m&#101;&#x6e;&#x73;a&#64;&#111;&#x72;&#x74;h&#111;&#x64;&#x6f;x&#97;&#108;&#x62;&#x61;n&#105;&#x61;&#x2e;o&#114;&#103;<\/li>\n<\/ul>\n<\/li>\n<\/ul>\n<h3><span class=\"ez-toc-section\" id=\"Lidhja_e_Intelektualeve_Orthodhokse\"><\/span>Lidhja e Intelektual\u00ebve Orthodhoks\u00eb<span class=\"ez-toc-section-end\"><\/span><\/h3>\n<p><strong>Sekretar i p\u00ebrgjithsh\u00ebm:<\/strong> Dr. A. Na\u00e7o<br \/>\n<strong>Cel:<\/strong> 069 208 2001<\/p>\n<h3><span class=\"ez-toc-section\" id=\"Lidhja_e_Rinise_Orthodhokse\"><\/span>Lidhja e Rinis\u00eb Orthodhokse<span class=\"ez-toc-section-end\"><\/span><\/h3>\n<p><strong>Tel:<\/strong> 04-2257 261<br \/>\n<strong>Email:<\/strong> &#122;&#x72;i&#x6e;&#x6f;&#114;&#x65;o&#114;&#x74;&#104;&#x40;y&#97;&#x68;o&#x6f;&#46;&#99;&#x6f;m<br \/>\n<strong>P\u00ebrgjegj\u00ebs:<\/strong> At\u00eb Grigor Pelushi<\/p>\n<h4><span class=\"ez-toc-section\" id=\"Zyra_e_Rinise\"><\/span>Zyra e Rinis\u00eb<span class=\"ez-toc-section-end\"><\/span><\/h4>\n<p><strong>Koordinator\u00eb:<\/strong> Dhjakon Aleksand\u00ebr Dimro\u00e7i, O. Pelushi, N. Allka, M. Allka + 3 bashk\u00ebpun\u00ebtor\u00eb vullnetar\u00eb<\/p>\n<h3><span class=\"ez-toc-section\" id=\"Zyra_e_Katekizmit_e_Kryepiskopates\"><\/span>Zyra e Katekizmit e Kryepiskopat\u00ebs<span class=\"ez-toc-section-end\"><\/span><\/h3>\n<p><strong>P\u00ebrgjegj\u00ebs:<\/strong> M. \u00c7ako<br \/>\n<strong>Staf:<\/strong> M. Selenica, K. Andoni, A. \u00c7ako<br \/>\n<strong>Email:<\/strong> k&#97;&#116;&#x65;&#x6b;&#x69;&#x7a;m&#105;&#107;&#111;&#x61;&#x73;&#x68;&#64;g&#109;&#97;&#x69;&#x6c;&#x2e;co&#109;<br \/>\n<strong>Cel:<\/strong> 069 509 2344<\/p>\n<h3><span class=\"ez-toc-section\" id=\"Zyra_e_Femijeve\"><\/span>Zyra e F\u00ebmij\u00ebve<span class=\"ez-toc-section-end\"><\/span><\/h3>\n<p><strong>Tel:<\/strong> 04-2257261<br \/>\n<strong>P\u00ebrgjegj\u00ebs:<\/strong> Protopresviter Spiro Topanxha<br \/>\n<strong>Staf:<\/strong> 6 katekist\u00eb<br \/>\n<strong>Email:<\/strong> zyraefem&#105;&#106;&#101;&#118;&#101;&#64;&#103;&#109;&#97;&#105;&#x6c;&#x2e;&#x63;&#x6f;&#x6d;<br \/>\n<strong>Cel:<\/strong> 069 209 5010<\/p>\n<hr \/>\n<h2><span class=\"ez-toc-section\" id=\"KOMPLEKSI_I_PUNISHTEVE_%E2%80%9CNAZARET%E2%80%9D\"><\/span>KOMPLEKSI I PUNISHTEVE &#8220;NAZARET&#8221;<span class=\"ez-toc-section-end\"><\/span><\/h2>\n<p><strong>Vendndodhja:<\/strong> Tiran\u00eb<br \/>\n<strong>Cel:<\/strong> 069 374 4153<br \/>\n<strong>Email:<\/strong> n&#97;&#x7a;&#x61;&#x72;e&#116;&#x40;&#x6f;&#x72;t&#104;&#x6f;&#x64;&#x6f;x&#97;&#x6c;&#x62;&#x61;n&#105;&#x61;&#x2e;&#x6f;r&#103;<\/p>\n<p><strong>P\u00ebrgjegj\u00ebs:<\/strong> Dhjakon Mihal Mihali<br \/>\n<strong>Zyra e llogaris\u00eb:<\/strong> K. Koroveshi<br \/>\n<strong>Punonj\u00ebs:<\/strong> 15<\/p>\n<p><strong>Sektor\u00ebt:<\/strong><\/p>\n<ul>\n<li>Shtypshkronja<\/li>\n<li>Punishtja e qirinjve<\/li>\n<li>Punishtja e drurit<\/li>\n<li>Studioja e ikonografis\u00eb<\/li>\n<li>Restaurimi i ikonave<\/li>\n<\/ul>\n<p>&nbsp;<\/p>\n<hr \/>\n<h2><span class=\"ez-toc-section\" id=\"PERMBLEDHJE_STATISTIKE\"><\/span>P\u00cbRMBLEDHJE STATISTIKE<span class=\"ez-toc-section-end\"><\/span><\/h2>\n<h3><span class=\"ez-toc-section\" id=\"Arsimi\"><\/span>Arsimi<span class=\"ez-toc-section-end\"><\/span><\/h3>\n<table>\n<thead>\n<tr>\n<th>Institucioni<\/th>\n<th>Stafi<\/th>\n<th>Nx\u00ebn\u00ebs\/Student\u00eb<\/th>\n<\/tr>\n<\/thead>\n<tbody>\n<tr>\n<td>&#8220;Protagonist\u00ebt&#8221; Tiran\u00eb<\/td>\n<td>133<\/td>\n<td>1,113<\/td>\n<\/tr>\n<tr>\n<td>&#8220;Frym\u00eb Dashurie&#8221; Durr\u00ebs<\/td>\n<td>33<\/td>\n<td>176<\/td>\n<\/tr>\n<tr>\n<td>&#8220;Frym\u00eb Dashurie&#8221; 9-vj. Gjirokast\u00ebr<\/td>\n<td>24<\/td>\n<td>238<\/td>\n<\/tr>\n<tr>\n<td>&#8220;Frym\u00eb Dashurie&#8221; Mesme Gjirokast\u00ebr<\/td>\n<td>8<\/td>\n<td>80<\/td>\n<\/tr>\n<tr>\n<td>Kolegji &#8220;Frym\u00eb Dashurie&#8221; Mesopotam<\/td>\n<td>20<\/td>\n<td>267<\/td>\n<\/tr>\n<tr>\n<td>Kolegji &#8220;Platon&#8221; Kor\u00e7\u00eb<\/td>\n<td>12<\/td>\n<td>119<\/td>\n<\/tr>\n<tr>\n<td>Kolegji Universitar &#8220;LOGOS&#8221;<\/td>\n<td>79<\/td>\n<td>301<\/td>\n<\/tr>\n<tr>\n<td>Shkolla e Muzik\u00ebs Bizantine<\/td>\n<td>4<\/td>\n<td>10<\/td>\n<\/tr>\n<tr>\n<td><strong>GJITHSEJ<\/strong><\/td>\n<td><strong>313<\/strong><\/td>\n<td><strong>2,304<\/strong><\/td>\n<\/tr>\n<\/tbody>\n<\/table>\n<h3><span class=\"ez-toc-section\" id=\"Shendeti\"><\/span>Sh\u00ebndeti<span class=\"ez-toc-section-end\"><\/span><\/h3>\n<table>\n<thead>\n<tr>\n<th>Sh\u00ebrbimi<\/th>\n<th>Personeli<\/th>\n<\/tr>\n<\/thead>\n<tbody>\n<tr>\n<td>Klinika &#8220;Ungjill\u00ebzimi&#8221;<\/td>\n<td>146 (67 mjek\u00eb + 79 administrativ)<\/td>\n<\/tr>\n<\/tbody>\n<\/table>\n<h3><span class=\"ez-toc-section\" id=\"Kujdesi_Social\"><\/span>Kujdesi Social<span class=\"ez-toc-section-end\"><\/span><\/h3>\n<table>\n<thead>\n<tr>\n<th>Sh\u00ebrbimi<\/th>\n<th>Numri<\/th>\n<\/tr>\n<\/thead>\n<tbody>\n<tr>\n<td>Kopshte<\/td>\n<td>14 qendra, 585 f\u00ebmij\u00eb<\/td>\n<\/tr>\n<tr>\n<td>&#8220;Sht\u00ebpia Orthodhokse e Shpres\u00ebs&#8221;<\/td>\n<td>24 f\u00ebmij\u00eb<\/td>\n<\/tr>\n<tr>\n<td>Konvikti &#8220;Tr\u00ebndafili i pavyshkur&#8221;<\/td>\n<td>16 vajza<\/td>\n<\/tr>\n<\/tbody>\n<\/table>\n<hr \/>\n<p><em>Botimi: Kalendari Orthodhoks 2026<\/em><br \/>\n<em>Burimi: Kisha Orthodhokse Autoqefale e Shqip\u00ebris\u00eb<\/em><br \/>\n<em>Krijuar: Dhjetor 2025<\/em><\/p>\n","protected":false},"excerpt":{"rendered":"<p>ORGANIZIMI KISHTAR &#8211; 2026 Kisha Orthodhokse Autoqefale e Shqip\u00ebris\u00eb Burimi: Kalendari Orthodhoks 2026 SINODI I SHENJT\u00cb An\u00ebtar\u00ebt Titulli Emri Selia Kryetar Fortlumturia e Tij, Kryepiskopi i Tiran\u00ebs, Durr\u00ebsit dhe i Gjith\u00eb Shqip\u00ebris\u00eb JOANI Tiran\u00eb Mitropolit Hir\u00ebsia e Tij, Mitropoliti i Apollonis\u00eb dhe Fierit NIKOLLA Fier Mitropolit Hir\u00ebsia e Tij, Mitropoliti i Elbasanit ANDONI Elbasan Mitropolit Hir\u00ebsia e Tij, Mitropoliti i Beratit ASTI Berat Mitropolit Hir\u00ebsia<\/p>\n","protected":false},"author":14,"featured_media":0,"parent":0,"menu_order":0,"comment_status":"closed","ping_status":"closed","template":"","meta":{"_acf_changed":false,"pagelayer_contact_templates":[],"_pagelayer_content":"","inline_featured_image":false,"footnotes":""},"class_list":["post-69025","page","type-page","status-publish","hentry"],"acf":[],"yoast_head":"<!-- This site is optimized with the Yoast SEO plugin v27.2 - https:\/\/yoast.com\/product\/yoast-seo-wordpress\/ -->\n<title>Organizimi Kishtar - 2026 - Kisha Orthodh\u03bfkse Autoqefale e Shqip\u00ebris\u00eb<\/title>\n<meta name=\"robots\" content=\"index, follow, max-snippet:-1, max-image-preview:large, max-video-preview:-1\" \/>\n<link rel=\"canonical\" href=\"https:\/\/orthodoxalbania.org\/2020\/organizimi-kishtar-2026\/\" \/>\n<meta property=\"og:locale\" content=\"en_US\" \/>\n<meta property=\"og:type\" content=\"article\" \/>\n<meta property=\"og:title\" content=\"Organizimi Kishtar - 2026 - Kisha Orthodh\u03bfkse Autoqefale e Shqip\u00ebris\u00eb\" \/>\n<meta property=\"og:description\" content=\"ORGANIZIMI KISHTAR &#8211; 2026 Kisha Orthodhokse Autoqefale e Shqip\u00ebris\u00eb Burimi: Kalendari Orthodhoks 2026 SINODI I SHENJT\u00cb An\u00ebtar\u00ebt Titulli Emri Selia Kryetar Fortlumturia e Tij, Kryepiskopi i Tiran\u00ebs, Durr\u00ebsit dhe i Gjith\u00eb Shqip\u00ebris\u00eb JOANI Tiran\u00eb Mitropolit Hir\u00ebsia e Tij, Mitropoliti i Apollonis\u00eb dhe Fierit NIKOLLA Fier Mitropolit Hir\u00ebsia e Tij, Mitropoliti i Elbasanit ANDONI Elbasan Mitropolit Hir\u00ebsia e Tij, Mitropoliti i Beratit ASTI Berat Mitropolit Hir\u00ebsia\" \/>\n<meta property=\"og:url\" content=\"https:\/\/orthodoxalbania.org\/2020\/organizimi-kishtar-2026\/\" \/>\n<meta property=\"og:site_name\" content=\"Kisha Orthodh\u03bfkse Autoqefale e Shqip\u00ebris\u00eb\" \/>\n<meta property=\"article:publisher\" content=\"https:\/\/www.facebook.com\/koash1991\" \/>\n<meta property=\"article:modified_time\" content=\"2025-12-22T00:23:28+00:00\" \/>\n<meta property=\"og:image\" content=\"https:\/\/orthodoxalbania.org\/2020\/wp-content\/uploads\/2021\/02\/LogoLastALb-200.png\" \/>\n\t<meta property=\"og:image:width\" content=\"200\" \/>\n\t<meta property=\"og:image:height\" content=\"172\" \/>\n\t<meta property=\"og:image:type\" content=\"image\/png\" \/>\n<meta name=\"twitter:card\" content=\"summary_large_image\" \/>\n<meta name=\"twitter:label1\" content=\"Est. reading time\" \/>\n\t<meta name=\"twitter:data1\" content=\"9 minutes\" \/>\n<script type=\"application\/ld+json\" class=\"yoast-schema-graph\">{\"@context\":\"https:\/\/schema.org\",\"@graph\":[{\"@type\":\"WebPage\",\"@id\":\"https:\/\/orthodoxalbania.org\/2020\/organizimi-kishtar-2026\/\",\"url\":\"https:\/\/orthodoxalbania.org\/2020\/organizimi-kishtar-2026\/\",\"name\":\"Organizimi Kishtar - 2026 - Kisha Orthodh\u03bfkse Autoqefale e Shqip\u00ebris\u00eb\",\"isPartOf\":{\"@id\":\"https:\/\/orthodoxalbania.org\/2020\/#website\"},\"datePublished\":\"2025-12-22T00:17:09+00:00\",\"dateModified\":\"2025-12-22T00:23:28+00:00\",\"breadcrumb\":{\"@id\":\"https:\/\/orthodoxalbania.org\/2020\/organizimi-kishtar-2026\/#breadcrumb\"},\"inLanguage\":\"en-US\",\"potentialAction\":[{\"@type\":\"ReadAction\",\"target\":[\"https:\/\/orthodoxalbania.org\/2020\/organizimi-kishtar-2026\/\"]}]},{\"@type\":\"BreadcrumbList\",\"@id\":\"https:\/\/orthodoxalbania.org\/2020\/organizimi-kishtar-2026\/#breadcrumb\",\"itemListElement\":[{\"@type\":\"ListItem\",\"position\":1,\"name\":\"Home\",\"item\":\"https:\/\/orthodoxalbania.org\/2020\/\"},{\"@type\":\"ListItem\",\"position\":2,\"name\":\"Organizimi Kishtar &#8211; 2026\"}]},{\"@type\":\"WebSite\",\"@id\":\"https:\/\/orthodoxalbania.org\/2020\/#website\",\"url\":\"https:\/\/orthodoxalbania.org\/2020\/\",\"name\":\"Kisha Orthodh\u03bfkse Autoqefale e Shqip\u00ebris\u00eb\",\"description\":\"Fqja Zyrtare e Kish\u00ebs Orthodhokse Autoqefale e Shqip\u00ebris\u00eb me lajmet edhe informacionet zyrtare p\u00ebr struktur\u00ebn edhe veprimtarin e saj.\",\"publisher\":{\"@id\":\"https:\/\/orthodoxalbania.org\/2020\/#organization\"},\"potentialAction\":[{\"@type\":\"SearchAction\",\"target\":{\"@type\":\"EntryPoint\",\"urlTemplate\":\"https:\/\/orthodoxalbania.org\/2020\/?s={search_term_string}\"},\"query-input\":{\"@type\":\"PropertyValueSpecification\",\"valueRequired\":true,\"valueName\":\"search_term_string\"}}],\"inLanguage\":\"en-US\"},{\"@type\":\"Organization\",\"@id\":\"https:\/\/orthodoxalbania.org\/2020\/#organization\",\"name\":\"Kisha Orthodhokse Autoqefale e Shqip\u00ebris\u00eb\",\"url\":\"https:\/\/orthodoxalbania.org\/2020\/\",\"logo\":{\"@type\":\"ImageObject\",\"inLanguage\":\"en-US\",\"@id\":\"https:\/\/orthodoxalbania.org\/2020\/#\/schema\/logo\/image\/\",\"url\":\"https:\/\/orthodoxalbania.org\/2020\/wp-content\/uploads\/2020\/05\/albania.jpeg\",\"contentUrl\":\"https:\/\/orthodoxalbania.org\/2020\/wp-content\/uploads\/2020\/05\/albania.jpeg\",\"width\":540,\"height\":540,\"caption\":\"Kisha Orthodhokse Autoqefale e Shqip\u00ebris\u00eb\"},\"image\":{\"@id\":\"https:\/\/orthodoxalbania.org\/2020\/#\/schema\/logo\/image\/\"},\"sameAs\":[\"https:\/\/www.facebook.com\/koash1991\"]}]}<\/script>\n<!-- \/ Yoast SEO plugin. -->","yoast_head_json":{"title":"Organizimi Kishtar - 2026 - Kisha Orthodh\u03bfkse Autoqefale e Shqip\u00ebris\u00eb","robots":{"index":"index","follow":"follow","max-snippet":"max-snippet:-1","max-image-preview":"max-image-preview:large","max-video-preview":"max-video-preview:-1"},"canonical":"https:\/\/orthodoxalbania.org\/2020\/organizimi-kishtar-2026\/","og_locale":"en_US","og_type":"article","og_title":"Organizimi Kishtar - 2026 - Kisha Orthodh\u03bfkse Autoqefale e Shqip\u00ebris\u00eb","og_description":"ORGANIZIMI KISHTAR &#8211; 2026 Kisha Orthodhokse Autoqefale e Shqip\u00ebris\u00eb Burimi: Kalendari Orthodhoks 2026 SINODI I SHENJT\u00cb An\u00ebtar\u00ebt Titulli Emri Selia Kryetar Fortlumturia e Tij, Kryepiskopi i Tiran\u00ebs, Durr\u00ebsit dhe i Gjith\u00eb Shqip\u00ebris\u00eb JOANI Tiran\u00eb Mitropolit Hir\u00ebsia e Tij, Mitropoliti i Apollonis\u00eb dhe Fierit NIKOLLA Fier Mitropolit Hir\u00ebsia e Tij, Mitropoliti i Elbasanit ANDONI Elbasan Mitropolit Hir\u00ebsia e Tij, Mitropoliti i Beratit ASTI Berat Mitropolit Hir\u00ebsia","og_url":"https:\/\/orthodoxalbania.org\/2020\/organizimi-kishtar-2026\/","og_site_name":"Kisha Orthodh\u03bfkse Autoqefale e Shqip\u00ebris\u00eb","article_publisher":"https:\/\/www.facebook.com\/koash1991","article_modified_time":"2025-12-22T00:23:28+00:00","og_image":[{"width":200,"height":172,"url":"https:\/\/orthodoxalbania.org\/2020\/wp-content\/uploads\/2021\/02\/LogoLastALb-200.png","type":"image\/png"}],"twitter_card":"summary_large_image","twitter_misc":{"Est. reading time":"9 minutes"},"schema":{"@context":"https:\/\/schema.org","@graph":[{"@type":"WebPage","@id":"https:\/\/orthodoxalbania.org\/2020\/organizimi-kishtar-2026\/","url":"https:\/\/orthodoxalbania.org\/2020\/organizimi-kishtar-2026\/","name":"Organizimi Kishtar - 2026 - Kisha Orthodh\u03bfkse Autoqefale e Shqip\u00ebris\u00eb","isPartOf":{"@id":"https:\/\/orthodoxalbania.org\/2020\/#website"},"datePublished":"2025-12-22T00:17:09+00:00","dateModified":"2025-12-22T00:23:28+00:00","breadcrumb":{"@id":"https:\/\/orthodoxalbania.org\/2020\/organizimi-kishtar-2026\/#breadcrumb"},"inLanguage":"en-US","potentialAction":[{"@type":"ReadAction","target":["https:\/\/orthodoxalbania.org\/2020\/organizimi-kishtar-2026\/"]}]},{"@type":"BreadcrumbList","@id":"https:\/\/orthodoxalbania.org\/2020\/organizimi-kishtar-2026\/#breadcrumb","itemListElement":[{"@type":"ListItem","position":1,"name":"Home","item":"https:\/\/orthodoxalbania.org\/2020\/"},{"@type":"ListItem","position":2,"name":"Organizimi Kishtar &#8211; 2026"}]},{"@type":"WebSite","@id":"https:\/\/orthodoxalbania.org\/2020\/#website","url":"https:\/\/orthodoxalbania.org\/2020\/","name":"Kisha Orthodh\u03bfkse Autoqefale e Shqip\u00ebris\u00eb","description":"Fqja Zyrtare e Kish\u00ebs Orthodhokse Autoqefale e Shqip\u00ebris\u00eb me lajmet edhe informacionet zyrtare p\u00ebr struktur\u00ebn edhe veprimtarin e saj.","publisher":{"@id":"https:\/\/orthodoxalbania.org\/2020\/#organization"},"potentialAction":[{"@type":"SearchAction","target":{"@type":"EntryPoint","urlTemplate":"https:\/\/orthodoxalbania.org\/2020\/?s={search_term_string}"},"query-input":{"@type":"PropertyValueSpecification","valueRequired":true,"valueName":"search_term_string"}}],"inLanguage":"en-US"},{"@type":"Organization","@id":"https:\/\/orthodoxalbania.org\/2020\/#organization","name":"Kisha Orthodhokse Autoqefale e Shqip\u00ebris\u00eb","url":"https:\/\/orthodoxalbania.org\/2020\/","logo":{"@type":"ImageObject","inLanguage":"en-US","@id":"https:\/\/orthodoxalbania.org\/2020\/#\/schema\/logo\/image\/","url":"https:\/\/orthodoxalbania.org\/2020\/wp-content\/uploads\/2020\/05\/albania.jpeg","contentUrl":"https:\/\/orthodoxalbania.org\/2020\/wp-content\/uploads\/2020\/05\/albania.jpeg","width":540,"height":540,"caption":"Kisha Orthodhokse Autoqefale e Shqip\u00ebris\u00eb"},"image":{"@id":"https:\/\/orthodoxalbania.org\/2020\/#\/schema\/logo\/image\/"},"sameAs":["https:\/\/www.facebook.com\/koash1991"]}]}},"_links":{"self":[{"href":"https:\/\/orthodoxalbania.org\/2020\/wp-json\/wp\/v2\/pages\/69025","targetHints":{"allow":["GET"]}}],"collection":[{"href":"https:\/\/orthodoxalbania.org\/2020\/wp-json\/wp\/v2\/pages"}],"about":[{"href":"https:\/\/orthodoxalbania.org\/2020\/wp-json\/wp\/v2\/types\/page"}],"author":[{"embeddable":true,"href":"https:\/\/orthodoxalbania.org\/2020\/wp-json\/wp\/v2\/users\/14"}],"replies":[{"embeddable":true,"href":"https:\/\/orthodoxalbania.org\/2020\/wp-json\/wp\/v2\/comments?post=69025"}],"version-history":[{"count":3,"href":"https:\/\/orthodoxalbania.org\/2020\/wp-json\/wp\/v2\/pages\/69025\/revisions"}],"predecessor-version":[{"id":69029,"href":"https:\/\/orthodoxalbania.org\/2020\/wp-json\/wp\/v2\/pages\/69025\/revisions\/69029"}],"wp:attachment":[{"href":"https:\/\/orthodoxalbania.org\/2020\/wp-json\/wp\/v2\/media?parent=69025"}],"curies":[{"name":"wp","href":"https:\/\/api.w.org\/{rel}","templated":true}]}}