{"id":67598,"date":"2025-03-16T13:06:15","date_gmt":"2025-03-16T12:06:15","guid":{"rendered":"https:\/\/orthodoxalbania.org\/2020\/?page_id=67598"},"modified":"2025-04-15T19:49:42","modified_gmt":"2025-04-15T17:49:42","slug":"short-biography-of-archbishop-of-tirana-durres-and-all-albania-john","status":"publish","type":"page","link":"https:\/\/orthodoxalbania.org\/2020\/en\/short-biography-of-archbishop-of-tirana-durres-and-all-albania-john\/","title":{"rendered":"Short Biography of Archbishop of Tirana, Durres and all Albania John"},"content":{"rendered":"<div class=\"fusion-fullwidth fullwidth-box fusion-builder-row-1 fusion-flex-container has-pattern-background has-mask-background nonhundred-percent-fullwidth non-hundred-percent-height-scrolling\" style=\"--awb-border-radius-top-left:0px;--awb-border-radius-top-right:0px;--awb-border-radius-bottom-right:0px;--awb-border-radius-bottom-left:0px;--awb-flex-wrap:wrap;\" ><div class=\"fusion-builder-row fusion-row fusion-flex-align-items-flex-start fusion-flex-content-wrap\" style=\"max-width:1216.8px;margin-left: calc(-4% \/ 2 );margin-right: calc(-4% \/ 2 );\"><div class=\"fusion-layout-column fusion_builder_column fusion-builder-column-0 fusion_builder_column_1_1 1_1 fusion-flex-column\" style=\"--awb-bg-size:cover;--awb-width-large:100%;--awb-margin-top-large:0px;--awb-spacing-right-large:1.92%;--awb-margin-bottom-large:20px;--awb-spacing-left-large:1.92%;--awb-width-medium:100%;--awb-order-medium:0;--awb-spacing-right-medium:1.92%;--awb-spacing-left-medium:1.92%;--awb-width-small:100%;--awb-order-small:0;--awb-spacing-right-small:1.92%;--awb-spacing-left-small:1.92%;\"><div class=\"fusion-column-wrapper fusion-column-has-shadow fusion-flex-justify-content-flex-start fusion-content-layout-column\"><div class=\"fusion-title title fusion-title-1 fusion-sep-none fusion-title-center fusion-title-highlight fusion-animate-loop fusion-highlight-underline fusion-title-size-three\" style=\"--awb-text-color:#333333;--awb-highlight-width:7;--awb-margin-top:30px;--awb-margin-bottom:30px;\" data-highlight=\"underline\"><h3 class=\"fusion-title-heading title-heading-center fusion-responsive-typography-calculated\" style=\"margin:0;--fontSize:22;--minFontSize:22;line-height:1.3;\"><span class=\"fusion-highlighted-text-prefix\">Short Biography of <\/span> <span class=\"fusion-highlighted-text-wrapper\"><span class=\"fusion-highlighted-text\" style=\"color:#f44336;\">Archbishop John<\/span><svg xmlns=\"http:\/\/www.w3.org\/2000\/svg\" viewBox=\"0 0 500 150\" preserveAspectRatio=\"none\"><path d=\"M8.1,146.2c0,0,240.6-55.6,479-13.8\"><\/path><\/svg><\/span> <span class=\"fusion-highlighted-text-postfix\"><\/span><\/h3><\/div><div class=\"fusion-text fusion-text-1\"><h4 style=\"text-align: center;\"><\/h4>\n<p style=\"text-align: justify;\"><img decoding=\"async\" class=\"lazyload  wp-image-67680 alignleft\" src=\"https:\/\/orthodoxalbania.org\/2020\/wp-content\/uploads\/2025\/04\/Kryepiskopi-Joan-n2-2-221x300.jpg\" data-orig-src=\"https:\/\/orthodoxalbania.org\/2020\/wp-content\/uploads\/2025\/04\/Kryepiskopi-Joan-n2-2-221x300.jpg\" alt=\"\" width=\"267\" height=\"362\" srcset=\"data:image\/svg+xml,%3Csvg%20xmlns%3D%27http%3A%2F%2Fwww.w3.org%2F2000%2Fsvg%27%20width%3D%27267%27%20height%3D%27362%27%20viewBox%3D%270%200%20267%20362%27%3E%3Crect%20width%3D%27267%27%20height%3D%27362%27%20fill-opacity%3D%220%22%2F%3E%3C%2Fsvg%3E\" data-srcset=\"https:\/\/orthodoxalbania.org\/2020\/wp-content\/uploads\/2025\/04\/Kryepiskopi-Joan-n2-2-200x272.jpg 200w, https:\/\/orthodoxalbania.org\/2020\/wp-content\/uploads\/2025\/04\/Kryepiskopi-Joan-n2-2-221x300.jpg 221w, https:\/\/orthodoxalbania.org\/2020\/wp-content\/uploads\/2025\/04\/Kryepiskopi-Joan-n2-2-400x544.jpg 400w, https:\/\/orthodoxalbania.org\/2020\/wp-content\/uploads\/2025\/04\/Kryepiskopi-Joan-n2-2-600x816.jpg 600w, https:\/\/orthodoxalbania.org\/2020\/wp-content\/uploads\/2025\/04\/Kryepiskopi-Joan-n2-2-753x1024.jpg 753w, https:\/\/orthodoxalbania.org\/2020\/wp-content\/uploads\/2025\/04\/Kryepiskopi-Joan-n2-2-768x1045.jpg 768w, https:\/\/orthodoxalbania.org\/2020\/wp-content\/uploads\/2025\/04\/Kryepiskopi-Joan-n2-2-800x1088.jpg 800w, https:\/\/orthodoxalbania.org\/2020\/wp-content\/uploads\/2025\/04\/Kryepiskopi-Joan-n2-2-1129x1536.jpg 1129w, https:\/\/orthodoxalbania.org\/2020\/wp-content\/uploads\/2025\/04\/Kryepiskopi-Joan-n2-2-1200x1632.jpg 1200w, https:\/\/orthodoxalbania.org\/2020\/wp-content\/uploads\/2025\/04\/Kryepiskopi-Joan-n2-2-1506x2048.jpg 1506w, https:\/\/orthodoxalbania.org\/2020\/wp-content\/uploads\/2025\/04\/Kryepiskopi-Joan-n2-2.jpg 1882w\" data-sizes=\"auto\" data-orig-sizes=\"(max-width: 267px) 100vw, 267px\" \/><\/p>\n<p style=\"text-align: justify;\"><strong>His Beatitude Archbishop John,<\/strong> was born Fatmir Pelushi in Tirana, Albania on January 1, 1956. In his youth, during the period of relentless religious persecution, he discovered the Orthodox Christian faith and was secretly baptized (1979) by the heroic priest Fr. Kosmas Kyrios, who later became the Bishop of Apollonia. He then joined a small underground group of the Church which operated secretly. From 1979 to 1990, worked in the occupational therapy rehabilitation department of the Psychiatric Hospital of Tirana. His father had already been labeled an enemy of the regime since 1944, and the regime persecuted all religious communities. As a result, he himself was often in danger of being arrested.<\/p>\n<p style=\"text-align: justify;\">In 1990, he fled to Italy and then to Boston, USA, where he studied theology at Holy Cross Greek Orthodox School of Theology, with a scholarship from the Albanian community. In 1993, he received a Master of Theological Studies (MTS) degree with High Distinction.<\/p>\n<p style=\"text-align: justify;\">In 1992, when Albanians were fleeing the country en masse, he expressed his desire to contribute to the reconstruction of the Church of Albania and informed Archbishop Anastasios of his decision to return. Encouraged warmly by the Archbishop, he was appointed as a professor at the Theological Academy of the Autocephalous Orthodox Church of Albania in September of that year.<\/p>\n<p style=\"text-align: justify;\">On February 27, 1994, he was ordained a deacon, and on December 4 of the same year, he was ordained a priest. In 1995, at the encouragement of Archbishop Anastasios, he continued his postgraduate theological studies at the Holy Cross School of Theology in Boston. Excelling in his studies (1995-1996), his name was included in the National Dean\u2019s List among the best students of all higher education institutions in the USA. In 1996, he was granted the title of Archimandrite, and in 1997, he obtained a Master of Theology degree with High Distinction.<\/p>\n<p style=\"text-align: justify;\">From 1996 to 1998, he served as the Dean of the Theological Academy of the Orthodox Church. In 1998 he was elected and consecrated as Metropolitan of Kor\u00e7\u00eb, being enthroned on July 20, while continuing his teaching duties.<\/p>\n<p style=\"text-align: justify;\">His advanced knowledge of English, French, Italian, and Greek, as well as his familiarity with Latin and Hebrew, facilitated his work in translating significant theological and patristic texts into Albanian. Among these, he translated St. Basil the Great\u2019s doctrinal treatise <em>On the Holy Spirit<\/em>. Additionally, he authored the first Dogmatics textbook in Albanian, which became an official publication of the Orthodox Church. He has translated numerous books into Albanian and published articles in academic journals in Albania and abroad, as well as in widely circulated newspapers and magazines.<\/p>\n<p style=\"text-align: justify;\">In 2000, he founded and has since directed the academic periodical <em>Tempulli <\/em>(The Temple), which has become a widely respected scholarly journal, featuring articles by well-known intellectuals, researchers, and Albanologists from Albania and abroad. He serves as the chairman of its editorial board and has published scientific articles on topics related to culture, archaeology, philosophy, theology, history, art criticism, and translation studies.<\/p>\n<p style=\"text-align: justify;\">He has represented the Autocephalous Orthodox Church of Albania in numerous inter-Orthodox meetings as a speaker and committee member responsible for drafting documents, declarations, and statements. For a decade, he participated in the preparatory committees for drafting the texts of the Holy and Great Council of Crete and in the final documents of the Council held in Crete in 2016. He has also been a member of significant working groups within the World Council of Churches, particularly the Joint Working Group with a five-year term, which drafted the defining document for the participation of the Orthodox Churches in the World Council of Churches. Additionally, for many years, he has represented the Autocephalous Orthodox Church of Albania in the important bilateral dialogues between the Orthodox Churches and the Roman Catholic Church, as well as between the Orthodox Churches and the Ancient Oriental Orthodox Churches.<\/p>\n<p style=\"text-align: justify;\">He has been invited as a speaker at numerous national and international conferences, addressing theological, historical, and philosophical topics. Furthermore, he has delivered lectures at universities, theological schools, seminars, and inter-Christian and interfaith conferences.<\/p>\n<p style=\"text-align: justify;\">In the city of Kor\u00e7a, he contributes to social, educational, and cultural advancement, consistently fostering the spirit of peaceful coexistence among religious communities. He frequently gives lectures and participates in academic discussions at the University of Kor\u00e7a and other esteemed schools in the region, emphasizing to young people the value of healthy love for their country and their creative contribution to the progress of modern Albanian society. Moreover, on his initiative, a daily food service has been operating for 27 years to support the city&#8217;s less fortunate residents.<\/p>\n<p style=\"text-align: justify;\">His long-standing and multifaceted ministry in Kor\u00e7a has been recognized by local authorities. On July 23, 2003, he was declared an \u201cHonorary Citizen of the Kor\u00e7a Region\u201d for his exceptional contribution to fostering religious tolerance and understanding. The honorary citation praised him as a scholar, publisher, and translator of theological books into Albanian, as well as a benefactor for the empowerment and brotherhood of the citizens of Kor\u00e7a and beyond. On August 18, 2008, the Kor\u00e7a City Council honored him as an \u201cHonorary Citizen\u201d for his outstanding services in the revival of faith and his many humanitarian and social works.<\/p>\n<p style=\"text-align: justify;\">On July 23, 2018, Fan S. Noli University of Kor\u00e7a awarded him the title of <em>Doctor Honoris Causa<\/em>, recognizing him as an outstanding figure in the spiritual and religious world, a great humanitarian, translator, and founder of the magazine <em>Tempulli<\/em>, who has made significant contributions to the fields of culture, archaeology, philosophy, theology, history, and Albanology. The honorary doctorate was granted on the occasion of the 20th anniversary of his enthronement as Metropolitan of Kor\u00e7a.<\/p>\n<p style=\"text-align: justify;\">On May 29, 2019, the Municipality of Tirana honored him with a \u201cCertificate of Gratitude,\u201d recognizing him as \u201ca figure of national and international significance, an exemplary promoter of peace, harmony, and religious coexistence. With respect and great appreciation for his exceptional contribution to the service of society and those in need.\u201d<\/p>\n<p style=\"text-align: justify;\">Since 1998, he has been shepherding with devotion the historic and highly significant Metropolis of Kor\u00e7a, which also includes the regions of Pogradec, Devoll, and Kolonj\u00eb.<\/p>\n<p style=\"text-align: justify;\">On March 16, 2025, His Eminence Metropolitan John of Kor\u00e7a was unanimously elected <strong>Archbishop of Tirana, Durr\u00ebs, and All Albania<\/strong>, succeeding the late Archbishop Anastasios.<\/p>\n<\/div><\/div><\/div><\/div><\/div>\n","protected":false},"excerpt":{"rendered":"","protected":false},"author":7,"featured_media":0,"parent":0,"menu_order":0,"comment_status":"closed","ping_status":"closed","template":"","meta":{"_acf_changed":false,"pagelayer_contact_templates":[],"_pagelayer_content":"","inline_featured_image":false,"footnotes":""},"class_list":["post-67598","page","type-page","status-publish","hentry"],"acf":[],"yoast_head":"<!-- This site is optimized with the Yoast SEO plugin v27.2 - https:\/\/yoast.com\/product\/yoast-seo-wordpress\/ -->\n<title>Short Biography of Archbishop of Tirana, Durres and all Albania John - Kisha Orthodh\u03bfkse Autoqefale e Shqip\u00ebris\u00eb<\/title>\n<meta name=\"robots\" content=\"index, follow, max-snippet:-1, max-image-preview:large, max-video-preview:-1\" \/>\n<link rel=\"canonical\" href=\"https:\/\/orthodoxalbania.org\/2020\/en\/short-biography-of-archbishop-of-tirana-durres-and-all-albania-john\/\" \/>\n<meta property=\"og:locale\" content=\"en_US\" \/>\n<meta property=\"og:type\" content=\"article\" \/>\n<meta property=\"og:title\" content=\"Short Biography of Archbishop of Tirana, Durres and all Albania John - Kisha Orthodh\u03bfkse Autoqefale e Shqip\u00ebris\u00eb\" \/>\n<meta property=\"og:url\" content=\"https:\/\/orthodoxalbania.org\/2020\/en\/short-biography-of-archbishop-of-tirana-durres-and-all-albania-john\/\" \/>\n<meta property=\"og:site_name\" content=\"Kisha Orthodh\u03bfkse Autoqefale e Shqip\u00ebris\u00eb\" \/>\n<meta property=\"article:publisher\" content=\"https:\/\/www.facebook.com\/koash1991\" \/>\n<meta property=\"article:modified_time\" content=\"2025-04-15T17:49:42+00:00\" \/>\n<meta property=\"og:image\" content=\"https:\/\/orthodoxalbania.org\/2020\/wp-content\/uploads\/2025\/04\/Kryepiskopi-Joan-n2-2.jpg\" \/>\n\t<meta property=\"og:image:width\" content=\"1882\" \/>\n\t<meta property=\"og:image:height\" content=\"2560\" \/>\n\t<meta property=\"og:image:type\" content=\"image\/jpeg\" \/>\n<meta name=\"twitter:card\" content=\"summary_large_image\" \/>\n<meta name=\"twitter:label1\" content=\"Est. reading time\" \/>\n\t<meta name=\"twitter:data1\" content=\"7 minutes\" \/>\n<script type=\"application\/ld+json\" class=\"yoast-schema-graph\">{\"@context\":\"https:\/\/schema.org\",\"@graph\":[{\"@type\":\"WebPage\",\"@id\":\"https:\/\/orthodoxalbania.org\/2020\/en\/short-biography-of-archbishop-of-tirana-durres-and-all-albania-john\/\",\"url\":\"https:\/\/orthodoxalbania.org\/2020\/en\/short-biography-of-archbishop-of-tirana-durres-and-all-albania-john\/\",\"name\":\"Short Biography of Archbishop of Tirana, Durres and all Albania John - Kisha Orthodh\u03bfkse Autoqefale e Shqip\u00ebris\u00eb\",\"isPartOf\":{\"@id\":\"https:\/\/orthodoxalbania.org\/2020\/#website\"},\"primaryImageOfPage\":{\"@id\":\"https:\/\/orthodoxalbania.org\/2020\/en\/short-biography-of-archbishop-of-tirana-durres-and-all-albania-john\/#primaryimage\"},\"image\":{\"@id\":\"https:\/\/orthodoxalbania.org\/2020\/en\/short-biography-of-archbishop-of-tirana-durres-and-all-albania-john\/#primaryimage\"},\"thumbnailUrl\":\"https:\/\/orthodoxalbania.org\/2020\/wp-content\/uploads\/2025\/04\/Kryepiskopi-Joan-n2-2-221x300.jpg\",\"datePublished\":\"2025-03-16T12:06:15+00:00\",\"dateModified\":\"2025-04-15T17:49:42+00:00\",\"breadcrumb\":{\"@id\":\"https:\/\/orthodoxalbania.org\/2020\/en\/short-biography-of-archbishop-of-tirana-durres-and-all-albania-john\/#breadcrumb\"},\"inLanguage\":\"en-US\",\"potentialAction\":[{\"@type\":\"ReadAction\",\"target\":[\"https:\/\/orthodoxalbania.org\/2020\/en\/short-biography-of-archbishop-of-tirana-durres-and-all-albania-john\/\"]}]},{\"@type\":\"ImageObject\",\"inLanguage\":\"en-US\",\"@id\":\"https:\/\/orthodoxalbania.org\/2020\/en\/short-biography-of-archbishop-of-tirana-durres-and-all-albania-john\/#primaryimage\",\"url\":\"https:\/\/orthodoxalbania.org\/2020\/wp-content\/uploads\/2025\/04\/Kryepiskopi-Joan-n2-2.jpg\",\"contentUrl\":\"https:\/\/orthodoxalbania.org\/2020\/wp-content\/uploads\/2025\/04\/Kryepiskopi-Joan-n2-2.jpg\",\"width\":1882,\"height\":2560},{\"@type\":\"BreadcrumbList\",\"@id\":\"https:\/\/orthodoxalbania.org\/2020\/en\/short-biography-of-archbishop-of-tirana-durres-and-all-albania-john\/#breadcrumb\",\"itemListElement\":[{\"@type\":\"ListItem\",\"position\":1,\"name\":\"Home\",\"item\":\"https:\/\/orthodoxalbania.org\/2020\/\"},{\"@type\":\"ListItem\",\"position\":2,\"name\":\"Short Biography of Archbishop of Tirana, Durres and all Albania John\"}]},{\"@type\":\"WebSite\",\"@id\":\"https:\/\/orthodoxalbania.org\/2020\/#website\",\"url\":\"https:\/\/orthodoxalbania.org\/2020\/\",\"name\":\"Kisha Orthodh\u03bfkse Autoqefale e Shqip\u00ebris\u00eb\",\"description\":\"Fqja Zyrtare e Kish\u00ebs Orthodhokse Autoqefale e Shqip\u00ebris\u00eb me lajmet edhe informacionet zyrtare p\u00ebr struktur\u00ebn edhe veprimtarin e saj.\",\"publisher\":{\"@id\":\"https:\/\/orthodoxalbania.org\/2020\/#organization\"},\"potentialAction\":[{\"@type\":\"SearchAction\",\"target\":{\"@type\":\"EntryPoint\",\"urlTemplate\":\"https:\/\/orthodoxalbania.org\/2020\/?s={search_term_string}\"},\"query-input\":{\"@type\":\"PropertyValueSpecification\",\"valueRequired\":true,\"valueName\":\"search_term_string\"}}],\"inLanguage\":\"en-US\"},{\"@type\":\"Organization\",\"@id\":\"https:\/\/orthodoxalbania.org\/2020\/#organization\",\"name\":\"Kisha Orthodhokse Autoqefale e Shqip\u00ebris\u00eb\",\"url\":\"https:\/\/orthodoxalbania.org\/2020\/\",\"logo\":{\"@type\":\"ImageObject\",\"inLanguage\":\"en-US\",\"@id\":\"https:\/\/orthodoxalbania.org\/2020\/#\/schema\/logo\/image\/\",\"url\":\"https:\/\/orthodoxalbania.org\/2020\/wp-content\/uploads\/2020\/05\/albania.jpeg\",\"contentUrl\":\"https:\/\/orthodoxalbania.org\/2020\/wp-content\/uploads\/2020\/05\/albania.jpeg\",\"width\":540,\"height\":540,\"caption\":\"Kisha Orthodhokse Autoqefale e Shqip\u00ebris\u00eb\"},\"image\":{\"@id\":\"https:\/\/orthodoxalbania.org\/2020\/#\/schema\/logo\/image\/\"},\"sameAs\":[\"https:\/\/www.facebook.com\/koash1991\"]}]}<\/script>\n<!-- \/ Yoast SEO plugin. -->","yoast_head_json":{"title":"Short Biography of Archbishop of Tirana, Durres and all Albania John - Kisha Orthodh\u03bfkse Autoqefale e Shqip\u00ebris\u00eb","robots":{"index":"index","follow":"follow","max-snippet":"max-snippet:-1","max-image-preview":"max-image-preview:large","max-video-preview":"max-video-preview:-1"},"canonical":"https:\/\/orthodoxalbania.org\/2020\/en\/short-biography-of-archbishop-of-tirana-durres-and-all-albania-john\/","og_locale":"en_US","og_type":"article","og_title":"Short Biography of Archbishop of Tirana, Durres and all Albania John - Kisha Orthodh\u03bfkse Autoqefale e Shqip\u00ebris\u00eb","og_url":"https:\/\/orthodoxalbania.org\/2020\/en\/short-biography-of-archbishop-of-tirana-durres-and-all-albania-john\/","og_site_name":"Kisha Orthodh\u03bfkse Autoqefale e Shqip\u00ebris\u00eb","article_publisher":"https:\/\/www.facebook.com\/koash1991","article_modified_time":"2025-04-15T17:49:42+00:00","og_image":[{"width":1882,"height":2560,"url":"https:\/\/orthodoxalbania.org\/2020\/wp-content\/uploads\/2025\/04\/Kryepiskopi-Joan-n2-2.jpg","type":"image\/jpeg"}],"twitter_card":"summary_large_image","twitter_misc":{"Est. reading time":"7 minutes"},"schema":{"@context":"https:\/\/schema.org","@graph":[{"@type":"WebPage","@id":"https:\/\/orthodoxalbania.org\/2020\/en\/short-biography-of-archbishop-of-tirana-durres-and-all-albania-john\/","url":"https:\/\/orthodoxalbania.org\/2020\/en\/short-biography-of-archbishop-of-tirana-durres-and-all-albania-john\/","name":"Short Biography of Archbishop of Tirana, Durres and all Albania John - Kisha Orthodh\u03bfkse Autoqefale e Shqip\u00ebris\u00eb","isPartOf":{"@id":"https:\/\/orthodoxalbania.org\/2020\/#website"},"primaryImageOfPage":{"@id":"https:\/\/orthodoxalbania.org\/2020\/en\/short-biography-of-archbishop-of-tirana-durres-and-all-albania-john\/#primaryimage"},"image":{"@id":"https:\/\/orthodoxalbania.org\/2020\/en\/short-biography-of-archbishop-of-tirana-durres-and-all-albania-john\/#primaryimage"},"thumbnailUrl":"https:\/\/orthodoxalbania.org\/2020\/wp-content\/uploads\/2025\/04\/Kryepiskopi-Joan-n2-2-221x300.jpg","datePublished":"2025-03-16T12:06:15+00:00","dateModified":"2025-04-15T17:49:42+00:00","breadcrumb":{"@id":"https:\/\/orthodoxalbania.org\/2020\/en\/short-biography-of-archbishop-of-tirana-durres-and-all-albania-john\/#breadcrumb"},"inLanguage":"en-US","potentialAction":[{"@type":"ReadAction","target":["https:\/\/orthodoxalbania.org\/2020\/en\/short-biography-of-archbishop-of-tirana-durres-and-all-albania-john\/"]}]},{"@type":"ImageObject","inLanguage":"en-US","@id":"https:\/\/orthodoxalbania.org\/2020\/en\/short-biography-of-archbishop-of-tirana-durres-and-all-albania-john\/#primaryimage","url":"https:\/\/orthodoxalbania.org\/2020\/wp-content\/uploads\/2025\/04\/Kryepiskopi-Joan-n2-2.jpg","contentUrl":"https:\/\/orthodoxalbania.org\/2020\/wp-content\/uploads\/2025\/04\/Kryepiskopi-Joan-n2-2.jpg","width":1882,"height":2560},{"@type":"BreadcrumbList","@id":"https:\/\/orthodoxalbania.org\/2020\/en\/short-biography-of-archbishop-of-tirana-durres-and-all-albania-john\/#breadcrumb","itemListElement":[{"@type":"ListItem","position":1,"name":"Home","item":"https:\/\/orthodoxalbania.org\/2020\/"},{"@type":"ListItem","position":2,"name":"Short Biography of Archbishop of Tirana, Durres and all Albania John"}]},{"@type":"WebSite","@id":"https:\/\/orthodoxalbania.org\/2020\/#website","url":"https:\/\/orthodoxalbania.org\/2020\/","name":"Kisha Orthodh\u03bfkse Autoqefale e Shqip\u00ebris\u00eb","description":"Fqja Zyrtare e Kish\u00ebs Orthodhokse Autoqefale e Shqip\u00ebris\u00eb me lajmet edhe informacionet zyrtare p\u00ebr struktur\u00ebn edhe veprimtarin e saj.","publisher":{"@id":"https:\/\/orthodoxalbania.org\/2020\/#organization"},"potentialAction":[{"@type":"SearchAction","target":{"@type":"EntryPoint","urlTemplate":"https:\/\/orthodoxalbania.org\/2020\/?s={search_term_string}"},"query-input":{"@type":"PropertyValueSpecification","valueRequired":true,"valueName":"search_term_string"}}],"inLanguage":"en-US"},{"@type":"Organization","@id":"https:\/\/orthodoxalbania.org\/2020\/#organization","name":"Kisha Orthodhokse Autoqefale e Shqip\u00ebris\u00eb","url":"https:\/\/orthodoxalbania.org\/2020\/","logo":{"@type":"ImageObject","inLanguage":"en-US","@id":"https:\/\/orthodoxalbania.org\/2020\/#\/schema\/logo\/image\/","url":"https:\/\/orthodoxalbania.org\/2020\/wp-content\/uploads\/2020\/05\/albania.jpeg","contentUrl":"https:\/\/orthodoxalbania.org\/2020\/wp-content\/uploads\/2020\/05\/albania.jpeg","width":540,"height":540,"caption":"Kisha Orthodhokse Autoqefale e Shqip\u00ebris\u00eb"},"image":{"@id":"https:\/\/orthodoxalbania.org\/2020\/#\/schema\/logo\/image\/"},"sameAs":["https:\/\/www.facebook.com\/koash1991"]}]}},"_links":{"self":[{"href":"https:\/\/orthodoxalbania.org\/2020\/wp-json\/wp\/v2\/pages\/67598","targetHints":{"allow":["GET"]}}],"collection":[{"href":"https:\/\/orthodoxalbania.org\/2020\/wp-json\/wp\/v2\/pages"}],"about":[{"href":"https:\/\/orthodoxalbania.org\/2020\/wp-json\/wp\/v2\/types\/page"}],"author":[{"embeddable":true,"href":"https:\/\/orthodoxalbania.org\/2020\/wp-json\/wp\/v2\/users\/7"}],"replies":[{"embeddable":true,"href":"https:\/\/orthodoxalbania.org\/2020\/wp-json\/wp\/v2\/comments?post=67598"}],"version-history":[{"count":2,"href":"https:\/\/orthodoxalbania.org\/2020\/wp-json\/wp\/v2\/pages\/67598\/revisions"}],"predecessor-version":[{"id":67681,"href":"https:\/\/orthodoxalbania.org\/2020\/wp-json\/wp\/v2\/pages\/67598\/revisions\/67681"}],"wp:attachment":[{"href":"https:\/\/orthodoxalbania.org\/2020\/wp-json\/wp\/v2\/media?parent=67598"}],"curies":[{"name":"wp","href":"https:\/\/api.w.org\/{rel}","templated":true}]}}