{"id":17826,"date":"2020-04-04T07:58:04","date_gmt":"2020-04-04T07:58:04","guid":{"rendered":"https:\/\/orthodoxalbania.org\/2020\/?page_id=17826"},"modified":"2025-03-19T13:22:37","modified_gmt":"2025-03-19T12:22:37","slug":"archbishop-anastasios","status":"publish","type":"page","link":"https:\/\/orthodoxalbania.org\/2020\/en\/archbishop-anastasios\/","title":{"rendered":"Archbishop Anastasios"},"content":{"rendered":"<div class=\"fusion-fullwidth fullwidth-box fusion-builder-row-1 nonhundred-percent-fullwidth non-hundred-percent-height-scrolling\" style=\"--awb-border-radius-top-left:0px;--awb-border-radius-top-right:0px;--awb-border-radius-bottom-right:0px;--awb-border-radius-bottom-left:0px;--awb-flex-wrap:wrap;\" ><div class=\"fusion-builder-row fusion-row\"><div class=\"fusion-layout-column fusion_builder_column fusion-builder-column-0 fusion_builder_column_2_3 2_3 fusion-two-third fusion-column-first\" style=\"--awb-bg-size:cover;width:66.666666666667%;width:calc(66.666666666667% - ( ( 4% ) * 0.66666666666667 ) );margin-right: 4%;\"><div class=\"fusion-column-wrapper fusion-column-has-shadow fusion-flex-column-wrapper-legacy\"><div class=\"fusion-sep-clear\"><\/div><div class=\"fusion-separator fusion-full-width-sep\" style=\"margin-left: auto;margin-right: auto;width:100%;\"><div class=\"fusion-separator-border sep-double sep-solid\" style=\"--awb-height:20px;--awb-amount:20px;border-color:#E8E6E5;border-top-width:1px;border-bottom-width:1px;\"><\/div><\/div><div class=\"fusion-sep-clear\"><\/div><div class=\"fusion-sep-clear\"><\/div><div class=\"fusion-separator fusion-full-width-sep\" style=\"margin-left: auto;margin-right: auto;margin-bottom:15px;width:100%;\"><div class=\"fusion-separator-border sep-double sep-solid\" style=\"--awb-height:20px;--awb-amount:20px;border-color:#E8E6E5;border-top-width:1px;border-bottom-width:1px;\"><\/div><\/div><div class=\"fusion-sep-clear\"><\/div><div class=\"fusion-recent-posts fusion-recent-posts-1 avada-container layout-default layout-columns-1\"><section class=\"fusion-columns columns fusion-columns-1 columns-1\"><article class=\"post fusion-column column col col-lg-12 col-md-12 col-sm-12\"><div class=\"recent-posts-content\"><span class=\"entry-title\" style=\"display: none;\">Biography of Anastasios (Yannoulatos) Archbishop Of Tirana, Durres, And All Albania (1992-)<\/span><span class=\"vcard\" style=\"display: none;\"><span class=\"fn\"><a href=\"https:\/\/orthodoxalbania.org\/2020\/author\/giokashar\/\" title=\"Posts by Kisha Orthodhokse\" rel=\"author\">Kisha Orthodhokse<\/a><\/span><\/span><span class=\"updated\" style=\"display:none;\">2020-09-28T14:03:23+02:00<\/span><div style=\"line-height: 1.5; text-align: center;\"><span style=\"font-size: small;\"><span style=\"font-family: 'verdana' , 'geneva' , sans-serif; line-height: 1.5;\"><span style=\"color: #990000;\"><strong>\u00a0<\/strong><\/span><\/span><\/span><\/div>\n<div style=\"line-height: 1.5; text-align: center;\">\n<div class=\"MsoNormal\" style=\"margin-bottom: 0.0001pt; text-indent: 27pt;\" align=\"center\">\n<div style=\"line-height: 19pt; margin: 0in 0in 0.0001pt;\" align=\"center\"><strong><span style=\"font-size: 14.0pt; mso-no-proof: yes;\">\u00a0BIOGRAPHY <\/span><\/strong><\/div>\n<div style=\"line-height: 19pt; margin: 0in 0in 0.0001pt;\" align=\"center\"><\/div>\n<div style=\"line-height: 19pt; margin: 0in 0in 0.0001pt;\" align=\"center\"><span style=\"font-size: 14.0pt; mso-bidi-font-style: italic;\">+ ANASTASIOS (YANNOULATOS)<strong><br \/>\n<\/strong>Archbishop of Tirana, Durres, and All Albania (1992-)<\/span><\/div>\n<div class=\"MsoNormal\" style=\"line-height: 19pt; margin-bottom: 0.0001pt;\" align=\"center\"><em><span style=\"font-family: 'times new roman' , serif; font-size: 12.0pt;\">Professor Emeritus of the National and Kapodistrian University of Athens (1992-)<br \/>\nHonorary Member of the Academy of Athens (2006-)<\/span><\/em><\/div>\n<div class=\"MsoNormal\" align=\"center\"><em><span style=\"font-family: 'times new roman' , serif; font-size: 12.0pt; line-height: 107%;\">Honorary Senator of the European Academy of Sciences and Arts \u2013 Salzburg (2019-)<\/span><\/em><\/div>\n<div class=\"MsoNormal\" style=\"line-height: 19pt; margin-bottom: 0.0001pt; text-indent: 27.35pt;\" align=\"center\"><\/div>\n<div class=\"MsoNormal\" style=\"line-height: 19pt; margin-bottom: 0.0001pt; text-indent: 27pt;\" align=\"center\"><\/div>\n<div class=\"MsoNormal\" style=\"line-height: 19.0pt; margin-bottom: 0in; mso-line-height-rule: exactly; text-align: justify; text-indent: 27.35pt;\"><span style=\"font-family: 'times new roman' , serif; font-size: 14pt;\">\u00a0<\/span><\/div>\n<p><img decoding=\"async\" class=\"lazyload alignleft\" style=\"text-indent: 0px;\" src=\"data:image\/svg+xml,%3Csvg%20xmlns%3D%27http%3A%2F%2Fwww.w3.org%2F2000%2Fsvg%27%20width%3D%27213%27%20height%3D%27320%27%20viewBox%3D%270%200%20213%20320%27%3E%3Crect%20width%3D%27213%27%20height%3D%27320%27%20fill-opacity%3D%220%22%2F%3E%3C%2Fsvg%3E\" data-orig-src=\"https:\/\/1.bp.blogspot.com\/-rLNfK9VCjZE\/UWP-nBYitVI\/AAAAAAAACXw\/_sIvu5B-vaA\/s1600\/IMG_0744.JPG\" width=\"213\" height=\"320\" border=\"0\" \/><\/p>\n<div class=\"MsoNormal\" style=\"line-height: 19.0pt; margin-bottom: 0in; mso-line-height-rule: exactly; text-align: justify; text-indent: 27.35pt;\"><span style=\"font-family: 'times new roman' , serif; font-size: 14pt;\">\u00a0He was born November 4, 1929, in Piraeus, Greece. He received his High School Diploma in 1947 (with the Highest Honors 19<sup>9\/11<\/sup>) and his Bachelors of Divinity from the Theological School of the University of Athens in 1952 (with the Highest Honors 9.53 &#8211; \u00a0the highest score ever given of the Theological School of Athens). He continued his Post-Graduate Studies\u00a0in the History of Religions, Ethnology, Missions, and Africanology at the Universities of Hamburg and Marburg, Germany (1965-69), with the two last years of his studies as recipient of the prestigious scholarship of the German Foundation Alexander von Humboldt. He received his Th.D of the Theological Faculty of the National University of Athens (1970, Summa Cum Laude with special award).\u00a0During his military service (1952-54) he attended the Schools of the Reserve Offices on the island of Syros and of the MB Signals in Chaidari (to both first in rank and \u201cHead of School\u201d). <\/span><\/div>\n<div class=\"MsoNormal\" style=\"line-height: 19.0pt; margin-bottom: 0in; mso-line-height-rule: exactly; text-align: justify; text-indent: 27.35pt;\"><span style=\"font-family: 'times new roman' , serif; font-size: 14pt;\">He studied various religions (African religions, Hinduism, Buddhism, Taoism, Confucianism, Islam) in the countries where they are prominent (e.g. Kenya, Uganda, Tanzania, Nigeria, India, Thailand, Sri Lanka, Korea, Japan, China, Brazil, the Caribbean, Lebanon, Syria, Egypt, Turkey).<\/span><\/div>\n<div class=\"MsoNormal\" style=\"line-height: 19.0pt; margin-bottom: 0in; mso-line-height-rule: exactly; text-align: justify; text-indent: 27.35pt;\"><strong><span style=\"font-family: 'times new roman' , serif; font-size: 14pt;\">Languages\u00a0<\/span><\/strong><span style=\"font-family: 'times new roman' , serif; font-size: 14pt;\">(Besides Modern and Ancient Greek) Fluency in English, French, German. Working knowledge of: Latin, Italian, Spanish, Russian, Kiswahili, Albanian.<\/span><\/div>\n<div class=\"MsoNormal\" style=\"line-height: 19.0pt; margin-bottom: 0in; mso-line-height-rule: exactly; text-align: justify; text-indent: 27.35pt;\"><span style=\"font-family: 'times new roman' , serif; font-size: 14pt;\">\u00a0 <\/span><\/div>\n<div class=\"MsoNormal\" style=\"line-height: 19.0pt; margin-bottom: 0in; mso-line-height-rule: exactly; text-align: justify; text-indent: 27.35pt;\"><strong><em><span style=\"font-family: 'times new roman' , serif; font-size: 14pt;\">In the Academic Field<\/span><\/em><\/strong><\/div>\n<div class=\"MsoNormal\" style=\"line-height: 19.0pt; margin-bottom: 0in; mso-line-height-rule: exactly; text-align: justify; text-indent: 27.35pt;\"><span style=\"font-family: 'times new roman' , serif; font-size: 14pt;\">\u00a0\u00a0 Lecturer, for teaching modern Greek language and philology \u2013 University of Marburg, Germany (1966-69). He organized and directed the \u201cCenter of Missionary Studies\u201d at the University of Athens (1971-76). Organized and directed the \u201cInter-Orthodox Center of Athens of the Church of Greece\u201d Penteli (1971-76). Associate Professor of the History of Religions at the National University of Athens (1972-76). Full Professor (1976-92). Director of the Department of the Science of Religions and Sociology (1983-86). Dean of the Theological Faculty and member of the Senate (1983-86). Vice-president of the Student Club (1978-79). Chairman of the Commission of Solidarity in the Cyprian Struggle (1975-84). Member of the Research Committee of the University of Athens (1986-90) and \u00a0administrative director of the Council of the Center of Mediterranean and Arabic Studies (1978-82). Corresponding Member of the Academy of Athens (1993-2005) and in continuation Honorary Member. <\/span><\/div>\n<div class=\"MsoNormal\" style=\"line-height: 19.0pt; margin-bottom: 0in; mso-line-height-rule: exactly; text-align: justify; text-indent: 27.35pt;\"><em><span style=\"font-family: 'times new roman' , serif; font-size: 14pt;\">\u00a0ThD h.c. of:\u00a0 <\/span><\/em><span style=\"font-family: 'times new roman' , serif; font-size: 14pt;\">Holy Cross Greek Orthodox School of Theology, Brookline, MA, USA (1989); the Theological Faculty of Aristotle University of Thessaloniki (1995); St. Vladimir\u2019s Orthodox Theological Seminary, Yonkers, NY, USA (2003); the Theological School of Craiova University (2006);<\/span> <span style=\"font-family: 'times new roman' , serif; font-size: 14pt;\">Honorary Member of the Theological Academy of Moscow (1998); D. Staniloae Diploma Univ. Bucharest (the highest theological distinction of this University) (2003); the Theological Faculty of the Pontifical University of South Italy (2009); and Fordham University, NY, USA (2014).<\/span><\/div>\n<div class=\"MsoNormal\" style=\"text-align: justify; text-indent: 27.0pt;\"><em><span style=\"font-family: 'times new roman' , serif; font-size: 14pt; line-height: 107%;\">\u00a0PhD h.c. of: <\/span><\/em><span style=\"font-family: 'times new roman' , serif; font-size: 14pt; line-height: 107%;\">The Department of History and Archaeology of the Philosophical Faculty of the University of Ioannina (1996); the Agricultural University of Athens (1996); the Department of Political Science and Public Administration of the Law, Economic, and Political Sciences and all the Departments of the Philosophical Faculty of the National University of Athens (1998); the Department of International and European Studies of the University of Piraeus (2001); The Department of Philology of the University of Crete (2002); the Departments of Physics, Medicine, Primary Education, and Civil Engineering of the University of Patras (2003); Doctor of Humane Letters of Boston University (2004); the Departments of Medicine and Agriculture of University of Thessaly, and Golden Medal of this University (2005); the History Department of the Ionian University, Corfu (2007); the University of Korca (2008); of the Departments of History and Ethnology as well as of Languages and Culture of Thrace\u2019s Dimokriteian University (2009); Patriarchal University Apostle Andrew Tbilisi Georgia (2010); the University of Cyprus (2010); Department of Philology, University of Peloponnese, Kalamata (2016); The highest scientific distinction of Aristotle University of Thessaloniki the <\/span><span style=\"font-family: 'times new roman' , serif; font-size: 14.0pt; line-height: 107%;\">\u201c<\/span><span style=\"font-family: 'times new roman' , serif; font-size: 14pt; line-height: 107%;\">Golden Aristotle<\/span><span style=\"font-family: 'times new roman' , serif; font-size: 14.0pt; line-height: 107%;\">\u201d<\/span> <span style=\"font-family: 'times new roman' , serif; font-size: 14.0pt; line-height: 107%;\">(2018).<\/span><\/div>\n<div class=\"MsoNormal\" style=\"line-height: 19.0pt; margin-bottom: 0in; mso-line-height-rule: exactly; text-align: justify; text-indent: 27.35pt;\"><span style=\"font-family: 'times new roman' , serif; font-size: 14.0pt;\">He has been: Member of the Council: of the High School of Social Work-Deaconesses (1977-84); of the Highest Official Committee of the Church of Greece (1977-85); of the Committee of the Ecclesiastical Education of the Ministry of National Education and Religions (1977-82);\u00a0the Board of Directors of the European Health Club; the Board of Directors of the Commission for the Protection of the Cultural Legacy of Cyprus (1985-91), of the Scholarships Commission of the Foundation Alexander Onassis (1978-94); of the Foundation Alexander Onassis (1994-2005). He is an Associate of the Athenian Educational Society (1994-); Associate of the Orthodox Academy of Crete (2001-). Honorary President of the graduates of the Second Male High School of Athens (2008-).<\/span><\/div>\n<div class=\"MsoNormal\" style=\"line-height: 19.0pt; margin-bottom: 0in; mso-line-height-rule: exactly; text-align: justify; text-indent: 27.35pt;\"><\/div>\n<div class=\"MsoNormal\" style=\"line-height: 19.0pt; margin-bottom: 0in; mso-line-height-rule: exactly; text-align: justify;\"><\/div>\n<div class=\"MsoNormal\" style=\"line-height: 19.0pt; margin-bottom: 0in; mso-line-height-rule: exactly; text-align: justify; text-indent: 27.35pt;\"><strong><em><span style=\"font-family: 'times new roman' , serif; font-size: 14pt;\">Church and Social Diakonia<\/span><\/em><\/strong><\/div>\n<div class=\"MsoNormal\" style=\"line-height: 19.0pt; margin-bottom: 0in; mso-line-height-rule: exactly; text-align: justify; text-indent: 27.35pt;\"><em><span style=\"font-family: 'times new roman' , serif; font-size: 14pt;\">In Greece: <\/span><\/em><span style=\"font-family: 'times new roman' , serif; font-size: 14pt;\">As a lay theologian (1952-60) he worked in various fields of internal missions (preaching, Christian articles, catechism, responsible for Bible studies, youth and student camps). He pioneered the revival of foreign Orthodox missions (1959), published the first missionary periodical \u201cPorefthendes\u201d in Greek and English, and founded the homonymous Orthodox missionary center \u201cPorefthendes\u201d. Ordained: He was tonsured a monk in the Monastery of the Holy Incorporeal Taxiarchs (Petraki), Athens, (1.8.1960); Hiero-Deacon (7.8.1960); Priest-Archimandrite (24.5.1964); Bishop of Androussa for the position of the General Director of \u201cApostoliki Diakonia of the Church of\u00a0 Greece\u201d (19.11.1972). By the order of the Holy Synod of the Church of Greece, he wrote three aids for the teachers of the Middle Catechetical Schools of the Church of Greece. During his post-graduate studies in Germany he ministered to the emigrant Greek workers and students. <\/span><span style=\"font-family: 'times new roman' , serif; font-size: 14.0pt;\">From his time as General Director of \u201cApostoliki Diakonia\u201d, he promoted various theological, educational, building, and publishing programs of the Church. He mobilized the relevant officials of the Ministry of Culture and the Holy Metropolises of Greece for the cataloguing of ecclesiastical heritage sites and items. In particular, he developed the field of external mission with constant support to the missionary teams in Korea, India, Africa and the organization of the External Mission Week.<\/span><\/div>\n<div class=\"MsoNormal\" style=\"line-height: 19.0pt; margin-bottom: 0in; mso-line-height-rule: exactly; text-align: justify; text-indent: 27.0pt;\"><em><span style=\"font-family: 'times new roman' , serif; font-size: 14pt;\">East Africa. <\/span><\/em><span style=\"font-family: 'times new roman' , serif; font-size: 14pt;\">He initially traveled in May-July of 1964 in Uganda, Tanzania, and Kenya exploring the possibilities of systematic Orthodox mission. In the summer and autumn of 1967 he conducted a religious research study that examined traditional religion in Uganda. <\/span><span style=\"font-family: 'times new roman' , serif; font-size: 14pt;\">In the decade of 1981-91, as Locum Tenens (Acting Archbishop) of the Holy Archbishopric of Irinoupolis \u2013 East Africa (Kenya, Uganda, Tanzania), he established and organized the Patriarchal School \u201cArchbishop Makarios III of Cyprus\u201d, which he directed for a decade. He ordained 62 African clergy and consecrated 42 readers-catechists from eight African tribes (among them the first four clergy from Tanzania). At the same time, he promoted the work of translation of the Holy Liturgy into four African languages. He took care of the further organization of about 150 Orthodox parishes and tiny communities. He undertook the construction of tens of churches, the building of seven missionary stations, and worked for the creation of schools and medical stations. He was recognized as a \u201cGreat Benefactor\u201d of the Patriarchate of Alexandria (2009).<\/span><\/div>\n<div class=\"MsoNormal\" style=\"line-height: 19.0pt; margin-bottom: 0in; mso-line-height-rule: exactly; text-align: justify; text-indent: 27.0pt;\"><em><span style=\"font-family: 'times new roman' , serif; font-size: 14pt;\">Albania.<\/span><\/em><span style=\"font-family: 'times new roman' , serif; font-size: 14pt;\">\u00a0 The Ecclesiastical work of Anastasios culminates in the mission entrusted to him by the Ecumenical Patriarchate for the restoration from the ruins of the Autocephalous Orthodox Church of Albania, which had collapsed after 46 years of persecution by the world&#8217;s only \u201catheistic state\u201d. He began his work as Patriarchal Exarch (Jan. 1991 \u2013 Jun. 1992). He was elected Metropolitan of Androussa (August 1991 \u2013 June 1992) and subsequently was elected Archbishop of Tirana and All Albania (24 June, 1992).\u00a0Through great difficulties, he achieved the restoration of the Church of Albania from her foundation \u2013\u00a0He drafted a new Charter (2016); and by an official agreement with the Government of Albania, which became law of the State (2009), relations between the Church and the State were defined.<\/span><span style=\"font-family: 'times new roman' , serif; font-size: 14pt;\"> More than 400 parishes were reorganized. He established the Theological Academy \u201cResurrection of Christ\u201d in Durres (1992-);\u00a0<\/span><span style=\"font-family: 'times new roman' , serif; font-size: 14pt;\">the Ecclesiastical High School \u201cHoly Cross\u201d, in Gjirokastra\u00a0(1998-) and Sukth-Durres (2007-2018) and \u00a0a Byzantine Music School in Tirana (2012-); all situated in building complexes with contemporary conditions and dormitories. He educated and ordained 168 clergy. He established Youth Centers in various cities.\u00a0He took care of the translation efforts as well as the publication of liturgical and other religious books. He organized the Technical Office of the Church and undertook the construction of 150 new churches (large and small), 60 churches, monasteries, and cultural monuments have been renovated and restored,\u00a0160 churches and 70 ecclesiastical buildings have been reconstructed. These buildings are used as schools, youth centers, health centers, hospitality homes, workshops, soup kitchens, etc. All together there have been about 450 building projects. He developed the philanthropic care of the Church, distributing hundreds of tons of food, clothing, and medicine. <\/span><\/div>\n<div class=\"MsoNormal\" style=\"line-height: 19.0pt; margin-bottom: 0in; mso-line-height-rule: exactly; text-align: justify; text-indent: 27.0pt;\"><span style=\"font-family: 'times new roman' , serif; font-size: 14pt;\">He founded the first Albanian language Orthodox newspaper, Ngjallja \u201cResurrection\u201d (1992-), the first children\u2019s periodical G\u00ebzohu \u201cRejoice\u201d (1997-), the young adult periodical Kambanat \u201cBells\u201d (2001-), the scientific research journal Kerkim \u201cResearch\u201d (2009-), the bulletin \u201cNews from Orthodoxy in Albania\u201d (1996-2002), as well as a radio station \u201cRadio-Ngjallja\u201d (1997-). He oversaw the creation of the Workshop of the Church (that includes a publishing house, candle factory, carpentry workshop, and iconography and restoration workshops). He has struggled to reclaim church properties. <\/span><\/div>\n<div style=\"line-height: 19.0pt; margin-bottom: .0001pt; margin: 0in; mso-line-height-rule: exactly; text-align: justify; text-indent: 27.0pt;\"><span style=\"font-size: 14pt;\">Alongside the rebuilding of the Orthodox Church, he developed pioneering programs in the fields of education, health, social welfare, rural development, culture, and ecology. He founded the Orthodox Clinic \u201cAnnunciation\u201d (Medical Diagnostic Center) with 24 specialties and with three centers in other cities. Also, the Institute of Vocational Training, with six specialties in Tirana and four in Gjirokaster (from 1998-2008). This Institute was subsequently upgraded to the University College \u201cLogos\u201d (2009-). A general and vocational high school in Mesapotam, three K-9 schools and High Schools in Tirana, Durres, Korca, and Gjirokaster; a dormitory and afterschool center for high school girls in Bularat, 19 kindergartens in various cities. He oversaw the construction of roads, aqueducts, bridges, the repair of public schools, etc. <\/span><\/div>\n<div style=\"line-height: 19.0pt; margin-bottom: .0001pt; margin: 0in; mso-line-height-rule: exactly; text-align: justify; text-indent: 27.0pt;\"><span style=\"font-size: 14pt;\">From the period of 2013-2019 the construction of three hydroelectric projects (Librazhd, Llenge, Sllabinja) totaling 19 MW was undertaken <\/span><span style=\"font-size: 14.0pt;\">which contribute to the strengthening of the country&#8217;s infrastructure and have a clear social purpose. With this revenue, the Autocephalous Orthodox Church of Albania will continue her spiritual, philanthropic, and educational efforts. Additionally, after the bank loans for these projects have been paid off, a percentage of the income generated will be donated to other Churches in missionary fields that are in need. <\/span><\/div>\n<div style=\"line-height: 19.0pt; margin-bottom: .0001pt; margin: 0in; mso-line-height-rule: exactly; text-align: justify; text-indent: 27.0pt;\"><span style=\"font-size: 14.0pt;\">Through these aforementioned initiatives, thousands of people were given work, serious social \u00a0infrastructure projects were created, and the Orthodox Church of Albania emerged as a multifaceted spiritual and developmental factor.<\/span><\/div>\n<div class=\"MsoNormal\" style=\"line-height: 19.0pt; margin-bottom: 0in; mso-line-height-rule: exactly; text-align: justify; text-indent: 27.0pt;\"><span style=\"font-family: 'times new roman' , serif; font-size: 14pt;\">The Archbishop was also a founding member, intermittently serving as Chairman, of the Interchurch Bible Society of Albania (2009-) and the Interfaith Council of Albania (2007-). During the Kosovo crisis (1999), he organized a large humanitarian program, which helped about 33,000 refugees. He linked the Church of Albania with international Ecclesiastical organizations. During the political tension between Greece and Albania, he contributed to the assuagement and the rapprochement of the two countries. \u00a0At the same time he struggled for the easing of antithesis in the Balkans. In 2000, through the proposal of 33 Academics of the Academy of Athens\u00a0and many personalities in Albania, he was a candidate for the Nobel Peace Prize. <\/span><\/div>\n<div class=\"MsoNormal\" style=\"line-height: 19.0pt; margin-bottom: 0in; mso-line-height-rule: exactly; text-align: justify; text-indent: 27.35pt;\"><\/div>\n<div class=\"MsoNormal\" style=\"line-height: 19.0pt; margin-bottom: 0in; mso-line-height-rule: exactly; text-align: justify; text-indent: 27.35pt;\"><strong><em><span style=\"font-family: 'times new roman' , serif; font-size: 14pt;\">International inter-ecclesiastical activity<\/span><\/em><\/strong><\/div>\n<div class=\"MsoNormal\" style=\"line-height: 19.0pt; margin-bottom: 0in; mso-line-height-rule: exactly; text-align: justify; text-indent: 27.35pt;\"><\/div>\n<div class=\"MsoNormal\" style=\"line-height: 19.0pt; margin-bottom: 0in; mso-line-height-rule: exactly; text-align: justify; text-indent: 27.35pt;\"><span style=\"font-family: 'times new roman' , serif; font-size: 14pt;\">\u00a0\u00a0 General Secretary of the \u201cExecutive Committee for External Mission\u201d of \u201cSyndesmos\u201d (1958-61). Vice-president of the International Organization of Orthodox Youth \u201cSyndesmos\u201d (1964\u201377). \u00a0Member of the \u201cInternational Commission for Missionary Studies\u201d of the WCC (1963\u201369). Secretary for \u201cMissionary Research and the Relations with the Orthodox Churches\u201d, in the General Secretariat of the WCC (Geneva, 1969\u201371). He took part in the Commission on World Mission and Evangelism Assemblies (Mexico 1963, Bangkok 1973, Melbourne 1980, San Antonio 1989) and in the Assemblies of the WCC (Uppsala 1968, Nairobi 1975, Vancouver 1983, Canberra 1991, Harare 1998, Porto Alegre 2006).<\/span><\/div>\n<div class=\"MsoNormal\" style=\"line-height: 19.0pt; margin-bottom: 0in; mso-line-height-rule: exactly; text-align: justify; text-indent: 27.35pt;\"><span style=\"font-family: 'times new roman' , serif; font-size: 14pt;\">\u00a0 \u00a0From 1959 onwards he has participated in a number of international, inter-Orthodox, inter-Christian, and inter-religious conferences, and World Assemblies representing the Church or science in international organizations. He has offered lectures to several University centers concerning Christian thought and witness, the inter-religious dialogue, and worldwide solidarity and peace. Member of many international scientific committees, such as: the \u201cDeutsche Gesellschaft f\u00fcr Missionswissenschaft;\u201d the \u201cInternational Society of Missionary Research;\u201d the Commission of the WCC for the Dialogue with Other Churches and Ideologies (1975\u201383); the Mixed Commission of the \u201cConference of European Churches\u201d and the \u201cConference of Roman Catholic Bishops,\u201d \u201cIslam in Europe\u201d Committee (1985\u201391); the \u201cInternational Council\u201d of the World Conference on Religion and Peace (1985\u201394).\u00a0 <\/span><\/div>\n<div class=\"MsoNormal\" style=\"line-height: 19.0pt; margin-bottom: 0in; mso-line-height-rule: exactly; text-align: justify; text-indent: 27.35pt;\"><span style=\"font-family: 'times new roman' , serif; font-size: 14pt;\">Honorary member of the Curatorium of the Roman Catholic Institution \u201cPro Oriente,\u201d Vienna (1989-). President-Moderator of the Commission on World Mission and Evangelism of the WCC (1984\u201391). Member of the Central Committee of the WCC (1998\u20132006) and of the Commission on Faith and Order (2000-2006). Member of the European Council of Religious Leaders\/Religions for Peace (ECRL) (2001-2013); Council of 100, World Economic Forum, Davos (2003). Vice-president of the Conference of European Churches (2003\u20132009). President of the World Council of Churches (2006-2009). Honorary President of the World Conference of Religions for Peace (2006-).<\/span><\/div>\n<div class=\"MsoNormal\" style=\"line-height: 19.0pt; margin-bottom: 0in; mso-line-height-rule: exactly; text-align: justify; text-indent: 27.35pt;\"><\/div>\n<div class=\"MsoNormal\" style=\"line-height: 19.0pt; margin-bottom: 0in; mso-line-height-rule: exactly; text-align: justify; text-indent: 27.35pt;\"><strong><em><span style=\"font-family: 'times new roman' , serif; font-size: 14pt;\">Distinctions<\/span><\/em><\/strong><\/div>\n<div class=\"MsoNormal\" style=\"line-height: 19.0pt; margin-bottom: 0in; mso-line-height-rule: exactly; text-align: justify; text-indent: 27.35pt;\"><\/div>\n<div class=\"MsoNormal\" style=\"line-height: 19.0pt; margin-bottom: 0in; mso-line-height-rule: exactly; text-align: justify; text-indent: 27.35pt;\"><span style=\"font-family: 'times new roman' , serif; font-size: 14pt;\">\u00a0\u00a0 The Holy Cross of the Apostle and Evangelist Mark, First Class, of the Patriarchate of Alexandria (1985), of Saint Catherine of Mount Sinai (1985), of Sts. Cyrill and Methodios of the Orthodox Church of Czechoslovakia (1986).\u00a0He received the Silver Medal of the Academy of Athens \u201cas the protagonist and pioneer of missionary theology and action\u201d (1987); the Golden Medal with Laurel of the Hellenic Red Cross\u00a0(1994) \u201cfor his precious service of Orthodoxy, the Church, the people of Albania, and his multifaceted contribution to the promotion of friendship between the peoples of Greece and Albania\u201d; \u00a0the Grand Cross of the Order of Honor of the Hellenic Republic (1997); the Medal of the Great Prince Vladimir (First Class) of the Russian Church\u00a0(1998); \u00a0the Medal of Apostle Andrew of the Ecumenical Patriarchate\u00a0(1999); the Grand Cross of the Order of the Orthodox Crusaders of the Holy Sepulcher (2000); the Life Achievement Prize of the Council of Greeks Abroad for his efforts towards peace and cooperation of the Balkan peoples and the strengthening of the universal spirit of Orthodoxy (2000).<\/span><\/div>\n<div class=\"MsoNormal\" style=\"line-height: 19.0pt; margin-bottom: 0in; mso-line-height-rule: exactly; text-align: justify; text-indent: 27.35pt;\"><span style=\"font-family: 'times new roman' , serif; font-size: 14pt;\">\u00a0\u00a0 He was also honored with: the Athenagoras Human Rights Award 2001 (New York); the \u201cPro Humanitate\u201d, of the European Cultural Institution Pro Europe (Freiburg) (2001); the Grand Cross of the Order of Apostle Paul of the Church of Greece (2001); the Golden Medal of Honor and welfare work of the City of Athens (2001); the Golden key of the City of Thessaloniki (2002), and of Lamia (2002); the \u201cOdysseus Award\u201d of the Worldwide Federation of Kefalonia and Ithaca (2002); Honorary Citizen of Kefalonia (2002); the Polish humanitarian award \u201cEcce Homo\u201d for consistent action with unselfish love for the fellow man (2003);\u00a0the Medal from the city of Athens (2003); the Medal from the President of the Romanian Democracy (2003); the Golden Medal, First Class, of the Municipality of Piraeus (2005); Honorary Citizen of Tirana\u00a0(2005) and Korca\u00a0(2007); the Prize \u201cfor outstanding activities in strengthening the Unity of Orthodox Christian Nations\u201d (Moscow\u00a02006); Medal of Prince Yaroslav the Wiseman, 3<sup>rd<\/sup> Class, of the Ukrainian Democracy (2008); Grand Golden Medal of Apostle Barnabas of the Church of Cyprus (2008); the Grand Cross of the Order of Apostle Mark of the Patriarchate of Alexandria and all Africa (2009). Medal of George Kastrioti Skanderbeg of the Republic of Albania (2010); Supreme Order of the Emperor Constantine the Great of the Church of Serbia (2013); Medal of Prince Yaroslav the Wiseman, 1<sup>st<\/sup> Class, of the Ukrainian Democracy (2013); \u201cAward for Essays of Free Thought\u201d of Panayiotis Foteas (2016). Medal of St. John Vladimir of the Patriarchate of Serbia (2016); Honorary Citizen of Durres (2016), Kalamata (2016), Larisa (2017), and Preveza (2017). <\/span><\/div>\n<div class=\"MsoNormal\" style=\"line-height: 19.0pt; margin-bottom: 0in; mso-line-height-rule: exactly; text-align: justify; text-indent: 27.35pt;\"><\/div>\n<div class=\"MsoNormal\" style=\"line-height: 19.0pt; margin-bottom: 0in; mso-line-height-rule: exactly; text-align: justify; text-indent: 27.35pt;\"><strong><em><span style=\"font-family: 'times new roman' , serif; font-size: 14pt;\">Publications<\/span><\/em><\/strong><\/div>\n<div class=\"MsoNormal\" style=\"line-height: 19.0pt; margin-bottom: 0in; mso-line-height-rule: exactly; text-align: justify; text-indent: 27.35pt;\"><\/div>\n<div class=\"MsoNormal\" style=\"line-height: 19.0pt; margin-bottom: 0in; mso-line-height-rule: exactly; text-align: justify; text-indent: 27.35pt;\"><span style=\"font-family: 'times new roman' , serif; font-size: 14pt;\">He has authored and published 24 books (religious research, missionary essays, Orthodox spirituality) and more than 200 studies and articles of theological and religious themes. His books and texts have been translated into 17 languages (see attached bibliography).During his longstanding Orthodox witness, he combined theological knowledge and research in the History of Religions with missionary and pastoral diakonia; concurrently with social sensitivity and efforts.\u00a0<\/span><\/div>\n<div class=\"MsoNormal\" style=\"line-height: 19.0pt; margin-bottom: 0in; mso-line-height-rule: exactly; text-align: justify; text-indent: 27.35pt;\"><span style=\"font-family: 'times new roman' , serif; font-size: 14.0pt;\">His contribution to research, contemporary Christian witness, inter-Christian approachment, inter-faith dialogue, and the peaceful coexistence of peoples and religions has been internationally recognized.<\/span><\/div>\n<\/div>\n<div class=\"MsoNormal\" style=\"margin-bottom: 0in; text-indent: 27.0pt;\"><\/div>\n<div class=\"MsoNormal\" style=\"margin-bottom: 0in; text-indent: 27.0pt;\"><\/div>\n<h3>PUBLICATIONS OF THE AUTHOR<\/h3>\n<h4><strong>\u00a0<\/strong>STUDIES IN HISTORY OF RELIGION<\/h4>\n<ul>\n<li style=\"text-align: left;\">T\u03ac \u03c0\u03bd\u03b5\u03cd\u03bc\u03b1\u03c4\u03b1 \u03bc\u1fbd\u03bc\u03c0\u03ac\u03bd\u03c4\u03bf\u03c5\u03b1 \u03ba\u03b1\u03af \u03c4\u03ac \u03c0\u03bb\u03b1\u03af\u03c3\u03b9\u03b1 \u03c4\u1fc6\u03c2 \u03bb\u03b1\u03c4\u03c1\u03b5\u03af\u03b1\u03c2 \u03c4\u03c9\u03bd.\u0398\u03c1\u03b7 \u03c3\u03ba\u03b5\u03b9 \u03bf\u03bb\u03bf\u03b3\u03b9\u03ba\u03ae \u03b4\u03b9\u03b5\u03c1\u03b5\u03cd\u03bd\u03b7\u03c3\u03b9\u03c2 \u03c0\u03bb\u03b5\u03c5\u03c1\u1ff6\u03bd \u03c4\u1fc6\u03c2 \u1f00\u03c6\u03c1\u03b9\u03ba\u03b1\u03bd\u03b9\u03ba\u1fc6\u03c2 \u03b8\u03c1\u03b7\u03c3\u03ba\u03b5\u03af\u03b1\u03c2 (The\u00a0spirits\u00a0of\u00a0M\u2019bandwa\u00a0and\u00a0the\u00a0framework\u00a0of\u00a0their\u00a0cult). \u0394\u03b9\u03b1\u03c4\u03c1\u03b9\u03b2\u03ae \u1f10\u03c0\u03af \u03b4\u03b9\u03b4\u03b1\u03ba\u03c4\u03bf\u03c1\u03af\u1fb3, \u1f14\u03ba\u03b4. \u03a0\u03bf\u03c1\u03b5\u03c5\u03b8\u03ad\u03bd\u03c4\u03b5\u03c2, \u1f08\u03b8\u1fc6\u03bd\u03b1\u03b9 1970, \u03c3\u03b5\u03bb. 294 + \u03ba\u03b3\u0384 +\u00a0X\u00a0\u03c0\u03af\u03bd\u03b1\u03ba\u03b5\u03c2 (Athens:\u00a0Porefthentes, 1970).<\/li>\n<li style=\"text-align: left;\"><em>\u00abK<\/em><em>\u03cd\u03c1\u03b9\u03bf\u03c2 <\/em><em>\u03c4\u1fc6\u03c2 <\/em><em>\u039b\u03b1\u03bc\u03c0\u03c1\u03cc\u03c4\u03b7\u03c4\u03bf\u03c2\u00bb. <\/em><em>\u1f49 <\/em><em>\u0398\u03b5\u03cc\u03c2 <\/em><em>\u03c4\u1ff6\u03bd <\/em><em>\u03c0\u03b1\u03c1\u03ac <\/em><em>\u03c4\u03cc <\/em><em>\u1f44\u03c1\u03bf\u03c2K<\/em><em>\u03ad\u03bd\u03c5\u03b1 <\/em><em>\u03c6\u03c5\u03bb\u1ff6\u03bd<\/em>.\u00a0\u0398\u03c1\u03b7\u03c3\u03ba\u03b5\u03b9\u03bf\u03bb\u03bf\u03b3\u03b9\u03ba\u03ae \u1f14\u03c1\u03b5\u03c5\u03bd\u03b1 (\u201cThe Lord of Brightness\u201d. The god of the tribes east of Kenya. A research in the history of religion), \u1f14\u03ba\u03b4. \u03a0\u03bf\u03c1\u03b5\u03c5\u03b8\u03ad\u03bd\u03c4\u03b5\u03c2, \u1f08\u03b8\u1fc6\u03bd\u03b1\u03b9 1971, \u03c3\u03b5\u03bb. 246. 2\u03b7 \u1f14\u03ba\u03b4. \u1f10\u03c0\u03b7\u03c5\u03be\u03b7\u03bc\u03ad\u03bd\u03b7 1973, \u03c3\u03b5\u03bb. 272. 3\u03b7 \u1f14\u03ba\u03b4. 1983 (Athens: Porefthentes, 1971; 2nd ed. 1973; 3rd ed. 1983).<\/li>\n<li style=\"text-align: left;\"><em>\u1f49 \u1f44\u03c1\u03b8\u03c1\u03bf\u03c2 \u03c4\u1fc6\u03c2 \u1f48\u03c1\u03b8\u03bf\u03b4\u03bf\u03be\u03af\u03b1\u03c2 \u03b5\u1f30\u03c2 \u03c4\u03ae\u03bd \u1f38\u03b1\u03c0\u03c9\u03bd\u03af\u03b1\u03bd<\/em>(The dawn of Orthodoxy in Japan), \u1f14\u03ba\u03b4. \u03a0\u03bf\u03c1\u03b5\u03c5\u03b8\u03ad\u03bd\u03c4\u03b5\u03c2, \u1f08\u03b8\u1fc6\u03bd\u03b1\u03b9 1971, \u03c3\u03b5\u03bb. 70 (Athens: Porefthentes, 1971).<\/li>\n<li style=\"text-align: left;\"><em>M\u03bf\u03c1\u03c6\u03b1\u03af \u1f00\u03c6\u03c1\u03b9\u03ba\u03b1\u03bd\u03b9\u03ba\u03bf\u1fe6 \u03c4\u03b5\u03bb\u03b5\u03c4\u03bf\u03c5\u03c1\u03b3\u03b9\u03ba\u03bf\u1fe6<\/em>. M\u03cd\u03b7\u03c3\u03b9\u03c2 \u03ba\u03b1\u03af \u03c0\u03bd\u03b5\u03c5\u03bc\u03b1\u03c4\u03bf\u03bb\u03b7\u03c8\u03af\u03b1 \u1f00\u03bd\u03b1\u03c4\u03bf\u03bb\u03b9\u03ba\u1ff6\u03c2 \u03c4\u03bf\u1fe6 \u00abP\u03bf\u03c5\u03b5\u03bd\u03b6\u03cc\u03c1\u03b9\u00bb. \u1f1c\u03c1\u03b5\u03c5\u03bd\u03b1 \u03b8\u03c1\u03b7\u03c3\u03ba\u03b5\u03b9\u03bf\u03bb\u03bf\u03b3\u03b9\u03ba\u03ae (Forms of African worship. Initiation and mediumship east of Ruwenzori. A research in the history of religion), \u1f14\u03ba\u03b4. \u03a0\u03bf\u03c1\u03b5\u03c5\u03b8\u03ad\u03bd\u03c4\u03b5\u03c2, \u1f08\u03b8\u1fc6\u03bd\u03b1\u03b9 1972, \u03c3\u03b5\u03bb. 176. 2\u03b7 \u1f14\u03ba\u03b4. 1973, \u03c3\u03b5\u03bb.192. 3\u03b7 \u1f14\u03ba\u03b4. 1981 (Athens: Poref thentes, 1972; 2nd ed. 1973; 3rd ed. 1981).<\/li>\n<li style=\"text-align: left;\"><em>P\u03bf\u03c5\u03c7\u03ac\u03bd\u2019\u03b3\u03ba\u03b1\u2014\u1f49 \u0394\u03b7\u03bc\u03b9\u03bf\u03c5\u03c1\u03b3\u03cc\u03c2<\/em>. \u03a3\u03c5\u03bc\u03b2\u03bf\u03bb\u03ae \u03b5\u1f30\u03c2 \u03c4\u03ae\u03bd \u1f14\u03c1\u03b5\u03c5\u03bd\u03b1\u03bd \u03c4\u1ff6\u03bd \u03c0\u03b5\u03c1\u03af \u0398\u03b5\u03bf\u1fe6 \u03ba\u03b1\u03af \u1f00\u03bd\u03b8\u03c1\u03ce\u03c0\u03bf\u03c5 \u1f00\u03c6\u03c1\u03b9\u03ba\u03b1\u03bd\u03b9\u03ba\u1ff6\u03bd \u03b4\u03bf\u03be\u03b1\u03c3\u03b9\u1ff6\u03bd (Ruhan\u2019ga\u2014the creator. A contribution to the research of African beliefs on God and man), \u1f14\u03ba\u03b4. \u03a0\u03bf\u03c1\u03b5\u03c5\u03b8\u03ad\u03bd\u03c4\u03b5\u03c2, \u1f08\u03b8\u1fc6\u03bd\u03b1\u03b9 1975, \u03c3\u03b5\u03bb. 138. 2\u03b7 \u1f14\u03ba\u03b4. 1983 (Athens: Porefthentes, 1975; 2nd ed. 1983).<\/li>\n<li style=\"text-align: left;\"><em>\u0398\u03ad\u03c3\u03b5\u03b9\u03c2 <\/em><em>\u03c4\u1ff6\u03bd <\/em><em>\u03c7\u03c1\u03b9\u03c3\u03c4\u03b9\u03b1\u03bd\u1ff6\u03bd <\/em><em>\u1f14\u03bd\u03b1\u03bd\u03c4\u03b9 <\/em><em>\u03c4\u1ff6\u03bd <\/em><em>\u1f04\u03bb\u03bb\u03c9\u03bd <\/em><em>\u03b8\u03c1\u03b7\u03c3\u03ba\u03b5\u03b9\u1ff6\u03bd<\/em>(\u03a0\u03b1\u03bd\u03b5 \u03c0\u03b9\u03c3\u03c4\u03b7\u03bc\u03b9\u03b1\u03ba\u03ad\u03c2 \u03c0\u03b1\u03c1\u03b1\u03b4\u03cc\u03c3\u03b5\u03b9\u03c2), \u1f08\u03b8\u03ae\u03bd\u03b1 1975, \u03c3\u03b5\u03bb. 144 (Athens, 1975).<\/li>\n<li style=\"text-align: left;\"><em>\u1f4c\u03c8\u03b5\u03b9\u03c2 \u1f38\u03bd\u03b4\u03bf\u03c5\u03ca\u03c3\u03bc\u03bf\u1fe6\u2014B\u03bf\u03c5\u03b4\u03b4\u03b9\u03c3\u03bc\u03bf\u1fe6<\/em>(Aspects of Hinduism\u2014Buddhism).\u00a0(\u03a0\u03b1\u03bd\u03b5\u03c0\u03b9\u03c3\u03c4\u03b7\u03bc\u03b9\u03b1\u03ba\u03ad\u03c2 \u03c0\u03b1\u03c1\u03b1\u03b4\u03cc\u03c3\u03b5\u03b9\u03c2), \u1f08\u03b8\u1fc6\u03bd\u03b1\u03b9 1985, \u03c3\u03b5\u03bb. 176 (Athens, 1985).<\/li>\n<li style=\"text-align: left;\"><em>\u1f38\u03c3\u03bb\u03ac\u03bc.<\/em>\u0398\u03c1\u03b7\u03c3\u03ba\u03b5\u03b9\u03bf\u03bb\u03bf\u03b3\u03b9\u03ba\u03ae \u1f10\u03c0\u03b9\u03c3\u03ba\u03cc\u03c0\u03b7\u03c3\u03b9\u03c2 (Islam<em>.\u00a0<\/em>A\u00a0general\u00a0survey), \u1f14\u03ba\u03b4. \u03a0\u03bf\u03c1\u03b5\u03c5\u03b8\u03ad\u03bd\u03c4\u03b5\u03c2, \u1f08\u03b8\u1fc6\u03bd\u03b1\u03b9 1975, \u03c3\u03b5\u03bb. 340. 14\u03b7 \u1f14\u03ba\u03b4. \u1f08\u03ba\u03c1\u03af\u03c4\u03b1\u03c2, \u1f08\u03b8\u1fc6\u03bd\u03b1\u03b9 2004. \u039d\u03ad\u03b1 \u1f14\u03ba\u03b4\u03bf\u03c3\u03b7 (15\u03b7) \u1f10\u03ba\u03c3\u03c5\u03b3\u03c7\u03c1\u03bf\u03bd\u03b9\u03c3\u03bc\u03ad\u03bd\u03b7, \u03c3\u03c4\u03ae \u03b4\u03b7\u03bc\u03bf\u03c4\u03b9\u03ba\u03ae, \u03bc\u03ad \u03c0\u03c1\u03cc\u03c3\u03b8\u03b5\u03c4\u03bf \u03c6\u03c9\u03c4\u03bf\u03b3\u03c1\u03b1\u03c6\u03b9\u03ba\u03cc \u1f51\u03bb\u03b9\u03ba\u03cc, \u1f08\u03b8\u03ae\u03bd\u03b1 2006, \u03c3\u03b5\u03bb. 506 (Athens:\u00a0Akritas, 2004;\u00a0new, 15th\u00a0edition,\u00a0updated,\u00a0and\u00a0in\u00a0Demotic\u00a0Greek, 2006).<\/li>\n<li style=\"text-align: left;\"><em>\u03a0\u03b1\u03b3\u03ba\u03bf\u03c3\u03bc\u03b9\u03cc\u03c4\u03b7\u03c4\u03b1 \u03ba\u03b1\u03af \u1f48\u03c1\u03b8\u03bf\u03b4\u03bf\u03be\u03af\u03b1<\/em>.\u00a0M\u03b5\u03bb\u03b5\u03c4\u03ae\u03bc\u03b1\u03c4\u03b1 \u1f48\u03c1\u03b8\u03bf\u03b4\u03cc\u03be\u03bf\u03c5 \u03c0\u03c1\u03bf \u03b2\u03bb\u03b7\u03bc\u03b1\u03c4\u03b9\u03c3\u03bc\u03bf\u1fe6 (Universality\u00a0and\u00a0Orthodoxy.\u00a0Studies in orthodox problematics), \u1f08\u03ba\u03c1\u03af\u03c4\u03b1\u03c2, \u1f08\u03b8\u03ae\u03bd\u03b1 2000, 6\u03b7 \u1f14\u03ba\u03b4. 2005, \u03c3\u03b5\u03bb. 285 (Athens: Akritas, 2000; 6th ed. 2005).<\/li>\n<li style=\"text-align: left;\"><em>\u1f3c\u03c7\u03bd\u03b7 <\/em><em>\u1f00\u03c0\u03cc <\/em><em>\u03c4\u03ae\u03bd <\/em><em>\u1f00\u03bd\u03b1\u03b6\u03ae\u03c4\u03b7\u03c3\u03b7 <\/em><em>\u03c4\u03bf\u1fe6 <\/em><em>\u1f59\u03c0\u03b5\u03c1\u03b2\u03b1\u03c4\u03b9\u03ba\u03bf\u1fe6<\/em>. \u03a3\u03c5\u03bb\u03bb\u03bf\u03b3\u03ae \u03b8\u03c1\u03b7\u03c3\u03ba\u03b5\u03b9 \u03bf\u03bb\u03bf\u03b3\u03b9\u03ba\u1ff6\u03bd \u03bc\u03b5\u03bb\u03b5\u03c4\u03b7\u03bc\u03ac\u03c4\u03c9\u03bd\u2014\u0398\u03c1\u03b7\u03c3\u03ba\u03b5\u03af\u03b1, \u1f38\u03bd\u03b4\u03bf\u03c5\u03ca\u03c3\u03bc\u03cc\u03c2, \u0392\u03bf\u03c5\u03b4\u03b4\u03b9\u03c3\u03bc\u03cc\u03c2, \u1f38\u03c3\u03bb\u03ac\u03bc, \u1f08\u03c6\u03c1\u03b9\u03ba\u03b1\u03bd\u03b9\u03ba\u03ac \u0398\u03c1\u03b7\u03c3\u03ba\u03b5\u03cd\u03bc\u03b1\u03c4\u03b1, \u039c\u03c5\u03c3\u03c4\u03b9\u03ba\u03b9\u03c3\u03bc\u03cc\u03c2 \u03ba.\u1f04., (<em>Footprints\u00a0of\u00a0the\u00a0Quest\u00a0for\u00a0the\u00a0Transcendent.<\/em>A collection of studies in the history of religion\u2014Beliefs, Hinduism, Buddhism, Islam, African religions, mysticism, etc.), \u1f08\u03ba\u03c1\u03af\u03c4\u03b1\u03c2, \u1f08\u03b8\u03ae\u03bd\u03b1 2004, \u03c3\u03b5\u03bb. 496, 3\u03b7 \u1f14\u03ba\u03b4. 2006 (Athens: Akritas, 2004; 2nd ed. 2006).<\/li>\n<li style=\"text-align: left;\"><em>\u0398\u03b5\u03cc\u03c2 \u1f10\u03c6\u03b1\u03bd\u03b5\u03c1\u03ce\u03b8\u03b7 \u1f10\u03bd \u03c3\u03b1\u03c1\u03ba\u03af\u2026\u00a0<\/em>(God was manifested in the flesh<em>\u2026<\/em>), \u039c\u03b1\u0390\u03c3\u03c4\u03c1\u03bf\u03c2, \u1f08\u03b8\u03ae\u03bd\u03b1 2006. 5\u03b7 \u1f14\u03ba\u03b4. \u1f10\u03c0\u03b7\u03c5\u03be\u03b7\u03bc\u03ad\u03bd\u03b7 2011, \u03c3\u03b5\u03bb. 216 (Athens: Ma\u00efstros, 2007; 5th augmented ed., 2011).<\/li>\n<li style=\"text-align: left;\"><em>\u039d\u1fe6\u03bd \u03c0\u03ac\u03bd\u03c4\u03b1 \u03c0\u03b5\u03c0\u03bb\u03ae\u03c1\u03c9\u03c4\u03b1\u03b9 \u03c6\u03c9\u03c4\u03cc\u03c2\u2026\u00a0<\/em>(Now everything is filled with light<em>\u2026<\/em>), \u039c\u03b1\u0390\u03c3\u03c4\u03c1\u03bf\u03c2, \u1f08\u03b8\u03ae\u03bd\u03b1 2007. 4\u03b7 \u1f14\u03ba\u03b4. \u1f10\u03c0\u03b7\u03c5\u03be\u03b7\u03bc\u03ad\u03bd\u03b7 2011, \u03c3\u03b5\u03bb. 218 (Athens: Ma\u00efstros, 2007; 4th augmented ed., 2011).<\/li>\n<li style=\"text-align: left;\"><em>\u1f39\u03b5\u03c1\u03b1\u03c0\u03bf\u03c3\u03c4\u03bf\u03bb\u03ae <\/em><em>\u03c3\u03c4\u03ac <\/em><em>\u1f34\u03c7\u03bd\u03b7 <\/em><em>\u03c4\u03bf\u1fe6 <\/em><em>\u03a7\u03c1\u03b9\u03c3\u03c4\u03bf\u1fe6.\u00a0<\/em>\u1f08\u03c0\u03bf\u03c3\u03c4\u03bf\u03bb\u03b9\u03ba\u03ae \u0394\u03b9\u03b1\u03ba\u03bf\u03bd\u03af\u03b1, \u1f08\u03b8\u03ae\u03bd\u03b1 2007. 2\u03b7 \u1f14\u03ba\u03b4. 2009, \u03c3\u03b5\u03bb. 374 (Athens:\u00a0Apostolike\u00a0Diakonia, 2007; 2nd\u00a0ed. 2009).\u00a0[For the English translation,\u00a0<em>Mission in Christ\u2019s Way: An Orthodox Understanding of Mission<\/em>, see below under \u201cTranslations.\u201d]<\/li>\n<li style=\"text-align: left;\"><em>\u039c\u03bf\u03bd\u03b1\u03c7\u03bf\u03af \u03ba\u03b1\u03af \u1f39\u03b5\u03c1\u03b1\u03c0\u03bf\u03c3\u03c4\u03bf\u03bb\u03ae \u03ba\u03b1\u03c4\u03ac \u03c4\u03bf\u03cd\u03c2 4\u03bf \u03ba\u03b1\u03af 9\u03bf \u03b1\u1f30\u1ff6\u03bd\u03b5\u03c2\u00a0<\/em>(Monks and Mission during the 4th and 9th centuries), \u1f08\u03ba\u03c1\u03af\u03c4\u03b1\u03c2, \u1f08\u03b8\u03ae\u03bd\u03b1 2008, \u03c3\u03b5\u03bb. 98 (Athens: Akritas, 2008). [For the English translation, see below under \u201cTranslations.\u201d]<\/li>\n<li style=\"text-align: left;\"><em>\u1f1d\u03c9\u03c2 \u1f10\u03c3\u03c7\u03ac\u03c4\u03bf\u03c5 \u03c4\u1fc6\u03c2 \u03b3\u1fc6\u03c2<\/em>(To the ends of the earth), \u1f08\u03c0\u03bf\u03c3\u03c4\u03bf\u03bb\u03b9\u03ba\u03ae \u0394\u03b9\u03b1\u03ba\u03bf\u03bd\u03af\u03b1, \u1f08\u03b8\u03ae\u03bd\u03b1 2009, 2\u03b7 \u1f14\u03ba\u03b4. 2013, \u03c3\u03b5\u03bb. 478 (Athens: Apostolike Diakonia, 2009; 2nd ed. 2013).<\/li>\n<li style=\"text-align: left;\"><em>\u03a3\u03c4\u03ae\u03bd \u1f08\u03c6\u03c1\u03b9\u03ba\u03ae\u2014<\/em>\u1f0c\u03c1\u03b8\u03c1\u03b1, \u03bc\u03b5\u03bb\u03ad\u03c4\u03b5\u03c2, \u1f00\u03c0\u03bf\u03bb\u03bf\u03b3\u03b9\u03c3\u03bc\u03bf\u03af, \u1f41\u03b4\u03bf\u03b9\u03c0\u03bf\u03c1\u03b9\u03ba\u03ac. \u1f08\u03c0\u03bf\u03c3\u03c4\u03bf\u03bb\u03b9\u03ba\u03ae \u0394\u03b9\u03b1\u03ba\u03bf\u03bd\u03af\u03b1, \u1f08\u03b8\u03ae\u03bd\u03b1 2010, 2\u03b7 \u1f14\u03ba\u03b4. 2013, \u03c3\u03b5\u03bb. 478 (Athens:\u00a0Apostolike\u00a0Diakonia, 2010; 2nd\u00a0ed. 2013).\u00a0[For the English translation,\u00a0<em>In Africa: Orthodox Christian Mission and Service,\u00a0<\/em>see below under \u201cTranslations.\u201d]<\/li>\n<li style=\"text-align: left;\"><em>\u03a3\u03c4\u03ae\u03bd \u1f08\u03bb\u03b2\u03b1\u03bd\u03af\u03b1 \u2013 \u03a3\u03c4\u03b1\u03c5\u03c1\u03cc\u03c2 \u03ba\u03b1\u03af \u1f08\u03bd\u03ac\u03c3\u03c4\u03b1\u03c3\u03b7<\/em>(<em>In Albania\u2014Cross and Resurrection<\/em>), \u1f18\u03ba\u03b4\u03bf\u03c4\u03b9\u03ba\u03cc\u03c2 \u1f48\u03c1\u03b3\u03b1\u03bd\u03b9\u03c3\u03bc\u03cc\u03c2 \u039b\u03b9\u03b2\u03ac\u03bd\u03b7<em>,\u00a0<\/em>\u1f08\u03b8\u03ae\u03bd\u03b1 2011, 2\u03b7 \u1f14\u03ba\u03b4. 2013, \u03c3\u03b5\u03bb. 438 (Athens: Publishing Organization Livani, 2011; 2nd ed. 2013). The present volume is the English translation.<\/li>\n<li style=\"text-align: left;\"><em>\u1f29 \u039b\u03b7\u03c3\u03bc\u03bf\u03bd\u03b7\u03bc\u03ad\u03bd\u03b7 \u2019E\u03bd\u03c4\u03bf\u03bb\u03ae \u00ab\u03a0\u03bf\u03c1\u03b5\u03c5\u03b8\u03ad\u03bd\u03c4\u03b5\u03c2\u00bb<\/em>.\u00a0<em>\u1f08\u03c0\u03cc \u03c4\u03cc\u03bd \u03bb\u03ae\u03b8\u03b1\u03c1\u03b3\u03bf \u03c3\u03c4\u03ae\u03bd \u1f00\u03c6\u03cd\u03c0\u03bd\u03b9\u03c3\u03b7<\/em>(The forgotten commandment, \u201cGo Ye\u201d. From lethargy to wakefulness). \u1f08\u03c0\u03bf\u03c3\u03c4\u03bf\u03bb\u03b9\u03ba\u03ae \u0394\u03b9\u03b1\u03ba\u03bf\u03bd\u03af\u03b1, \u1f08\u03b8\u03ae\u03bd\u03b1 2013, \u03c3\u03b5\u03bb. 526 (Athens: Apostolike Diakonia, 2013).<\/li>\n<li style=\"text-align: left;\"><em>\u1f29 \u1f08\u03bd\u03b1\u03c3\u03cd\u03c3\u03c4\u03b1\u03c3\u03b7 \u03c4\u1fc6\u03c2 \u1f48\u03c1\u03b8\u03bf\u03b4\u03cc\u03be\u03bf\u03c5 \u0391\u1f50\u03c4\u03bf\u03ba\u03b5\u03c6\u03ac\u03bb\u03bf\u03c5 \u1f18\u03ba\u03ba\u03bb\u03b7\u03c3\u03af\u03b1\u03c2 \u03c4\u1fc6\u03c2 \u1f08\u03bb\u03b2\u03b1\u03bd\u03af\u03b1\u03c2, 1991\u20132012<\/em>(The Restoration of the Orthodox autocephalous Church of Albania, 1991\u20132012). \u1f48\u03c1\u03b8\u03cc\u03b4\u03bf\u03be\u03bf\u03c2 \u0391\u1f50\u03c4\u03bf\u03ba\u03ad\u03c6\u03b1\u03bb\u03bf\u03c2 \u1f18\u03ba\u03ba\u03bb\u03b7\u03c3\u03af\u03b1 \u03c4\u1fc6\u03c2 \u1f08\u03bb\u03b2\u03b1\u03bd\u03af\u03b1\u03c2, \u03a4\u03af\u03c1\u03b1\u03bd\u03b1 2013, \u03c3\u03b5\u03bb. 94, 3\u03b7 \u1f14\u03ba\u03b4. \u1f10\u03c0\u03b7\u03c5\u03be\u03b7\u03bc\u03ad\u03bd\u03b7, \u03a4\u03af\u03c1\u03b1\u03bd\u03b1 2015, \u03c3\u03b5\u03bb. 204 (Tirana: Autocephalous Orthodox Church of Albania, 2013; 2nd augmented ed. 2015).<\/li>\n<li style=\"text-align: left;\"><em>\u03a3\u03c5\u03bd\u03cd\u03c0\u03b1\u03c1\u03be\u03b7\u2014\u0395\u1f30\u03c1\u03ae\u03bd\u03b7, \u03a6\u03cd\u03c3\u03b7, \u03a6\u03c4\u03ce\u03c7\u03b5\u03b9\u03b1, \u03a4\u03c1\u03bf\u03bc\u03bf\u03ba\u03c1\u03b1\u03c4\u03af\u03b1, \u1f08\u03be\u03af\u03b5\u03c2,<\/em>4\u03b7 \u1f14\u03ba\u03b4.\u00a0\u1f09\u03c1\u03bc\u03cc\u03c2, \u1f08\u03b8\u03ae\u03bd\u03b1 2017.\u00a0<em>Coexistence\u2014Peace, Nature, Poverty, Terrorism, Values<\/em>. Athens: Armos, 2016. p. 197.<\/li>\n<li style=\"text-align: left;\"><em>\u1f08\u03ba\u03c4\u03af\u03bd\u03b5\u03c2 \u1f00\u03c0\u03cc \u03c4\u03cc \u03c6\u1ff6\u03c2 \u03c4\u03bf\u1fe6 \u0395\u1f50\u03b1\u03b3\u03b3\u03b5\u03bb\u03af\u03bf\u03c5<\/em>, (Rays from the light of the Gospel) \u0391\u0384 \u03c4\u03cc\u03bc\u03bf\u03c2, \u03a6\u03b8\u03b9\u03bd\u03cc\u03c0\u03c9\u03c1\u03bf \u03ba\u03b1\u03af \u03c7\u03b5\u03b9\u03bc\u03ce\u03bd\u03b1\u03c2, \u1f14\u03ba\u03b4\u03bf\u03c3\u03b7 \u00abNgjallja\u00bb (\u1f08\u03bd\u03ac\u03c3\u03c4\u03b1\u03c3\u03b7), \u03a4\u03af\u03c1\u03b1\u03bd\u03b1 2016, \u03c3\u03b5\u03bb. 224.<\/li>\n<li style=\"text-align: left;\">\u0392\u0384 \u03c4\u03cc\u03bc\u03bf\u03c2, \u03ac\u03bd\u03bf\u03b9\u03be\u03b7 \u03ba\u03b1\u03af \u03ba\u03b1\u03bb\u03bf\u03ba\u03b1\u03af\u03c1\u03b9, \u1f18\u03bd \u03a0\u03bb\u1ff6, \u1f08\u03b8\u03b7\u03bd\u03b1, 2019 \u03c3\u03b5\u03bb. 312.<\/li>\n<li style=\"text-align: left;\"><em>\u1f18\u03b3\u03c1\u03ae\u03b3\u03bf\u03c1\u03c3\u03b7. \u03a7\u03c1\u03ad\u03bf\u03c2 \u03c4\u1ff6\u03bd \u1f48\u03c1\u03b8\u03bf\u03b4\u03cc\u03be\u03c9\u03bd<\/em>(Vigilance. Duty of Orthodox). \u1f18\u03bd \u03a0\u03bb\u1ff6, \u1f08\u03b8\u03b7\u03bd\u03b1, 2017, \u03b2\u2019 \u0395\u03ba\u03b4. 2018. \u03c3\u03b5\u03bb. 278<\/li>\n<li style=\"text-align: left;\"><em>\u1f29 \u1f48\u03c1\u03b8\u03cc\u03b4\u03bf\u03be\u03b7 \u1f18\u03ba\u03ba\u03bb\u03b7\u03c3\u03af\u03b1 \u03c3\u03c4\u03ae\u03bd \u03c0\u03b5\u03c1\u03b9\u03bf\u03c7\u03ae \u03c4\u1fc6\u03c2 \u03c3\u03b7\u03bc\u03b5\u03c1\u03b9\u03bd\u1fc6\u03c2 \u1f08\u03bb\u03b2\u03b1\u03bd\u03af\u03b1\u03c2 (1\u03bf\u03c2<\/em><em>-20\u03bf\u03c5\u00a0<\/em><em>\u03b1\u03af.) <\/em>(The Orthodox Church in the area of modern Albania (1<sup>st<\/sup> to the middle of the 20<sup>th<\/sup> C.)<em>.\u00a0<\/em>Orthodox Autocephalous Church of Albania, Tirana, 2019.<em>\u00a0<\/em><\/li>\n<\/ul>\n<p><strong>\u00a0<\/strong><\/p>\n<p style=\"text-align: left;\"><strong>Translations:<\/strong><\/p>\n<p style=\"text-align: left;\"><em>\u0336<\/em>\u00a0 English:<\/p>\n<ul style=\"text-align: left;\">\n<li><em>Monks and Mission in the Eastern Church during the Fourth Century,<\/em>Athens 1966, pp. 46. Reprinted from\u00a0<em>Go Ye<\/em>\u00a08 (1966). Republished in\u00a0<em>International Review of Mission<\/em>\u00a058 (1969), pp. 208\u2013226. Offprint.<\/li>\n<li><em>Various Christian Approaches to the Other Religions<\/em>.\u00a0<em>A Historical Outline<\/em>. Athens: Proefthentes 1971; 134 pages.<\/li>\n<li><em>Facing the World. Orthodox Christian Essays on Global Concerns<\/em>. Crestwood, NY: St. Vladimir\u2019s Seminary Press, and Geneva: World Council of Churches Publications, 2003; 208 pages.<\/li>\n<li><em>Mission in Christ\u2019s Way, An Orthodox Understanding of Mission<\/em>. Brookline, MA: Holy Cross Orthodox Press, and Geneva: World Council of Churches Publications, 2010; 316 pages.<\/li>\n<li><em>The Restoration of the Orthodox Autocephalous Church of Albania<\/em>. (1991-2012), Orthodox Autocephalous Church of Albania, Tirana. 2nd ed. 2013, p. 176.<\/li>\n<li><em>\u0399n Africa, Orthodox Witness and Service<\/em>. Brookline, MA: Holy Cross Orthodox Press, 2015; 449 pages.<\/li>\n<li><em>In Albania: Cross and Resurrection<\/em>. Yonkers, NY: St. Vladimir\u2019s Seminary Press, 2016. p. 378.<\/li>\n<li><em>The Orthodox Church in the area of modern Albania (1st to the middle of 20th C.), Orthodox Autocephalous Church of Albania, Tirana 2019.<\/em><em>\u00a0<\/em><\/li>\n<\/ul>\n<p style=\"text-align: left;\"><em>\u0336<\/em>\u00a0 Albanian:<\/p>\n<ul style=\"text-align: left;\">\n<li><em>Globalizmi dhe Orthodhoksia<\/em>. Ngjallja, Tiran\u00eb 2004; 302 pages.<\/li>\n<li><em>Gjurm\u00eb nga K\u00ebrkimi i Transhendentes.<\/em>P\u00ebrmbledhje hulumtimesh fetarologjike. (<em>Feja\u2014Induizmi\u2014Budizmi\u2014Fet\u00eb Afrikane\u2014Misticizmi etj.<\/em>) Botim i Kish\u00ebs Orthodhokse Autoqefale t\u00eb Shqip\u00ebris\u00eb, Tiran\u00eb 2010; 367 pages.<\/li>\n<li><em>Per\u00ebndia u shfaq n\u00eb mish\u2026,<\/em>Botim i Kish\u00ebs Orthodhokse Autoqefale t\u00eb Shqip\u00ebris\u00eb, Tiran\u00eb 2011; 193 pages.<\/li>\n<li><em>Tani t\u00eb gjitha u mbush\u00ebn m\u00eb drit\u00eb<\/em>. Botim i Kish\u00ebs Orthodhokse Autoqefale t\u00eb Shqip\u00ebris\u00eb, Tiran\u00eb 2007, 2nd ed. me shtes\u00eb 2012; 202 pages.<\/li>\n<li><em>Mesazhe Hyjnore.<\/em>Botim i Kish\u00ebs Orthodhokse Autoqefale t\u00eb Shqip\u00ebris\u00eb, Tiran\u00eb 2009; 269 pages.<\/li>\n<li><em>Udh\u00ebtim Shpirt\u00ebror,\u00a0<\/em>Botim i Kish\u00ebs Orthodhokse Autoqefale t\u00eb Shqip\u00ebris\u00eb, Tiran\u00eb 2011; 443 pages.<\/li>\n<li><em>Ringritja e Kish\u00ebs Orthodhokse Autqefale T\u00eb Shqip\u00ebris\u00eb (1991\u20132012)<\/em>. Botim i Kish\u00ebs Orthodhokse Autoqefale t\u00eb Shqip\u00ebris\u00eb, Tiran\u00eb. 2nd ed. 2013; 176 pages.<\/li>\n<li><em>Deri n\u00eb skajet e dheut, botimet<\/em>\u00abNgjallja\u00bb, Tirana 2017 \u03c3\u03b5\u03bb. 401.<\/li>\n<li><em>N\u00eb Shqip\u00ebri kryq dhe Ngjallje,<\/em>Kisha Orthodhokse Autoqefale e Shqip\u00ebris\u00eb, Tiran\u00eb, 2017, p. 540.<\/li>\n<li><em>Rreze nga drita e Ungjillit. Predikime \u2013 Mesazhe diakronike<\/em> V\u00ebllimi I: Vjesht\u00eb-Dim\u00ebr, Kisha Orthodhokse Autoqefale e Shqip\u00ebris\u00eb, Tiran\u00eb, 2019, p. 230.<\/li>\n<li><em>Kisha Orthodhokse n\u00eb hap\u00ebsir\u00ebn t\u00eb Shqip\u00ebris\u00eb s\u00eb sotme <\/em>(Shek. I mesi i Shek. XX), \u00a0Kisha Orthodhokse Autoqefale e Shqip\u00ebris\u00eb, Tiran\u00eb 2019.<em>\u00a0<\/em><\/li>\n<\/ul>\n<p style=\"text-align: left;\"><em>\u0336\u00a0 <\/em>Serbian:<\/p>\n<ul style=\"text-align: left;\">\n<li><em>Globalizam i Pravoslavie<\/em>. Belgrade: Theological Faculty, 2002; 234 pages.<\/li>\n<li><em>Islam<\/em>. Belgrade: Kristianski Kulturni Tsentar, 2005; 300 pages.<em>\u00a0<\/em><\/li>\n<\/ul>\n<p style=\"text-align: left;\"><em>\u0336\u00a0 <\/em>Romanian:<\/p>\n<ul style=\"text-align: left;\">\n<li><em>Ortodoxia \u015fi problemele lumii contemporane<\/em>. Bucharest: Bizantina, 2003; 248 pages.<\/li>\n<li><em>Misiune per urmele lui Hristos<\/em>. Studii teologice si omilii. Sibiu: Editura Andreiana, 2013; 296 pages.<\/li>\n<li><em>Islam<\/em>. Bucharest: Bizantina (forthcoming).<em>\u00a0<\/em><\/li>\n<\/ul>\n<p style=\"text-align: left;\"><em>\u0336\u00a0 <\/em>Bulgarian:<\/p>\n<ul style=\"text-align: left;\">\n<li><em>Pravoslaviete i Globalizatsiyata<\/em>. Sofia: Demos Foundation, 2005; 200 pages.<\/li>\n<li><em>Misijta na Cerkvata.<\/em>(Mission in Christ\u2019s Way, An Orthodox Understanding of Mission), Sofia, 2017. 296 pages.<em>\u00a0<\/em><\/li>\n<\/ul>\n<p style=\"text-align: left;\"><em>\u0336\u00a0 <\/em>Arabic:<\/p>\n<ul style=\"text-align: left;\">\n<li><em>Al Masihia fi zamam Al Alaxis<\/em>. Matmazita, 2010.<em>\u00a0<\/em><\/li>\n<\/ul>\n<p style=\"text-align: left;\"><em>\u0336\u00a0 <\/em>Polish:<\/p>\n<ul style=\"text-align: left;\">\n<li><em>Misia na wzor christusa<\/em>, ed Warszawska Meropolia Prawostawna, \u0392\u03b1\u03c1\u03c3\u03bf\u03b2\u03af\u03b1 2016, \u03c3\u03b5\u03bb. 301.<em>\u00a0<\/em><\/li>\n<\/ul>\n<p style=\"text-align: left;\"><em>\u0336\u00a0 <\/em>Armenian:<\/p>\n<ul style=\"text-align: left;\">\n<li><em>Mission in Christ\u2019s Way, An Orthodox Understanding of Mission<\/em>. Translated by Marianna Apresyan. Erevan: The Bible Society of Armenia, 2016; 371 pages.<em>\u00a0<\/em><\/li>\n<\/ul>\n<p style=\"text-align: left;\"><em>\u0336\u00a0 <\/em>Korean:<\/p>\n<ul style=\"text-align: left;\">\n<li><em>Sesangeul Hyanghayeo<\/em>.\u00a0<em>(Facing the World).\u00a0<\/em>Translated by Daniel Sung-Joong Kim. Korean Orthodox Edition, 2016.<em>\u00a0<\/em><\/li>\n<\/ul>\n<p style=\"text-align: left;\"><em>\u0336\u00a0 <\/em>Italian:<\/p>\n<ul style=\"text-align: left;\">\n<li><em>Vivere insieme.<\/em>(Coexistence), Edizioni Qiqajon, Comunita di Bose, 2017, p.158.<em>\u00a0<\/em><\/li>\n<\/ul>\n<p style=\"text-align: left;\"><em>\u0336\u00a0 <\/em>Russian:<\/p>\n<ul style=\"text-align: left;\">\n<li><em>\u0414\u0430\u0436\u0435 \u0434\u043e \u043a\u0440\u0430\u044f \u0437\u0435\u043c\u043b\u0438\u00a0<\/em>(Unto the Uttermost Part of the Earth), Moscow, 2018. P. 224.<em>\u00a0<\/em><\/li>\n<\/ul>\n<p style=\"text-align: left;\"><em>\u0336\u00a0 <\/em>Spanish:<\/p>\n<ul style=\"text-align: left;\">\n<li><em>Apostolado,Hacer Misi\u00f3n Tras Los Pasos De Cristo<\/em><em>, <\/em>Estudios y Conferencias Teol\u00f3gicas, Publicado por: Juan Ramon Saravia Krohne, Ediciones Theosis, Bogota 2019, p.263.<\/li>\n<\/ul>\n<p style=\"text-align: left;\"><em>\u0336\u00a0 <\/em>German:<\/p>\n<ul>\n<li style=\"text-align: left;\"><em>Mission auf dem Weg Jesu Christi<\/em>. (<em>Mission in Christ\u2019s Way<\/em>), Translated by Sbeghen, Renate, Vergauwen, Guido, and Wyrwoll, Nikolaus, Edited by Barbara Hallensleben, Aschendorff Verlag, M\u00fcnster, 2020, p. 278<strong>\u00a0<\/strong><\/li>\n<\/ul>\n<p><strong>\u00a0TEACHERS MANUALS<\/strong><\/p>\n<ul>\n<li style=\"text-align: left;\"><em>\u0398\u03b5\u1fd6\u03b1 \u03bc\u03b7\u03bd\u03cd\u03bc\u03b1\u03c4\u03b1<\/em>(\u03c3\u03c5\u03bd\u03b5\u03c1\u03b3\u03b1\u03c3\u03af\u03b1 \u03bc\u03ad\u00a0E\u1f50.\u00a0B\u03af\u03c4\u03c4\u03b7) (<em>Divine\u00a0Messages<\/em>), \u1f08\u03c0\u03bf\u03c3\u03c4\u03bf\u03bb\u03b9\u03ba\u03ae \u0394\u03b9\u03b1\u03ba\u03bf\u03bd\u03af\u03b1 \u03c4\u1fc6\u03c2 \u1f18\u03ba\u03ba\u03bb\u03b7\u03c3\u03af\u03b1\u03c2 \u03c4\u1fc6\u03c2 \u1f19\u03bb\u03bb\u03ac\u03b4\u03bf\u03c2, \u1f08\u03b8\u1fc6\u03bd\u03b1\u03b9 1960, \u03c3\u03b5\u03bb. 346 + \u03ba\u0384,\u00a0Z\u0384 \u1f14\u03ba\u03b4. 1978.\u00a0New edition, including\u00a0<em>Faith and Life<\/em>, published by Orthodox Autocephalous Church of Albania, Tirana 2014; 374 pp.<\/li>\n<li style=\"text-align: left;\"><em>\u03a0\u03af\u03c3\u03c4\u03b9\u03c2 \u03ba\u03b1\u03af \u03b6\u03c9\u03ae<\/em>(<em>Faith and Life<\/em>), \u1f08\u03c0\u03bf\u03c3\u03c4\u03bf\u03bb\u03b9\u03ba\u03ae \u0394\u03b9\u03b1\u03ba\u03bf\u03bd\u03af\u03b1, \u1f08\u03b8\u1fc6\u03bd\u03b1\u03b9 1961, \u03c3\u03b5\u03bb. 300 + \u03ba\u03b2\u0384, Z\u0384 \u1f14\u03ba\u03b4. 1982. New updated edition published by Orthodox Autocephalous Church of Albania, Tirana 2014.<\/li>\n<li style=\"text-align: left;\"><em>\u03a0\u03bd\u03b5\u03c5\u03bc\u03b1\u03c4\u03b9\u03ba\u03ae \u03c0\u03bf\u03c1\u03b5\u03af\u03b1<\/em>(<em>Spiritual\u00a0Journey<\/em>), \u1f08\u03c0\u03bf\u03c3\u03c4\u03bf\u03bb\u03b9\u03ba\u03ae \u0394\u03b9\u03b1\u03ba\u03bf\u03bd\u03af\u03b1, \u1f08\u03b8\u1fc6\u03bd\u03b1\u03b9 1962, \u03c3\u03b5\u03bb. 348,\u00a0Z\u0384 \u1f14\u03ba\u03b4. 1981.\u00a0New edition published by Orthodox Autocephalous Church of Albania, Tirana 2014, \u03c3\u03b5\u03bb. 333.<\/li>\n<li style=\"text-align: left;\">\u00ab\u1f09\u03c0\u03bb\u03ad\u03c2 \u03c3\u03ba\u03ad\u03c8\u03b5\u03b9\u03c2 \u1f00\u03c0\u03cc \u03c4\u03cc \u0395\u1f50\u03b1\u03b3\u03b3\u03ad\u03bb\u03b9\u03bf\u00bb (\u03a3\u03cd\u03bd\u03c4\u03bf\u03bc\u03b1 \u03ba\u03b7\u03c1\u03cd\u03b3\u03bc\u03b1\u03c4\u03b1) (<em>Simple Thoughts from the Gospels\u2014Short Sermons<\/em>),\u00a0<em>\u03a6\u03c9\u03bd\u03ae \u039a\u03c5\u03c1\u03af\u03bf\u03c5<\/em>23 (1972), \u1f00\u03c1. \u03c6\u03cd\u03bb\u03bb. 1\u201352.<\/li>\n<li style=\"text-align: left;\"><em>\u039b\u03b5\u03c9\u03bd\u03af\u03b4\u03b1\u03c2 \u1f38\u03c9. \u03a6\u03b9\u03bb\u03b9\u03c0\u03c0\u03af\u03b4\u03b7\u03c2. \u1f49 \u1f10\u03c0\u03b9\u03c3\u03c4\u03ae\u03bc\u03c9\u03bd, \u1f41 \u1f04\u03bd\u03b8\u03c1\u03c9\u03c0\u03bf\u03c2<\/em>(<em>Leonidas J. Philippides. The Theologian, The Man<\/em>), \u1f08\u03b8\u1fc6\u03bd\u03b1\u03b9 1976, \u03c3\u03b5\u03bb. 56. \u1f08\u03bd\u03ac\u03c4\u03c5\u03c0\u03bf\u03bd \u1f00\u03c0\u03cc \u03c4\u03ae\u03bd \u1f18\u03c0\u03b9\u03c3\u03c4\u03b7\u03bc\u03bf\u03bd\u03b9\u03ba\u03ae\u03bd \u1f18\u03c0\u03b5\u03c4\u03b7\u03c1\u03af\u03b4\u03b1 \u03c4\u1fc6\u03c2 \u0398\u03b5\u03bf\u03bb\u03bf\u03b3\u03b9\u03ba\u1fc6\u03c2 \u03a3\u03c7\u03bf\u03bb\u1fc6\u03c2 \u03c4\u03bf\u1fe6 \u03a0\u03b1\u03bd\u03b5\u03c0\u03b9\u03c3\u03c4\u03b7\u03bc\u03af\u03bf\u03c5 \u1f08\u03b8\u03b7\u03bd\u1ff6\u03bd, \u03c4\u03cc\u03bc. \u039a\u0391\u0384(Reprint from the\u00a0<em>Scientific Yearbook of the Theological School of the University of Athens<\/em>, vol. 21. Athens, 1976).<\/li>\n<li style=\"text-align: left;\"><em>\u00ab\u0395\u1f30\u03c2 \u1f14\u03c1\u03b3\u03bf\u03bd \u03b4\u03b9\u03b1\u03ba\u03bf\u03bd\u03af\u03b1\u03c2\u00bb (\u201cIn the work of service\u201d\u00a0<\/em>\u2013<em>.<\/em>Eph. 4:12). \u1f1c\u03ba\u03b8\u03b5\u03c3\u03b9\u03c2 \u03c0\u03b5\u03c0\u03c1\u03b1\u03b3\u03bc\u03ad\u03bd\u03c9\u03bd \u1f08\u03c0\u03bf\u03c3\u03c4\u03bf\u03bb\u03b9\u03ba\u1fc6\u03c2 \u0394\u03b9\u03b1\u03ba\u03bf\u03bd\u03af\u03b1\u03c2 \u03c4\u1fc6\u03c2 \u1f18\u03ba\u03ba\u03bb\u03b7\u03c3\u03af\u03b1\u03c2 \u03c4\u1fc6\u03c2 \u1f19\u03bb\u03bb\u03ac\u03b4\u03bf\u03c2 (\u1f00\u03c0\u03cc \u0391\u1f54\u03b3. 1977 \u1f15\u03c9\u03c2 \u0391\u1f54\u03b3. 1980), \u1f08\u03b8\u1fc6\u03bd\u03b1\u03b9 1982, \u03c3\u03b5\u03bb. 108 (Athens: Apostolike Diakonia, 1977\u20131982).<\/li>\n<li style=\"text-align: left;\"><em>\u00ab\u1f3d\u03bd\u03b1 \u03bc\u1f74 \u03bc\u03c9\u03bc\u03b7\u03b8\u1fc7 \u1f21 \u03b4\u03b9\u03b1\u03ba\u03bf\u03bd\u03af\u03b1\u00bb<\/em>(<em>\u201cSo that no fault may be found with our service\u201d\u20142 Cor. 6:3<\/em>), \u1f1c\u03ba\u03b8\u03b5\u03c3\u03b9\u03c2 \u03c0\u03b5\u03c0\u03c1\u03b1\u03b3\u03bc\u03ad\u03bd\u03c9\u03bd \u1f08\u03c0\u03bf\u03c3\u03c4\u03bf\u03bb\u03b9\u03ba\u1fc6\u03c2 \u0394\u03b9\u03b1\u03ba\u03bf\u03bd\u03af\u03b1\u03c2 \u03c4\u1fc6\u03c2 \u1f18\u03ba\u03ba\u03bb\u03b7\u03c3\u03af\u03b1\u03c2 \u03c4\u1fc6\u03c2 \u1f19\u03bb\u03bb\u03ac\u03b4\u03bf\u03c2 (\u1f00\u03c0\u03cc \u03a3\u03b5\u03c0\u03c4. 1980 \u1f15\u03c9\u03c2 \u0391\u1f54\u03b3. 1983), \u1f08\u03b8\u1fc6\u03bd\u03b1\u03b9 1984, \u03c3\u03b5\u03bb. 140 (Athens: Apostolike Diakonia, 1984).<\/li>\n<li style=\"text-align: left;\"><em>\u1f59\u03c0\u03cc\u03bc\u03bd\u03b7\u03bc\u03b1 \u03b5\u1f30\u03c2 \u03c4\u03ae\u03bd \u1f08\u03ba\u03b1\u03b4\u03b7\u03bc\u03af\u03b1\u03bd \u1f08\u03b8\u03b7\u03bd\u1ff6\u03bd<\/em>(<em>Biographical Memorandum at the Academy of Athens<\/em>), \u1f08\u03b8\u1fc6\u03bd\u03b1\u03b9 1981, \u03c3\u03b5\u03bb. 104 (Athens, 1981).<\/li>\n<li style=\"text-align: left;\"><em>\u1f49 \u1f10\u03bd\u03b8\u03c1\u03bf\u03bd\u03b9\u03c3\u03c4\u03ae\u03c1\u03b9\u03bf\u03c2 \u03bb\u03cc\u03b3\u03bf\u03c2 \u03c4\u03bf\u1fe6 \u039c\u03b1\u03ba. \u1f08\u03c1\u03c7\u03b9\u03b5\u03c0\u03b9\u03c3\u03ba\u03cc\u03c0\u03bf\u03c5 \u03a4\u03b9\u03c1\u03ac\u03bd\u03c9\u03bd \u03ba\u03b1\u03af \u03c0\u03ac\u03c3\u03b7\u03c2 \u1f08\u03bb\u03b2\u03b1\u03bd\u03af\u03b1\u03c2 \u03ba. \u1f08\u03bd\u03b1\u03c3\u03c4\u03b1\u03c3\u03af\u03bf\u03c5<\/em>, (<em>Enthronment\u00a0Speech<\/em>), \u1f08\u03b8\u1fc6\u03bd\u03b1\u03b9 1992, \u03c3\u03b5\u03bb. 23 (Athens, 1992).<\/li>\n<li style=\"text-align: left;\"><em>\u039c\u03b9\u03ac \u1f04\u03bb\u03bb\u03b7 \u1f04\u03c0\u03bf\u03c8\u03b7.\u00a0<\/em>\u039a\u03b5\u03af\u03bc\u03b5\u03bd\u03b1 \u03ba\u03b1\u03af \u1f20\u03c7\u03bf\u03b3\u03c1\u03b1\u03c6\u03ae\u03c3\u03b5\u03b9\u03c2 (CD) \u1f00\u03c6\u03b7\u03b3\u03ae\u03c3\u03b5\u03c9\u03bd, \u1f41\u03bc\u03b9\u03bb\u03b9\u1ff6\u03bd, \u03c3\u03c4\u03bf\u03c7\u03b1\u03c3\u03bc\u1ff6\u03bd (<em>Another\u00a0Aspect<\/em>), \u1f08\u03b8\u03ae\u03bd\u03b1\/Athens:\u00a0Prod.\u00a0\u0392ond-us Music, 2007.<\/li>\n<li style=\"text-align: left;\"><em>\u0398\u03b5\u1fd6\u03b1 \u039c\u03b7\u03bd\u03cd\u03bc\u03b1\u03c4\u03b1. \u0392\u03b1\u03c3\u03b9\u03ba\u03ac \u03b8\u03ad\u03bc\u03b1\u03c4\u03b1 \u03b3\u03b9\u03ac \u03c4\u03ae\u03bd \u1f48\u03c1\u03b8\u03cc\u03b4\u03bf\u03be\u03b7 \u03c0\u03af\u03c3\u03c4\u03b7 \u03ba\u03b1\u03af \u03b6\u03c9\u03ae,\u00a0\u1f48\u03c1\u03b8\u03cc\u03b4\u03bf\u03be\u03bf\u03c2 \u0391\u1f50\u03c4\u03bf\u03ba\u03ad\u03c6\u03b1\u03bb\u03bf\u03c2 \u1f18\u03ba\u03ba\u03bb\u03b7\u03c3\u03af\u03b1 \u03c4\u1fc6\u03c2 \u1f08\u03bb\u03b2\u03b1\u03bd\u03af\u03b1\u03c2, \u03a4\u03af\u03c1\u03b1\u03bd\u03b1 2014, \u03c3\u03b5\u03bb. 376.<\/em><\/li>\n<li style=\"text-align: left;\"><em>\u03a0\u03bd\u03b5\u03c5\u03bc\u03b1\u03c4\u03b9\u03ba\u03ae \u03c0\u03bf\u03c1\u03b5\u03af\u03b1. \u0392\u03b1\u03c3\u03b9\u03ba\u03ac \u03b8\u03ad\u03bc\u03b1\u03c4\u03b1 \u03b3\u03b9\u03ac \u03c4\u03ae\u03bd \u1f48\u03c1\u03b8\u03cc\u03b4\u03bf\u03be\u03b7 \u03c0\u03af\u03c3\u03c4\u03b7 \u03ba\u03b1\u03af \u03b6\u03c9\u03ae, \u1f48\u03c1\u03b8\u03cc\u03b4\u03bf\u03be\u03bf\u03c2 \u0391\u1f50\u03c4\u03bf\u03ba\u03ad\u03c6\u03b1\u03bb\u03bf\u03c2 \u1f18\u03ba\u03ba\u03bb\u03b7\u03c3\u03af\u03b1 \u03c4\u1fc6\u03c2 \u1f08\u03bb\u03b2\u03b1\u03bd\u03af\u03b1\u03c2, \u03a4\u03af\u03c1\u03b1\u03bd\u03b1 2014, \u03c3\u03b5\u03bb. 333.<\/em><\/li>\n<\/ul>\n<p>&nbsp;<\/p>\n<p style=\"text-align: left;\"><strong>STUDIES, ARTICLES IN REVIEW, AND COLLECTIVE WORKS<\/strong><\/p>\n<ul style=\"text-align: left;\">\n<li>\u201cThe Forgotten Commandment, Mt 28:19,\u201d\u00a0<em>The World<\/em>3 (1959): 3\u20135.<\/li>\n<li>\u201cA Prayer Campaign,\u201d\u00a0<em>Syndesmos<\/em>2 (1959): 2\u20134.<\/li>\n<li>\u00abT\u03cc \u03c0\u03c1\u03cc\u03b2\u03bb\u03b7\u03bc\u03b1 \u03c4\u1fc6\u03c2 \u03c0\u03c1\u03bf\u03c3\u03c9\u03c0\u03b9\u03ba\u1fc6\u03c2 \u03b6\u03c9\u1fc6\u03c2\u00bb,\u00a0<em>\u1f08\u03ba\u03c4\u1fd6\u03bd\u03b5\u03c2<\/em>23 (1960): 361\u2013366.<\/li>\n<li>\u00ab\u1f29 \u1f31\u03b5\u03c1\u03b1\u03c0\u03bf\u03c3\u03c4\u03bf\u03bb\u03b9\u03ba\u03ae \u03b4\u03c1\u1fb6\u03c3\u03b9\u03c2 \u03c4\u1ff6\u03bd \u1f18\u03ba\u03ba\u03bb\u03b7\u03c3\u03b9\u1ff6\u03bd \u03c4\u1fc6\u03c2 \u1f08\u03bd\u03b1\u03c4\u03bf\u03bb\u1fc6\u03c2 \u03b5\u1f30\u03c2K\u03b5\u03bd\u03c4\u03c1\u03b9\u03ba\u03ae\u03bd \u03ba\u03b1\u03af \u1f08\u03bd\u03b1\u03c4\u03bf\u03bb\u03b9\u03ba\u03ae\u03bd \u1f08\u03c3\u03af\u03b1\u03bd\u00bb,\u00a0<em>\u03a0\u03bf\u03c1\u03b5\u03c5\u03b8\u03ad\u03bd\u03c4\u03b5\u03c2<\/em>\u00a03.10 (1961): 26\u201331.<\/li>\n<li>\u201cThe Missionary Activities of the Churches of the East in Central and Eastern Asia,\u201d\u00a0<em>Go Ye<\/em>3.10 (1961): 3\u20136.<\/li>\n<li>\u00ab\u1f29 \u1f10\u03c0\u03b9\u03c3\u03c4\u03ae\u03bc\u03b7 \u03b4\u03ad\u03bd \u03c6\u03b8\u03ac\u03bd\u03b5\u03b9\u00bb,\u00a0<em>\u03a3\u03ba\u03b1\u03c0\u03ac\u03bd\u03b7<\/em>(April\u00a01961): 22\u201323.<\/li>\n<li>\u00ab\u1f49 \u03bf\u1f30\u03ba\u03bf\u03c5\u03bc\u03b5\u03bd\u03b9\u03ba\u03cc\u03c2 \u1f04\u03bd\u03b8\u03c1\u03c9\u03c0\u03bf\u03c2\u00bb,\u00a0<em>\u03a3\u03ba\u03b1\u03c0\u03ac\u03bd\u03b7<\/em>(February\u00a01962): 35\u201337.<\/li>\n<li>\u00ab\u1f29 \u1f48\u03c1\u03b8\u03bf\u03b4\u03bf\u03be\u03af\u03b1 \u03b5\u1f30\u03c2 \u03c4\u03ae\u03bd\u00a0K\u03af\u03bd\u03b1\u03bd\u00bb,\u00a0<em>\u03a0\u03bf\u03c1\u03b5\u03c5\u03b8\u03ad\u03bd\u03c4\u03b5\u03c2<\/em>4.14 (1962): 26\u201330; 4.15: 36\u201339; 4.16: 52\u201355.<\/li>\n<li>\u201cOrthodoxy in Alaska,\u201d\u00a0<em>Go Ye<\/em>5.17\u201318 (1963): 14\u201322; 19\u201320: 44_47. Synopsis:\u00a0<em>Orthodoxy 1964\u2014A Pan-Orthodox Symposium<\/em>\u00a0(Athens 1964), 333\u201349, 433\u201335.<\/li>\n<li>\u00abB\u03c5\u03b6\u03ac\u03bd\u03c4\u03b9\u03bf\u03bd, \u1f14\u03c1\u03b3\u03bf\u03bd E\u1f50\u03b1\u03b3\u03b3\u03b5\u03bb\u03b9\u03c3\u03bc\u03bf\u1fe6\u00bb,\u00a0<em>\u0398\u03c1\u03b7\u03c3\u03ba\u03b5\u03c5\u03c4\u03b9\u03ba\u03ae \u03ba\u03b1\u03af \u1f28\u03b8\u03b9\u03ba\u03ae \u1f18\u03b3\u03ba\u03c5\u03ba\u03bb\u03bf\u03c0\u03b1\u03b9\u03b4\u03b5\u03af\u03b1<\/em>, vol. 4 (1964), pp. 19\u201359.<\/li>\n<li>\u00ab\u0394\u03b9\u03bf\u03c1\u03b8\u03cc\u03b4\u03bf\u03be\u03bf\u03c2 \u03a0\u03c1\u03bf\u03c3\u03ad\u03b3\u03b3\u03b9\u03c3\u03b9\u03c2\u00bb,\u00a0<em>\u1f48\u03c1\u03b8\u03cc\u03b4\u03bf\u03be\u03bf\u03c2 \u03a0\u03b1\u03c1\u03bf\u03c5\u03c3\u03af\u03b1\u00a0<\/em>1 (1964): 29\u201335.<\/li>\n<li>\u201cOrthodoxy in the Land of the Rising Sun,\u201d\u00a0<em>Orthodoxy 1964\u2014A Pan-Orthodox Symposium\u00a0<\/em>(Athens 1964), 300\u201319, 438\u201360.<\/li>\n<li>\u201cOrthodoxy and Mission,\u201d\u00a0<em>St. Vladimir\u2019s Theological Quarterly<\/em>8 (1964): 139\u201348.<\/li>\n<li>\u00abOrthodoksisen kirkon lahetysty\u00f6\u00bb,\u00a0<em>Aamun Koitto\u00a0<\/em>(1964): 234\u2013239.<\/li>\n<li>\u00abMissions Orthodoxes\u00bb,\u00a0<em>Parole et Mission\u00a0<\/em>8 (1965): 5\u201318.<\/li>\n<li>\u00abGrekist-Ortodoxt Kyrkomissionst\u00e4nkande\u00bb,\u00a0<em>Svensk Missionstidskrift\u00a0<\/em>53 (1965): 15\u201327 (trans. B. Sharpe).<\/li>\n<li><em>M<\/em><em>\u03bf\u03bd\u03b1\u03c7\u03bf\u03af<\/em> <em>\u03ba\u03b1\u03af<\/em> <em>\u1f39\u03b5\u03c1\u03b1\u03c0\u03bf\u03c3\u03c4\u03bf\u03bb\u03ae<\/em> <em>\u03ba\u03b1\u03c4\u03ac<\/em> <em>\u03c4\u03cc\u03bd<\/em> <em>\u0394\u0384<\/em> <em>\u03b1\u1f30\u1ff6\u03bd\u03b1<\/em> <em>\u03b5\u1f30\u03c2<\/em> <em>\u03c4\u03ae\u03bd<\/em> <em>\u1f08\u03bd\u03b1\u03c4\u03bf\u03bb\u03ae\u03bd<\/em><em>,<\/em>\u1f08\u03b8\u1fc6\u03bd\u03b1\u03b9 1967, \u03c3\u03b5\u03bb. 47. \u1f08\u03bd\u03ac\u03c4\u03c5\u03c0\u03bf\u03bd \u1f00\u03c0\u03cc\u00a0<em>\u03a0\u03bf\u03c1\u03b5\u03c5\u03b8\u03ad\u03bd\u03c4\u03b5\u03c2<\/em>\u00a08 (1966), 21\u03b7 \u1f14\u03ba\u03b4. 1969 (Offprint\u00a0from\u00a0<em>Porefthentes\u00a0<\/em>8 [1966]; 21st\u00a0ed. 1969).<\/li>\n<li><em>Initial Thoughts toward an Orthodox Foreign Mission,\u00a0<\/em>Athens 1969; 24 pp. Reprinted from\u00a0<em>Go Ye\u00a0<\/em>10 (1968).<\/li>\n<li>\u201cThe Report by the Second Section at the Fourth Assembly WCC,\u201d\u00a0<em>Go Ye\u00a0<\/em>11.41\u201342 (1969): 2\u20139.<\/li>\n<li>\u00abEindr\u00fccte von einem Orthodoxen Gottesdienst in Zentral Kenya\u00bb,\u00a0<em>Orthodoxe Rundschau<\/em>1 (1969).<\/li>\n<li>\u00abMission aus der Sicht eines Orthodoxen\u00bb,\u00a0<em>Neue Zeitschrift f\u00fcr Missionswissenschaft\u2014Nouvelle Revue de science missionnaire\u00a0<\/em>26 (1970): 241\u2013252.<\/li>\n<li>\u00abR\u00e9flexions d\u2019un Orthodoxe sur la coop\u00e9ration inter-confessionnelle dans la Mission\u00bb,\u00a0<em>Oecum\u00e9nisme en Mission, 40e semaine de Missiologie de Louvain\u00a0<\/em>(Louvain 1970), 101\u2013110.<\/li>\n<li><em>Eine Kirche erw\u00e4cht zur Mission,<\/em>Athens 1970. Reprinted from\u00a0<em>Jahrbuch Evangelischer Mission<\/em>\u00a0(Hamburg, 1970).<\/li>\n<li><em>\u1f08\u03b4\u03b9\u03b1\u03c6\u03bf\u03c1\u03af\u03b1 \u03b3\u03b9\u03ac \u03c4\u03ae\u03bd \u1f39\u03b5\u03c1\u03b1\u03c0\u03bf\u03c3\u03c4\u03bf\u03bb\u03ae \u03c3\u03b7\u03bc\u03b1\u03af\u03bd\u03b5\u03b9 \u1f04\u03c1\u03bd\u03b7\u03c3\u03b9 \u03c4\u1fc6\u03c2 \u1f48\u03c1\u03b8\u03bf\u03b4\u03bf\u03be\u03af\u03b1\u03c2,<\/em>\u1f08\u03c0\u03bf\u03c3\u03c4\u03bf\u03bb\u03b9\u03ba\u03ae \u0394\u03b9\u03b1\u03ba\u03bf\u03bd\u03af\u03b1, \u1f08\u03b8\u1fc6\u03bd\u03b1\u03b9 1971.\u00a0\u0393\u0384 \u1f14\u03ba\u03b4. 1973, \u03c3\u03b5\u03bb. 30 (Athens: Apostolike Diakonia, 1973).<\/li>\n<li>\u00abLes Missions des \u00c9glises d\u2019Orient\u00bb,\u00a0<em>Encyclopaedia Universalis,\u00a0<\/em>vol. 11 (Paris, 1972), 99\u2013102.<\/li>\n<li><em>The Inter-Orthodox Centre of Athens\u2014Perspectives and Presuppositions\u00a0<\/em>(Athens 1973), 12.<\/li>\n<li>\u00ab\u2019E\u03c0\u03b9\u03ba\u03ae\u03b4\u03b5\u03b9\u03bf\u03c2 \u03bb\u03cc\u03b3\u03bf\u03c2 \u03b4\u03b9\u03ac \u03c4\u03cc\u03bd \u03ba\u03b1\u03b8\u03b7\u03b3\u03b7\u03c4\u03ae\u03bd \u039b\u03b5\u03c9\u03bd\u03af\u03b4\u03b1\u03bd \u03a6\u03b9\u03bb\u03b9\u03c0\u03c0\u03af\u03b4\u03b7\u03bd\u00bb,\u00a0<em>\u1f18\u03ba\u03ba\u03bb\u03b7\u03c3\u03af\u03b1\u00a0<\/em>51 (1974): 14\u201316.<\/li>\n<li>\u00abPour que le monde croie\u00bb,\u00a0<em>Contacts<\/em>27 (1975): 319\u201322.<\/li>\n<li>\u201cGrowing into Awareness.\u201d In J.B. Taylor, ed.,\u00a0<em>Primal World Views: Christian Dialogue with Traditional Thought Forms.<\/em>Ibadan, Nigeria, 1976, pp. 72\u201378. Republished as: \u201cChristian Awareness of Primal World Views,\u201d\u00a0<em>Mission Trends<\/em>\u00a0No 5, ed. by G. Anderson and T. Stransky. New York and Toronto: Paulist Press, 1981; pp. 249\u2013257.<\/li>\n<li>\u00ab\u0398\u03b5\u03bf\u03bb\u03bf\u03b3\u03af\u03b1\u2014\u1ffeI\u03b5\u03c1\u03b1\u03c0\u03bf\u03c3\u03c4\u03bf\u03bb\u03ae \u03ba\u03b1\u03af \u03a0\u03bf\u03b9\u03bc\u03b1\u03bd\u03c4\u03b9\u03ba\u03ae\u00bb.\u00a0<em>\u03a0\u03c1\u03b1\u03ba\u03c4\u03b9\u03ba\u03ac \u03c4\u03bf\u1fe6 \u0394\u03b5\u03c5\u03c4\u03ad\u03c1\u03bf\u03c5 \u03a3\u03c5\u03bd\u03b5\u03b4\u03c1\u03af\u03bf\u03c5 \u1f48\u03c1\u03b8\u03bf\u03b4\u03cc\u03be\u03bf\u03c5 \u0398\u03b5\u03bf\u03bb\u03bf\u03b3\u03af\u03b1\u03c2, \u1f08\u03b8\u1fc6\u03bd\u03b1\u03b9 12\u201319\u00a0A<\/em><em>\u1f50\u03b3\u03bf\u03cd\u03c3\u03c4\u03bf\u03c5 1976<\/em>(\u1f08\u03b8\u1fc6\u03bd\u03b1\u03b9 1980) 291\u2013309 (Athens\u00a01980).<\/li>\n<li>\u201cTheology, Mission and Pastoral Care,\u00bb\u00a0<em>Proc\u00e8s-Verbaux du Deuxi\u00e8me Congr\u00e8s de Th\u00e9ologie Orthodoxe \u00e0 Ath\u00e8nes, 19\u201329 Ao\u00fbt 1976<\/em>(Athens 1978), 292\u2013311. See also\u00a0<em>The Greek Orthodox Theological Review<\/em>\u00a022 (1977): 157\u2013180.<\/li>\n<li>\u201cMexico City 1963: Old Wine into Fresh Wineskins,\u201d\u00a0<em>International Review of Mission<\/em>67 (1978): 354\u201364.<\/li>\n<li>M. Mildenberger (Ed.),\u00a0<em>Dendpause im Dialog<\/em>(Frankfurt: Otto Lembeek, 1978), 114\u2013116 (Interview).<\/li>\n<li>\u00abA la red\u00e9couverte de l\u2019\u00e9thos missionnaire de l\u2019\u00c9glise Orthodoxe\u00bb,\u00a0<em>Aspects de l\u2019Orthodoxie<\/em>(Strasbourg 1978), 78\u201396.<\/li>\n<li>\u00ab\u1f29 \u03c3\u03c5\u03bd\u03b5\u03b9\u03b4\u03b7\u03c4\u03bf\u03c0\u03bf\u03af\u03b7\u03c3\u03b7 \u03c4\u1fc6\u03c2 \u038c\u03c1\u03b8\u03bf\u03b4\u03cc\u03be\u03bf\u03c5 \u1f31\u03b5\u03c1\u03b1\u03c0\u03bf\u03c3\u03c4\u03bf\u03bb\u03b9\u03ba\u1fc6\u03c2 \u03bc\u03b1\u03c1\u03c4\u03c5\u03c1\u03af\u03b1\u03c2\u00bb,\u00a0<em>\u1f18\u03ba\u03ba\u03bb\u03b7\u03c3\u03b9\u03b1\u03c3\u03c4\u03b9\u03ba\u03ae \u1f08\u03bb\u03ae\u03b8\u03b5\u03b9\u03b1\u00a0<\/em>3 (1979): 1. \u1f08\u03bd\u03b1\u03b4\u03b7\u03bc\u03bf\u03c2.:<em>\u1f39\u03b5\u03c1\u03b1\u03c0\u03bf\u03c3\u03c4\u03bf\u03bb\u03b9\u03ba\u03ae\u00a0\u0392\u03b9\u03b2\u03bb\u03b9\u03bf\u03b8\u03ae\u03ba\u03b7<\/em>,\u00a0\u1f00\u03c1. 10,\u00a0\u0398\u03b5\u03c3\u03c3\u03b1\u03bb\u03bf\u03bd\u03af\u03ba\u03b7\u00a01979 (Thessalonica 1979).<\/li>\n<li>\u00ab\u201c\u03a7\u03c1\u03b9\u03c3\u03c4\u03cc\u03c2 \u1f08\u03bd\u03ad\u03c3\u03c4\u03b7\u201d \u03c3\u03c4\u03ae\u03bd \u039a\u03af\u03bd\u03b1\u00bb, \u1f10\u03c6\u03b7\u03bc.\u00a0<em>\u03a4\u03ac \u039d\u03ad\u03b1,<\/em>14.5.1979 (Interview).<\/li>\n<li>\u201cDiscovering the Orthodox Missionary Ethos,\u201d\u00a0<em>Martyria-Mission. The Witness of the Orthodox Churches<\/em>(Geneva 1980), 20\u201329.<\/li>\n<li>\u201cThe Ascent of Human Nature,\u201d\u00a0<em>International Review of Mission<\/em>69 (1980): 202\u20136. See also\u00a0<em>Your Kingdom Come. Mission Perspectives<\/em>\u00a0(Geneva, 1981), 237\u201342.<\/li>\n<li>\u201cRelations between Man and Nature in the World Religions,\u201d\u00a0<em>Bulletin\u2014Secretariatus pro non Christianis\u00a0<\/em>47 (1981), 134\u201342. See also\u00a0<em>Proceedings\u2014World\u2019s Religionists Ethics Congress<\/em>(Tokyo 1983), 149\u201359.<\/li>\n<li>\u00abMy\u00f6s luonto on pyh\u00e4\u00bb,\u00a0<em>Aamun Koitto<\/em>(1981): 391\u201394.<\/li>\n<li>\u00ab\u1f1d\u03be\u03b9 \u03c7\u03c1\u03b9\u03c3\u03c4\u03b9\u03b1\u03bd\u03b9\u03ba\u03ad\u03c2 \u03b8\u03ad\u03c3\u03b5\u03b9\u03c2 \u03c3\u03c4\u03cc \u03b8\u03ad\u03bc\u03b1 \u03c4\u1ff6\u03bd \u1f10\u03ba\u03c4\u03c1\u03ce\u03c3\u03b5\u03c9\u03bd\u00bb, \u1f18\u03ba\u03c4\u03c1\u03ce\u03c3\u03b5\u03b9\u03c2 \u03ba\u03b1\u03af \u03b4\u03b7\u03bc\u03bf\u03b3\u03c1\u03b1\u03c6\u03b9\u03ba\u03cc \u03c0\u03c1\u03cc\u03b2\u03bb\u03b7\u03bc\u03b1 (K\u03ad\u03bd\u03c4\u03c1\u03bf O\u1f30\u03ba\u03bf\u03b3\u03b5\u03bd\u03b5\u03b9\u03b1\u03ba\u03bf\u1fe6 \u03a0\u03c1\u03bf\u03b3\u03c1\u03b1\u03bc\u03bc\u03b1\u03c4\u03b9\u03c3\u03bc\u03bf\u1fe6 M\u03b1\u03b9\u03b5\u03c5\u03c4\u03b9\u03ba\u1fc6\u03c2 \u03ba\u03b1\u03af \u0393\u03c5\u03bd\u03b1\u03b9\u03ba\u03bf\u03bb\u03bf\u03b3\u03b9\u03ba\u1fc6\u03c2 K\u03bb\u03b9\u03bd\u03b9\u03ba\u1fc6\u03c2 \u03a0\u03b1\u03bd\u03b5\u03c0\u03b9\u03c3\u03c4\u03b7\u03bc\u03af\u03bf\u03c5 \u1f38\u03c9\u03b1\u03bd\u03bd\u03af\u03bd\u03c9\u03bd) (\u1f38\u03c9\u03ac\u03bd\u03bd\u03b9\u03bd\u03b1 1982), 59\u201365, 71, 75\u201379 (Joannina 1982).<\/li>\n<li>\u00abL\u2019\u00e9l\u00e9vation de la nature humaine\u00bb,\u00a0<em>Que ton R\u00e8gne Vienne!\u00a0<\/em><em>Perspectives missionnaires,<\/em>(Geneva, 1982): 101\u20135.<\/li>\n<li>\u00abDie Mystik in Byzanz\u00bb,\u00a0<em>Erbe und Auftrag, Benediktinische Monatsschrift<\/em>59 (1983): 437\u2013449.<\/li>\n<li>\u201cWorship\u2014Service\u2014Martyria,\u201d\u00a0<em>International Review of Mission<\/em>72 (1983): 635\u201339.<\/li>\n<li>\u00ab\u1f18\u03bb\u03b8\u03ad\u03c4\u03c9 \u1f21 \u03b2\u03b1\u03c3\u03b9\u03bb\u03b5\u03af\u03b1 \u03c3\u03bf\u03c5. \u1f48\u03c1\u03b8\u03cc\u03b4\u03bf\u03be\u03b7 \u03bc\u03b1\u03c1\u03c4\u03c5\u03c1\u03af\u03b1 \u03c3\u03c4\u03ae \u03c3\u03cd\u03b3\u03c7\u03c1\u03bf\u03bd\u03b7 \u03bf\u1f30\u03ba\u03bf\u03c5\u03bc\u03ad\u03bd\u03b7\u00bb,\u00a0<em>\u03a0\u03ac\u03bd\u03c4\u03b1 \u03c4\u03ac \u1f1c\u03b8\u03bd\u03b7<\/em>2.7 (1983):4\u20135; 2.8: 4\u20136; 2.9: 4\u20136.<\/li>\n<li>\u00ab\u1f38\u03bd\u03b4\u03bf\u03c5\u03ca\u03c3\u03c4\u03b9\u03ba\u03ad\u03c2 \u03b1\u1f31\u03c1\u03ad\u03c3\u03b5\u03b9\u03c2 \u03c3\u03c4\u03cc\u03bd \u1f11\u03bb\u03bb\u03b1\u03b4\u03b9\u03ba\u03cc \u03c7\u1ff6\u03c1\u03bf\u00bb,\u00a0<em>\u1f18\u03ba\u03ba\u03bb\u03b7\u03c3\u03af\u03b1<\/em>61 (1984): 196\u2013201.<\/li>\n<li>\u00ab\u1f38\u03bd\u03b4\u03bf\u03c5\u03ca\u03c3\u03c4\u03b9\u03ba\u03ad\u03c2 \u03b1\u1f31\u03c1\u03ad\u03c3\u03b5\u03b9\u03c2. \u039a\u03bf\u03b9\u03bd\u03c9\u03bd\u03b9\u03ba\u03ad\u03c2 \u03b4\u03b9\u03b1\u03c3\u03c4\u03ac\u03c3\u03b5\u03b9\u03c2 \u03c4\u03bf\u1fe6 \u03c6\u03b1\u03b9\u03bd\u03bf\u03bc\u03ad\u03bd\u03bf\u03c5\u00bb,\u00a0<em>\u1f18\u03ba\u03ba\u03bb\u03b7\u03c3\u03b9\u03b1\u03c3\u03c4\u03b9\u03ba\u03ae \u1f08\u03bb\u03ae\u03b8\u03b5\u03b9\u03b1,\u00a0<\/em>1.3 (1984): 3.<\/li>\n<li>\u00abUtanfulizi\u00bb (\u0395\u1f30\u03c3\u03b1\u03b3\u03c9\u03b3\u03ae) \u2013 <em>Liturghia<\/em><em> Takatifu<\/em><em> iliyoandi<\/em><em> \u2013 kwa<\/em><em> na<\/em><em> Yohana<\/em><em> Krisostomo<\/em> (The Divine Liturgy of St. John Chrysostom in Kiswahili), (Nairobi, 1985), 5-10<\/li>\n<li>\u00ab\u1f29 \u03b4\u03bf\u03bc\u03ae \u03c4\u1ff6\u03bd \u0398\u03b5\u03bf\u03bb\u03bf\u03b3\u03b9\u03ba\u1ff6\u03bd \u03a3\u03c7\u03bf\u03bb\u1ff6\u03bd\u00bb, \u1f10\u03c6\u03b7\u03bc.\u00a0<em>\u03a4\u03ac \u039d\u03ad\u03b1,<\/em>18.1.1985.<\/li>\n<li>\u00ab\u0394\u03c5\u03bd\u03b1\u03c4\u03ad\u03c2 \u1f10\u03be\u03b5\u03bb\u03af\u03be\u03b5\u03b9\u03c2 \u03c3\u03c4\u03ae\u03bd \u03c0\u03bf\u03c1\u03b5\u03af\u03b1 \u03c4\u1ff6\u03bd \u0398\u03b5\u03bf\u03bb\u03bf\u03b3\u03b9\u03ba\u1ff6\u03bd \u03a3\u03c7\u03bf\u03bb\u1ff6\u03bd\u00bb, \u1f10\u03c6\u03b7\u03bc.\u00a0<em>\u1f18\u03ba\u03ba\u03bb\u03b7\u03c3\u03b9\u03b1\u03c3\u03c4\u03b9\u03ba\u03ae \u1f08\u03bb\u03ae\u03b8\u03b5\u03b9\u03b1<\/em>, 16.2.1985, 1.3.1985.<\/li>\n<li>\u00ab\u1f29 \u03c3\u03c5\u03b6\u03ae\u03c4\u03b7\u03c3\u03b7 \u03b3\u03b9\u03ac \u03c4\u03ae \u03b4\u03bf\u03bc\u03ae \u03c4\u1ff6\u03bd \u0398\u03b5\u03bf\u03bb\u03bf\u03b3\u03b9\u03ba\u1ff6\u03bd \u03a3\u03c7\u03bf\u03bb\u1ff6\u03bd\u00bb, \u1f10\u03c6\u03b7\u03bc.\u00a0<em>\u1f19\u03bb\u03bb\u03b7\u03bd\u03b9\u03ba\u03cc\u03c2 \u0392\u03bf\u03c1\u03c1\u1fb6\u03c2,\u00a0<\/em>24.2.1985.<\/li>\n<li>\u00ab\u1f29 \u03b4\u03bf\u03be\u03bf\u03bb\u03bf\u03b3\u03b9\u03ba\u03ae \u03ba\u03b1\u03c4\u03b1\u03bd\u03cc\u03b7\u03c3\u03b7 \u03c4\u1fc6\u03c2 \u03b6\u03c9\u1fc6\u03c2 \u03ba\u03b1\u03af \u03c4\u1fc6\u03c2 \u1f31\u03b5\u03c1\u03b1\u03c0\u03bf\u03c3\u03c4\u03bf\u03bb\u1fc6\u03c2\u00bb,\u00a0<em>\u03a0\u03ac\u03bd\u03c4\u03b1 \u03c4\u03ac \u1f1c\u03b8\u03bd\u03b7<\/em>5.17 (1986): 20\u201327; 5.18: 4\u20137.<\/li>\n<li>\u00abLes moines et la mission dans l\u2019 \u00c9glise d\u2019 Orient au IVe si\u00e8cle\u00bb,<em>Paix<\/em>\u00a0(Monast\u00e8re \u039frthodoxe Saint-Nicolas de la Dalmerie, F 34260) 1986, No. 47\u201348.<\/li>\n<li>\u201cMeditation on Peace in the Opening Service,\u201d\u00a0<em>Religion for Human Dignity and World Peace,\u00a0<\/em>World Conference on Religion and Peace, IV Assembly (eds. J.B. Taylor and G. Gebhardt), Geneva 1986, p. 307.<\/li>\n<li>\u00abL\u00e4hetysty\u00f6ntekiy\u00e4\u00bb,\u00a0<em>L\u00e4hetysviesti,\u00a0<\/em>Helsinki (1986), no. 2, pp. 5\u20136.<\/li>\n<li>\u00abOrtodoksisuus ja Ihmisoikeudet\u00bb,\u00a0<em>Ortodoksia\u00a0<\/em>(1986), no. 35, pp. 5\u201330.<\/li>\n<li>\u00abJumalanpalvelus, Palvelu, Todistus\u00bb,\u00a0<em>L\u00e4hetysviesti\u00a0<\/em>(1986), no. 3, pp. 4\u20135.<\/li>\n<li>\u00abOrtodoksisen L\u00e4hetyksen, teologinen L\u00e4ht\u00f6kohta\u00bb,\u00a0<em>L\u00e4hetysviesti<\/em>(1987), nos. 1, pp. 16\u201319.<\/li>\n<li>\u00abOrtodoksisen Kirkon L\u00e4hetysty\u00f6\u00bb,\u00a0<em>L\u00e4hetysviesti\u00a0<\/em>(1987), nos. 2, pp. 20\u201324.<\/li>\n<li>\u00abOrtodoksisuus Yi\u00f6snpusemus L\u00e4hetysty\u00f6\u00bb,\u00a0<em>L\u00e4hetysviesti<\/em>(1987), nos. 1, pp. 5\u20136.<\/li>\n<li>\u00abOrtodoksisen L\u00e4hetys ja pyh\u00e4 ehtoollinen\u00bb,\u00a0<em>L\u00e4hetysviesti\u00a0<\/em>(1987), nos. 2, pp. 4\u20137.<\/li>\n<li>\u00abOrtodoksisesta l\u00e4hetysty\u00f6st\u00e4 vieraissa maissa\u00bb,\u00a0<em>L\u00e4hetysviesti<\/em>(1987), nos. 3, pp. 4\u20135.<\/li>\n<li>\u00ab\u1f08\u03b8\u03ae\u03bd\u03b1, \u03c0\u03cc\u03bb\u03b7 \u03c3\u03c5\u03bd\u03b5\u03c7\u03bf\u1fe6\u03c2 \u03b8\u03b5\u03bf\u03bb\u03bf\u03b3\u03b9\u03ba\u1fc6\u03c2 \u03ba\u03b1\u03af \u03c0\u03bf\u03bb\u03b9\u03c4\u03b9\u03c3\u03c4\u03b9\u03ba\u1fc6\u03c2 \u03c3\u03c5\u03bc\u03b2\u03bf\u03bb\u1fc6\u03c2\u00bb.\u00a0E\u1f30\u03c3\u03ae\u03b3\u03b7\u03c3\u03b7 \u03c3\u03c4\u03cc \u1f41\u03bc\u03ce\u03bd\u03c5\u03bc\u03bf \u03a3\u03c5\u03bc\u03c0\u03cc\u03c3\u03b9\u03bf \u03c4\u1fc6\u03c2 \u0398\u03b5\u03bf\u03bb\u03bf\u03b3\u03b9\u03ba\u1fc6\u03c2 \u03a3\u03c7\u03bf\u03bb\u1fc6\u03c2 \u03c4\u03bf\u1fe6 \u03a0\u03b1\u03bd\u03b5\u03c0\u03b9\u03c3\u03c4\u03b7\u03bc\u03af\u03bf\u03c5 \u1f08\u03b8\u03b7\u03bd\u1ff6\u03bd<em>. \u1f18\u03b8\u03bd\u03b9\u03ba\u03cc \u03ba\u03b1\u03af\u00a0<\/em><em>K<\/em><em>\u03b1\u03c0\u03bf\u03b4\u03b9\u03c3\u03c4\u03c1\u03b9\u03b1\u03ba\u03cc \u03a0\u03b1\u03bd\u03b5\u03c0\u03b9\u03c3\u03c4\u03ae\u03bc\u03b9\u03bf \u1f08\u03b8\u03b7\u03bd\u1ff6\u03bd\u2014\u1f18\u03c0\u03af\u03c3\u03b7\u03bc\u03bf\u03b9 \u03bb\u03cc\u03b3\u03bf\u03b9<\/em>, \u03c4\u03cc\u03bc. 28, \u1f08\u03b8\u03ae\u03bd\u03b1 1988,\u00a0pp. 363\u2013369 (Athens1988).<\/li>\n<li>\u201cRemembering Some Basic Facts in Today\u2019s Mission,\u201d\u00a0<em>International Review of Mission<\/em>77 (1988): 4\u201311.<\/li>\n<li>\u201cYour Will Be Done\u2014Mission in Christ\u2019s Way. A Meditative Introduction,\u201d\u00a0<em>International Review of Mission<\/em>77 (1988): 173\u20138.<\/li>\n<li>\u201cEmerging Perspectives on the Relationships of Christians to People of Other Faiths\u2014An Eastern Orthodox Contribution,\u201d\u00a0<em>International Review of Mission<\/em>77 (1988): 332\u201346.<\/li>\n<li>\u00abB\u03bf\u03c5\u03b4\u03b4\u03b9\u03c3\u03bc\u03cc\u03c2 \u03ba\u03b1\u03af \u1f00\u03b3\u03c9\u03b3\u03ae\u00bb,\u00a0<em>\u03a0\u03b1\u03b9\u03b4\u03b1\u03b3\u03c9\u03b3\u03b9\u03ba\u03ae \u03a8\u03c5\u03c7\u03bf\u03bb\u03bf\u03b3\u03b9\u03ba\u03ae \u1f18\u03b3\u03ba\u03c5\u03ba\u03bb\u03bf \u03c0\u03b1\u03af\u03b4\u03b5\u03b9\u03b1 \u2013 \u039b\u03b5\u03be\u03b9\u03ba\u03cc,<\/em>\u1f19\u03bb\u03bb\u03b7\u03bd\u03b9\u03ba\u03ac \u0393\u03c1\u03ac\u03bc\u03bc\u03b1\u03c4\u03b1, \u03c4\u03cc\u03bc. 2, \u1f08\u03b8\u03ae\u03bd\u03b1 1989, \u03c3. 1025\u20131028 (Athens\u00a01989).<\/li>\n<li>\u00ab\u1f48\u03c1\u03b8\u03cc\u03b4\u03bf\u03be\u03b7 \u1ffeI\u03b5\u03c1\u03b1\u03c0\u03bf\u03c3\u03c4\u03bf\u03bb\u03ae, \u03a0\u03b1\u03c1\u03b5\u03bb\u03b8\u03cc\u03bd\u2014\u03a0\u03b1\u03c1\u03cc\u03bd\u2014M\u03ad\u03bb\u03bb\u03bf\u03bd\u00bb.\u00a0<em>\u0393\u03b5\u03bd\u03b7\u03b8\u03ae\u03c4\u03c9 \u03c4\u03cc \u03b8\u03ad\u03bb\u03b7\u03bc\u03ac \u03c3\u03bf\u03c5. \u1f29 \u1f00\u03c0\u03bf\u03c3\u03c4\u03bf\u03bb\u03ae \u03c4\u1fc6\u03c2 \u1f48\u03c1\u03b8\u03bf\u03b4\u03bf\u03be\u03af\u03b1\u03c2 \u03c3\u03ae\u03bc\u03b5\u03c1\u03b1<\/em>. \u1f18\u03c0\u03b9\u03bc. \u0393. \u039b\u03b1\u03b9\u03bc\u03cc\u03c0\u03bf\u03c5\u03bb\u03bf\u03c2,\u00a0N\u03b5\u03ac\u03c0\u03bf\u03bb\u03b7\u2014\u0398\u03b5\u03c3\u03c3\u03b1\u03bb\u03bf\u03bd\u03af\u03ba\u03b7 1989, \u03c3. 69\u201395 (Neapolis\u2014Thessalonica, 1989).<\/li>\n<li>\u201cOrthodox Mission, Past\u2014Present\u2014Future.\u201d\u00a0<em>Your Will Be Done. Orthodoxy in Mission\u00a0<\/em>(ed. G. Lemopoulos), Katerini, Tertios\u2014Geneva: WCC, 1989; pp. 63\u201392.<\/li>\n<li>\u00abDein Wille geschehe\u2014Mission in der Nachfolge Christi\u00bb.\u00a0<em>Dein Wille geschehe\u2014Mission in der Nachfolge Jesu Christi. Welt-missionskonferenz in San Antonio, 1989,<\/em>(Hrsg. J. Wietzke), (Frankfurt a.M.: Otto Lembeck, 1989), 217\u2013235. See also\u00a0<em>Jahrbuch 6. Des Evangelischen Missionswerkes in S\u00fcdwestdeutschland.<\/em>\u00a0Mission bei uns gemeinsam mit den Partnern (Stuttgart, 1989), 82\u201388.<\/li>\n<li>\u201cAddress by the Conference Moderator,\u201d\u00a0<em>International Review of Mission<\/em>(The San Antonio Conference) 78 (1989): 316\u201328. See also\u00a0<em>The San Antonio Report, Your Will Be Done. Mission in Christ\u2019s Way,<\/em>\u00a0ed. Fr. R. Wilson, Geneva: WCC, 1990, pp. 100\u201314.<\/li>\n<li>\u00abHagase tu voluntad. La mision conforme a Cristo\u00bb.\u00a0San Antonio, Texas, May 1989 (WCC, Ref. 274.007).<\/li>\n<li>\u00ab\u1f08\u03c0\u03bf\u03c3\u03c4\u03bf\u03bb\u03b9\u03ba\u03ae \u0394\u03b9\u03b1\u03ba\u03bf\u03bd\u03af\u03b1\u00bb,\u00a0<em>\u03a0\u03b1\u03b9\u03b4\u03b1\u03b3\u03c9\u03b3\u03b9\u03ba\u03ae \u03a8\u03c5\u03c7\u03bf\u03bb\u03bf\u03b3\u03b9\u03ba\u03ae \u1f18\u03b3\u03ba\u03c5\u03ba\u03bb\u03bf \u03c0\u03b1\u03af\u03b4\u03b5\u03b9\u03b1\u2014\u039b\u03b5\u03be\u03b9\u03ba\u03cc<\/em>, \u03c4\u03cc\u03bc. 2 (1989), \u03c3. 679\u2013680.<\/li>\n<li>\u00ab\u0395\u1f30\u03c2 \u03bc\u03bd\u03b7\u03bc\u03cc\u03c3\u03c5\u03bd\u03bf\u03bd \u03c4\u03bf\u1fe6 \u039d\u03b9\u03ba\u03b1\u03af\u03b1\u03c2 \u0393\u03b5\u03c9\u03c1\u03b3\u03af\u03bf\u03c5\u00bb,\u00a0<em>\u03a6\u1ff6\u03c2 \u03c3\u03c4\u03ae\u03bd \u03c0\u03bf\u03c1\u03b5\u03af\u03b1 \u03c4\u03bf\u1fe6 \u03bb\u03b1\u03bf\u1fe6<\/em>12 (1990): 195\u2013196.<\/li>\n<li>\u201cIn Tribute to Bishop Lesslie Newbigin,\u201d\u00a0<em>International Review of Mission\u00a0<\/em>79 (1990): 86.<\/li>\n<li>\u00ab\u1f38\u03bd\u03b4\u03bf\u03c5\u03ca\u03c3\u03bc\u03cc\u03c2 \u03ba\u03b1\u03af \u1f00\u03b3\u03c9\u03b3\u03ae\u00bb,\u00a0<em>\u03a0\u03b1\u03b9\u03b4\u03b1\u03b3\u03c9\u03b3\u03b9\u03ba\u03ae \u03a8\u03c5\u03c7\u03bf\u03bb\u03bf\u03b3\u03b9\u03ba\u03ae \u1f18\u03b3\u03ba\u03c5\u03ba\u03bb\u03bf \u03c0\u03b1\u03af\u03b4\u03b5\u03b9\u03b1\u2014\u039b\u03b5\u03be\u03b9\u03ba\u03cc,<\/em>\u03c4\u03cc\u03bc. 4 (1990), \u03c3. 2425\u20132429.<\/li>\n<li>\u00abSke\u00a0Din\u00a0vilja\u2014Mission\u00a0pa\u00a0Kristi\u00a0s\u00e4tt\u00bb,\u00a0<em>Till\u00a0Hela\u00a0V\u00e4rlten\u2014pa\u00a0Kristi\u00a0s\u00e4tt,\u00a0<\/em>Uppsala,\u00a0Svenska:\u00a0Missionsradet, 1990,\u00a0pp. 7\u201317.<\/li>\n<li>\u201cHolistic Mission, from an Orthodox Perspective,\u201d\u00a0<em>Missionary Research\u00a0<\/em>14 (1990): 53\u201356.<\/li>\n<li>\u00abKisha Orthodhokse, bekim p\u00ebr Shqrip\u00ebrin\u00eb\u2014Fjalimi i Fron\u00ebzimit\u00bb,\u00a0<em>Ngjallja\u00a0<\/em>2\u00a0<em>(<\/em>1992): 2.<\/li>\n<li>\u00ab\u03a0\u03b1\u03c1\u03ac\u03b4\u03bf\u03c3\u03b7 \u03ba\u03b1\u03af \u1f45\u03c1\u03b1\u03bc\u03b1 \u03b5\u1f30\u03c1\u03b7\u03bd\u03b9\u03ba\u1fc6\u03c2 \u03c3\u03c5\u03bd\u03c5\u03c0\u03ac\u03c1\u03be\u03b5\u03c9\u03c2 \u03c4\u1ff6\u03bd \u03b8\u03c1\u03b7\u03c3\u03ba\u03b5\u03c5\u03c4\u03b9\u03ba\u1ff6\u03bd \u03ba\u03bf\u03b9\u03bd\u03bf\u03c4\u03ae\u03c4\u03c9\u03bd \u03c3\u03c4\u03ae\u03bd \u1f08\u03bb\u03b2\u03b1\u03bd\u03af\u03b1\u00bb. \u1f49\u03bc\u03b9\u03bb\u03af\u03b1 \u03ba\u03b1\u03c4\u03ac \u03c4\u03ae\u03bd \u1f51\u03c0\u03bf\u03b4\u03bf\u03c7\u03ae \u1f61\u03c2 \u1f00\u03bd\u03c4\u03b5\u03c0\u03b9\u03c3\u03c4\u03ad\u03bb\u03bb\u03bf\u03bd\u03c4\u03bf\u03c2 \u03bc\u03ad\u03bb\u03bf\u03c5\u03c2 \u03c4\u1fc6\u03c2 \u1f08\u03ba\u03b1\u03b4\u03b7\u03bc\u03af\u03b1\u03c2 \u1f08\u03b8\u03b7\u03bd\u1ff6\u03bd, 14.12.1993, \u1f08\u03b8\u1fc6\u03bd\u03b1\u03b9 1993 (Athens1993).\u00a0<em>\u03a0\u03c1\u03b1\u03ba\u03c4\u03b9\u03ba\u03ac \u03c4\u1fc6\u03c2 \u1f08\u03ba\u03b1\u03b4\u03b7\u03bc\u03af\u03b1\u03c2 \u1f08\u03b8\u03b7\u03bd\u1ff6\u03bd<\/em>, \u03c4\u03cc\u03bc. 68 (1993), 492\u2013511.\u00a0See\u00a0also\u00a0<em>\u1f18\u03ba\u03ba\u03bb\u03b7\u03c3\u03af\u03b1\u00a0<\/em>71 (1994): 231\u2013234, 279\u2013282, 329\u2013330, 360\u2013363.<\/li>\n<li>\u00abM\u03b9\u03ac \u1f18\u03ba\u03ba\u03bb\u03b7\u03c3\u03af\u03b1 \u03c3\u03ad \u03bc\u03b1\u03ba\u03c1\u03bf\u03c7\u03c1\u03cc\u03bd\u03b9\u03bf \u03c0\u03bf\u03bb\u03cd\u03c4\u03c1\u03bf\u03c0\u03bf \u03b4\u03b9\u03c9\u03b3\u03bc\u03cc\u00bb. \u1f49\u03bc\u03b9\u03bb\u03af\u03b1 \u03ba\u03b1\u03c4\u03ac \u03c4\u03ae\u03bd \u1f00\u03bd\u03b1\u03b3\u03cc\u03c1\u03b5\u03c5\u03c3\u03b7 \u03b5\u1f30\u03c2 \u1f10\u03c0\u03af\u03c4\u03b9\u03bc\u03bf \u0394\u03b9\u03b4\u03ac\u03ba\u03c4\u03bf\u03c1\u03b1 \u03c4\u03bf\u1fe6\u00a0T\u03bc\u03ae\u03bc\u03b1\u03c4\u03bf\u03c2 \u0398\u03b5\u03bf\u03bb\u03bf\u03b3\u03af\u03b1\u03c2 \u03c4\u03bf\u1fe6 \u1f08\u03c1\u03b9\u03c3\u03c4\u03bf\u03c4\u03b5\u03bb\u03b5\u03af\u03bf\u03c5 \u03a0\u03b1\u03bd\u03b5\u03c0\u03b9\u03c3\u03c4\u03b7\u03bc\u03af\u03bf\u03c5 \u0398\u03b5\u03c3\u03c3\u03b1\u03bb\u03bf\u03bd\u03af\u03ba\u03b7\u03c2, 13.12.1995,\u00a0<em>\u1f18\u03c0\u03b9\u03c3\u03c4\u03b7\u03bc\u03bf\u03bd\u03b9\u03ba\u03ae \u1f18\u03c0\u03b5\u03c4\u03b7\u03c1\u03af\u03b4\u03b1 \u0398\u03b5\u03bf\u03bb\u03bf\u03b3\u03b9\u03ba\u1fc6\u03c2 \u03a3\u03c7\u03bf\u03bb\u1fc6\u03c2,\u00a0<\/em>N\u03ad\u03b1 \u03a3\u03b5\u03b9\u03c1\u03ac,\u00a0T\u03bc\u1fc6\u03bc\u03b1 \u0398\u03b5\u03bf\u03bb\u03bf\u03b3\u03af\u03b1\u03c2, \u1f08\u03c1\u03b9\u03c3\u03c4\u03bf\u03c4\u03ad\u03bb\u03b5\u03b9\u03bf \u03a0\u03b1\u03bd\u03b5\u03c0\u03b9\u03c3\u03c4\u03ae\u03bc\u03b9\u03bf \u0398\u03b5\u03c3\u03c3\u03b1\u03bb\u03bf\u03bd\u03af\u03ba\u03b7\u03c2, \u03c4\u03cc\u03bc. 6, \u0398\u03b5\u03c3\u03c3\u03b1\u03bb\u03bf\u03bd\u03af\u03ba\u03b7 1996\u0387 \u1f00\u03bd\u03ac\u03c4\u03c5\u03c0\u03bf \u03c3. 28\u201348 (Thessalonica, 1966).<\/li>\n<li>\u00ab\u1f0c\u03bd\u03b8\u03c1\u03c9\u03c0\u03bf\u03c2 \u03ba\u03b1\u03af \u03c6\u03cd\u03c3\u03b7 \u03c3\u03c4\u03af\u03c2 \u03bc\u03b5\u03b3\u03ac\u03bb\u03b5\u03c2 \u03b8\u03c1\u03b7\u03c3\u03ba\u03b5\u1fd6\u03b5\u03c2\u00bb,\u00a0<em>75\u00a0<\/em><em>X<\/em><em>\u03c1\u03cc\u03bd\u03b9\u03b1 \u0393\u03b5\u03c9\u03c0\u03bf\u03bd\u03b9\u03ba\u03cc \u03a0\u03b1\u03bd\u03b5\u03c0\u03b9\u03c3\u03c4\u03ae\u03bc\u03b9\u03bf \u1f08\u03b8\u03b7\u03bd\u1ff6\u03bd, 1920\u20131995,<\/em>\u1f38\u03bf\u03cd\u03bd\u03b9\u03bf\u03c2 1996, \u03c3. 93\u2013105 (Athens\u00a01996).<\/li>\n<li>\u201cByzantine and Contemporary Greek Orthodox Approaches to Islam,\u201d\u00a0<em>Journal of Ecumenical Studies,<\/em>33:4, (Fall 1996): 512\u201327.<\/li>\n<li>\u201cThe Global Vision of Proclaiming the Gospel,\u201d\u00a0<em>The Greek Orthodox Theological Review<\/em>42 (1997): 401\u201317.<\/li>\n<li>\u201cAddress by the Conference Moderator on World Mission and Evangelism,\u201d San Antonio 1989, The Ecumenical Movement.\u00a0<em>An Anthology of Key-Texts and Voices,<\/em>eds. M. Kinnamon and B.E. Cope, Geneva: WCC, 1997, pp. 388\u201392.<\/li>\n<li>\u201cTurn to God. Rejoice in Hope\u2014Anamnesis,\u201d in. Diane Kessler, ed.,\u00a0<em>Together on the Way.<\/em>Official Report of the 8th Assembly of the WCC, Geneva: WCC, 1999, pp. 28\u201333.<\/li>\n<li>\u00abAnamnesis\u00bb,\u00a0<em>Faisons route ensemble,<\/em>Rapport officiel de la Huiti\u00e8me Assembl\u00e9e du Conseil Oecum\u00e9nique des \u00c9glises, publi\u00e9 sous la direction de N. Lossky, Geneva\u00a0: WCC, 1999, pp. 22\u201327.<\/li>\n<li>\u00ab\u1f08\u03bd\u03ac\u03bc\u03bd\u03b7\u03c3\u03b9\u03c2\u00bb, \u1f18\u03c0\u03b9\u03c3\u03c4\u03b7\u03bc\u03bf\u03bd\u03b9\u03ba\u03ae \u1f18\u03c0\u03b5\u03c4\u03b7\u03c1\u03af\u03b4\u03b1 \u0398\u03b5\u03bf\u03bb\u03bf\u03b3\u03b9\u03ba\u1fc6\u03c2 \u03a3\u03c7\u03bf\u03bb\u1fc6\u03c2, \u1f08\u03c1\u03b9\u03c3\u03c4\u03bf\u03c4\u03ad\u03bb\u03b5\u03b9\u03bf \u03a0\u03b1\u03bd\u03b5\u03c0\u03b9\u03c3\u03c4\u03ae\u03bc\u03b9\u03bf \u0398\u03b5\u03c3\u03c3\u03b1\u03bb\u03bf\u03bd\u03af\u03ba\u03b7\u03c2, T\u03bc\u1fc6\u03bc\u03b1 \u0398\u03b5\u03bf\u03bb\u03bf\u03b3\u03af\u03b1\u03c2,\u00a0<em>T\u03b9\u03bc\u03b7\u03c4\u03b9\u03ba\u03cc \u1f08\u03c6\u03b9\u03ad\u03c1\u03c9\u03bc\u03b1 \u03c3\u03c4\u03cc\u03bd \u1f49\u03bc\u03cc\u03c4\u03b9\u03bc\u03bf K\u03b1\u03b8\u03b7\u03b3\u03b7\u03c4\u03ae \u1f08\u03bb\u03ad\u03be\u03b1\u03bd\u03b4\u03c1\u03bf \u0393\u03bf\u03c5\u03c3\u03af\u03b4\u03b7,<\/em>\u03c4\u03cc\u03bc. 9, \u0398\u03b5\u03c3\u03c3\u03b1\u03bb\u03bf\u03bd\u03af\u03ba\u03b7, 1999, \u03c3. 13\u201318 (Thessalonica, 1999).<\/li>\n<li>\u00abAnamnese\u00bb (German), \u00abAnamnesis\u00bb (Spanish), 8th Assembly WCC, Harare (WCC, Ref. 362.003\/10).<\/li>\n<li>\u00abO\u1f31 \u03b8\u03c1\u03b7\u03c3\u03ba\u03b5\u1fd6\u03b5\u03c2 \u03b4\u03ad\u03bd \u03c0\u03c1\u03ad\u03c0\u03b5\u03b9 \u03bd\u03ac \u03c1\u03af\u03c7\u03bd\u03bf\u03c5\u03bd \u03bb\u03ac\u03b4\u03b9 \u03c3\u03c4\u03ae \u03c6\u03c9\u03c4\u03b9\u03ac \u03c4\u03bf\u1fe6 \u03c0\u03bf\u03bb\u03ad\u03bc\u03bf\u03c5\u00bb, \u03a3\u03c5\u03bd\u03ad\u03bd\u03c4\u03b5\u03c5\u03be\u03b7 \u03c3\u03c4\u03cc\u03bd \u0393\u03c1.\u00a0K\u03b1\u03bb\u03bf\u03ba\u03b1\u03b9\u03c1\u03b9\u03bd\u03cc,\u00a0<em>\u1f29 K\u03b1\u03b8\u03b7\u03bc\u03b5\u03c1\u03b9\u03bd\u03ae,<\/em>11.4.1999. \u201cReligion mustn\u2019t add fuel to the fire of conflict.\u201d Interview by Gr. Kalokairinos,\u00a0<em>Herald Tribune,<\/em>\u00a0April 13, 1999.<\/li>\n<li>\u201cMay Peace and Justice once More Reign in the Balkans,\u201d in\u00a0<em>For the Peace from Above. An Orthodox Resource Book on World Peace and Nationalism<\/em>, ed. \u00abSyndesmos\u00bb, The World Fellowship of Orthodox Youth (Byalistok, Poland: 1999), 160\u2013163. It was also published in French, in\u00a0<em>Service Orthodoxe de Presse (SOP)\u00a0<\/em>240 (June 1999); and in the newspaper\u00a0<em>Zeri i Popullit,<\/em>Tirana, May 1999.<\/li>\n<li>\u00abOrthodoxe Mission. Vergangenheit, Gegenwart, Zukunft\u00bb,\u00a0<em>Die Orthodoxe Kirche.<\/em>Eine Stand-Ortbestimmung under Jahrtausendwende. Festschrift f\u00fcr Prof. Dr. Anastasios Kallis, herausgegeben von Eumenius von Lefka, Athanasios Basdekis und Nikolaos Thon (Frankfurt am Main: Lembek, 1999), 93\u2013121.<\/li>\n<li>\u00ab\u1f29 \u1f48\u03c1\u03b8\u03bf\u03b4\u03bf\u03be\u03af\u03b1 \u1f10\u03bd\u03ce\u03c0\u03b9\u03bf\u03bd \u03c4\u1fc6\u03c2 \u03c4\u03c1\u03af\u03c4\u03b7\u03c2 \u03c7\u03b9\u03bb\u03b9\u03b5\u03c4\u03af\u03b1\u03c2\u00bb,\u00a0<em>\u1f49 \u03b8\u03b7\u03c3\u03b1\u03c5\u03c1\u03cc\u03c2 \u03c4\u1fc6\u03c2 \u1f48\u03c1\u03b8\u03bf\u03b4\u03bf\u03be\u03af\u03b1\u03c2 2000. \u1f39\u03c3\u03c4\u03bf\u03c1\u03af\u03b1, \u03bc\u03bd\u03b7\u03bc\u03b5\u1fd6\u03b1, \u03c4\u03ad\u03c7\u03bd\u03b7,<\/em>B\u0384 \u03c4\u03cc\u03bc\u03bf\u03c2, \u1f18\u03ba\u03b4\u03bf\u03c4\u03b9\u03ba\u03ae \u1f08\u03b8\u03b7\u03bd\u1ff6\u03bd, \u1f08\u03b8\u03ae\u03bd\u03b1 2000, \u03c3. 12\u201321 (Athens:\u00a0Ekdotike\u00a0Athenon, 2000).<\/li>\n<li>\u00ab\u1f18\u03ba\u03ba\u03bb\u03b7\u03c3\u03af\u03b1 \u03c4\u1fc6\u03c2 \u1f08\u03bb\u03b2\u03b1\u03bd\u03af\u03b1\u03c2, \u1f39\u03c3\u03c4\u03bf\u03c1\u03b9\u03ba\u03ae-\u03c0\u03bd\u03b5\u03c5\u03bc\u03b1\u03c4\u03b9\u03ba\u03ae \u03c0\u03b1\u03c1\u03ac\u03b4\u03bf\u03c3\u03b7\u00bb,\u00a0<em>\u1f49 \u03b8\u03b7\u03c3\u03b1\u03c5\u03c1\u03cc\u03c2 \u03c4\u1fc6\u03c2 \u1f48\u03c1\u03b8\u03bf\u03b4\u03bf\u03be\u03af\u03b1\u03c2 2000. \u1f39\u03c3\u03c4\u03bf\u03c1\u03af\u03b1, \u03bc\u03bd\u03b7\u03bc\u03b5\u1fd6\u03b1, \u03c4\u03ad\u03c7\u03bd\u03b7,<\/em>B\u0384\u03c4\u03cc\u03bc\u03bf\u03c2, \u1f18\u03ba\u03b4\u03bf\u03c4\u03b9\u03ba\u03ae \u1f08\u03b8\u03b7\u03bd\u1ff6\u03bd, \u1f08\u03b8\u03ae\u03bd\u03b1 2000, \u03c3. 486\u2013506 (Athens:\u00a0Ekdotike\u00a0Athenon, 2000).<\/li>\n<li>\u201cOrthodoxy Faces the Third Millennium,\u201d in\u00a0<em>The Splendour of Orthodoxy 2000 Years. History, Monuments, Arts,<\/em>Vol. II,\u00a0<em>Patriarchates and Autocephalous Churches.<\/em>\u00a0Athens: Ekdotike Athinon, 2000, pp. 12\u201321.<\/li>\n<li>\u201cThe Church of Albania. History and Spiritual Tradition,\u201d in\u00a0<em>The Splendour of Orthodoxy 2000 Years. History, Monuments, Arts,<\/em>Vol. II,\u00a0<em>Patriarchates and Autocephalous Churches,<\/em>\u00a0Athens: Ekdotike Athinon, 2000, pp. 486\u2013506.<\/li>\n<li>\u00ab\u1f08\u03bd\u03ac\u03bc\u03bd\u03b7\u03c3\u03b7\u00bb,\u00a0<em>\u03a3\u03cd\u03bd\u03b1\u03be\u03b7,<\/em>\u03c4\u03b5\u1fe6\u03c7. 73, \u1f38\u03b1\u03bd\u03bf\u03c5\u03ac\u03c1\u03b9\u03bf\u03c2\u2013M\u03ac\u03c1\u03c4\u03b9\u03bf\u03c2 2000, \u03c3. 5\u201310.<\/li>\n<li>\u00ab\u1f29 \u1f48\u03c1\u03b8\u03bf\u03b4\u03bf\u03be\u03af\u03b1 \u03c0\u03c1\u03cc \u03c4\u1fc6\u03c2 \u03c1\u03b1\u03b3\u03b4\u03b1\u03af\u03b1\u03c2 \u1f10\u03be\u03b5\u03bb\u03af\u03be\u03b5\u03c9\u03c2 \u03c4\u1ff6\u03bd \u03b8\u03b5\u03c4\u03b9\u03ba\u1ff6\u03bd \u1f10\u03c0\u03b9\u03c3\u03c4\u03b7 \u03bc\u1ff6\u03bd\u2014\u0394\u03b9\u03b1\u03c0\u03b9\u03c3\u03c4\u03ce\u03c3\u03b5\u03b9\u03c2 \u03ba\u03b1\u03af \u03c0\u03c1\u03bf\u03c4\u03ac\u03c3\u03b5\u03b9\u03c2\u00bb,\u00a0<em>\u0394\u03b9\u03b5\u03b8\u03bd\u03ad\u03c2 \u1f18\u03c0\u03b9\u03c3\u03c4\u03b7\u03bc\u03bf\u03bd\u03b9\u03ba\u03cc \u03a3\u03c5\u03bd\u03ad\u03b4\u03c1\u03b9\u03bf: \u1f18\u03c0\u03b9\u03c3\u03c4\u1fc6\u03bc\u03b5\u03c2, \u03c4\u03b5\u03c7\u03bd\u03bf\u03bb\u03bf\u03b3\u03af\u03b5\u03c2 \u03b1\u1f30\u03c7\u03bc\u1fc6\u03c2 \u03ba\u03b1\u03af \u1f48\u03c1\u03b8\u03bf\u03b4\u03bf\u03be\u03af\u03b1,<\/em>4\u20138.10.2000, \u1f39\u03b5\u03c1\u03ac \u03a3\u03cd\u03bd\u03bf\u03b4\u03bf\u03c2 \u03c4\u1fc6\u03c2 \u1f18\u03ba\u03ba\u03bb\u03b7\u03c3\u03af\u03b1\u03c2 \u03c4\u1fc6\u03c2 \u1f19\u03bb\u03bb\u03ac\u03b4\u03bf\u03c2, \u1f08\u03b8\u03ae\u03bd\u03b1 2002, \u03c3. 33\u201343 (Athens:\u00a0Holy\u00a0Synod\u00a0of\u00a0the\u00a0Church\u00a0of\u00a0Greece, 2002).\u00a0Also:\u00a0<em>\u1f18\u03c6\u03b7\u03bc\u03ad\u03c1\u03b9\u03bf\u03c2,<\/em>\u00a0\u1f14\u03c4\u03bf\u03c2 49, \u03c4\u03b5\u1fe6\u03c7. 11,\u00a0N\u03bf\u03ad\u03bc\u03b2\u03c1\u03b9\u03bf\u03c2 2000.<\/li>\n<li>\u00ab\u03a3\u03c7\u03ad\u03c3\u03b5\u03b9\u03c2 \u03c4\u1fc6\u03c2 \u1f48\u03c1\u03b8\u03bf\u03b4\u03bf\u03be\u03af\u03b1\u03c2 \u03bc\u03ad \u03c4\u03af\u03c2 \u1f04\u03bb\u03bb\u03b5\u03c2 \u03b8\u03c1\u03b7\u03c3\u03ba\u03b5\u1fd6\u03b5\u03c2\u00bb, (\u1f10\u03c0\u03b9\u03bc\u03ad\u03bb\u03b5\u03b9\u03b1) \u0391.\u00a0Walker,\u00a0K.\u00a0K\u03b1\u03c1\u03c1\u1fb6\u03c2,\u00a0<em>\u0396\u03c9\u03bd\u03c4\u03b1\u03bd\u03ae \u1f48\u03c1\u03b8\u03bf\u03b4\u03bf\u03be\u03af\u03b1 \u03c3\u03c4\u03cc\u03bd \u03c3\u03cd\u03b3\u03c7\u03c1\u03bf\u03bd\u03bf \u03ba\u03cc\u03c3\u03bc\u03bf,<\/em>\u1f19\u03c3\u03c4\u03af\u03b1, \u1f08\u03b8\u03ae\u03bd\u03b1 2001, \u03c3. 43\u201362, 260\u2013262 (Athens:\u00a0Estia, 2001).<\/li>\n<li>\u00abN\u03ac \u03bc\u03ae\u03bd \u03bc\u03c0\u03bb\u03ad\u03ba\u03bf\u03c5\u03bc\u03b5 \u03b8\u03c1\u03b7\u03c3\u03ba\u03b5\u03af\u03b1 \u03bc\u03ad \u03c4\u03c1\u03bf\u03bc\u03bf\u03ba\u03c1\u03b1\u03c4\u03af\u03b1\u00bb. \u03a3\u03c5\u03bd\u03ad\u03bd\u03c4\u03b5\u03c5\u03be\u03b7 \u03c3\u03c4\u03cc\u03bd \u03a3\u03c4.\u00a0T\u03b6\u03af\u03bc\u03b1,\u00a0<em>\u1f29\u00a0<\/em><em>K<\/em><em>\u03b1\u03b8\u03b7\u03bc\u03b5\u03c1\u03b9\u03bd\u03ae,<\/em>14.10.2001.<\/li>\n<li>\u00abT\u03c1\u03af\u03b1 \u03ba\u03c1\u03af\u03c3\u03b9\u03bc\u03b1 \u03b4\u03b9\u03b1\u03c7\u03c1\u03bf\u03bd\u03b9\u03ba\u03ac \u03b8\u03ad\u03bc\u03b1\u03c4\u03b1\u00bb,\u00a0<em>\u1f18\u03bb\u03b5\u03c5\u03b8\u03b5\u03c1\u03bf\u03c4\u03c5\u03c0\u03af\u03b1,<\/em>19.11.2001.<\/li>\n<li>\u00ab\u1f29 \u03c3\u03c5\u03bc\u03b2\u03bf\u03bb\u03ae \u03c3\u03c4\u03ae\u03bd \u1f51\u03c0\u03b5\u03c1\u03bd\u03af\u03ba\u03b7\u03c3\u03b7 \u03c4\u1fc6\u03c2 \u03b2\u03af\u03b1\u03c2: \u1f0c\u03bc\u03b5\u03c3\u03bf \u1f10\u03bd\u03b4\u03b9\u03b1\u03c6\u03ad\u03c1\u03bf\u03bd \u03ba\u03b1\u03af \u03c7\u03c1\u03ad\u03bf\u03c2 \u03c4\u1ff6\u03bd \u1f18\u03ba\u03ba\u03bb\u03b7\u03c3\u03b9\u1ff6\u03bd\u00bb.\u00a0<em>\u03a0\u03b5\u03b9\u03c1\u03b1\u03ca\u03ba\u03ae<\/em> <em>\u1f18\u03ba\u03ba\u03bb\u03b7\u03c3\u03af\u03b1,\u00a0<\/em>\u03c4\u03b5\u1fe6\u03c7. 122, \u0394\u03b5\u03ba\u03ad\u03bc\u03b2\u03c1\u03b9\u03bf\u03c2 2001, \u03c3. 45\u201350.<\/li>\n<li>\u00abResponsabilit\u00e9 apostolique et dimension universelle de l\u2019\u00c9glise\u00bb,\u00a0<em>Service Orthodoxe de Presse (SOP)\u00a0<\/em>263 (December 2001): 23\u201327.<\/li>\n<li>\u201cAn Oral Contribution to the Discussion: Peace, Justice, Development,\u201d in Peace: a Single Goal and a Shared Intention. Vatican City: <em>Pontifical Council for Interreligious Dialogue<\/em>, 2002. Pp 46-47<\/li>\n<li>\u201cProblems and Prospects of Inter-religious Dialogue,\u201d\u00a0<em>Z<\/em><em>\u1ff6\u00a0\u03b4\u1f72\u00a0\u03bf\u1f50\u03ba\u03ad\u03c4\u03b9\u00a0\u1f10\u03b3\u03ce<\/em><em>,\u00a0\u03b6\u1fc7\u00a0\u03b4\u03ad\u00a0\u1f10\u03bd\u00a0\u1f10\u03bc\u03bf\u1f76<\/em><em>X\u03c1\u03b9\u03c3\u03c4\u03cc\u03c2<\/em><em>,<\/em>\u00a0\u1f08\u03c6\u03b9\u03ad\u03c1\u03c9\u03bc\u03b1\u00a0\u03c3\u03c4\u03cc\u03bd\u00a0\u1f08\u03c1\u03c7\u03b9\u03b5\u03c0\u03af\u03c3\u03ba\u03bf\u03c0\u03bf\u00a0\u0394\u03b7\u03bc\u03ae\u03c4\u03c1\u03b9\u03bf,\u00a0\u1f18\u03c0\u03b9\u03bc\u03ad\u03bb.\u00a0\u03a3.\u00a0\u0394\u03b1\u03bc\u03b1\u03c3\u03ba\u03b7\u03bd\u03cc\u03c2,\u00a0\u03a6.\u00a0\u0394\u03c9\u03c1\u1fc6\u03c2, B. K\u03cd\u03c1\u03ba\u03bf\u03c2,\u00a0\u1f38. M\u03bf\u03c5\u03c4\u03c3\u03bf\u03cd\u03bb\u03b1\u03c2,\u00a0\u0393. M\u03c0\u03b1\u03bc\u03c0\u03b9\u03bd\u03b9\u03ce\u03c4\u03b7\u03c2, K . M\u03c0\u03ad\u03b7\u03c2,\u00a0\u0398.\u00a0\u03a0\u03b5\u03bb\u03b5\u03b3\u03ba\u03c1\u03af\u03bd\u03b7\u03c2, A.N.\u00a0\u03a3\u03ac\u03ba\u03ba\u03bf\u03c5\u03bb\u03b1\u03c2,\u00a0\u1f08\u03b8\u03ae\u03bd\u03b1\u00a02002,\u00a0\u03c3. 1\u20138 (Athens, 2002).<\/li>\n<li>\u00abEt moi je suis avec vous\u00bb, 75e Anniversaire de la Foi et Constitution, Lausanne 25.8.2002 (WCC, Ref. 230.2.03).<\/li>\n<li>\u201cI will be with you,\u201d Lausanne 2002 (loc. cit.) (WCC, Ref. 230.2.03).<\/li>\n<li>\u00abUnd siehe, Ich bin bei euch\u00bb, Lausanne 2002 (loc. cit.)\u00a0(WCC, Ref. 230.2.03).<\/li>\n<li>\u00abY he aqui, yo estoy con vosotros\u00bb, Lausanne 2002 (loc. cit.)\u00a0(WCC,\u00a0Ref. 230.2.03).<\/li>\n<li>\u00ab\u1f29 \u1f20\u03b8\u03b9\u03ba\u03ae \u03c3\u03c4\u03af\u03c2 \u1f10\u03c0\u03b9\u03c7\u03b5\u03b9\u03c1\u03ae\u03c3\u03b5\u03b9\u03c2. \u1f29 \u1f11\u03c4\u03b1\u03b9\u03c1\u03b9\u03ba\u03ae \u03b5\u1f50\u03b8\u03cd\u03bd\u03b7 \u03ba\u03b1\u03af \u1f21 \u03ba\u03bf\u03b9\u03bd\u03c9\u03bd\u03b9\u03ba\u03ae \u1f00\u03bb\u03bb\u03b7\u03bb\u03b5\u03b3\u03b3\u03cd\u03b7\u00bb,\u00a0<em>O<\/em><em>\u1f30\u03ba\u03bf\u03bd\u03bf\u03bc\u03b9\u03ba\u03cc\u03c2<\/em><em>T<\/em><em>\u03b1\u03c7\u03c5\u03b4\u03c1\u03cc\u03bc\u03bf\u03c2<\/em><em>,\u00a0<\/em>9\u00a0N\u03bf\u03b5\u03bc\u03b2\u03c1\u03af\u03bf\u03c5 2002, \u03c3. 18\u201320.<\/li>\n<li>\u00ab\u1f29 \u03b4\u03b9\u03b1\u03c7\u03c1\u03bf\u03bd\u03b9\u03ba\u03ae \u03bc\u03b5\u03c4\u03bf\u03c7\u03ae \u03c4\u1fc6\u03c2 \u03c7\u03c1\u03b9\u03c3\u03c4\u03b9\u03b1\u03bd\u03b9\u03ba\u1fc6\u03c2 \u03c0\u03af\u03c3\u03c4\u03b5\u03c9\u03c2 \u03c3\u03c4\u03ae\u03bd \u03bf\u1f30\u03ba\u03bf\u03b4\u03cc\u03bc\u03b7\u03c3\u03b7 \u03c4\u1fc6\u03c2\u00a0E\u1f50\u03c1\u03ce\u03c0\u03b7\u03c2\u00bb,\u00a0<em>\u1f18\u03ba\u03ba\u03bb\u03b7\u03c3\u03af\u03b1\u00a0<\/em>70 (2003): 351\u2013356.<\/li>\n<li>\u00abOrthodoxe Mission\u00bb,\u00a0<em>Leitfaden Ekumenische Missions-theologie,<\/em>herg. Chr. Tahlin-Sander, An. Schultze, D. Werner, H. Wrogemann, Chr. Kaiser (G\u00fcttersloch, 2003), 113\u2013129.<\/li>\n<li>\u201cThe Spirit of Love,\u201d\u00a0<em>The Adriatic Sea. A Sea at Risk, a Unity of Purpose,<\/em>eds. N. Ascherson and A. Marshall,\u00a0<em>Religion, Science and the Environment,<\/em>\u00a0Athens, 2003, pp. 89\u201391.<\/li>\n<li>\u00abK\u03b1\u1f76 \u1f30\u03b4\u03bf\u1f7a \u1f10\u03b3\u1f7c \u03bc\u03b5\u03b8\u1fbd \u1f51\u03bc\u1ff6\u03bd \u03b5\u1f30\u03bc\u03b9 \u03c0\u03ac\u03c3\u03b1\u03c2 \u03c4\u1f70\u03c2 \u1f21\u03bc\u03ad\u03c1\u03b1\u03c2 \u1f15\u03c9\u03c2 \u03c4\u1fc6\u03c2 \u03c3\u03c5\u03bd\u03c4\u03b5\u03bb\u03b5\u03af\u03b1\u03c2 \u03c4\u03bf\u1fe6 \u03b1\u1f30\u1ff6\u03bd\u03bf\u03c2\u00bb (M\u03b1\u03c4\u03b8. 28:20),\u00a0<em>\u03a3\u03cd\u03bd\u03b1\u03be\u03b9\u03c2 E\u1f50\u03c7\u03b1\u03c1\u03b9\u03c3\u03c4\u03af\u03b1\u03c2.<\/em>X\u03b1\u03c1\u03b9\u03c3\u03c4\u03ae\u03c1\u03b9\u03b1 \u03b5\u1f30\u03c2 \u03c4\u03b9\u03bc\u03ae\u03bd \u03c4\u03bf\u1fe6 \u03b3\u03ad\u03c1\u03bf\u03bd\u03c4\u03bf\u03c2 A\u1f30\u03bc\u03b9\u03bb\u03b9\u03b1\u03bd\u03bf\u1fe6, \u1f3c\u03bd\u03b4\u03b9\u03ba\u03c4\u03bf\u03c2, \u1f08\u03b8\u03ae\u03bd\u03b1 2003, \u03c3. 111\u2013118 (Athens: Indiktos, 2003).<\/li>\n<li>\u201cConfessing Christ Today,\u201d\u00a0<em>The Bonds of Unity,<\/em>ed. H. Bos, \u201cSyndesmos\u2019s\u201d Fifty Years of Work for Orthodox Youth and Unity, (Athens: Syndesmos, 2003), 177\u2013190.<\/li>\n<li>\u201cThe Apostolic Responsibility and Worldwide Dimension of Orthodoxy. Keynote Address at the Syndesmos\u2019s Festival,\u201d St. Morin, France, August 30, 2001.\u00a0<em>The Bonds of Unity,<\/em>ed. H. Bos, (Athens: Syndesmos, 2003), 199\u2013208.<\/li>\n<li>\u201cDeveloping Shared Values and Common Citizenship in a Secular and Pluralistic Society: How Religious Communities Can Contribute,\u201d\u00a0<em>Facilitating Freedom of Religion or Belief: A Deskbook,<\/em>eds. T. Lindholm, W. Colterham, Junior, and Bahia G. Thachsib. Leek, Netherlands: Kluwer Law International, and Provo, UT: G. Reuben Clark Law School, Brigham Young University: 2004.<\/li>\n<li>\u00ab\u1f29 \u1f00\u03bd\u03b1\u03b6\u03ae\u03c4\u03b7\u03c3\u03b7 \u03c4\u1ff6\u03bd \u03c0\u03b1\u03bd\u03b1\u03bd\u03b8\u03c1\u03c9\u03c0\u03af\u03bd\u03c9\u03bd \u1f00\u03be\u03b9\u1ff6\u03bd.\u00a0\u1f29 \u1f04\u03c0\u03bf\u03c8\u03b7 \u03c4\u1ff6\u03bd \u03b8\u03c1\u03b7\u03c3\u03ba\u03b5\u03b9\u1ff6\u03bd\u00bb.\u00a0<em>Universal Values,<\/em>International Symposium Proceedings, ed. by L. G. Christophorou and G. Contopoulos, Academy of Athens, May 26\u201328, 2004 (Athens 2004), 279\u201393.<\/li>\n<li>\u00abContributia Ortodox\u00e2 la dezbaterea temelor majore ale lumii contemporane\u00bb,\u00a0<em>Anuarul. Facult\u00e2tii de Teologie Ortodox\u00e2,\u00a0<\/em>Bucharest: Universitatea Bucuresti, 2004, pp. 195\u2013205.<\/li>\n<li>\u00abRelatiile Ortodoxiei cu celelalte religii\u00bb,\u00a0<em>Anuarul. Facult\u00e2tii de Teologie Ortodox\u00e2,\u00a0<\/em>Bucharest: Universitatea Bucuresti, 2004, pp. 265\u2013275.<\/li>\n<li>\u00ab\u039f\u1f31 \u03b8\u03c1\u03b7\u03c3\u03ba\u03b5\u1fd6\u03b5\u03c2 \u03ba\u03b1\u03af \u1f21 \u03c6\u03c4\u03ce\u03c7\u03b5\u03b9\u03b1 \u03c4\u03bf\u1fe6 \u03ba\u03cc\u03c3\u03bc\u03bf\u03c5\u00bb, \u03c0\u03b5\u03c1\u03b9\u03bf\u03b4.\u00a0<em>\u03a3\u03cd\u03bd\u03b1\u03be\u03b7<\/em>94 (2005): 41\u201352.<\/li>\n<li>\u00abLa\u00a0manifestation\u00a0de\u00a0la\u00a0gloire\u00a0de\u00a0Dieu\u00a0\u00e0tous\u00a0les\u00a0hommes\u00bb,\u00a0A.\u00a0Argyriou\u00a0(ed.),\u00a0<em>Chemins\u00a0de\u00a0la\u00a0Christologie\u00a0orthodoxe<\/em>\u00a0(Paris\u00a0:\u00a0Descl\u00e9e, 2005), 23\u201336.<\/li>\n<li>\u00ab\u0395\u1f50\u03c1\u03c9\u03c0\u03b1\u03ca\u03ba\u03ae \u03c3\u03c5\u03bd\u03cd\u03c0\u03b1\u03c1\u03be\u03b7 \u03a7\u03c1\u03b9\u03c3\u03c4\u03b9\u03b1\u03bd\u1ff6\u03bd\u2014\u039c\u03bf\u03c5\u03c3\u03bf\u03c5\u03bb\u03bc\u03ac\u03bd\u03c9\u03bd\u00bb, \u1f10\u03c6\u03b7\u03bc.\u00a0<em>\u1f29\u03bc\u03b5\u03c1\u03b7\u03c3\u03af\u03b1<\/em>, 30.12.04\u20132.1.05.<\/li>\n<li>\u00ab\u0391\u03c4\u03bd\u03b1\u03c3\u03b9\u03ad\u03bd\u03b9\u03b5 \u03c0\u03c1\u03b1\u03b2\u03bf\u03c3\u03bb\u03ac\u03b2\u03b9\u03b3\u03b9\u03b1 \u03ba \u03bd\u03c4\u03c1\u03bf\u03c5\u03b3\u03ba\u03af\u03bc \u03c1\u03b5\u03bb\u03af\u03b3\u03ba\u03b9\u03b1\u03bc\u00bb,\u00a0\u03a0\u03c1\u03b1\u03b2\u03bf\u03c3\u03bb\u03ac\u03b2\u03b9\u03b5 \u03b2 \u03c3\u03b1\u03b2\u03c1\u03b5\u03bc\u03ad\u03bd\u03bf\u03bc \u03bc\u03ae\u03c1\u03b5, \u0391\u03bb\u03b5\u03c4\u03ad\u03b9\u03b1,\u00a0\u1f09\u03b3\u03af\u03b1 \u03a0\u03b5\u03c4\u03c1\u03bf\u03cd\u03c0\u03bf\u03bb\u03b9\u03c2 2005, \u03c3. 35-51.<\/li>\n<li>\u00ab\u03a0\u03c1\u03cc\u03c2 \u03bc\u03b9\u03ac \u03c3\u03c4\u03b1\u03b8\u03b5\u03c1\u03ae \u03b5\u1f30\u03c1\u03b7\u03bd\u03b9\u03ba\u03ae \u03c3\u03c5\u03bc\u03b2\u03af\u03c9\u03c3\u03b7 \u03c3\u03c4\u03ac \u0392\u03b1\u03bb\u03ba\u03ac\u03bd\u03b9\u03b1\u00bb,\u00a0<em>\u1fbd\u0395\u03ba\u03b4\u03b7\u03bb\u03ce\u03c3\u03b5\u03b9\u03c2 \u03c4\u03b9\u03bc\u1fc6\u03c2 \u03c0\u03c1\u03cc\u03c2 \u03c4\u03cc\u03bd \u039c\u03b1\u03ba\u03b1\u03c1\u03b9\u03ce\u03c4\u03b1\u03c4\u03bf \u1f08\u03c1\u03c7\u03b9\u03b5\u03c0\u03af\u03c3\u03ba\u03bf\u03c0\u03bf \u03a4\u03b9\u03c1\u03ac\u03bd\u03c9\u03bd, \u0394\u03c5\u03c1\u03c1\u03b1\u03c7\u03af\u03bf\u03c5 \u03ba\u03b1\u03af \u03c0\u03ac\u03c3\u03b7\u03c2 \u1f08\u03bb\u03b2\u03b1\u03bd\u03af\u03b1\u03c2 \u03ba. \u1f08\u03bd\u03b1\u03c3\u03c4\u03ac\u03c3\u03b9\u03bf,<\/em>\u0392\u03cc\u03bb\u03bf\u03c2 31 \u039c\u03b1\u0390\u03bf\u03c5 2005, \u039b\u03ac\u03c1\u03b9\u03c3\u03b1 1 \u1fbd\u0399\u03bf\u03c5\u03bd\u03af\u03bf\u03c5 2005, \u03a0\u03b1\u03bd\u03b5\u03c0\u03b9\u03c3\u03c4\u03ae\u03bc\u03b9\u03bf \u0398\u03b5\u03c3\u03c3\u03b1\u03bb\u03af\u03b1\u03c2, \u03c3. 33\u201339 (Volos\u2013Larisa:\u00a0University\u00a0of\u00a0Thessaly, 2005).<\/li>\n<li><em>Restoration of the Orthodox Church Monuments in Albania<\/em>(Foreword) (Tirana, 2005) 10\u201315 (also published in Greek and Albanian).<\/li>\n<li>\u00ab<em>Otnoshenie Pravoslavia k drugim religiam Pravoslavie v Savremenom mire\u00bb:\u00a0Aletiya<\/em>\u2013 \u1f09\u03b3\u03af\u03b1 \u03a0\u03b5\u03c4\u03c1\u03bf\u03cd\u03c0\u03bf\u03bb\u03b9\u03c2 2005, \u03c3. 35\u201351 (St Petersburg, 2005).<\/li>\n<li>\u00ab\u03a7\u03b1\u03b9\u03c1\u03b5\u03c4\u03b9\u03c3\u03bc\u03cc\u03c2\u00bb,\u00a0<em>\u1f49 \u1f38\u03b7\u03c3\u03bf\u1fe6\u03c2 \u03a7\u03c1\u03b9\u03c3\u03c4\u03cc\u03c2 \u03b5\u1f30\u03c2 \u03c4\u03ae\u03bd \u03b8\u03b5\u03bf\u03bb\u03bf\u03b3\u03af\u03b1\u03bd \u03c4\u03bf\u1fe6 \u1f09\u03b3. \u0393\u03c1\u03b7\u03b3\u03bf\u03c1\u03af\u03bf\u03c5 \u039d\u03cd\u03c3\u03c3\u03b7\u03c2,<\/em>\u03a0\u03c1\u03b1\u03ba\u03c4\u03b9\u03ba\u03ac \u0398\u0384 \u0394\u03b9\u03b5\u03b8\u03bd\u03bf\u1fe6\u03c2 \u03a3\u03c5\u03bd\u03b5\u03b4\u03c1\u03af\u03bf\u03c5, \u1f08\u03b8\u1fc6\u03bd\u03b1\u03b9 2005, \u03c3. 33\u201335 (Athens, 2005).<\/li>\n<li>\u00ab\u1f08\u03bd\u03b1\u03b6\u03b7\u03c4\u03ce\u03bd\u03c4\u03b1\u03c2 \u03c4\u03ad\u03c3\u03c3\u03b5\u03c1\u03b9\u03c2 \u03bc\u03b5\u03b3\u03ac\u03bb\u03b5\u03c2 \u1f00\u03be\u03af\u03b5\u03c2 \u03b6\u03c9\u1fc6\u03c2\u00bb,\u00a0<em>\u1f14\u03bd\u03b8. \u1f00\u03bd.,<\/em>\u03a0\u03b1\u03bd\u03b5\u03c0\u03b9\u03c3\u03c4\u03ae\u03bc\u03b9\u03bf \u0398\u03b5\u03c3\u03c3\u03b1\u03bb\u03af\u03b1\u03c2, \u03c3. 69\u201375 (University\u00a0of\u00a0Thessaly).<\/li>\n<li>\u201cGod, in Your Grace Transform the World,\u201d\u00a0<em>The Ecumenical Review,<\/em>\u201cA festa da vida,\u201d Documents and Reports from the WCC 9th Assembly in Porto Alegre, vol. 58, nos. 1\u20132, January\/April 2006, pp. 6\u201315.<\/li>\n<li>\u00abTransforme le monde, Dieu, dans ta gr\u00e2ce\u00bb,\u00a0<em>Service Orthodoxe de Presse (SOP)<\/em>307 (April 2006): 19\u201326.<\/li>\n<li>\u00abIn deiner Gnade, Gott, verwandle die Welt\u00bb, 9th Assembly WCC, Porto Alegre 2006 (WCC Ref. 363.007\/02).<\/li>\n<li>\u00abDios, en tu gracia, transforma el mundo\u00bb, Porto Alegre 2006 (loc. cit.).<\/li>\n<li>\u00abDeus, tua gra\u00e7a, transforma o mundo\u00bb, Porto Alegre 2006 (loc. cit.).<\/li>\n<li>\u00ab\u1f29 \u03bc\u03b5\u03c4\u03b1\u03bc\u03cc\u03c1\u03c6\u03c9\u03c3\u03b7 \u03c4\u03bf\u1fe6 \u03ba\u03cc\u03c3\u03bc\u03bf\u03c5\u00bb,\u00a0<em>\u1f08\u03bd\u03ac\u03c0\u03bb\u03b1\u03c3\u03b9\u03c2,<\/em>\u1f00\u03c1. \u03c6. 423, \u039c\u03ac\u03b9\u03bf\u03c2\u2013\u1f38\u03bf\u03cd\u03bd\u03b9\u03bf\u03c2 2006, \u03c3. 67\u201370.<\/li>\n<li>\u201cRediscovering Our Apostolic Identity in the 21st Century,\u201d\u00a0<em>XVII General Assembly Report of the World Fellowship of Orthodox Youth\u2014Syndesmos, 14\u201322 July 2003,<\/em>(Durr\u00ebs, Albania, and Athens, 2006), 37\u201351.<\/li>\n<li>\u00ab\u03a7\u03c1\u03b9\u03c3\u03c4\u03b9\u03b1\u03bd\u03b9\u03ba\u03ad\u03c2 \u1f00\u03c1\u03c7\u03ad\u03c2 \u03c4\u1fc6\u03c2 \u03b5\u1f30\u03c1\u03b7\u03bd\u03b9\u03ba\u1fc6\u03c2 \u03c3\u03c5\u03bd\u03c5\u03c0\u03ac\u03c1\u03be\u03b5\u03c9\u03c2\u00bb,\u00a0<em>\u1f08\u03bd\u03c4\u03af\u03b4\u03c9\u03c1\u03bf\u03bd \u03c4\u1ff7 \u039c\u03b7\u03c4\u03c1\u03bf\u03c0\u03bf\u03bb\u03af\u03c4\u1fc3 \u039c\u03b5\u03c3\u03c3\u03b7\u03bd\u03af\u03b1\u03c2 \u03a7\u03c1\u03c5\u03c3\u03bf\u03c3\u03c4\u03cc\u03bc\u1ff3 \u0398\u03ad\u03bc\u03b5\u03bb\u1fc3,<\/em>\u039a\u03b1\u03bb\u03b1\u03bc\u03ac\u03c4\u03b1 2006, \u03c4\u03cc\u03bc. 1\u03bf\u03c2, \u03c3. 179\u2013187 (Kalamata, 2006).<\/li>\n<li>\u00ab\u1f29 \u03bf\u1f30\u03ba\u03bf\u03b3\u03ad\u03bd\u03b5\u03b9\u03b1, \u03ba\u03cd\u03c4\u03c4\u03b1\u03c1\u03bf \u03c4\u1fc6\u03c2 \u03ba\u03bf\u03b9\u03bd\u03c9\u03bd\u03af\u03b1\u03c2 \u03c0\u03bf\u03cd \u1f10\u03bc\u03c0\u03bd\u03ad\u03b5\u03b9 \u1f21 \u03c7\u03c1\u03b9\u03c3\u03c4\u03b9\u03b1\u03bd\u03b9\u03ba\u03ae \u03c0\u03af\u03c3\u03c4\u03b7\u00bb,\u00a0<em>\u1f29 \u039a\u03b1\u03b8\u03b7\u03bc\u03b5\u03c1\u03b9\u03bd\u03ae,<\/em>24 \u0394\u03b5\u03ba. 2006, \u03c3. 24.<\/li>\n<li>\u00ab\u1f29 \u03b8\u03c1\u03b7\u03c3\u03ba\u03b5\u03c5\u03c4\u03b9\u03ba\u03ae \u03c3\u03c5\u03bd\u03b5\u03af\u03b4\u03b7\u03c3\u03b7 \u03ba\u03b1\u03bb\u03b5\u1fd6\u03c4\u03b1\u03b9 \u03bd\u03ac \u1f00\u03bd\u03c4\u03b9\u03c3\u03c4\u03b1\u03b8\u03b5\u1fd6\u00bb,\u00a0<em>\u1fbd\u0395\u03bb\u03b5\u03cd\u03b8\u03b5\u03c1\u03bf\u03c2 \u03a4\u03cd\u03c0\u03bf\u03c2,<\/em>30 \u0394\u03b5\u03ba. 2006, \u03c3. 21.<\/li>\n<li>\u00ab\u039f\u1f31 \u03a7\u03c1\u03b9\u03c3\u03c4\u03b9\u03b1\u03bd\u03bf\u03af \u03c3\u03c4\u03ae\u03bd \u03c0\u03bf\u03bb\u03c5\u03b8\u03c1\u03b7\u03c3\u03ba\u03b5\u03c5\u03c4\u03b9\u03ba\u03ae \u1f19\u03bd\u03c9\u03bc\u03ad\u03bd\u03b7 \u0395\u1f50\u03c1\u03ce\u03c0\u03b7\u00bb,\u00a0<em>\u03a0\u03c1\u03bf\u03bf\u03c0\u03c4\u03b9\u03ba\u03ad\u03c2 \u03c4\u1fc6\u03c2 \u0395\u1f50\u03c1\u03ce\u03c0\u03b7\u03c2.<\/em>\u03a0\u03c1\u03b1\u03ba\u03c4\u03b9\u03ba\u03ac \u1f11\u03bb\u03bb\u03b7\u03bd\u03bf\u03b3\u03b5\u03c1\u03bc\u03b1\u03bd\u03b9\u03ba\u03bf\u1fe6 \u03c3\u03c5\u03bc\u03c0\u03bf\u03c3\u03af\u03bf\u03c5. \u1f18\u03c0\u03b9\u03bc.\u00a0W.\u00a0Schultheiss, \u0395\u1f50. \u03a7\u03c1\u03c5\u03c3\u03cc\u03c2, \u1f3d\u03b4\u03c1\u03c5\u03bc\u03b1 \u03c4\u1fc6\u03c2 \u0392\u03bf\u03c5\u03bb\u1fc6\u03c2 \u03c4\u1ff6\u03bd \u1f19\u03bb\u03bb\u03ae\u03bd\u03c9\u03bd, \u1f08\u03b8\u03ae\u03bd\u03b1 2007, \u03c3. 97\u2013109 (Athens:\u00a0Greek\u00a0Parliament, 2007).<\/li>\n<li>\u00abChristen in einem multi-religi\u00f6sen geeinten Europa\u00bb,\u00a0<em>Europa Perspektiven,<\/em>Beitr\u00e4ge eines Deutsch-griechischen Symposiums, verl. Ev. Chrysos and W. Schultheiss, (Athens: 2007), 91\u2013104.<\/li>\n<li>\u00ab\u1f49 \u03c4\u03c1\u03b9\u03c0\u03bb\u03cc\u03c2 \u03b8\u03c1\u03af\u03b1\u03bc\u03b2\u03bf\u03c2\u00bb,\u00a0<em>\u1f29<\/em> <em>\u039a\u03b1\u03b8\u03b7\u03bc\u03b5\u03c1\u03b9\u03bd\u03ae<\/em><em>,<\/em>7\u20138 \u1f08\u03c0\u03c1. 2007, \u03c3. 8.<\/li>\n<li>\u00ab\u03a0\u03bf\u03bb\u03c5\u03b8\u03c1\u03b7\u03c3\u03ba\u03b5\u03c5\u03c4\u03b9\u03ba\u03ae \u0395\u1f50\u03c1\u03ce\u03c0\u03b7 \u03ba\u03b1\u03af \u1f48\u03c1\u03b8\u03bf\u03b4\u03bf\u03be\u03af\u03b1\u00bb,\u00a0<em>\u1f08\u03bd\u03b1\u03c3\u03c4\u03ac\u03c3\u03b9\u03bf\u03c2<\/em> <em>\u1f08\u03c1\u03c7\u03b9\u03b5\u03c0\u03af\u03c3\u03ba\u03bf\u03c0\u03bf\u03c2<\/em> <em>\u03a4\u03b9\u03c1\u03ac\u03bd\u03c9\u03bd<\/em><em>, <\/em><em>\u0394\u03c5\u03c1\u03c1\u03b1\u03c7\u03af\u03bf\u03c5<\/em> <em>\u03ba\u03b1\u03af<\/em> <em>\u03c0\u03ac\u03c3\u03b7\u03c2<\/em> <em>\u1f08\u03bb\u03b2\u03b1\u03bd\u03af\u03b1\u03c2<\/em><em>,<\/em>\u1f18\u03c0\u03af\u03c4\u03b9\u03bc\u03bf\u03c2 \u0394\u03b9\u03b4\u03ac\u03ba\u03c4\u03c9\u03c1 \u03c4\u03bf\u1fe6 \u03a4\u03bc\u03ae\u03bc\u03b1\u03c4\u03bf\u03c2 \u1f39\u03c3\u03c4\u03bf\u03c1\u03af\u03b1\u03c2, 20 \u039c\u03b1\u03c1\u03c4. 2007, \u1f38\u03cc\u03bd\u03b9\u03bf \u03a0\u03b1\u03bd\u03b5\u03c0\u03b9\u03c3\u03c4\u03ae\u03bc\u03b9\u03bf, \u039a\u03ad\u03c1\u03ba\u03c5\u03c1\u03b1 2007, \u03c3. 27\u201342 (Corcyra: Ionian University, 2007).<\/li>\n<li>\u201cThe Light of Christ and Europe,\u201d Third European Ecumenical Assembly, \u201cThe Light of Christ shines upon all. Hope for Renewal and Unity in Europe,\u201d Sibiu, 4\u20139 September 2007.<\/li>\n<li>\u00ab\u039e\u03b5\u03bd\u03b9\u03c4\u03b5\u03b9\u03ac\u00bb,\u00a0<em>\u1f29 <\/em><em>\u039a\u03b1\u03b8\u03b7\u03bc\u03b5\u03c1\u03b9\u03bd\u03ae,<\/em>23 \u0394\u03b5\u03ba. 2007, \u03c3. 29.<\/li>\n<li>\u00abLa lumi\u00e8re du Christ et l\u2019Europe\u00bb,\u00a0<em>Service Orthodoxe de Presse (SOP)<\/em>324 (Jan. 2008): 97\u2013109.<\/li>\n<li>\u00ab\u03a0\u03ac\u03c3\u03c7\u03b1 2008\u2014\u1fbd\u0395\u03bb\u03c0\u03af\u03b4\u03b1 \u03ba\u03b1\u03af \u03b4\u03cd\u03bd\u03b1\u03bc\u03b7\u00bb,\u00a0<em>\u1f29 \u039a\u03b1\u03b8\u03b7\u03bc\u03b5\u03c1\u03b9\u03bd\u03ae,<\/em>26\u201327 \u1f08\u03c0\u03c1. 2008, \u03c3. 21.<\/li>\n<li>\u00ab\u1f29 \u1f48\u03c1\u03b8\u03cc\u03b4\u03bf\u03be\u03bf\u03c2 \u0391\u1f50\u03c4\u03bf\u03ba\u03ad\u03c6\u03b1\u03bb\u03bf\u03c2 \u1f18\u03ba\u03ba\u03bb\u03b7\u03c3\u03af\u03b1 \u03c4\u1fc6\u03c2 \u1f08\u03bb\u03b2\u03b1\u03bd\u03af\u03b1\u03c2 \u03c3\u03ae\u03bc\u03b5\u03c1\u03b1\u00bb,\u00a0<em>\u1f39\u03c3\u03c4\u03bf\u03c1\u03af\u03b1 \u03c4\u1fc6\u03c2 \u1f48\u03c1\u03b8\u03bf\u03b4\u03bf\u03be\u03af\u03b1\u03c2,<\/em>\u039f\u1f31 \u1f48\u03c1\u03b8\u03cc\u03b4\u03bf\u03be\u03b5\u03c2 \u1f18\u03ba\u03ba\u03bb\u03b7\u03c3\u03af\u03b5\u03c2 \u03c4\u03bf\u1fe6 20\u03bf\u1fe6 \u03b1\u1f30\u03ce\u03bd\u03b1, \u1f14\u03ba\u03b4.\u00a0Road, \u1f08\u03b8\u03ae\u03bd\u03b1 2008, \u03c3. 254\u2013283 (Athens:\u00a0Road, 2008).<\/li>\n<li>\u00abPravoslavnaya\u00a0Enciclopedia\u00bb \u1f1c\u03ba\u03b4\u03bf\u03c3\u03b7 \u03c4\u03bf\u1fe6 \u03a0\u03b1\u03c4\u03c1\u03b9\u03b1\u03c1\u03c7\u03b5\u03af\u03bf\u03c5 \u039c\u03cc\u03c3\u03c7\u03b1\u03c2, \u039c\u03cc\u03c3\u03c7\u03b1 2008, \u03c4\u03cc\u03bc. 1\u03bf\u03c2, \u03c3. 448\u2013455 (Moscow:\u00a0Publishing\u00a0House\u00a0of\u00a0the\u00a0Moscow\u00a0Patriarchate, 2008).<\/li>\n<li>\u201cCalled to \u039fne \u0397ope in Christ,\u201d 13th CEC Assembly, Lyon, France, 15\u201321 July, 2009.<\/li>\n<li>\u00abAppel\u00e9s \u00e0 une seule esp\u00e9rance en Christ\u00bb (loc. cit.).<\/li>\n<li>\u00abQuelques notes sur l\u2019histoire de l\u2019\u00c9glise Orthodoxe d\u2019Albanie au XXe si\u00e8cle, et sa r\u00e9surrection depuis 1991\u00bb, Christine Chaillot,\u00a0<em>L\u2019\u00c9glise orientale au XXe si\u00e8cle,<\/em>(Paris: Cerf, 2009), pp. 133\u2013150.<\/li>\n<li>\u00abDrita e Krishtit dhe Europa\u00bb,\u00a0<em>K\u00ebrkim,<\/em>Nr. 1,Tirana, janar\u2013prill 2009, pp. 9\u201314.<\/li>\n<li>\u00abVlerat mbar\u00ebnjer\u00ebzore t\u00eb feve\u00bb,\u00a0<em>K\u00ebrkim,<\/em>Nr. 2, Tirana, maj\u2013gusht 2009, pp. 7\u201321.<\/li>\n<li>\u00ab\u0391\u03bb\u03bb\u03b7\u03bb\u03b5\u03b3\u03b3\u03cd\u03b7, \u03bf \u03b1\u03bb\u03b7\u03b8\u03b9\u03bd\u03cc\u03c2 \u03c0\u03bb\u03bf\u03cd\u03c4\u03bf\u03c2 \u03c4\u03b7\u03c2 \u03ba\u03bf\u03b9\u03bd\u03c9\u03bd\u03af\u03b1\u03c2\u00bb, \u03b5\u03c6\u03b7\u03bc. \u039c\u03b1\u03ba\u03b5\u03b4\u03bf\u03bd\u03af\u03b1, 3.4.2010 \u03c3. 3<\/li>\n<li>\u1f19\u03b2\u03b4\u03cc\u03bc\u03b7 \u03b4\u03b9\u03ac\u03bb\u03b5\u03be\u03b7 \u03b5\u1f30\u03c2 \u03bc\u03bd\u03ae\u03bc\u03b7\u03bd \u039d\u03c4\u03af\u03bd\u03bf\u03c5 \u039b\u03b5\u03b2\u03ad\u03bd\u03c4\u03b7,\u00a0\u03a0\u03b1\u03bd\u03b5\u03c0\u03b9\u03c3\u03c4\u03ae\u03bc\u03b9\u03bf \u039a\u03cd\u03c0\u03c1\u03bf\u03c5, \u03c3. 66-80.<\/li>\n<li>\u00ab\u03a4\u03c1\u03bf\u03bc\u03bf\u03ba\u03c1\u03b1\u03c4\u03b9\u03ba\u03ad\u03c2\u1f10\u03bd\u03ad\u03c1\u03b3\u03b5\u03b9\u03b5\u03c2\u00a0\u03ba\u03b1\u03af\u00a0\u03b8\u03c1\u03b7\u03c3\u03ba\u03b5\u03c5\u03c4\u03b9\u03ba\u03ae\u00a0\u03c3\u03c5\u03bd\u03b5\u03af\u03b4\u03b7\u03c3\u03b7\u00bb,\u00a0<em>\u1f19\u03b2\u03b4\u03cc\u03bc\u03b7<\/em><em>\u00a0<\/em><em>\u03b4\u03b9\u03ac\u03bb\u03b5\u03be\u03b9\u03c2<\/em><em>\u00a0<\/em><em>\u03b5\u1f30\u03c2<\/em><em>\u00a0<\/em><em>\u03bc\u03bd\u03ae\u03bc\u03b7\u03bd<\/em><em>\u00a0<\/em><em>\u039d\u03c4\u03af\u03bd\u03bf\u03c5<\/em><em>\u00a0<\/em><em>\u039b\u03b5\u03b2\u03ad\u03bd\u03c4\u03b7<\/em><em>,\u00a0<\/em>\u03a0\u03b1\u03bd\u03b5\u03c0\u03b9\u03c3\u03c4\u03ae\u03bc\u03b9\u03bf\u00a0\u039a\u03cd\u03c0\u03c1\u03bf\u03c5\u00a0(\u03ba\u03b1\u03c4\u03ac\u00a0\u03c4\u03ae\u03bd\u00a0\u03c4\u03b5\u03bb\u03b5\u03c4\u03ae\u00a0\u1f00\u03bd\u03b1\u03b3\u03bf\u03c1\u03b5\u03cd\u03c3\u03b5\u03c9\u03c2\u00a0\u03c4\u03bf\u1fe6\u00a0\u1f08\u03c1\u03c7\u03b9\u03b5\u03c0\u03b9\u03c3\u03ba\u03cc\u03c0\u03bf\u03c5\u00a0\u1f08\u03bd\u03b1\u03c3\u03c4\u03b1\u03c3\u03af\u03bf\u03c5\u00a0\u03c3\u03ad\u00a0\u1f18\u03c0\u03af\u03c4\u03b9\u03bc\u03bf\u00a0\u0394\u03b9\u03b4\u03ac\u03ba\u03c4\u03bf\u03c1\u03b1\u00a0\u03c4\u1fc6\u03c2\u00a0\u03a3\u03c7\u03bf\u03bb\u1fc6\u03c2\u00a0\u039a\u03bf\u03b9\u03bd\u03c9\u03bd\u03b9\u03ba\u1ff6\u03bd\u00a0\u1f18\u03c0\u03b9\u03c3\u03c4\u03b7\u03bc\u1ff6\u03bd\u00a0\u03ba\u03b1\u03af\u00a0\u1f18\u03c0\u03b9\u03c3\u03c4\u03b7\u03bc\u1ff6\u03bd\u00a0\u03c4\u1fc6\u03c2\u00a0\u1f08\u03b3\u03c9\u03b3\u1fc6\u03c2),\u00a0\u039b\u03b5\u03c5\u03ba\u03c9\u03c3\u03af\u03b1\u00a02010,\u00a0\u03c3. 32\u201364 (Nicosia, 2010).<\/li>\n<li>\u03a3\u03c5\u03bd\u03ad\u03bd\u03c4\u03b5\u03c5\u03be\u03b7 \u03c3\u03c4\u03ae\u03bd \u1f08\u03bd\u03c4\u03b9\u03b3\u03cc\u03bd\u03b7 \u03a3\u03bf\u03bb\u03c9\u03bc\u03bf\u03bd\u03af\u03b4\u03bf\u03c5-\u0394\u03c1\u03bf\u03c5\u03b4\u03b9\u03ce\u03c4\u03bf\u03c5 \u03b3\u03b9\u03ac \u03c4\u03ae\u03bd \u1f10\u03c6\u03b7\u03bc\u03b5\u03c1\u03af\u03b4\u03b1\u00a0<em>\u03a6\u03b9\u03bb\u03b5\u03bb\u03b5\u03cd\u03b8\u03b5\u03c1\u03bf\u03c2<\/em>(\u039a\u03c5\u03c1\u03b9\u03b1\u03ba\u03ae, 27 \u1f38\u03bf\u03c5\u03bd\u03af\u03bf\u03c5 2010), \u1f14\u03bd\u03b8. \u1f00\u03bd., \u03c3. 66\u201380.<\/li>\n<li><em>Vsemirnoe\u00a0Videnie<\/em><em>,\u00a0Pravosvestnia\u00a0Evaggelia<\/em><em>,\u00a0Velika\u00a0Svetva\u00a0o\u00a0Rabotnikov<\/em><em>,\u00a0<\/em>\u039c\u03cc\u03c3\u03c7\u03b1 2010, \u03c3. 16\u201333 (Moscow, 2010).<\/li>\n<li>\u00abFeja\u00bb,<em>K<\/em><em>\u00ebrkim<\/em><em>,\u00a0<\/em>Tirana,\u00a0Nr. 4 (janar\u2013prill\u00a02010): 5\u201321.<\/li>\n<li>\u00abFet\u00ebdhe\u00a0varf\u00ebria\u00a0e\u00a0bot\u00ebs\u00bb,\u00a0<em>K<\/em><em>\u00ebrkim<\/em><em>,<\/em>\u00a0Tirana,\u00a0Nr. 5 (maj\u2013gusht\u00a02010): 5\u201321.<\/li>\n<li>\u00abKirilli\u00a0dhe\u00a0Metodi-Udh\u00ebrr\u00ebfyes\u201d,<em>K<\/em><em>\u00ebrkim<\/em><em>,<\/em>\u00a0Tirana,\u00a0Nr. 6 (shtator\u2013dhjetor\u00a02010): 5\u201320.<\/li>\n<li>\u00abPer la comprensione teologica delle altere religioni. Una prospettiva Ortodossa\u00bb,\u00a0<em>Vivens Homo, Revista di Teologia e Scienze religiose<\/em>22 (2011): 417\u2013440.<\/li>\n<li>\u00abDhimbja brenda drit\u00ebs s\u00eb Ngjalljes\u00bb,\u00a0<em>K\u00ebrkim,<\/em>Tirana, Nr. 7 (janar\u2013prill 2011): 5\u20138.<\/li>\n<li>\u00abNheriu dhe natyra n\u00eb fet\u00eb e m\u00ebdha\u00bb,\u00a0<em>K\u00ebrkim,<\/em>Tirana, Nr. 8 (maj\u2013gusht 2011): 5\u201323.<\/li>\n<li>\u201cSome \u039dotes on the History of the Orthodox Church of Albania in the Twentieth Century and its Resurrection from 1991,\u201d\u00a0<em>The Orthodox Church in Eastern Europe in the Twentieth Century,\u00a0<\/em>ed. Christine Chaillot (Oxford, Berlin, Bruxelles, Bern: Peter Lang, 2011), 135\u2013155.<\/li>\n<li>\u201cMeditation on Peace,\u201d Central Committee WCC 16.2.2011. (Also trans. in German, Spanish, French).<\/li>\n<li>\u00ab\u039d\u03ad\u03bf\u03b9 \u03ba\u03b1\u03af \u1f18\u03ba\u03ba\u03bb\u03b7\u03c3\u03af\u03b1 \u03c3\u2019 \u1f15\u03bd\u03b1\u03bd \u03bc\u03b5\u03c4\u03b1\u03b2\u03b1\u03bb\u03bb\u03cc\u03bc\u03b5\u03bd\u03bf \u03ba\u03cc\u03c3\u03bc\u03bf\u00bb, \u03c0\u03b5\u03c1\u03b9\u03bf\u03b4.\u00a0<em>\u03a0\u03b1\u03c1\u03b5\u03bc\u03b2\u03bf\u03bb\u03ae,\u00a0<\/em>\u03c4\u03b5\u1fe6\u03c7. 100 (\u1f38\u03b1\u03bd.\u2013\u039c\u03ac\u03c1\u03c4. 2012), \u03c3. 5\u20139. \u03a0\u03b5\u03c1\u03af\u03bb\u03b7\u03c8\u03b7 \u1f00\u03b3\u03b3\u03bb\u03b9\u03ba\u03ae, \u03c3. 48\u201349 (Summary\u00a0in\u00a0English,\u00a0pp48\u201349).<\/li>\n<li>\u00ab\u039d\u03ac \u03bc\u03ae\u03bd \u1f10\u03bd\u03b4\u03ce\u03c3\u03bf\u03c5\u03bc\u03b5 \u03c3\u03ad \u03bd\u03ad\u03bf\u03c5\u03c2 \u03b4\u03b9\u03c7\u03b1\u03c3\u03bc\u03bf\u03cd\u03c2\u00bb, \u03c3\u03c5\u03bd\u03ad\u03bd\u03c4\u03b5\u03c5\u03be\u03b7 \u03c3\u03c4\u03cc\u03bd \u03a3\u03c4. \u03a4\u03b6\u03af\u03bc\u03b1, \u1f10\u03c6\u03b7\u03bc.\u00a0<em>\u1f29 \u039a\u03b1\u03b8\u03b7\u03bc\u03b5\u03c1\u03b9\u03bd\u03ae,\u00a0<\/em>\u039a\u03c5\u03c1\u03b9\u03b1\u03ba\u03ae 20.1.2013, \u03c3. 21.<\/li>\n<li>\u00ab\u039c\u03ad \u03ba\u03b1\u03c1\u03c4\u03b5\u03c1\u03b9\u03ba\u03ae \u1f51\u03c0\u03bf\u03bc\u03bf\u03bd\u03ae\u00bb, \u1f10\u03c6\u03b7\u03bc.\u00a0<em>\u1f29 \u039a\u03b1\u03b8\u03b7\u03bc\u03b5\u03c1\u03b9\u03bd\u03ae<\/em>, \u03a3\u03ac\u03b2\u03b2\u03b1\u03c4\u03bf 22\u2013\u039a\u03c5\u03c1\u03b9\u03b1\u03ba\u03ae 23.1.2012, \u03c3. 19.<\/li>\n<li>\u00abNdarja e Lajmit t\u00eb Mir\u00eb dhe nd\u00ebrtimi i Kish\u00ebs m\u00eb dit\u00ebt e sotme\u00bb,\u00a0<em>K\u00ebrkim,<\/em>Nr. 9 (2012), pp. 111\u2013122.<\/li>\n<li>\u00abLOGOS, Pasuria e mrekullueshme dhe horizontet e gjera t\u00eb nj\u00eb fjale\u00bb,\u00a0<em>Logos University,<\/em>Tirana, periodical\u00a0<em>Logos<\/em>\u00a01 (2012): 7\u201311.<\/li>\n<li>\u00ab\u039f\u1f30\u03ba\u03bf\u03bd\u03bf\u03bc\u03b9\u03ba\u03ae \u03ba\u03c1\u03af\u03c3\u03b7. \u1f49 \u03c1\u03cc\u03bb\u03bf\u03c2 \u03c4\u1fc6\u03c2 \u1f18\u03ba\u03ba\u03bb\u03b7\u03c3\u03af\u03b1\u03c2\u00bb, \u1f10\u03c6\u03b7\u03bc.\u00a0<em>\u03a4\u03cc \u0392\u1fc6\u03bc\u03b1<\/em>, 9.4.2012. (\u1f28\u03bb\u03b5\u03ba\u03c4\u03c1\u03bf\u03bd\u03b9\u03ba\u03ae \u03bc\u03bf\u03c1\u03c6\u03ae:\u00a0www.tovima.gr\/files\/1\/2012\/09\/3,\u00a0Economic\u00a0Justice,\u00a0pdf.,\u00a0pp. 1\u20137.<\/li>\n<li>\u00ab\u1f08\u03c3\u03c4\u03b5\u03af\u03c1\u03b5\u03c5\u03c4\u03b7 \u03b4\u03cd\u03bd\u03b1\u03bc\u03b7 \u03ba\u03b1\u03c4\u03ac \u03c4\u1fc6\u03c2 \u1f00\u03c0\u03bf\u03b3\u03bd\u03ce\u03c3\u03b5\u03c9\u03c2 \u1f21 \u1f08\u03bd\u03ac\u03c3\u03c4\u03b1\u03c3\u03b7 \u03c4\u03bf\u1fe6 \u03a7\u03c1\u03b9\u03c3\u03c4\u03bf\u1fe6\u00bb, \u1f10\u03c6\u03b7\u03bc.\u00a0<em>\u1f29 \u039a\u03b1\u03b8\u03b7\u03bc\u03b5\u03c1\u03b9\u03bd\u03ae<\/em>, \u03a3\u03ac\u03b2\u03b2\u03b1\u03c4\u03bf 4 \u2013 \u039a\u03c5\u03c1\u03b9\u03b1\u03ba\u03ae \u03a0\u03ac\u03c3\u03c7\u03b1 5.5 2013, \u03c3. 17.<\/li>\n<li>\u00abKriza financiare\u2014roli q\u00eb mund t\u00eb luaj\u00eb Kisha\u00bb,\u00a0<em>K\u00ebrkim,<\/em>Tirana, Nr. 10 (2013): 5\u201311.<\/li>\n<li>\u201cOrthodox Missions\u2014Past, Present, Future,\u201din P. Vassiliades, ed.,\u00a0<em>Orthodox Perspectives on Mission,\u00a0<\/em>Regnum Edinburg Centenary Series 17 (Oxford: Oxford Centre for Mission Studies\u2014Regnum, 2013).<\/li>\n<li>\u00ab1700 \u03c7\u03c1\u03cc\u03bd\u03b9\u03b1 \u1f00\u03c0\u03cc \u03c4\u03cc \u0394\u03b9\u03ac\u03c4\u03b1\u03b3\u03bc\u03b1 \u03c4\u1ff6\u03bd \u039c\u03b5\u03b4\u03b9\u03bf\u03bb\u03ac\u03bd\u03c9\u03bd\u00bb, \u1f10\u03c6\u03b7\u03bc.\u00a0<em>\u1f29 \u039a\u03b1\u03b8\u03b7\u03bc\u03b5\u03c1\u03b9\u03bd\u03ae<\/em>, \u039a\u03c5\u03c1\u03b9\u03b1\u03ba\u03ae 20.10.2013.<\/li>\n<li>\u2002\u00abLiria fetare\u00a0\u00ebsht\u00ebpazgjidhshm\u00ebrisht e lidhur me kthimin e vendeve t\u00ebshenjta t\u00eb\u00a0kultit\u00bb,\u00a0K\u00ebrkim,\u00a0Tirana,\u00a0\u00a0Nr. 11, 2013. \u03c3. 15-19.<\/li>\n<li>\u2002\u00ab\u1f29 \u1f00\u03c3\u03cd\u03bb\u03bb\u03b7\u03c0\u03c4\u03b7 \u1f00\u03be\u03af\u03b1 \u03c4\u1fc6\u03c2 \u1f00\u03bd\u03b8\u03c1\u03ce\u03c0\u03b9\u03bd\u03b7\u03c2 \u03b6\u03c9\u1fc6\u03c2\u00bb, \u1f10\u03c6\u03b7\u03bc.\u1f29 \u039a\u03b1\u03b8\u03b7\u03bc\u03b5\u03c1\u03b9\u03bd\u03ae,\u00a0\u03a7\u03c1\u03b9\u03c3\u03c4\u03bf\u03cd\u03b3\u03b5\u03bd\u03bd\u03b1 29.12.2013.<\/li>\n<li>\u201cSharing the Good News in a Multi-Religious Country. Theological Reflections on Other Religions,\u201d\u00a0<em>Orthodoxy in America Lecture Series,<\/em>January 28, 2014; Bronx, NY: Fordham University, Orthodox Christian Studies Center.<\/li>\n<li>\u00ab\u039c\u03ad \u1f00\u03bd\u03b1\u03c3\u03c4\u03ac\u03c3\u03b9\u03bc\u03bf \u1f41\u03bb\u03cc\u03bb\u03b5\u03c5\u03ba\u03bf \u03c6\u1ff6\u03c2 \u03c3\u03c4\u03ae \u03b6\u03c9\u03ae \u03bc\u03b1\u03c2\u00bb, \u1f10\u03c6\u03b7\u03bc.\u03a4\u03cc \u0392\u1fc6\u03bc\u03b1,\u00a0\u03a0\u03ac\u03c3\u03c7\u03b1 17.4.2014.<\/li>\n<li>\u2002\u00abRip\u00ebrt\u00ebrihuni!\u00bb,\u00a0<em>K\u00ebrkim<\/em>,\u00a0Tirana,\u00a0Nr. 12, 2014, \u03c3. 23-32.<\/li>\n<li>\u2002\u00ab\u1f18\u03ba\u03c0\u03bb\u03b7\u03ba\u03c4\u03b9\u03ba\u03ad\u03c2 \u03bf\u1f31 \u1f10\u03c0\u03b5\u03bc\u03b2\u03ac\u03c3\u03b5\u03b9\u03c2 \u03c4\u03bf\u1fe6 \u0398\u03b5\u03bf\u1fe6. \u1f59\u03c0\u03ad\u03c1\u03b2\u03b1\u03c3\u03b7 \u03c4\u03bf\u1fe6 \u1f00\u03b4\u03c5\u03bd\u03ac\u03c4\u03bf\u03c5\u00bb,<em>\u1f29 \u039a\u03b1\u03b8\u03b7\u03bc\u03b5\u03c1\u03b9\u03bd\u03ae<\/em>,\u03a7\u03c1\u03b9\u03c3\u03c4\u03bf\u03cd\u03b3\u03b5\u03bd\u03bd\u03b1 25.12.2014.<\/li>\n<li>\u2002\u00ab\u1f08\u03bd\u03ac\u03c3\u03c4\u03b1\u03c3\u03b7: \u1f08\u03bd\u03cd\u03c8\u03c9\u03c3\u03b7 \u03c4\u1fc6\u03c2 \u1f00\u03bd\u03b8\u03c1\u03ce\u03c0\u03b9\u03bd\u03b7\u03c2 \u1f00\u03be\u03b9\u03bf\u03c0\u03c1\u03ad\u03c0\u03b5\u03b9\u03b1\u03c2\u00bb, \u1f10\u03c6\u03b7\u03bc.<em>\u1f29 \u039a\u03b1\u03b8\u03b7\u03bc\u03b5\u03c1\u03b9\u03bd\u03ae<\/em>,\u00a0\u03a0\u03ac\u03c3\u03c7\u03b1 12.4.2015.<\/li>\n<li>\u2002\u00abBiblical and Theological Perspectives on discrimination, persecution and martyrdom\u00bb,\u00a0<em>Discrimination, Persecution, martyrdom: Following Christ together, Report of global consultation<\/em>, Tirana, Albania, 2-4 November 2015 ed. Global Christian Forum Bonn, Germany 2019 p. 84-91<\/li>\n<li>\u2002\u00abTradita dhe vizioni i Bashkekzistenc\u00ebs paq\u00ebsore t\u00eb\u00a0komuniteteve fetare n\u00eb\u00a0Shqip\u00ebri\u00bb,\u00a0<em>K\u00ebrkim<\/em>,\u00a0Tirana,\u00a0Nr. 13, 2015. \u03c3. 5-19.<\/li>\n<li>\u2002\u00ab\u0394\u03bf\u03ba\u03b9\u03bc\u03b1\u03c3\u03af\u03b5\u03c2 \u03ba\u03b1\u03af \u03c0\u03b1\u03c1\u03bf\u03c5\u03c3\u03af\u03b1 \u03c4\u03bf\u1fe6 \u0398\u03b5\u03bf\u1fe6\u00bb, \u1f10\u03c6\u03b7\u03bc.\u00a0<em>\u1f29 \u039a\u03b1\u03b8\u03b7\u03bc\u03b5\u03c1\u03b9\u03bd\u03ae<\/em>,\u00a0\u03a7\u03c1\u03b9\u03c3\u03c4\u03bf\u03cd\u03b3\u03b5\u03bd\u03bd\u03b1 25.12.2015.<\/li>\n<li>\u2002\u00ab\u1f1c\u03be\u03bf\u03b4\u03bf\u03c2 \u1f00\u03c0\u03cc \u03c4\u03ae\u03bd \u1f00\u03c0\u03bf\u03b3\u03bf\u03ae\u03c4\u03b5\u03c5\u03c3\u03b7\u00bb, \u1f10\u03c6\u03b7\u03bc.\u00a0<em>\u1f29 \u039a\u03b1\u03b8\u03b7\u03bc\u03b5\u03c1\u03b9\u03bd\u03ae<\/em>,\u00a0\u03a0\u03ac\u03c3\u03c7\u03b1 30.4.2016.<\/li>\n<li>\u2002\u00abDrejt Sinodit t\u00eb Shenjt\u00eb dhe t\u00eb Madh\u00bb<em>K<\/em><em>\u00ebrkim<\/em>,Tirana nr.14 fq. 5-9, 2016<\/li>\n<li>\u2002\u00ab\u0394\u03b9\u03ba\u03b1\u03b9\u03bf\u03c3\u03cd\u03bd\u03b7 \u03b3\u03b9\u03ac \u1f45\u03bb\u03bf\u03c5\u03c2 \u03c4\u03bf\u03cd\u03c2 \u03bb\u03b1\u03bf\u03cd\u03c2, \u1f21 \u03b8\u03b5\u03c1\u03b1\u03c0\u03b5\u03af\u03b1 \u03c4\u1fc6\u03c2 \u03a4\u03b6\u03b9\u03c7\u03ac\u03bd\u03c4\u00bb, \u03a3\u03c5\u03bd\u03ad\u03bd\u03c4\u03b5\u03c5\u03be\u03b7 \u03c3\u03c4\u03ae \u039c\u03b1\u03c1\u03af\u03bd\u03b1 \u0396\u03b9\u03ce\u03b6\u03bf\u03c5, \u1f10\u03c6\u03b7\u03bc.\u00a0<em>\u1f1c\u03b8\u03bd\u03bf\u03c2 \u03c4\u1fc6\u03c2 \u039a\u03c5\u03c1\u03b9\u03b1\u03ba\u1fc6\u03c2<\/em>,\u00a031.12.2016.<\/li>\n<li>\u2002\u00ab\u1f08\u03bd\u03b1\u03c4\u03c1\u03bf\u03c0\u03ae \u03c4\u1fc6\u03c2 \u1f00\u03bb\u03b1\u03b6\u03bf\u03bd\u03b5\u03af\u03b1\u03c2\u00bb, \u1f10\u03c6\u03b7\u03bc.\u00a0<em>\u1f29 \u039a\u03b1\u03b8\u03b7\u03bc\u03b5\u03c1\u03b9\u03bd\u03ae<\/em>,\u00a0\u03a7\u03c1\u03b9\u03c3\u03c4\u03bf\u03cd\u03b3\u03b5\u03bd\u03bd\u03b1 23.12.2016.<\/li>\n<li>\u2002\u00abChurch Raised from the Ruins\u00bb. Interviwed by Genc Mlloja.\u00a0<em>Albanian Daily News<\/em>,\u00a0Tirana, 23.1.2017, \u03c3. 8-9\u00b7 \u00abKisha e ngritur nga g\u00ebrmadhat\u00bb (E plot\u00eb)\u00a0<em>Ngjallja<\/em>,\u00a02017, \u03c3. 4-8.<\/li>\n<li>\u2002\u00ab\u1f08\u03bd\u03b1\u03bd\u03ad\u03c9\u03c3\u03b7 \u03bc\u03ad \u03b5\u1f50\u03c6\u03c1\u03bf\u03c3\u03cd\u03bd\u03b7\u00bb, \u1f10\u03c6\u03b7\u03bc.\u00a0<em>\u1f29 \u039a\u03b1\u03b8\u03b7\u03bc\u03b5\u03c1\u03b9\u03bd\u03ae<\/em>,\u00a0\u03a0\u03ac\u03c3\u03c7\u03b1 16.4.2017\u00b7 \u1f10\u03c6\u03b7\u03bc. \u03a4\u03cc \u0392\u1fc6\u03bc\u03b1, 16.4.2017.<\/li>\n<li>\u2002\u00ab25 \u03c7\u03c1\u03cc\u03bd\u03b9\u03b1 \u03b4\u03b7\u03bc\u03b9\u03bf\u03c5\u03c1\u03b3\u03b9\u03ba\u1fc6\u03c2 \u03c0\u03c1\u03bf\u03c3\u03c0\u03ac\u03b8\u03b5\u03b9\u03b1\u03c2\u00bb, \u03a3\u03c5\u03bd\u03ad\u03bd\u03c4\u03b5\u03c5\u03be\u03b7 \u03c3\u03c4\u03cc \u0391\u03a0\u0395-\u039c\u03a0\u0395, \u03c3\u03c4\u03ae \u039c. \u03a4\u03b6\u03ce\u03c1\u03b1, \u039a\u03c5\u03c1\u03b9\u03b1\u03ba\u03ae 18.6.2017. \u0394\u03b7\u03bc\u03bf\u03c3\u03b9\u03b5\u03cd\u03b8\u03b7\u03ba\u03b5 \u03c3\u03ad \u03c0\u03bf\u03bb\u03bb\u03ad\u03c2 \u1f31\u03c3\u03c4\u03bf\u03c3\u03b5\u03bb\u03af\u03b4\u03b5\u03c2: \u00ab\u1f29 \u1f10\u03bb\u03c0\u03af\u03b4\u03b1 \u1f00\u03bd\u03b1\u03c3\u03c4\u03ae\u03b8\u03b7\u03ba\u03b5\u00bb, \u00ab\u03b4\u03b7\u03bc\u03b9\u03bf\u03c5\u03c1\u03b3\u03ae\u03b8\u03b7\u03ba\u03b5 \u03bd\u03ad\u03b1 \u03c0\u03c1\u03bf\u03bf\u03c0\u03c4\u03b9\u03ba\u03ae \u03b3\u03b9\u03ac \u03c4\u1f40 \u03bc\u03ad\u03bb\u03bb\u03bf\u03bd\u00bb,\u00a0real.gr,\u00a0flash96,\u00a0migration.com,\u00a0euro2day\u00a0\u03ba.\u1f00.<\/li>\n<li>\u2002\u00ab\u0391\u03bb\u03bb\u03bf\u03af\u03c9\u03c3\u03b7 \u03ba\u03b1\u03b9 \u03bf\u03c5\u03c3\u03b9\u03b1\u03c3\u03c4\u03b9\u03ba\u03cc \u03bd\u03cc\u03b7\u03bc\u03b1 \u03c4\u03c9\u03bd \u03a7\u03c1\u03b9\u03c3\u03c4\u03bf\u03c5\u03b3\u03ad\u03bd\u03bd\u03c9\u03bd\u00bb, \u03b5\u03c6\u03b7\u03bc.<em>\u1f29 \u039a\u03b1\u03b8\u03b7\u03bc\u03b5\u03c1\u03b9\u03bd\u03ae<\/em>, 22.12.2017.<\/li>\n<li>\u2002\u00ab\u039d\u03b1 \u03b1\u03bd\u03c4\u03b9\u03c3\u03c4\u03b1\u03b8\u03bf\u03cd\u03bc\u03b5 \u03c3\u03c4\u03b7\u03bd \u03c0\u03b1\u03c1\u03b1\u03ba\u03bc\u03ae\u00bb, \u03c3\u03c5\u03bd\u03ad\u03bd\u03c4\u03b5\u03c5\u03be\u03b7 \u03c3\u03c4\u03bf\u03bd \u0391\u03bb\u03ad\u03be\u03b7 \u03a0\u03b1\u03c0\u03b1\u03c7\u03b5\u03bb\u03ac, \u03b5\u03c6\u03b7\u03bc.<em>\u1f29 <\/em><em>\u039a\u03b1\u03b8\u03b7\u03bc\u03b5\u03c1\u03b9\u03bd\u03ae<\/em>, 30-31.12.2017 \u03c3\u03b5\u03bb. 14-15.<\/li>\n<li>\u2002\u00abN\u00eb linj\u00ebn e Et\u00ebrve. Kuptimi dinamik i tradit\u00ebs s\u00eb Tre Hierark\u00ebve\u00bb\u00a0<em>K\u00ebrkim<\/em>,\u00a0Tirana nr.15 fq. 17-30, 2017<\/li>\n<li>\u2002\u00ab\u0397 \u03b1\u03bd\u03b1\u03b6\u03c9\u03c0\u03cd\u03c1\u03c9\u03c3\u03b7 \u03c4\u03b7\u03c2 \u039f\u03c1\u03b8\u03bf\u03b4\u03cc\u03be\u03bf\u03c5 \u0399\u03b5\u03c1\u03b1\u03c0\u03bf\u03c3\u03c4\u03bf\u03bb\u03ae\u03c2 \u03c3\u03b5 \u03bd\u03ad\u03b1 \u03c3\u03cd\u03bd\u03bf\u03c1\u03b1 \u03ba\u03b1\u03b9 \u03b7 \u0391\u03b3\u03af\u03b1 \u03ba\u03b1\u03b9 \u039c\u03b5\u03b3\u03ac\u03bb\u03b7 \u03a3\u03cd\u03bd\u03bf\u03b4\u03bf\u03c2 \u03c4\u03b7\u03c2 \u039f\u03c1\u03b8\u03bf\u03b4\u03cc\u03be\u03bf\u03c5 \u0395\u03ba\u03ba\u03bb\u03b7\u03c3\u03af\u03b1\u03c2\u00bb \u03ba\u03b1\u03b9 \u03b1\u03b3\u03b3\u03bb.\u00abThe revival of Orthodox Mission in new borders and the Holy and Great Council of the Orthodox Church\u00bb, 8th International Conference of Orthodox Theology, The Holy and Great Council of the Orthodox Church: Orthodox Theology in the 21st Century ,Thessaloniki 21-24 May 2018.<\/li>\n<li>\u00ab\u039c\u03b9\u03b1 \u03b5\u03ba\u03c0\u03bb\u03b7\u03ba\u03c4\u03b9\u03ba\u03ae \u03c0\u03c1\u03cc\u03c3\u03ba\u03bb\u03b7\u03c3\u03b7\u00bb, \u1f10\u03c6\u03b7\u03bc.<em>\u1f29 \u039a\u03b1\u03b8\u03b7\u03bc\u03b5\u03c1\u03b9\u03bd\u03ae<\/em>, 14.4.2018<\/li>\n<li>\u00ab\u0395\u03b9\u03c1\u03b7\u03bd\u03b9\u03ba\u03ae \u03c3\u03c5\u03bd\u03cd\u03c0\u03b1\u03c1\u03be\u03b7 \u03ba\u03b1\u03b9 \u03b8\u03c1\u03b7\u03c3\u03ba\u03b5\u03c5\u03c4\u03b9\u03ba\u03cc\u03c2 \u03c0\u03bb\u03bf\u03c5\u03c1\u03b1\u03bb\u03b9\u03c3\u03bc\u03cc\u03c2\u00bb \u03b5\u03c6\u03b7\u03bc.<em>\u1f29 \u039a\u03b1\u03b8\u03b7\u03bc\u03b5\u03c1\u03b9\u03bd\u03ae<\/em>, 4.11.2018 \u03c3\u03b5\u03bb.12<\/li>\n<li>\u2002\u00ab\u0391\u03bd\u03c4\u03af\u03b4\u03bf\u03c4\u03bf \u03c3\u03c4\u03b7\u03bd \u03b1\u03bd\u03b1\u03c3\u03c6\u03ac\u03bb\u03b5\u03b9\u03b1\u00bb, \u1f10\u03c6\u03b7\u03bc.<em>\u1f29 <\/em><em>\u039a\u03b1\u03b8\u03b7\u03bc\u03b5\u03c1\u03b9\u03bd\u03ae<\/em>, 25.12.2018<\/li>\n<li>\u2002\u00abHierapostullim n\u00eb gjurm\u00ebt e Krishtit\u00bb\u00a0<em>K\u00ebrkim<\/em>,\u00a0Tirana nr.16 fq. 5-25, 2019<\/li>\n<li>\u2002\u00ab \u0395\u03bb\u03c0\u03af\u03b4\u03b1 \u03c7\u03c9\u03c1\u03af\u03c2 \u03cc\u03c1\u03b9\u03b1\u00bb \u03b5\u03c6\u03b7\u03bc.<em>\u03a4\u03b1 \u039d\u03ad\u03b1<\/em>, 25.4.2019,\u03b5\u03c6\u03b7\u03bc.\u00a0<em>\u1f29 \u039a\u03b1\u03b8\u03b7\u03bc\u03b5\u03c1\u03b9\u03bd\u03ae<\/em>, 25.4.2019<\/li>\n<li>\u2002\u00ab\u0391\u03c0\u03cc \u03c4\u03b7 \u0398\u03b5\u03bf\u03bb\u03bf\u03b3\u03b9\u03ba\u03ae \u03a3\u03c7\u03bf\u03bb\u03ae \u0391\u03b8\u03b7\u03bd\u03ce\u03bd \u03c3\u03b5 \u03ba\u03c1\u03af\u03c3\u03b9\u03bc\u03b5\u03c2 \u03b1\u03c0\u03bf\u03c3\u03c4\u03bf\u03bb\u03ad\u03c2: \u03a3\u03c4\u03b1\u03b8\u03bc\u03bf\u03af \u03c0\u03bf\u03c1\u03b5\u03af\u03b1\u03c2 \u03ba\u03b1\u03b9 \u03b5\u03bc\u03c0\u03b5\u03b9\u03c1\u03af\u03b1\u03c2 \u03b5\u03bd\u03cc\u03c2 \u03bc\u03ad\u03bb\u03bf\u03c5\u03c2 \u03c4\u03b7\u03c2\u00bb, \u039f\u03bc\u03b9\u03bb\u03af\u03b1 \u03ba\u03b1\u03c4\u03ac \u03c4\u03bf\u03bd \u03b5\u03bf\u03c1\u03c4\u03b1\u03c3\u03bc\u03cc \u03c4\u03b7\u03c2180\u03b7\u03c2\u03b5\u03c0\u03b5\u03c4\u03b5\u03af\u03bf\u03c5 \u03b1\u03c0\u03cc \u03c4\u03b7\u03c2 \u03b9\u03b4\u03c1\u03cd\u03c3\u03b5\u03ce\u03c2\u00a0\u03c4\u03bf\u03c5 \u0395\u039a\u03a0\u0391.\u00a0<em>\u0395\u03c0\u03af\u03c3\u03b7\u03bc\u03bf\u03b9 \u03bb\u03cc\u03b3\u03bf\u03b9\u00a0<\/em>\u03a0\u03c1\u03c5\u03c4\u03b1\u03bd\u03b5\u03af\u03b1\u00a0\u0391\u03b8\u03b1\u03bd. \u039c\u03b5\u03bb. \u0394\u03b7\u03bc\u03bf\u03c0\u03bf\u03cd\u03bb\u03bf\u03c5, 2015-2019, \u03c4. 37, \u03ad\u03c4\u03b7 2016-2017, \u0391\u03b8\u03ae\u03bd\u03b1, \u03c3\u03b5\u03bb.238-247.<\/li>\n<li>\u2002\u00abReligion and society in the western Balkans\u00bb (Feja dhe shoq\u00ebria n\u00eb Ballkanin per\u00ebndimor), International Conference: Role of Religion in the western Balkans\u2019 societies, Tirana 11-12.6.2019<\/li>\n<li>\u2002\u00ab Religion as an Instrument for Peace\u00bb, International Conference: Religion as an Instrument for Peace, Tirana 18-19. 11. 2019<\/li>\n<li>\u00ab \u1f18\u03bd \u1f00\u03bd\u03b1\u03bc\u03bf\u03bd\u1fc7 \u03c4\u1ff6\u03bd \u03a7\u03c1\u03b9\u03c3\u03c4\u03bf\u03c5\u03b3\u03ad\u03bd\u03bd\u03c9\u03bd 2019,\u0388\u03ba\u03ba\u03bb\u03b7\u03c3\u03b7\u2014\u0394\u03ad\u03b7\u03c3\u03b7 \u03b3\u03b9\u03b1 \u03c4\u03b7\u03bd \u03c5\u03c0\u03ad\u03c1\u03b2\u03b1\u03c3\u03b7 \u03c4\u03b7\u03c2 \u03b5\u03ba\u03ba\u03bb\u03b7\u03c3\u03b9\u03b1\u03c3\u03c4\u03b9\u03ba\u03ae\u03c2 \u03c0\u03bf\u03bb\u03ce\u03c3\u03b5\u03c9\u03c2\u00bb \u1f10\u03c6\u03b7\u03bc.\u00a0<em>\u1f29 <\/em><em>\u039a\u03b1\u03b8\u03b7\u03bc\u03b5\u03c1\u03b9\u03bd\u03ae<\/em>, 24.11.2019, pg. 13<\/li>\n<li>\u00ab\u039f\u03b9 \u03b8\u03ad\u03c3\u03b5\u03b9\u03c2 \u03c4\u03bf\u03c5 \u0391\u03bd\u03b1\u03c3\u03c4\u03b1\u03c3\u03af\u03bf\u03c5 \u03b3\u03b9\u03b1 \u03c4\u03bf \u039f\u03c5\u03ba\u03c1\u03b1\u03bd\u03b9\u03ba\u03cc\u00bb \u1f10\u03c6\u03b7\u03bc. <em>\u0394\u03b7\u03bc\u03bf\u03ba\u03c1\u03b1\u03c4\u03af\u03b1,<\/em>12.2019,<\/li>\n<li>\u00ab\u03a3\u03c5\u03bc\u03c6\u03b9\u03bb\u03af\u03c9\u03c3\u03b7\u00bb: \u1f10\u03c6\u03b7\u03bc. <em>\u03a4\u03b1 \u039d\u03ad\u03b1,<\/em>12.2019, <em>\u1f29 \u039a\u03b1\u03b8\u03b7\u03bc\u03b5\u03c1\u03b9\u03bd\u03ae<\/em>, 25.12.2019.<\/li>\n<li>\u00ab\u0397 \u03b1\u03bb\u03bb\u03b7\u03bb\u03b5\u03b3\u03b3\u03cd\u03b7 \u03b8\u03b1 \u03bd\u03b9\u03ba\u03ae\u03c3\u03b5\u03b9 \u03c4\u03b7\u03bd \u03c0\u03b1\u03bd\u03b4\u03b7\u03bc\u03af\u03b1\u00bb: \u1f10\u03c6\u03b7\u03bc. <em>\u1f29 \u039a\u03b1\u03b8\u03b7\u03bc\u03b5\u03c1\u03b9\u03bd\u03ae<\/em>, 12.4.2020, 31.<\/li>\n<li>\u00ab\u0391\u03c6\u03bf\u03b2\u03af\u03b1\u00bb: \u1f10\u03c6\u03b7\u03bc. <em>\u1f29 \u039a\u03b1\u03b8\u03b7\u03bc\u03b5\u03c1\u03b9\u03bd\u03ae<\/em>, 18.4.2020. <em>\u1f18\u03c3\u03c4\u03af\u03b1<\/em>, 18.4.2020.<\/li>\n<li>\u00abBriefe Seiner Seligkeit Anastasios, Erzbischof von Tirana, Durr\u00ebs und ganz Albanien\u00bb, <em>Orthodoxe Kirche in der Ukraine &#8211; wohin? Dokumente zur Debatte um die Autokephalie<\/em>, Ashendroff Verlag M\u0171nster 20190.<\/li>\n<\/ul>\n<p style=\"text-align: left;\"><strong>PROLOUGES IN VARIOUS BOOKS:<\/strong><\/p>\n<ul style=\"text-align: left;\">\n<li><em>\u1f08\u03c0\u03cc\u03c3\u03c4\u03bf\u03bb\u03bf\u03c2<\/em>(1979), \u03a3\u03c4\u03af\u03c2 \u03c3\u03b5\u03b9\u03c1\u03ad\u03c2: \u00ab\u1f18\u03c0\u1f76 \u03c4\u1f70\u03c2 \u03c0\u03b7\u03b3\u1f70\u03c2\u00bb (1973), \u00ab\u039b\u03bf\u03b3\u03b9\u03ba\u03ae \u039b\u03b1\u03c4\u03c1\u03b5\u03af\u03b1\u00bb (1980 \u1f11\u03be.).<\/li>\n<li><em>\u0398\u03b5\u03af\u03b1 \u039b\u03b5\u03b9\u03c4\u03bf\u03c5\u03c1\u03b3\u03af\u03b1 \u03c4\u03bf\u1fe6 \u1f09\u03b3\u03af\u03bf\u03c5 \u1f38\u03c9\u03ac\u03bd\u03bd\u03bf\u03c5 \u03c4\u03bf\u1fe6\u00a0X<\/em><em>\u03c1\u03c5\u03c3\u03bf\u03c3\u03c4\u03cc\u03bc\u03bf\u03c5<\/em>\u00a0(1980),<\/li>\n<li><em>\u03a0\u03b1\u03bb\u03b1\u03b9\u03ac \u0394\u03b9\u03b1\u03b8\u03ae\u03ba\u03b7<\/em>\u00a0(1981),<\/li>\n<li><em>K<\/em><em>\u03b1\u03b9\u03bd\u03ae \u0394\u03b9\u03b1\u03b8\u03ae\u03ba\u03b7<\/em>\u00a0(1981).<\/li>\n<li><em>WCC<\/em><em>:\u00a0Your\u00a0Will\u00a0Be\u00a0Done<\/em><em>\u2014Orthodoxy\u00a0and\u00a0Mission<\/em>\u00a0(1989).<\/li>\n<li><em>Orthodox\u00a0Editions<\/em>\u00a0(Nairobi\u00a0andAthens): \u0398\u03b5\u03af\u03b1 \u039b\u03b5\u03b9\u03c4\u03bf\u03c5\u03c1\u03b3\u03af\u03b1 \u03c3\u03c4\u03af\u03c2 \u1f00\u03c6\u03c1\u03b9\u03ba\u03b1\u03bd\u03b9\u03ba\u03ad\u03c2 \u03b3\u03bb\u1ff6\u03c3\u03c3\u03b5\u03c2:\u00a0K\u03b9\u03c3\u03bf\u03c5\u03b1\u03c7\u03af\u03bb\u03b9 (1985),\u00a0K\u03b9\u03ba\u03bf\u03cd\u03b3\u03b9\u03bf\u03c5 (1986), \u039b\u03bf\u03c5\u03b3\u03ba\u03ac\u03bd\u03c4\u03b1 (1987).<\/li>\n<li>K\u03b1\u03b9\u03bd\u03ae \u0394\u03b9\u03b1\u03b8\u03ae\u03ba\u03b7 (1993).<\/li>\n<li>Also the prologues for seven liturgical and theological books in Albanian (1992\u20132003). See also K . Cl\u00e9mens,\u00a0<em>The Churches in Europe as Witnesses to Healing<\/em>, Geneva 2003.<\/li>\n<li>L. Hoppe,\u00a0<em>Resurrection. The Orthodox Autocephalous Church of Albania 1991\u20132003<\/em>.\u00a0<em>Ngjallja,<\/em>\u00a0Tirana 2003.<\/li>\n<li>L. Veronis,\u00a0<em>Go Forth, Stories of Mission and Resurrection in Albania<\/em>, Ben Lom\u03bfnd, CA: Conciliar Press, 2009.<\/li>\n<li>\u1f08\u03bd\u03b1\u03c3\u03c4\u03b7\u03bb\u03ce\u03c3\u03b5\u03b9\u03c2 \u03bc\u03bd\u03b7\u03bc\u03b5\u03af\u03c9\u03bd \u03c4\u1fc6\u03c2 \u1f48\u03c1\u03b8\u03bf\u03b4\u03cc\u03be\u03bf\u03c5 \u0391\u1f50\u03c4\u03bf\u03ba\u03b5\u03c6\u03ac\u03bb\u03bf\u03c5 \u1f18\u03ba\u03ba\u03bb\u03b7\u03c3\u03af\u03b1\u03c2 \u03c4\u1fc6\u03c2 \u1f08\u03bb\u03b2\u03b1\u03bd\u03af\u03b1\u03c2,\u00a0\u03a4\u03af\u03c1\u03b1\u03bd\u03b1 2005 (Albanian, Greek, English).<\/li>\n<li>2000 Years Christian Art and Culture in Albania,\u00a0International Symposium organized by the Albanian Orthodox Autocephalous Church (Tirana 16-18 Nov. 2000), Tirana 2006.<\/li>\n<li>\u039f\u1f30\u03ba\u03bf\u03b4\u03bf\u03bc\u03b9\u03ba\u03cc \u1f14\u03c1\u03b3\u03bf \u03c4\u1fc6\u03c2 \u1f48\u03c1\u03b8\u03bf\u03b4\u03cc\u03be\u03bf\u03c5 \u0391\u1f50\u03c4\u03bf\u03ba\u03b5\u03c6\u03ac\u03bb\u03bf\u03c5 \u1f18\u03ba\u03ba\u03bb\u03b7\u03c3\u03af\u03b1\u03c2 \u03c4\u1fc6\u03c2 \u1f08\u03bb\u03b2\u03b1\u03bd\u03af\u03b1\u03c2 \u03ba\u03b1\u03c4\u03ac \u03c4\u03ac \u1f14\u03c4\u03b7 1992-2012,\u00a0\u03c4\u03cc\u03bc. \u0391\u1ffd:\u00a0\u1f39\u03b5\u03c1\u03ac \u1f08\u03c1\u03c7\u03b9\u03b5\u03c0\u03b9\u03c3\u03ba\u03bf\u03c0\u03ae \u03a4\u03b9\u03c1\u03ac\u03bd\u03c9\u03bd,\u00a0\u03a4\u03af\u03c1\u03b1\u03bd\u03b1 2012 (Albanian, Greek, and English). \u03a4\u03cc\u03bc. \u0392\u00b4:\u00a0\u1f39\u03b5\u03c1\u03ac \u039c\u03b7\u03c4\u03c1\u03cc\u03c0\u03bf\u03bb\u03b7 \u1f08\u03c1\u03b3\u03c5\u03c1\u03bf\u03ba\u03ac\u03c3\u03c4\u03c1\u03bf\u03c5,\u00a0\u03a4\u03af\u03c1\u03b1\u03bd\u03b1 2012 (Albanian, Greek, and English).<\/li>\n<li>Tet\u00ebtingullshi Ngjall\u00ebsor, Tirana, 2018.<\/li>\n<li><em>Colours of Orthodoxy<\/em>, Warsaw, 2019 (Greek, English, Albanian, Polish, Russian).<\/li>\n<\/ul>\n<p style=\"text-align: left;\"><strong>\u00a0PERIODICALS AND JOURNALS<\/strong><\/p>\n<ul>\n<li style=\"text-align: left;\">Founder and editor of the bilingual missionary quarterly\u00a0<em>Porefthentes\u2014Go Ye<\/em>(1960\u20131970), in Greek and English.<\/li>\n<li style=\"text-align: left;\">The quarterly review\u00a0<em>Panta ta Ethne<\/em>(All the nations) (1981\u20131992).<\/li>\n<li style=\"text-align: left;\">The monthly journal\u00a0<em>Ngjallja<\/em>(Resurrection) published in Albanian, since 1992, and the quarterly review\u00a0<em>K\u00ebrkim<\/em>\u00a0(Research), since 2009.<\/li>\n<li style=\"text-align: left;\">Many of his studies and articles have been published in English, German, French, Albanian, Russian, Swedish, Finnish, Serbian, Romanian, Bulgarian, Spanish, Portuguese, Korean, \u0391rmenian, Italian, Arabic, and Polish.<\/li>\n<\/ul>\n<div class=\"MsoNormal\" style=\"tab-stops: 85.5pt; text-align: justify; text-indent: 27.0pt;\"><span style=\"font-size: 13.0pt; line-height: 107%;\">May 2020<\/span><\/div>\n<\/div>\n<\/div><\/article><\/section><\/div><div class=\"fusion-clearfix\"><\/div><\/div><\/div><div class=\"fusion-layout-column fusion_builder_column fusion-builder-column-1 fusion_builder_column_1_3 1_3 fusion-one-third fusion-column-last\" style=\"--awb-bg-size:cover;width:33.333333333333%;width:calc(33.333333333333% - ( ( 4% ) * 0.33333333333333 ) );\"><div class=\"fusion-column-wrapper fusion-column-has-shadow fusion-flex-column-wrapper-legacy\"><div class=\"fusion-search-element fusion-search-element-1 fusion-search-form-classic\"><div class=\"asl_w_container asl_w_container_1\" data-id=\"1\" data-instance=\"1\">\n\t<div id='ajaxsearchlite1'\n\t\tdata-id=\"1\"\n\t\tdata-instance=\"1\"\n\t\tclass=\"asl_w asl_m asl_m_1 asl_m_1_1\">\n\t\t<div class=\"probox\">\n\n\t\n\t<div class='prosettings' style='display:none;' data-opened=0>\n\t\t\t\t<div class='innericon'>\n\t\t\t<svg version=\"1.1\" xmlns=\"http:\/\/www.w3.org\/2000\/svg\" xmlns:xlink=\"http:\/\/www.w3.org\/1999\/xlink\" x=\"0px\" y=\"0px\" width=\"22\" height=\"22\" viewBox=\"0 0 512 512\" enable-background=\"new 0 0 512 512\" xml:space=\"preserve\">\n\t\t\t\t\t<polygon transform = \"rotate(90 256 256)\" points=\"142.332,104.886 197.48,50 402.5,256 197.48,462 142.332,407.113 292.727,256 \"\/>\n\t\t\t\t<\/svg>\n\t\t<\/div>\n\t<\/div>\n\n\t\n\t\n\t<div class='proinput'>\n\t\t<form role=\"search\" action='#' autocomplete=\"off\"\n\t\t\t\taria-label=\"Search form\">\n\t\t\t<input aria-label=\"Search input\"\n\t\t\t\t\ttype='search' class='orig'\n\t\t\t\t\ttabindex=\"0\"\n\t\t\t\t\tname='phrase'\n\t\t\t\t\tplaceholder='Search here..'\n\t\t\t\t\tvalue=''\n\t\t\t\t\tautocomplete=\"off\"\/>\n\t\t\t<input aria-label=\"Search autocomplete\"\n\t\t\t\t\ttype='text'\n\t\t\t\t\tclass='autocomplete'\n\t\t\t\t\ttabindex=\"-1\"\n\t\t\t\t\tname='phrase'\n\t\t\t\t\tvalue=''\n\t\t\t\t\tautocomplete=\"off\" disabled\/>\n\t\t\t<input type='submit' value=\"Start search\" style='width:0; height: 0; visibility: hidden;'>\n\t\t<\/form>\n\t<\/div>\n\n\t\n\t\n\t<button class='promagnifier' tabindex=\"0\" aria-label=\"Search magnifier\">\n\t\t\t\t<span class='innericon' style=\"display:block;\">\n\t\t\t<svg version=\"1.1\" xmlns=\"http:\/\/www.w3.org\/2000\/svg\" xmlns:xlink=\"http:\/\/www.w3.org\/1999\/xlink\" x=\"0px\" y=\"0px\" width=\"22\" height=\"22\" viewBox=\"0 0 512 512\" enable-background=\"new 0 0 512 512\" xml:space=\"preserve\">\n\t\t\t\t\t<path d=\"M460.355,421.59L353.844,315.078c20.041-27.553,31.885-61.437,31.885-98.037\n\t\t\t\t\t\tC385.729,124.934,310.793,50,218.686,50C126.58,50,51.645,124.934,51.645,217.041c0,92.106,74.936,167.041,167.041,167.041\n\t\t\t\t\t\tc34.912,0,67.352-10.773,94.184-29.158L419.945,462L460.355,421.59z M100.631,217.041c0-65.096,52.959-118.056,118.055-118.056\n\t\t\t\t\t\tc65.098,0,118.057,52.959,118.057,118.056c0,65.096-52.959,118.056-118.057,118.056C153.59,335.097,100.631,282.137,100.631,217.041\n\t\t\t\t\t\tz\"\/>\n\t\t\t\t<\/svg>\n\t\t<\/span>\n\t<\/button>\n\n\t\n\t\n\t<div class='proloading'>\n\n\t\t<div class=\"asl_loader\"><div class=\"asl_loader-inner asl_simple-circle\"><\/div><\/div>\n\n\t\t\t<\/div>\n\n\t\t\t<div class='proclose'>\n\t\t\t<svg version=\"1.1\" xmlns=\"http:\/\/www.w3.org\/2000\/svg\" xmlns:xlink=\"http:\/\/www.w3.org\/1999\/xlink\" x=\"0px\"\n\t\t\t\ty=\"0px\"\n\t\t\t\twidth=\"12\" height=\"12\" viewBox=\"0 0 512 512\" enable-background=\"new 0 0 512 512\"\n\t\t\t\txml:space=\"preserve\">\n\t\t\t\t<polygon points=\"438.393,374.595 319.757,255.977 438.378,137.348 374.595,73.607 255.995,192.225 137.375,73.622 73.607,137.352 192.246,255.983 73.622,374.625 137.352,438.393 256.002,319.734 374.652,438.378 \"\/>\n\t\t\t<\/svg>\n\t\t<\/div>\n\t\n\t\n<\/div>\t<\/div>\n\t<div class='asl_data_container' style=\"display:none !important;\">\n\t\t<div class=\"asl_init_data wpdreams_asl_data_ct\"\n\tstyle=\"display:none !important;\"\n\tid=\"asl_init_id_1\"\n\tdata-asl-id=\"1\"\n\tdata-asl-instance=\"1\"\n\tdata-settings=\"{&quot;homeurl&quot;:&quot;https:\\\/\\\/orthodoxalbania.org\\\/2020\\\/&quot;,&quot;resultstype&quot;:&quot;vertical&quot;,&quot;resultsposition&quot;:&quot;hover&quot;,&quot;itemscount&quot;:4,&quot;charcount&quot;:0,&quot;highlight&quot;:false,&quot;highlightWholewords&quot;:true,&quot;singleHighlight&quot;:false,&quot;scrollToResults&quot;:{&quot;enabled&quot;:false,&quot;offset&quot;:0},&quot;resultareaclickable&quot;:1,&quot;autocomplete&quot;:{&quot;enabled&quot;:true,&quot;lang&quot;:&quot;en&quot;,&quot;trigger_charcount&quot;:0},&quot;mobile&quot;:{&quot;menu_selector&quot;:&quot;#menu-toggle&quot;},&quot;trigger&quot;:{&quot;click&quot;:&quot;ajax_search&quot;,&quot;click_location&quot;:&quot;same&quot;,&quot;update_href&quot;:false,&quot;return&quot;:&quot;nothing&quot;,&quot;return_location&quot;:&quot;same&quot;,&quot;facet&quot;:true,&quot;type&quot;:true,&quot;redirect_url&quot;:&quot;?s={phrase}&quot;,&quot;delay&quot;:300},&quot;animations&quot;:{&quot;pc&quot;:{&quot;settings&quot;:{&quot;anim&quot;:&quot;fadedrop&quot;,&quot;dur&quot;:300},&quot;results&quot;:{&quot;anim&quot;:&quot;fadedrop&quot;,&quot;dur&quot;:300},&quot;items&quot;:&quot;voidanim&quot;},&quot;mob&quot;:{&quot;settings&quot;:{&quot;anim&quot;:&quot;fadedrop&quot;,&quot;dur&quot;:300},&quot;results&quot;:{&quot;anim&quot;:&quot;fadedrop&quot;,&quot;dur&quot;:300},&quot;items&quot;:&quot;voidanim&quot;}},&quot;autop&quot;:{&quot;state&quot;:true,&quot;phrase&quot;:&quot;&quot;,&quot;count&quot;:&quot;1&quot;},&quot;resPage&quot;:{&quot;useAjax&quot;:false,&quot;selector&quot;:&quot;#main&quot;,&quot;trigger_type&quot;:true,&quot;trigger_facet&quot;:true,&quot;trigger_magnifier&quot;:false,&quot;trigger_return&quot;:false},&quot;resultsSnapTo&quot;:&quot;left&quot;,&quot;results&quot;:{&quot;width&quot;:&quot;auto&quot;,&quot;width_tablet&quot;:&quot;auto&quot;,&quot;width_phone&quot;:&quot;auto&quot;},&quot;settingsimagepos&quot;:&quot;right&quot;,&quot;closeOnDocClick&quot;:true,&quot;overridewpdefault&quot;:false,&quot;override_method&quot;:&quot;get&quot;}\"><\/div>\n\t<div id=\"asl_hidden_data\">\n\t\t<svg style=\"position:absolute\" height=\"0\" width=\"0\">\n\t\t\t<filter id=\"aslblur\">\n\t\t\t\t<feGaussianBlur in=\"SourceGraphic\" stdDeviation=\"4\"\/>\n\t\t\t<\/filter>\n\t\t<\/svg>\n\t\t<svg style=\"position:absolute\" height=\"0\" width=\"0\">\n\t\t\t<filter id=\"no_aslblur\"><\/filter>\n\t\t<\/svg>\n\t<\/div>\n\t<\/div>\n\n\t<div id='ajaxsearchliteres1'\n\tclass='vertical wpdreams_asl_results asl_w asl_r asl_r_1 asl_r_1_1'>\n\n\t\n\t<div class=\"results\">\n\n\t\t\n\t\t<div class=\"resdrg\">\n\t\t<\/div>\n\n\t\t\n\t<\/div>\n\n\t\n\t\n<\/div>\n\n\t<div id='__original__ajaxsearchlitesettings1'\n\t\tdata-id=\"1\"\n\t\tclass=\"searchsettings wpdreams_asl_settings asl_w asl_s asl_s_1\">\n\t\t<form name='options'\n\t\taria-label=\"Search settings form\"\n\t\tautocomplete = 'off'>\n\n\t\n\t\n\t<input type=\"hidden\" name=\"filters_changed\" style=\"display:none;\" value=\"0\">\n\t<input type=\"hidden\" name=\"filters_initial\" style=\"display:none;\" value=\"1\">\n\n\t<div class=\"asl_option_inner hiddend\">\n\t\t<input type='hidden' name='qtranslate_lang' id='qtranslate_lang'\n\t\t\t\tvalue='0'\/>\n\t<\/div>\n\n\t\n\t\t\t<div class=\"asl_option_inner hiddend\">\n\t\t\t<input type='hidden' name='polylang_lang'\n\t\t\t\t\tvalue=''\/>\n\t\t<\/div>\n\t\n\t<fieldset class=\"asl_sett_scroll\">\n\t\t<legend style=\"display: none;\">Generic selectors<\/legend>\n\t\t<div class=\"asl_option hiddend\" tabindex=\"0\">\n\t\t\t<div class=\"asl_option_inner\">\n\t\t\t\t<input type=\"checkbox\" value=\"exact\"\n\t\t\t\t\t\taria-label=\"Exact matches only\"\n\t\t\t\t\t\tname=\"asl_gen[]\"  checked=\"checked\"\/>\n\t\t\t\t<div class=\"asl_option_checkbox\"><\/div>\n\t\t\t<\/div>\n\t\t\t<div class=\"asl_option_label\">\n\t\t\t\tExact matches only\t\t\t<\/div>\n\t\t<\/div>\n\t\t<div class=\"asl_option hiddend\" tabindex=\"0\">\n\t\t\t<div class=\"asl_option_inner\">\n\t\t\t\t<input type=\"checkbox\" value=\"title\"\n\t\t\t\t\t\taria-label=\"Search in title\"\n\t\t\t\t\t\tname=\"asl_gen[]\"  checked=\"checked\"\/>\n\t\t\t\t<div class=\"asl_option_checkbox\"><\/div>\n\t\t\t<\/div>\n\t\t\t<div class=\"asl_option_label\">\n\t\t\t\tSearch in title\t\t\t<\/div>\n\t\t<\/div>\n\t\t<div class=\"asl_option hiddend\" tabindex=\"0\">\n\t\t\t<div class=\"asl_option_inner\">\n\t\t\t\t<input type=\"checkbox\" value=\"content\"\n\t\t\t\t\t\taria-label=\"Search in content\"\n\t\t\t\t\t\tname=\"asl_gen[]\"  checked=\"checked\"\/>\n\t\t\t\t<div class=\"asl_option_checkbox\"><\/div>\n\t\t\t<\/div>\n\t\t\t<div class=\"asl_option_label\">\n\t\t\t\tSearch in content\t\t\t<\/div>\n\t\t<\/div>\n\t\t<div class=\"asl_option_inner hiddend\">\n\t\t\t<input type=\"checkbox\" value=\"excerpt\"\n\t\t\t\t\taria-label=\"Search in excerpt\"\n\t\t\t\t\tname=\"asl_gen[]\"  checked=\"checked\"\/>\n\t\t\t<div class=\"asl_option_checkbox\"><\/div>\n\t\t<\/div>\n\t<\/fieldset>\n\t<fieldset class=\"asl_sett_scroll\">\n\t\t<legend style=\"display: none;\">Post Type Selectors<\/legend>\n\t\t\t\t\t<div class=\"asl_option\" tabindex=\"0\">\n\t\t\t\t<div class=\"asl_option_inner\">\n\t\t\t\t\t<input type=\"checkbox\" value=\"fusion_tb_layout\"\n\t\t\t\t\t\t\taria-label=\"fusion_tb_layout\"\n\t\t\t\t\t\t\tname=\"customset[]\" \/>\n\t\t\t\t\t<div class=\"asl_option_checkbox\"><\/div>\n\t\t\t\t<\/div>\n\t\t\t\t<div class=\"asl_option_label\">\n\t\t\t\t\tfusion_tb_layout\t\t\t\t<\/div>\n\t\t\t<\/div>\n\t\t\t\t\t\t<div class=\"asl_option_inner hiddend\">\n\t\t\t\t<input type=\"checkbox\" value=\"customize_changeset\"\n\t\t\t\t\t\taria-label=\"Hidden option, ignore please\"\n\t\t\t\t\t\tname=\"customset[]\" checked=\"checked\"\/>\n\t\t\t<\/div>\n\t\t\t\t\t\t<div class=\"asl_option_inner hiddend\">\n\t\t\t\t<input type=\"checkbox\" value=\"post\"\n\t\t\t\t\t\taria-label=\"Hidden option, ignore please\"\n\t\t\t\t\t\tname=\"customset[]\" checked=\"checked\"\/>\n\t\t\t<\/div>\n\t\t\t\t\t\t<div class=\"asl_option_inner hiddend\">\n\t\t\t\t<input type=\"checkbox\" value=\"oembed_cache\"\n\t\t\t\t\t\taria-label=\"Hidden option, ignore please\"\n\t\t\t\t\t\tname=\"customset[]\" checked=\"checked\"\/>\n\t\t\t<\/div>\n\t\t\t\t\t\t<div class=\"asl_option_inner hiddend\">\n\t\t\t\t<input type=\"checkbox\" value=\"wp_block\"\n\t\t\t\t\t\taria-label=\"Hidden option, ignore please\"\n\t\t\t\t\t\tname=\"customset[]\" checked=\"checked\"\/>\n\t\t\t<\/div>\n\t\t\t\t\t\t<div class=\"asl_option_inner hiddend\">\n\t\t\t\t<input type=\"checkbox\" value=\"dflip\"\n\t\t\t\t\t\taria-label=\"Hidden option, ignore please\"\n\t\t\t\t\t\tname=\"customset[]\" checked=\"checked\"\/>\n\t\t\t<\/div>\n\t\t\t\t\t\t<div class=\"asl_option_inner hiddend\">\n\t\t\t\t<input type=\"checkbox\" value=\"acf-field-group\"\n\t\t\t\t\t\taria-label=\"Hidden option, ignore please\"\n\t\t\t\t\t\tname=\"customset[]\" checked=\"checked\"\/>\n\t\t\t<\/div>\n\t\t\t\t\t\t<div class=\"asl_option_inner hiddend\">\n\t\t\t\t<input type=\"checkbox\" value=\"page\"\n\t\t\t\t\t\taria-label=\"Hidden option, ignore please\"\n\t\t\t\t\t\tname=\"customset[]\" checked=\"checked\"\/>\n\t\t\t<\/div>\n\t\t\t\t\t\t<div class=\"asl_option_inner hiddend\">\n\t\t\t\t<input type=\"checkbox\" value=\"custom_css\"\n\t\t\t\t\t\taria-label=\"Hidden option, ignore please\"\n\t\t\t\t\t\tname=\"customset[]\" checked=\"checked\"\/>\n\t\t\t<\/div>\n\t\t\t\t\t\t<div class=\"asl_option_inner hiddend\">\n\t\t\t\t<input type=\"checkbox\" value=\"user_request\"\n\t\t\t\t\t\taria-label=\"Hidden option, ignore please\"\n\t\t\t\t\t\tname=\"customset[]\" checked=\"checked\"\/>\n\t\t\t<\/div>\n\t\t\t\t<\/fieldset>\n\t<\/form>\n\t<\/div>\n<\/div>\n<\/div><div class=\"fusion-sep-clear\"><\/div><div class=\"fusion-separator fusion-full-width-sep\" style=\"margin-left: auto;margin-right: auto;margin-top:15px;width:100%;\"><div class=\"fusion-separator-border sep-double sep-solid\" style=\"--awb-height:20px;--awb-amount:20px;border-color:#E8E6E5;border-top-width:1px;border-bottom-width:1px;\"><\/div><\/div><div class=\"fusion-sep-clear\"><\/div><div class=\"fusion-text fusion-text-1\"><h3 style=\"text-align: center;\">Foto Album<\/h3>\n<\/div><div class=\"fusion-sep-clear\"><\/div><div class=\"fusion-separator fusion-full-width-sep\" style=\"margin-left: auto;margin-right: auto;margin-bottom:15px;width:100%;\"><div class=\"fusion-separator-border sep-double sep-solid\" style=\"--awb-height:20px;--awb-amount:20px;border-color:#E8E6E5;border-top-width:1px;border-bottom-width:1px;\"><\/div><\/div><div class=\"fusion-sep-clear\"><\/div><div class=\"awb-gallery-wrapper awb-gallery-wrapper-1 button-span-no\"><div style=\"margin:-2px;--awb-bordersize:0px;\" class=\"fusion-gallery fusion-gallery-container fusion-grid-3 fusion-columns-total-6 fusion-gallery-layout-masonry fusion-gallery-1\"><div class=\"fusion-grid-column fusion-gallery-column fusion-gallery-column-3 hover-type-zoomout fusion-grid-sizer\"><\/div><div style=\"padding:2.5px;\" class=\"fusion-grid-column fusion-gallery-column fusion-gallery-column-3 hover-type-zoomout fusion-element-portrait\"><div class=\"fusion-gallery-image\"><a href=\"https:\/\/orthodoxalbania.org\/2020\/wp-content\/uploads\/2020\/04\/kryepiskopi-08.jpg\" rel=\"noreferrer\" data-rel=\"iLightbox[gallery_image_1]\" class=\"fusion-lightbox\" target=\"_self\"><div style=\"padding-top:calc((100% + 4px) * 1.6);background-position:;\" class=\"fusion-masonry-element-container lazyload\" data-bg=\"https:\/\/orthodoxalbania.org\/2020\/wp-content\/uploads\/2020\/04\/kryepiskopi-08.jpg\"><img decoding=\"async\" src=\"https:\/\/orthodoxalbania.org\/2020\/wp-content\/uploads\/2020\/04\/kryepiskopi-08.jpg\" width=\"400\" height=\"600\" alt=\"\" title=\"kryepiskopi 08\" aria-label=\"kryepiskopi 08\" class=\"img-responsive wp-image-13871 fusion-gallery-image-size-fixed\" srcset=\"https:\/\/orthodoxalbania.org\/2020\/wp-content\/uploads\/2020\/04\/kryepiskopi-08-200x300.jpg 200w, https:\/\/orthodoxalbania.org\/2020\/wp-content\/uploads\/2020\/04\/kryepiskopi-08.jpg 400w\" sizes=\"(min-width: 2200px) 100vw, (min-width: 824px) 389px, (min-width: 732px) 583px, (min-width: 640px) 732px, \" \/><\/div><\/a><\/div><\/div><div style=\"padding:2.5px;\" class=\"fusion-grid-column fusion-gallery-column fusion-gallery-column-3 hover-type-zoomout fusion-element-portrait\"><div class=\"fusion-gallery-image\"><a href=\"https:\/\/orthodoxalbania.org\/2020\/wp-content\/uploads\/2020\/04\/kryepiskopi-07.jpg\" rel=\"noreferrer\" data-rel=\"iLightbox[gallery_image_1]\" class=\"fusion-lightbox\" target=\"_self\"><div style=\"padding-top:calc((100% + 4px) * 1.6);background-position:;\" class=\"fusion-masonry-element-container lazyload\" data-bg=\"https:\/\/orthodoxalbania.org\/2020\/wp-content\/uploads\/2020\/04\/kryepiskopi-07.jpg\"><img decoding=\"async\" src=\"https:\/\/orthodoxalbania.org\/2020\/wp-content\/uploads\/2020\/04\/kryepiskopi-07.jpg\" width=\"366\" height=\"600\" alt=\"\" title=\"kryepiskopi 07\" aria-label=\"kryepiskopi 07\" class=\"img-responsive wp-image-13870 fusion-gallery-image-size-fixed\" srcset=\"https:\/\/orthodoxalbania.org\/2020\/wp-content\/uploads\/2020\/04\/kryepiskopi-07-200x328.jpg 200w, https:\/\/orthodoxalbania.org\/2020\/wp-content\/uploads\/2020\/04\/kryepiskopi-07.jpg 366w\" sizes=\"(min-width: 2200px) 100vw, (min-width: 824px) 389px, (min-width: 732px) 583px, (min-width: 640px) 732px, \" \/><\/div><\/a><\/div><\/div><div style=\"padding:2.5px;\" class=\"fusion-grid-column fusion-gallery-column fusion-gallery-column-3 hover-type-zoomout fusion-element-grid\"><div class=\"fusion-gallery-image\"><a href=\"https:\/\/orthodoxalbania.org\/2020\/wp-content\/uploads\/2020\/04\/kryepiskopi-06.jpg\" rel=\"noreferrer\" data-rel=\"iLightbox[gallery_image_1]\" class=\"fusion-lightbox\" target=\"_self\"><div style=\"padding-top:calc((100% + 4px) * 0.8 - 2.5px);background-position:;\" class=\"fusion-masonry-element-container lazyload\" data-bg=\"https:\/\/orthodoxalbania.org\/2020\/wp-content\/uploads\/2020\/04\/kryepiskopi-06.jpg\"><img decoding=\"async\" src=\"https:\/\/orthodoxalbania.org\/2020\/wp-content\/uploads\/2020\/04\/kryepiskopi-06.jpg\" width=\"503\" height=\"600\" alt=\"\" title=\"kryepiskopi 06\" aria-label=\"kryepiskopi 06\" class=\"img-responsive wp-image-13869 fusion-gallery-image-size-fixed\" srcset=\"https:\/\/orthodoxalbania.org\/2020\/wp-content\/uploads\/2020\/04\/kryepiskopi-06-200x239.jpg 200w, https:\/\/orthodoxalbania.org\/2020\/wp-content\/uploads\/2020\/04\/kryepiskopi-06-400x477.jpg 400w, https:\/\/orthodoxalbania.org\/2020\/wp-content\/uploads\/2020\/04\/kryepiskopi-06.jpg 503w\" sizes=\"(min-width: 2200px) 100vw, (min-width: 824px) 389px, (min-width: 732px) 583px, (min-width: 640px) 732px, \" \/><\/div><\/a><\/div><\/div><div style=\"padding:2.5px;\" class=\"fusion-grid-column fusion-gallery-column fusion-gallery-column-3 hover-type-zoomout fusion-element-portrait\"><div class=\"fusion-gallery-image\"><a href=\"https:\/\/orthodoxalbania.org\/2020\/wp-content\/uploads\/2020\/04\/kryepiskopi-05.jpg\" rel=\"noreferrer\" data-rel=\"iLightbox[gallery_image_1]\" class=\"fusion-lightbox\" target=\"_self\"><div style=\"padding-top:calc((100% + 4px) * 1.6);background-position:;\" class=\"fusion-masonry-element-container lazyload\" data-bg=\"https:\/\/orthodoxalbania.org\/2020\/wp-content\/uploads\/2020\/04\/kryepiskopi-05.jpg\"><img decoding=\"async\" src=\"https:\/\/orthodoxalbania.org\/2020\/wp-content\/uploads\/2020\/04\/kryepiskopi-05.jpg\" width=\"428\" height=\"600\" alt=\"\" title=\"kryepiskopi 05\" aria-label=\"kryepiskopi 05\" class=\"img-responsive wp-image-13868 fusion-gallery-image-size-fixed\" srcset=\"https:\/\/orthodoxalbania.org\/2020\/wp-content\/uploads\/2020\/04\/kryepiskopi-05-200x280.jpg 200w, https:\/\/orthodoxalbania.org\/2020\/wp-content\/uploads\/2020\/04\/kryepiskopi-05-400x561.jpg 400w, https:\/\/orthodoxalbania.org\/2020\/wp-content\/uploads\/2020\/04\/kryepiskopi-05.jpg 428w\" sizes=\"(min-width: 2200px) 100vw, (min-width: 824px) 389px, (min-width: 732px) 583px, (min-width: 640px) 732px, \" \/><\/div><\/a><\/div><\/div><div style=\"padding:2.5px;\" class=\"fusion-grid-column fusion-gallery-column fusion-gallery-column-3 hover-type-zoomout fusion-element-portrait\"><div class=\"fusion-gallery-image\"><a href=\"https:\/\/orthodoxalbania.org\/2020\/wp-content\/uploads\/2020\/04\/kryepiskopi-01.jpg\" rel=\"noreferrer\" data-rel=\"iLightbox[gallery_image_1]\" class=\"fusion-lightbox\" target=\"_self\"><div style=\"padding-top:calc((100% + 4px) * 1.6);background-position:;\" class=\"fusion-masonry-element-container lazyload\" data-bg=\"https:\/\/orthodoxalbania.org\/2020\/wp-content\/uploads\/2020\/04\/kryepiskopi-01.jpg\"><img decoding=\"async\" src=\"https:\/\/orthodoxalbania.org\/2020\/wp-content\/uploads\/2020\/04\/kryepiskopi-01.jpg\" width=\"438\" height=\"600\" alt=\"\" title=\"kryepiskopi 01\" aria-label=\"kryepiskopi 01\" class=\"img-responsive wp-image-13864 fusion-gallery-image-size-fixed\" srcset=\"https:\/\/orthodoxalbania.org\/2020\/wp-content\/uploads\/2020\/04\/kryepiskopi-01-200x274.jpg 200w, https:\/\/orthodoxalbania.org\/2020\/wp-content\/uploads\/2020\/04\/kryepiskopi-01-400x548.jpg 400w, https:\/\/orthodoxalbania.org\/2020\/wp-content\/uploads\/2020\/04\/kryepiskopi-01.jpg 438w\" sizes=\"(min-width: 2200px) 100vw, (min-width: 824px) 389px, (min-width: 732px) 583px, (min-width: 640px) 732px, \" \/><\/div><\/a><\/div><\/div><div style=\"padding:2.5px;\" class=\"fusion-grid-column fusion-gallery-column fusion-gallery-column-3 hover-type-zoomout fusion-element-portrait\"><div class=\"fusion-gallery-image\"><a href=\"https:\/\/orthodoxalbania.org\/2020\/wp-content\/uploads\/2020\/04\/kryepiskopi-04.jpg\" rel=\"noreferrer\" data-rel=\"iLightbox[gallery_image_1]\" class=\"fusion-lightbox\" target=\"_self\"><div style=\"padding-top:calc((100% + 4px) * 1.6);background-position:;\" class=\"fusion-masonry-element-container lazyload\" data-bg=\"https:\/\/orthodoxalbania.org\/2020\/wp-content\/uploads\/2020\/04\/kryepiskopi-04.jpg\"><img decoding=\"async\" src=\"https:\/\/orthodoxalbania.org\/2020\/wp-content\/uploads\/2020\/04\/kryepiskopi-04.jpg\" width=\"444\" height=\"600\" alt=\"\" title=\"kryepiskopi 04\" aria-label=\"kryepiskopi 04\" class=\"img-responsive wp-image-13867 fusion-gallery-image-size-fixed\" srcset=\"https:\/\/orthodoxalbania.org\/2020\/wp-content\/uploads\/2020\/04\/kryepiskopi-04-200x270.jpg 200w, https:\/\/orthodoxalbania.org\/2020\/wp-content\/uploads\/2020\/04\/kryepiskopi-04-400x541.jpg 400w, https:\/\/orthodoxalbania.org\/2020\/wp-content\/uploads\/2020\/04\/kryepiskopi-04.jpg 444w\" sizes=\"(min-width: 2200px) 100vw, (min-width: 824px) 389px, (min-width: 732px) 583px, (min-width: 640px) 732px, \" \/><\/div><\/a><\/div><\/div><\/div><\/div><div class=\"fusion-sep-clear\"><\/div><div class=\"fusion-separator fusion-full-width-sep\" style=\"margin-left: auto;margin-right: auto;margin-top:20px;margin-bottom:20px;width:100%;\"><div class=\"fusion-separator-border sep-double sep-solid\" style=\"--awb-height:20px;--awb-amount:20px;border-color:#E8E6E5;border-top-width:1px;border-bottom-width:1px;\"><\/div><\/div><div class=\"fusion-sep-clear\"><\/div><div class=\"fusion-recent-posts fusion-recent-posts-2 avada-container layout-thumbnails-on-side layout-columns-1\"><section class=\"fusion-columns columns fusion-columns-1 columns-1\"><article class=\"post fusion-column column col col-lg-12 col-md-12 col-sm-12\"><div class=\"fusion-flexslider fusion-flexslider-loading flexslider floated-slideshow flexslider-hover-type-none\"><ul class=\"slides\"><li><a href=\"https:\/\/orthodoxalbania.org\/2020\/en\/2020\/04\/04\/biographical-sketch-of-archbishop-anastasios\/\" aria-label=\"Biographical Sketch of Archbishop Anastasios\" class=\"hover-type-none\"><img decoding=\"async\" width=\"177\" height=\"142\" src=\"https:\/\/orthodoxalbania.org\/2020\/wp-content\/uploads\/2020\/04\/kryepiskopi-06-177x142.jpg\" data-orig-src=\"https:\/\/orthodoxalbania.org\/2020\/wp-content\/uploads\/2020\/04\/kryepiskopi-06-177x142.jpg\" class=\"lazyload attachment-portfolio-five size-portfolio-five\" alt=\"\" srcset=\"data:image\/svg+xml,%3Csvg%20xmlns%3D%27http%3A%2F%2Fwww.w3.org%2F2000%2Fsvg%27%20width%3D%27177%27%20height%3D%27142%27%20viewBox%3D%270%200%20177%20142%27%3E%3Crect%20width%3D%27177%27%20height%3D%27142%27%20fill-opacity%3D%220%22%2F%3E%3C%2Fsvg%3E\" data-srcset=\"https:\/\/orthodoxalbania.org\/2020\/wp-content\/uploads\/2020\/04\/kryepiskopi-06-177x142.jpg 177w, https:\/\/orthodoxalbania.org\/2020\/wp-content\/uploads\/2020\/04\/kryepiskopi-06-503x400.jpg 503w\" data-sizes=\"auto\" data-orig-sizes=\"(max-width: 177px) 100vw, 177px\" \/><\/a><\/li><\/ul><\/div><div class=\"recent-posts-content\"><span class=\"vcard\" style=\"display: none;\"><span class=\"fn\"><a href=\"https:\/\/orthodoxalbania.org\/2020\/author\/giokashar\/\" title=\"Posts by Kisha Orthodhokse\" rel=\"author\">Kisha Orthodhokse<\/a><\/span><\/span><span class=\"updated\" style=\"display:none;\">2020-04-13T21:51:34+02:00<\/span><h4 class=\"entry-title\"><a href=\"https:\/\/orthodoxalbania.org\/2020\/en\/2020\/04\/04\/biographical-sketch-of-archbishop-anastasios\/\">Biographical Sketch  of Archbishop Anastasios<\/a><\/h4><p>Biographical Sketch Archbishop Anastasios (Yannoulatos) of Tirana, Durres and All Albania \u00a0 He was born November 4, 1929, in Piraeus, Greece. Professor of History of Religions (1972-92) and Dean of the Theological Faculty of the National and Kapodistrian University of Athens (1983-86). B.D. and Th.D. (with highest honours) and today is Professor Emeritus of the same University. He has been awarded Th.D. h.c. DD. h.c.<\/p>\n<\/div><\/article><article class=\"post fusion-column column col col-lg-12 col-md-12 col-sm-12\"><div class=\"fusion-flexslider fusion-flexslider-loading flexslider floated-slideshow flexslider-hover-type-none\"><ul class=\"slides\"><li><a href=\"https:\/\/orthodoxalbania.org\/2020\/en\/2012\/09\/13\/biography-of-anastasios-yannoulatos-archbishop-of-tirana-durres-and-all-albania-1992\/\" aria-label=\"Biography of Anastasios (Yannoulatos) Archbishop Of Tirana, Durres, And All Albania (1992-)\" class=\"hover-type-none\"><img decoding=\"async\" width=\"95\" height=\"142\" src=\"data:image\/svg+xml,%3Csvg%20xmlns%3D%27http%3A%2F%2Fwww.w3.org%2F2000%2Fsvg%27%20width%3D%2795%27%20height%3D%27142%27%20viewBox%3D%270%200%2095%20142%27%3E%3Crect%20width%3D%2795%27%20height%3D%27142%27%20fill-opacity%3D%220%22%2F%3E%3C%2Fsvg%3E\" data-orig-src=\"https:\/\/1.bp.blogspot.com\/-rLNfK9VCjZE\/UWP-nBYitVI\/AAAAAAAACXw\/_sIvu5B-vaA\/s1600\/IMG_0744.JPG\" class=\"lazyload attachment-portfolio-five size-portfolio-five\" alt=\"\" \/><\/a><\/li><\/ul><\/div><div class=\"recent-posts-content\"><span class=\"vcard\" style=\"display: none;\"><span class=\"fn\"><a href=\"https:\/\/orthodoxalbania.org\/2020\/author\/giokashar\/\" title=\"Posts by Kisha Orthodhokse\" rel=\"author\">Kisha Orthodhokse<\/a><\/span><\/span><span class=\"updated\" style=\"display:none;\">2020-09-28T14:03:23+02:00<\/span><h4 class=\"entry-title\"><a href=\"https:\/\/orthodoxalbania.org\/2020\/en\/2012\/09\/13\/biography-of-anastasios-yannoulatos-archbishop-of-tirana-durres-and-all-albania-1992\/\">Biography of Anastasios (Yannoulatos) Archbishop Of Tirana, Durres, And All Albania (1992-)<\/a><\/h4><p>\u00a0 \u00a0BIOGRAPHY + ANASTASIOS (YANNOULATOS) Archbishop of Tirana, Durres, and All Albania (1992-) Professor Emeritus of the National and Kapodistrian University of Athens (1992-) Honorary Member of the Academy of Athens (2006-) Honorary Senator of the European Academy of Sciences and Arts \u2013 Salzburg (2019-) \u00a0 \u00a0He was born November 4, 1929, in Piraeus, Greece. He received his High School Diploma in 1947 (with the<\/p>\n<\/div><\/article><\/section><\/div><div class=\"fusion-sep-clear\"><\/div><div class=\"fusion-separator fusion-full-width-sep\" style=\"margin-left: auto;margin-right: auto;margin-top:20px;margin-bottom:20px;width:100%;\"><div class=\"fusion-separator-border sep-double sep-solid\" style=\"--awb-height:20px;--awb-amount:20px;border-color:#E8E6E5;border-top-width:1px;border-bottom-width:1px;\"><\/div><\/div><div class=\"fusion-sep-clear\"><\/div><div class=\"fusion-widget fusion-widget-element fusion-widget-area fusion-content-widget-area wpWidget-1 facebook_widget\" style=\"--awb-fusion-border-size:0px;--awb-fusion-border-style:solid;\"><div class=\"widget widget_fbw_id\"><div class=\"fb_loader\" style=\"text-align: center !important;\"><img class=\"lazyload\" decoding=\"async\" src=\"data:image\/gif;base64,R0lGODlhAQABAAAAACH5BAEKAAEALAAAAAABAAEAAAICTAEAOw==\" data-orig-src=\"https:\/\/orthodoxalbania.org\/2020\/wp-content\/plugins\/facebook-pagelike-widget\/loader.gif\" alt=\"Facebook Pagelike Widget\" \/><\/div><div id=\"fb-root\"><\/div>\n        <div class=\"fb-page\" data-href=\"https:\/\/www.facebook.com\/arxiepiskoposalbaniasanastasios\" data-width=\"300\" data-height=\"500\" data-small-header=\"false\" data-adapt-container-width=\"false\" data-hide-cover=\"false\" data-show-facepile=\"false\" hide_cta=\"false\" data-tabs=\"timeline\" data-lazy=\"false\"><\/div><\/div>        <!-- A WordPress plugin developed by Milap Patel -->\n    <\/div><div class=\"fusion-clearfix\"><\/div><\/div><\/div><\/div><\/div>\n","protected":false},"excerpt":{"rendered":"","protected":false},"author":1,"featured_media":0,"parent":0,"menu_order":0,"comment_status":"closed","ping_status":"closed","template":"","meta":{"_acf_changed":false,"pagelayer_contact_templates":[],"_pagelayer_content":"","inline_featured_image":false,"footnotes":""},"class_list":["post-17826","page","type-page","status-publish","hentry"],"acf":[],"yoast_head":"<!-- This site is optimized with the Yoast SEO plugin v27.2 - https:\/\/yoast.com\/product\/yoast-seo-wordpress\/ -->\n<title>Archbishop Anastasios - Kisha Orthodh\u03bfkse Autoqefale e Shqip\u00ebris\u00eb<\/title>\n<meta name=\"robots\" content=\"index, follow, max-snippet:-1, max-image-preview:large, max-video-preview:-1\" \/>\n<link rel=\"canonical\" href=\"https:\/\/orthodoxalbania.org\/2020\/en\/archbishop-anastasios\/\" \/>\n<meta property=\"og:locale\" content=\"en_US\" \/>\n<meta property=\"og:type\" content=\"article\" \/>\n<meta property=\"og:title\" content=\"Archbishop Anastasios - Kisha Orthodh\u03bfkse Autoqefale e Shqip\u00ebris\u00eb\" \/>\n<meta property=\"og:url\" content=\"https:\/\/orthodoxalbania.org\/2020\/en\/archbishop-anastasios\/\" \/>\n<meta property=\"og:site_name\" content=\"Kisha Orthodh\u03bfkse Autoqefale e Shqip\u00ebris\u00eb\" \/>\n<meta property=\"article:publisher\" content=\"https:\/\/www.facebook.com\/koash1991\" \/>\n<meta property=\"article:modified_time\" content=\"2025-03-19T12:22:37+00:00\" \/>\n<meta property=\"og:image\" content=\"https:\/\/orthodoxalbania.org\/2020\/wp-content\/uploads\/2021\/02\/LogoLastALb-200.png\" \/>\n\t<meta property=\"og:image:width\" content=\"200\" \/>\n\t<meta property=\"og:image:height\" content=\"172\" \/>\n\t<meta property=\"og:image:type\" content=\"image\/png\" \/>\n<meta name=\"twitter:card\" content=\"summary_large_image\" \/>\n<meta name=\"twitter:label1\" content=\"Est. reading time\" \/>\n\t<meta name=\"twitter:data1\" content=\"3 minutes\" \/>\n<script type=\"application\/ld+json\" class=\"yoast-schema-graph\">{\"@context\":\"https:\/\/schema.org\",\"@graph\":[{\"@type\":\"WebPage\",\"@id\":\"https:\/\/orthodoxalbania.org\/2020\/en\/archbishop-anastasios\/\",\"url\":\"https:\/\/orthodoxalbania.org\/2020\/en\/archbishop-anastasios\/\",\"name\":\"Archbishop Anastasios - Kisha Orthodh\u03bfkse Autoqefale e Shqip\u00ebris\u00eb\",\"isPartOf\":{\"@id\":\"https:\/\/orthodoxalbania.org\/2020\/#website\"},\"datePublished\":\"2020-04-04T07:58:04+00:00\",\"dateModified\":\"2025-03-19T12:22:37+00:00\",\"breadcrumb\":{\"@id\":\"https:\/\/orthodoxalbania.org\/2020\/en\/archbishop-anastasios\/#breadcrumb\"},\"inLanguage\":\"en-US\",\"potentialAction\":[{\"@type\":\"ReadAction\",\"target\":[\"https:\/\/orthodoxalbania.org\/2020\/en\/archbishop-anastasios\/\"]}]},{\"@type\":\"BreadcrumbList\",\"@id\":\"https:\/\/orthodoxalbania.org\/2020\/en\/archbishop-anastasios\/#breadcrumb\",\"itemListElement\":[{\"@type\":\"ListItem\",\"position\":1,\"name\":\"Home\",\"item\":\"https:\/\/orthodoxalbania.org\/2020\/\"},{\"@type\":\"ListItem\",\"position\":2,\"name\":\"Archbishop Anastasios\"}]},{\"@type\":\"WebSite\",\"@id\":\"https:\/\/orthodoxalbania.org\/2020\/#website\",\"url\":\"https:\/\/orthodoxalbania.org\/2020\/\",\"name\":\"Kisha Orthodh\u03bfkse Autoqefale e Shqip\u00ebris\u00eb\",\"description\":\"Fqja Zyrtare e Kish\u00ebs Orthodhokse Autoqefale e Shqip\u00ebris\u00eb me lajmet edhe informacionet zyrtare p\u00ebr struktur\u00ebn edhe veprimtarin e saj.\",\"publisher\":{\"@id\":\"https:\/\/orthodoxalbania.org\/2020\/#organization\"},\"potentialAction\":[{\"@type\":\"SearchAction\",\"target\":{\"@type\":\"EntryPoint\",\"urlTemplate\":\"https:\/\/orthodoxalbania.org\/2020\/?s={search_term_string}\"},\"query-input\":{\"@type\":\"PropertyValueSpecification\",\"valueRequired\":true,\"valueName\":\"search_term_string\"}}],\"inLanguage\":\"en-US\"},{\"@type\":\"Organization\",\"@id\":\"https:\/\/orthodoxalbania.org\/2020\/#organization\",\"name\":\"Kisha Orthodhokse Autoqefale e Shqip\u00ebris\u00eb\",\"url\":\"https:\/\/orthodoxalbania.org\/2020\/\",\"logo\":{\"@type\":\"ImageObject\",\"inLanguage\":\"en-US\",\"@id\":\"https:\/\/orthodoxalbania.org\/2020\/#\/schema\/logo\/image\/\",\"url\":\"https:\/\/orthodoxalbania.org\/2020\/wp-content\/uploads\/2020\/05\/albania.jpeg\",\"contentUrl\":\"https:\/\/orthodoxalbania.org\/2020\/wp-content\/uploads\/2020\/05\/albania.jpeg\",\"width\":540,\"height\":540,\"caption\":\"Kisha Orthodhokse Autoqefale e Shqip\u00ebris\u00eb\"},\"image\":{\"@id\":\"https:\/\/orthodoxalbania.org\/2020\/#\/schema\/logo\/image\/\"},\"sameAs\":[\"https:\/\/www.facebook.com\/koash1991\"]}]}<\/script>\n<!-- \/ Yoast SEO plugin. -->","yoast_head_json":{"title":"Archbishop Anastasios - Kisha Orthodh\u03bfkse Autoqefale e Shqip\u00ebris\u00eb","robots":{"index":"index","follow":"follow","max-snippet":"max-snippet:-1","max-image-preview":"max-image-preview:large","max-video-preview":"max-video-preview:-1"},"canonical":"https:\/\/orthodoxalbania.org\/2020\/en\/archbishop-anastasios\/","og_locale":"en_US","og_type":"article","og_title":"Archbishop Anastasios - Kisha Orthodh\u03bfkse Autoqefale e Shqip\u00ebris\u00eb","og_url":"https:\/\/orthodoxalbania.org\/2020\/en\/archbishop-anastasios\/","og_site_name":"Kisha Orthodh\u03bfkse Autoqefale e Shqip\u00ebris\u00eb","article_publisher":"https:\/\/www.facebook.com\/koash1991","article_modified_time":"2025-03-19T12:22:37+00:00","og_image":[{"width":200,"height":172,"url":"https:\/\/orthodoxalbania.org\/2020\/wp-content\/uploads\/2021\/02\/LogoLastALb-200.png","type":"image\/png"}],"twitter_card":"summary_large_image","twitter_misc":{"Est. reading time":"3 minutes"},"schema":{"@context":"https:\/\/schema.org","@graph":[{"@type":"WebPage","@id":"https:\/\/orthodoxalbania.org\/2020\/en\/archbishop-anastasios\/","url":"https:\/\/orthodoxalbania.org\/2020\/en\/archbishop-anastasios\/","name":"Archbishop Anastasios - Kisha Orthodh\u03bfkse Autoqefale e Shqip\u00ebris\u00eb","isPartOf":{"@id":"https:\/\/orthodoxalbania.org\/2020\/#website"},"datePublished":"2020-04-04T07:58:04+00:00","dateModified":"2025-03-19T12:22:37+00:00","breadcrumb":{"@id":"https:\/\/orthodoxalbania.org\/2020\/en\/archbishop-anastasios\/#breadcrumb"},"inLanguage":"en-US","potentialAction":[{"@type":"ReadAction","target":["https:\/\/orthodoxalbania.org\/2020\/en\/archbishop-anastasios\/"]}]},{"@type":"BreadcrumbList","@id":"https:\/\/orthodoxalbania.org\/2020\/en\/archbishop-anastasios\/#breadcrumb","itemListElement":[{"@type":"ListItem","position":1,"name":"Home","item":"https:\/\/orthodoxalbania.org\/2020\/"},{"@type":"ListItem","position":2,"name":"Archbishop Anastasios"}]},{"@type":"WebSite","@id":"https:\/\/orthodoxalbania.org\/2020\/#website","url":"https:\/\/orthodoxalbania.org\/2020\/","name":"Kisha Orthodh\u03bfkse Autoqefale e Shqip\u00ebris\u00eb","description":"Fqja Zyrtare e Kish\u00ebs Orthodhokse Autoqefale e Shqip\u00ebris\u00eb me lajmet edhe informacionet zyrtare p\u00ebr struktur\u00ebn edhe veprimtarin e saj.","publisher":{"@id":"https:\/\/orthodoxalbania.org\/2020\/#organization"},"potentialAction":[{"@type":"SearchAction","target":{"@type":"EntryPoint","urlTemplate":"https:\/\/orthodoxalbania.org\/2020\/?s={search_term_string}"},"query-input":{"@type":"PropertyValueSpecification","valueRequired":true,"valueName":"search_term_string"}}],"inLanguage":"en-US"},{"@type":"Organization","@id":"https:\/\/orthodoxalbania.org\/2020\/#organization","name":"Kisha Orthodhokse Autoqefale e Shqip\u00ebris\u00eb","url":"https:\/\/orthodoxalbania.org\/2020\/","logo":{"@type":"ImageObject","inLanguage":"en-US","@id":"https:\/\/orthodoxalbania.org\/2020\/#\/schema\/logo\/image\/","url":"https:\/\/orthodoxalbania.org\/2020\/wp-content\/uploads\/2020\/05\/albania.jpeg","contentUrl":"https:\/\/orthodoxalbania.org\/2020\/wp-content\/uploads\/2020\/05\/albania.jpeg","width":540,"height":540,"caption":"Kisha Orthodhokse Autoqefale e Shqip\u00ebris\u00eb"},"image":{"@id":"https:\/\/orthodoxalbania.org\/2020\/#\/schema\/logo\/image\/"},"sameAs":["https:\/\/www.facebook.com\/koash1991"]}]}},"_links":{"self":[{"href":"https:\/\/orthodoxalbania.org\/2020\/wp-json\/wp\/v2\/pages\/17826","targetHints":{"allow":["GET"]}}],"collection":[{"href":"https:\/\/orthodoxalbania.org\/2020\/wp-json\/wp\/v2\/pages"}],"about":[{"href":"https:\/\/orthodoxalbania.org\/2020\/wp-json\/wp\/v2\/types\/page"}],"author":[{"embeddable":true,"href":"https:\/\/orthodoxalbania.org\/2020\/wp-json\/wp\/v2\/users\/1"}],"replies":[{"embeddable":true,"href":"https:\/\/orthodoxalbania.org\/2020\/wp-json\/wp\/v2\/comments?post=17826"}],"version-history":[{"count":17,"href":"https:\/\/orthodoxalbania.org\/2020\/wp-json\/wp\/v2\/pages\/17826\/revisions"}],"predecessor-version":[{"id":67569,"href":"https:\/\/orthodoxalbania.org\/2020\/wp-json\/wp\/v2\/pages\/17826\/revisions\/67569"}],"wp:attachment":[{"href":"https:\/\/orthodoxalbania.org\/2020\/wp-json\/wp\/v2\/media?parent=17826"}],"curies":[{"name":"wp","href":"https:\/\/api.w.org\/{rel}","templated":true}]}}