{"id":17651,"date":"2020-04-12T13:28:28","date_gmt":"2020-04-12T11:28:28","guid":{"rendered":"https:\/\/orthodoxalbania.org\/2020\/?page_id=17651"},"modified":"2025-12-30T16:55:06","modified_gmt":"2025-12-30T15:55:06","slug":"home","status":"publish","type":"page","link":"https:\/\/orthodoxalbania.org\/2020\/en\/","title":{"rendered":"Home"},"content":{"rendered":"<p><div class=\"fusion-fullwidth fullwidth-box fusion-builder-row-1 fusion-flex-container has-pattern-background has-mask-background nonhundred-percent-fullwidth non-hundred-percent-height-scrolling\" style=\"--awb-border-radius-top-left:0px;--awb-border-radius-top-right:0px;--awb-border-radius-bottom-right:0px;--awb-border-radius-bottom-left:0px;--awb-flex-wrap:wrap;\" ><div class=\"fusion-builder-row fusion-row fusion-flex-align-items-flex-start fusion-flex-content-wrap\" style=\"max-width:1216.8px;margin-left: calc(-4% \/ 2 );margin-right: calc(-4% \/ 2 );\"><div class=\"fusion-layout-column fusion_builder_column fusion-builder-column-0 fusion_builder_column_1_1 1_1 fusion-flex-column\" style=\"--awb-bg-size:cover;--awb-width-large:100%;--awb-margin-top-large:0px;--awb-spacing-right-large:1.92%;--awb-margin-bottom-large:20px;--awb-spacing-left-large:1.92%;--awb-width-medium:100%;--awb-order-medium:0;--awb-spacing-right-medium:1.92%;--awb-spacing-left-medium:1.92%;--awb-width-small:100%;--awb-order-small:0;--awb-spacing-right-small:1.92%;--awb-spacing-left-small:1.92%;\"><div class=\"fusion-column-wrapper fusion-column-has-shadow fusion-flex-justify-content-flex-start fusion-content-layout-column\">        \n        <section class=\"ond-news-section\">\n                        <div class=\"ond-section-header\">\n                <h2 class=\"ond-section-title\">Latest News<\/h2>\n                <div class=\"ond-title-ornament\">\n                    <span class=\"ond-ornament-line\"><\/span>\n                    <span class=\"ond-ornament-cross\">\u2626<\/span>\n                    <span class=\"ond-ornament-line\"><\/span>\n                <\/div>\n            <\/div>\n                        \n            <div class=\"ond-news-grid\">\n                \n                <!-- Featured News (Left\/Main) -->\n                <div class=\"ond-featured-news\">\n                                        <article class=\"ond-featured-card\">\n                        <a href=\"https:\/\/orthodoxalbania.org\/2020\/2026\/04\/28\/njoftim-5\/\" class=\"ond-featured-link\">\n                            <div class=\"ond-featured-image\">\n                                                                    <img decoding=\"async\" width=\"987\" height=\"1024\" src=\"https:\/\/orthodoxalbania.org\/2020\/wp-content\/uploads\/2026\/04\/WhatsApp-Image-2026-04-28-at-11.11.21-987x1024.jpeg\" class=\"ond-featured-img lazyload wp-post-image\" alt=\"NJOFTIM\" title=\"NJOFTIM\" srcset=\"data:image\/svg+xml,%3Csvg%20xmlns%3D%27http%3A%2F%2Fwww.w3.org%2F2000%2Fsvg%27%20width%3D%271536%27%20height%3D%271594%27%20viewBox%3D%270%200%201536%201594%27%3E%3Crect%20width%3D%271536%27%20height%3D%271594%27%20fill-opacity%3D%220%22%2F%3E%3C%2Fsvg%3E\" data-orig-src=\"https:\/\/orthodoxalbania.org\/2020\/wp-content\/uploads\/2026\/04\/WhatsApp-Image-2026-04-28-at-11.11.21-987x1024.jpeg\" data-srcset=\"https:\/\/orthodoxalbania.org\/2020\/wp-content\/uploads\/2026\/04\/WhatsApp-Image-2026-04-28-at-11.11.21-200x208.jpeg 200w, https:\/\/orthodoxalbania.org\/2020\/wp-content\/uploads\/2026\/04\/WhatsApp-Image-2026-04-28-at-11.11.21-289x300.jpeg 289w, https:\/\/orthodoxalbania.org\/2020\/wp-content\/uploads\/2026\/04\/WhatsApp-Image-2026-04-28-at-11.11.21-400x415.jpeg 400w, https:\/\/orthodoxalbania.org\/2020\/wp-content\/uploads\/2026\/04\/WhatsApp-Image-2026-04-28-at-11.11.21-600x623.jpeg 600w, https:\/\/orthodoxalbania.org\/2020\/wp-content\/uploads\/2026\/04\/WhatsApp-Image-2026-04-28-at-11.11.21-768x797.jpeg 768w, https:\/\/orthodoxalbania.org\/2020\/wp-content\/uploads\/2026\/04\/WhatsApp-Image-2026-04-28-at-11.11.21-800x830.jpeg 800w, https:\/\/orthodoxalbania.org\/2020\/wp-content\/uploads\/2026\/04\/WhatsApp-Image-2026-04-28-at-11.11.21-987x1024.jpeg 987w, https:\/\/orthodoxalbania.org\/2020\/wp-content\/uploads\/2026\/04\/WhatsApp-Image-2026-04-28-at-11.11.21-1200x1245.jpeg 1200w, https:\/\/orthodoxalbania.org\/2020\/wp-content\/uploads\/2026\/04\/WhatsApp-Image-2026-04-28-at-11.11.21-1480x1536.jpeg 1480w, https:\/\/orthodoxalbania.org\/2020\/wp-content\/uploads\/2026\/04\/WhatsApp-Image-2026-04-28-at-11.11.21.jpeg 1536w\" data-sizes=\"auto\" \/>                                                                <div class=\"ond-featured-overlay\"><\/div>\n                            <\/div>\n                            \n                            <div class=\"ond-featured-content\">\n                                                                <div class=\"ond-featured-meta\">\n                                    <time class=\"ond-featured-date\" datetime=\"2026-04-28T12:53:00+02:00\">\n                                        28 April, 2026                                    <\/time>\n                                                                        <span class=\"ond-featured-category\">Lajme<\/span>\n                                                                    <\/div>\n                                                                \n                                <h3 class=\"ond-featured-title\">NJOFTIM<\/h3>\n                                \n                                                                <p class=\"ond-featured-excerpt\">\n                                    NJOFTIM Sinodi i Shenjt\u00eb i Kish\u00ebs Orthodhokse Autoqefale t\u00eb Shqip\u00ebris\u00eb, n\u00ebn kryesin\u00eb e Fortlumturis\u00eb s\u00eb Tij, Kryepiskopit t\u00eb Tiran\u00ebs, Durr\u00ebsit dhe t\u00eb Gjith\u00eb Shqip\u00ebris\u00eb, Imzot Joanit, u mblodh sot, m\u00eb 28 prill 2026 dhe zgjodhi me vota unanime Arkimandritin Ignat (Todrin) si Episkop t\u00eb Episkopat\u00ebs s\u00eb Shenjt\u00eb t\u00eb Amantias, i cili, sipas Statutit t\u00eb Kish\u00ebs,...                                <\/p>\n                                                                \n                                <span class=\"ond-read-more\">\n                                    Read more                                    <svg class=\"ond-arrow-icon\" width=\"16\" height=\"16\" viewBox=\"0 0 24 24\" fill=\"none\" stroke=\"currentColor\" stroke-width=\"2\">\n                                        <path d=\"M5 12h14M12 5l7 7-7 7\"\/>\n                                    <\/svg>\n                                <\/span>\n                            <\/div>\n                        <\/a>\n                    <\/article>\n                                    <\/div>\n                \n                <!-- Secondary News (Right\/Sidebar) with Scroll -->\n                <div class=\"ond-secondary-wrapper\">\n                    <div class=\"ond-secondary-news\" id=\"ond-secondary-scroll\">\n                                                <article class=\"ond-secondary-card\">\n                            <a href=\"https:\/\/orthodoxalbania.org\/2020\/2026\/04\/17\/10-vjetori-i-fronezimit-te-hiresise-se-tij-imzot-andoni-si-mitropolit-i-elbasanit-16-04-2026-liturgjia-hyjnore-dokumentari\/\" class=\"ond-secondary-link\">\n                                <div class=\"ond-secondary-image\">\n                                                                            <img decoding=\"async\" width=\"300\" height=\"207\" src=\"https:\/\/orthodoxalbania.org\/2020\/wp-content\/uploads\/2026\/04\/Screenshot-2026-04-17-120024-1-300x207.png\" class=\"ond-secondary-img lazyload wp-post-image\" alt=\"10-Vjetori i Fron\u00ebzimit t\u00eb Hir\u00ebsis\u00eb s\u00eb tij imzot Andoni si Mitropolit i Elbasanit, 16.04.2026, Liturgjia Hyjnore &#038; Dokumentari.\" title=\"10-Vjetori i Fron\u00ebzimit t\u00eb Hir\u00ebsis\u00eb s\u00eb tij imzot Andoni si Mitropolit i Elbasanit, 16.04.2026, Liturgjia Hyjnore &#038; Dokumentari.\" srcset=\"data:image\/svg+xml,%3Csvg%20xmlns%3D%27http%3A%2F%2Fwww.w3.org%2F2000%2Fsvg%27%20width%3D%271295%27%20height%3D%27893%27%20viewBox%3D%270%200%201295%20893%27%3E%3Crect%20width%3D%271295%27%20height%3D%27893%27%20fill-opacity%3D%220%22%2F%3E%3C%2Fsvg%3E\" data-orig-src=\"https:\/\/orthodoxalbania.org\/2020\/wp-content\/uploads\/2026\/04\/Screenshot-2026-04-17-120024-1-300x207.png\" data-srcset=\"https:\/\/orthodoxalbania.org\/2020\/wp-content\/uploads\/2026\/04\/Screenshot-2026-04-17-120024-1-200x138.png 200w, https:\/\/orthodoxalbania.org\/2020\/wp-content\/uploads\/2026\/04\/Screenshot-2026-04-17-120024-1-300x207.png 300w, https:\/\/orthodoxalbania.org\/2020\/wp-content\/uploads\/2026\/04\/Screenshot-2026-04-17-120024-1-400x276.png 400w, https:\/\/orthodoxalbania.org\/2020\/wp-content\/uploads\/2026\/04\/Screenshot-2026-04-17-120024-1-600x414.png 600w, https:\/\/orthodoxalbania.org\/2020\/wp-content\/uploads\/2026\/04\/Screenshot-2026-04-17-120024-1-768x530.png 768w, https:\/\/orthodoxalbania.org\/2020\/wp-content\/uploads\/2026\/04\/Screenshot-2026-04-17-120024-1-800x552.png 800w, https:\/\/orthodoxalbania.org\/2020\/wp-content\/uploads\/2026\/04\/Screenshot-2026-04-17-120024-1-1024x706.png 1024w, https:\/\/orthodoxalbania.org\/2020\/wp-content\/uploads\/2026\/04\/Screenshot-2026-04-17-120024-1-1200x827.png 1200w, https:\/\/orthodoxalbania.org\/2020\/wp-content\/uploads\/2026\/04\/Screenshot-2026-04-17-120024-1.png 1295w\" data-sizes=\"auto\" \/>                                                                    <\/div>\n                                \n                                <div class=\"ond-secondary-content\">\n                                                                        <time class=\"ond-secondary-date\" datetime=\"2026-04-17T07:00:32+02:00\">\n                                        17 April, 2026                                    <\/time>\n                                                                        \n                                    <h4 class=\"ond-secondary-title\">10-Vjetori i Fron\u00ebzimit t\u00eb Hir\u00ebsis\u00eb s\u00eb tij imzot Andoni si Mitropolit i Elbasanit, 16.04.2026, Liturgjia Hyjnore &#038; Dokumentari.<\/h4>\n                                <\/div>\n                            <\/a>\n                        <\/article>\n                                                <article class=\"ond-secondary-card\">\n                            <a href=\"https:\/\/orthodoxalbania.org\/2020\/2026\/04\/16\/fjala-e-kryepiskopit-joan-mbajtur-ne-katedralen-e-shen-gjergjit-ne-fier-me-rastin-e-10-vjetorit-te-fronezimit-te-imzot-nikolles-si-mitropolit-i-apollonise-dhe-fierit-16-04-2026-tekst-video\/\" class=\"ond-secondary-link\">\n                                <div class=\"ond-secondary-image\">\n                                                                            <img decoding=\"async\" width=\"300\" height=\"120\" src=\"https:\/\/orthodoxalbania.org\/2020\/wp-content\/uploads\/2026\/04\/Screenshot-2026-04-17-114020-300x120.png\" class=\"ond-secondary-img lazyload wp-post-image\" alt=\"Fjala e Kryepiskopit Joan mbajtur n\u00eb katedralen e Sh\u00ebn Gjergjit n\u00eb Fier me rastin e 10-vjetorit t\u00eb Fron\u00ebzimit t\u00eb imzot Nikoll\u00ebs si Mitropolit i Apollonis\u00eb dhe Fierit. 16.04.2026 (Tekst &#038; Video)\" title=\"Fjala e Kryepiskopit Joan mbajtur n\u00eb katedralen e Sh\u00ebn Gjergjit n\u00eb Fier me rastin e 10-vjetorit t\u00eb Fron\u00ebzimit t\u00eb imzot Nikoll\u00ebs si Mitropolit i Apollonis\u00eb dhe Fierit. 16.04.2026 (Tekst &#038; Video)\" srcset=\"data:image\/svg+xml,%3Csvg%20xmlns%3D%27http%3A%2F%2Fwww.w3.org%2F2000%2Fsvg%27%20width%3D%271145%27%20height%3D%27458%27%20viewBox%3D%270%200%201145%20458%27%3E%3Crect%20width%3D%271145%27%20height%3D%27458%27%20fill-opacity%3D%220%22%2F%3E%3C%2Fsvg%3E\" data-orig-src=\"https:\/\/orthodoxalbania.org\/2020\/wp-content\/uploads\/2026\/04\/Screenshot-2026-04-17-114020-300x120.png\" data-srcset=\"https:\/\/orthodoxalbania.org\/2020\/wp-content\/uploads\/2026\/04\/Screenshot-2026-04-17-114020-200x80.png 200w, https:\/\/orthodoxalbania.org\/2020\/wp-content\/uploads\/2026\/04\/Screenshot-2026-04-17-114020-300x120.png 300w, https:\/\/orthodoxalbania.org\/2020\/wp-content\/uploads\/2026\/04\/Screenshot-2026-04-17-114020-400x160.png 400w, https:\/\/orthodoxalbania.org\/2020\/wp-content\/uploads\/2026\/04\/Screenshot-2026-04-17-114020-600x240.png 600w, https:\/\/orthodoxalbania.org\/2020\/wp-content\/uploads\/2026\/04\/Screenshot-2026-04-17-114020-768x307.png 768w, https:\/\/orthodoxalbania.org\/2020\/wp-content\/uploads\/2026\/04\/Screenshot-2026-04-17-114020-800x320.png 800w, https:\/\/orthodoxalbania.org\/2020\/wp-content\/uploads\/2026\/04\/Screenshot-2026-04-17-114020-1024x410.png 1024w, https:\/\/orthodoxalbania.org\/2020\/wp-content\/uploads\/2026\/04\/Screenshot-2026-04-17-114020.png 1145w\" data-sizes=\"auto\" \/>                                                                    <\/div>\n                                \n                                <div class=\"ond-secondary-content\">\n                                                                        <time class=\"ond-secondary-date\" datetime=\"2026-04-16T20:41:04+02:00\">\n                                        16 April, 2026                                    <\/time>\n                                                                        \n                                    <h4 class=\"ond-secondary-title\">Fjala e Kryepiskopit Joan mbajtur n\u00eb katedralen e Sh\u00ebn Gjergjit n\u00eb Fier me rastin e 10-vjetorit t\u00eb Fron\u00ebzimit t\u00eb imzot Nikoll\u00ebs si Mitropolit i Apollonis\u00eb dhe Fierit. 16.04.2026 (Tekst &#038; Video)<\/h4>\n                                <\/div>\n                            <\/a>\n                        <\/article>\n                                                <article class=\"ond-secondary-card\">\n                            <a href=\"https:\/\/orthodoxalbania.org\/2020\/2026\/04\/16\/10-vjetori-i-fronezimit-te-hiresise-se-tij-imzot-nikolla-si-mitropolit-i-apollonise-dhe-fierit-kisha-e-shen-gjergjit-fier-16-prill-2026\/\" class=\"ond-secondary-link\">\n                                <div class=\"ond-secondary-image\">\n                                                                            <img decoding=\"async\" width=\"300\" height=\"157\" src=\"https:\/\/orthodoxalbania.org\/2020\/wp-content\/uploads\/2026\/04\/Screenshot-2026-04-16-104958-300x157.png\" class=\"ond-secondary-img lazyload wp-post-image\" alt=\"10-Vjetori i Fron\u00ebzimit t\u00eb Hir\u00ebsis\u00eb s\u00eb tij imzot Nikolla si Mitropolit i Apollonis\u00eb dhe Fierit &#8211; Kisha e Sh\u00ebn Gjergjit, Fier, 16.04.2026, Liturgjia Hyjnore, Fjalimet &#038; Dokumentari.\" title=\"10-Vjetori i Fron\u00ebzimit t\u00eb Hir\u00ebsis\u00eb s\u00eb tij imzot Nikolla si Mitropolit i Apollonis\u00eb dhe Fierit &#8211; Kisha e Sh\u00ebn Gjergjit, Fier, 16.04.2026, Liturgjia Hyjnore, Fjalimet &#038; Dokumentari.\" srcset=\"data:image\/svg+xml,%3Csvg%20xmlns%3D%27http%3A%2F%2Fwww.w3.org%2F2000%2Fsvg%27%20width%3D%271720%27%20height%3D%27899%27%20viewBox%3D%270%200%201720%20899%27%3E%3Crect%20width%3D%271720%27%20height%3D%27899%27%20fill-opacity%3D%220%22%2F%3E%3C%2Fsvg%3E\" data-orig-src=\"https:\/\/orthodoxalbania.org\/2020\/wp-content\/uploads\/2026\/04\/Screenshot-2026-04-16-104958-300x157.png\" data-srcset=\"https:\/\/orthodoxalbania.org\/2020\/wp-content\/uploads\/2026\/04\/Screenshot-2026-04-16-104958-200x105.png 200w, https:\/\/orthodoxalbania.org\/2020\/wp-content\/uploads\/2026\/04\/Screenshot-2026-04-16-104958-300x157.png 300w, https:\/\/orthodoxalbania.org\/2020\/wp-content\/uploads\/2026\/04\/Screenshot-2026-04-16-104958-400x209.png 400w, https:\/\/orthodoxalbania.org\/2020\/wp-content\/uploads\/2026\/04\/Screenshot-2026-04-16-104958-600x314.png 600w, https:\/\/orthodoxalbania.org\/2020\/wp-content\/uploads\/2026\/04\/Screenshot-2026-04-16-104958-768x401.png 768w, https:\/\/orthodoxalbania.org\/2020\/wp-content\/uploads\/2026\/04\/Screenshot-2026-04-16-104958-800x418.png 800w, https:\/\/orthodoxalbania.org\/2020\/wp-content\/uploads\/2026\/04\/Screenshot-2026-04-16-104958-1024x535.png 1024w, https:\/\/orthodoxalbania.org\/2020\/wp-content\/uploads\/2026\/04\/Screenshot-2026-04-16-104958-1200x627.png 1200w, https:\/\/orthodoxalbania.org\/2020\/wp-content\/uploads\/2026\/04\/Screenshot-2026-04-16-104958-1536x803.png 1536w, https:\/\/orthodoxalbania.org\/2020\/wp-content\/uploads\/2026\/04\/Screenshot-2026-04-16-104958.png 1720w\" data-sizes=\"auto\" \/>                                                                    <\/div>\n                                \n                                <div class=\"ond-secondary-content\">\n                                                                        <time class=\"ond-secondary-date\" datetime=\"2026-04-16T09:45:53+02:00\">\n                                        16 April, 2026                                    <\/time>\n                                                                        \n                                    <h4 class=\"ond-secondary-title\">10-Vjetori i Fron\u00ebzimit t\u00eb Hir\u00ebsis\u00eb s\u00eb tij imzot Nikolla si Mitropolit i Apollonis\u00eb dhe Fierit &#8211; Kisha e Sh\u00ebn Gjergjit, Fier, 16.04.2026, Liturgjia Hyjnore, Fjalimet &#038; Dokumentari.<\/h4>\n                                <\/div>\n                            <\/a>\n                        <\/article>\n                                                <article class=\"ond-secondary-card\">\n                            <a href=\"https:\/\/orthodoxalbania.org\/2020\/2026\/04\/12\/sot-me-12-prill-2026-ne-drejtimin-e-kryepiskopit-joan-u-zhvillua-sherbesa-e-dashurise-ne-katedralen-ngjallja-e-krishtit-ne-tirane\/\" class=\"ond-secondary-link\">\n                                <div class=\"ond-secondary-image\">\n                                                                            <img decoding=\"async\" width=\"300\" height=\"200\" src=\"https:\/\/orthodoxalbania.org\/2020\/wp-content\/uploads\/2026\/04\/Pashk-2026-300x200.jpg\" class=\"ond-secondary-img lazyload wp-post-image\" alt=\"Sot m\u00eb 12 prill 2026 n\u00eb drejtimin e Kryepiskopit Joan u zhvillua Sh\u00ebrbesa e Dashuris\u00eb n\u00eb Katedralen &#8220;Ngjallja e Krishtit&#8221; n\u00eb Tiran\u00eb.\" title=\"Sot m\u00eb 12 prill 2026 n\u00eb drejtimin e Kryepiskopit Joan u zhvillua Sh\u00ebrbesa e Dashuris\u00eb n\u00eb Katedralen &#8220;Ngjallja e Krishtit&#8221; n\u00eb Tiran\u00eb.\" srcset=\"data:image\/svg+xml,%3Csvg%20xmlns%3D%27http%3A%2F%2Fwww.w3.org%2F2000%2Fsvg%27%20width%3D%272048%27%20height%3D%271365%27%20viewBox%3D%270%200%202048%201365%27%3E%3Crect%20width%3D%272048%27%20height%3D%271365%27%20fill-opacity%3D%220%22%2F%3E%3C%2Fsvg%3E\" data-orig-src=\"https:\/\/orthodoxalbania.org\/2020\/wp-content\/uploads\/2026\/04\/Pashk-2026-300x200.jpg\" data-srcset=\"https:\/\/orthodoxalbania.org\/2020\/wp-content\/uploads\/2026\/04\/Pashk-2026-200x133.jpg 200w, https:\/\/orthodoxalbania.org\/2020\/wp-content\/uploads\/2026\/04\/Pashk-2026-300x200.jpg 300w, https:\/\/orthodoxalbania.org\/2020\/wp-content\/uploads\/2026\/04\/Pashk-2026-400x267.jpg 400w, https:\/\/orthodoxalbania.org\/2020\/wp-content\/uploads\/2026\/04\/Pashk-2026-600x400.jpg 600w, https:\/\/orthodoxalbania.org\/2020\/wp-content\/uploads\/2026\/04\/Pashk-2026-768x512.jpg 768w, https:\/\/orthodoxalbania.org\/2020\/wp-content\/uploads\/2026\/04\/Pashk-2026-800x533.jpg 800w, https:\/\/orthodoxalbania.org\/2020\/wp-content\/uploads\/2026\/04\/Pashk-2026-1024x683.jpg 1024w, https:\/\/orthodoxalbania.org\/2020\/wp-content\/uploads\/2026\/04\/Pashk-2026-1200x800.jpg 1200w, https:\/\/orthodoxalbania.org\/2020\/wp-content\/uploads\/2026\/04\/Pashk-2026-1536x1024.jpg 1536w\" data-sizes=\"auto\" \/>                                                                    <\/div>\n                                \n                                <div class=\"ond-secondary-content\">\n                                                                        <time class=\"ond-secondary-date\" datetime=\"2026-04-12T20:09:39+02:00\">\n                                        12 April, 2026                                    <\/time>\n                                                                        \n                                    <h4 class=\"ond-secondary-title\">Sot m\u00eb 12 prill 2026 n\u00eb drejtimin e Kryepiskopit Joan u zhvillua Sh\u00ebrbesa e Dashuris\u00eb n\u00eb Katedralen &#8220;Ngjallja e Krishtit&#8221; n\u00eb Tiran\u00eb.<\/h4>\n                                <\/div>\n                            <\/a>\n                        <\/article>\n                                                <article class=\"ond-secondary-card\">\n                            <a href=\"https:\/\/orthodoxalbania.org\/2020\/2026\/04\/12\/fortlumturia-i-tij-joani-mikpriti-udheheqes-fetare-dhe-personalitete-te-shquara-per-festen-e-madhe-te-pashkes\/\" class=\"ond-secondary-link\">\n                                <div class=\"ond-secondary-image\">\n                                                                            <img decoding=\"async\" width=\"300\" height=\"172\" src=\"https:\/\/orthodoxalbania.org\/2020\/wp-content\/uploads\/2026\/04\/Fortlumturia-i-Tij-Joani-Mikpriti-Udheheqes-Fetare-dhe-Personalitete-te-Shquara-per-festen-e-Madhe-te-Pashkes-300x172.jpg\" class=\"ond-secondary-img lazyload wp-post-image\" alt=\"Fortlumturia i Tij Joani Mikpriti Udh\u00ebheq\u00ebs Fetar\u00eb dhe Personalitete t\u00eb Shquara p\u00ebr fest\u00ebn e Madhe\u00a0 t\u00eb Pashk\u00ebs\" title=\"Fortlumturia i Tij Joani Mikpriti Udh\u00ebheq\u00ebs Fetar\u00eb dhe Personalitete t\u00eb Shquara p\u00ebr fest\u00ebn e Madhe\u00a0 t\u00eb Pashk\u00ebs\" srcset=\"data:image\/svg+xml,%3Csvg%20xmlns%3D%27http%3A%2F%2Fwww.w3.org%2F2000%2Fsvg%27%20width%3D%271600%27%20height%3D%27918%27%20viewBox%3D%270%200%201600%20918%27%3E%3Crect%20width%3D%271600%27%20height%3D%27918%27%20fill-opacity%3D%220%22%2F%3E%3C%2Fsvg%3E\" data-orig-src=\"https:\/\/orthodoxalbania.org\/2020\/wp-content\/uploads\/2026\/04\/Fortlumturia-i-Tij-Joani-Mikpriti-Udheheqes-Fetare-dhe-Personalitete-te-Shquara-per-festen-e-Madhe-te-Pashkes-300x172.jpg\" data-srcset=\"https:\/\/orthodoxalbania.org\/2020\/wp-content\/uploads\/2026\/04\/Fortlumturia-i-Tij-Joani-Mikpriti-Udheheqes-Fetare-dhe-Personalitete-te-Shquara-per-festen-e-Madhe-te-Pashkes-200x115.jpg 200w, https:\/\/orthodoxalbania.org\/2020\/wp-content\/uploads\/2026\/04\/Fortlumturia-i-Tij-Joani-Mikpriti-Udheheqes-Fetare-dhe-Personalitete-te-Shquara-per-festen-e-Madhe-te-Pashkes-300x172.jpg 300w, https:\/\/orthodoxalbania.org\/2020\/wp-content\/uploads\/2026\/04\/Fortlumturia-i-Tij-Joani-Mikpriti-Udheheqes-Fetare-dhe-Personalitete-te-Shquara-per-festen-e-Madhe-te-Pashkes-400x230.jpg 400w, https:\/\/orthodoxalbania.org\/2020\/wp-content\/uploads\/2026\/04\/Fortlumturia-i-Tij-Joani-Mikpriti-Udheheqes-Fetare-dhe-Personalitete-te-Shquara-per-festen-e-Madhe-te-Pashkes-600x344.jpg 600w, https:\/\/orthodoxalbania.org\/2020\/wp-content\/uploads\/2026\/04\/Fortlumturia-i-Tij-Joani-Mikpriti-Udheheqes-Fetare-dhe-Personalitete-te-Shquara-per-festen-e-Madhe-te-Pashkes-768x441.jpg 768w, https:\/\/orthodoxalbania.org\/2020\/wp-content\/uploads\/2026\/04\/Fortlumturia-i-Tij-Joani-Mikpriti-Udheheqes-Fetare-dhe-Personalitete-te-Shquara-per-festen-e-Madhe-te-Pashkes-800x459.jpg 800w, https:\/\/orthodoxalbania.org\/2020\/wp-content\/uploads\/2026\/04\/Fortlumturia-i-Tij-Joani-Mikpriti-Udheheqes-Fetare-dhe-Personalitete-te-Shquara-per-festen-e-Madhe-te-Pashkes-1024x588.jpg 1024w, https:\/\/orthodoxalbania.org\/2020\/wp-content\/uploads\/2026\/04\/Fortlumturia-i-Tij-Joani-Mikpriti-Udheheqes-Fetare-dhe-Personalitete-te-Shquara-per-festen-e-Madhe-te-Pashkes-1200x689.jpg 1200w, https:\/\/orthodoxalbania.org\/2020\/wp-content\/uploads\/2026\/04\/Fortlumturia-i-Tij-Joani-Mikpriti-Udheheqes-Fetare-dhe-Personalitete-te-Shquara-per-festen-e-Madhe-te-Pashkes-1536x881.jpg 1536w, https:\/\/orthodoxalbania.org\/2020\/wp-content\/uploads\/2026\/04\/Fortlumturia-i-Tij-Joani-Mikpriti-Udheheqes-Fetare-dhe-Personalitete-te-Shquara-per-festen-e-Madhe-te-Pashkes.jpg 1600w\" data-sizes=\"auto\" \/>                                                                    <\/div>\n                                \n                                <div class=\"ond-secondary-content\">\n                                                                        <time class=\"ond-secondary-date\" datetime=\"2026-04-12T18:13:07+02:00\">\n                                        12 April, 2026                                    <\/time>\n                                                                        \n                                    <h4 class=\"ond-secondary-title\">Fortlumturia i Tij Joani Mikpriti Udh\u00ebheq\u00ebs Fetar\u00eb dhe Personalitete t\u00eb Shquara p\u00ebr fest\u00ebn e Madhe\u00a0 t\u00eb Pashk\u00ebs<\/h4>\n                                <\/div>\n                            <\/a>\n                        <\/article>\n                                                <article class=\"ond-secondary-card\">\n                            <a href=\"https:\/\/orthodoxalbania.org\/2020\/2026\/04\/12\/mesazhi-i-pashkes-2026-joani-kryepiskop-i-tiranes-durresit-dhe-i-gjithe-shqiperise-paqia-e-krishtit-te-ngjallur-ne-nje-bote-te-trazuar\/\" class=\"ond-secondary-link\">\n                                <div class=\"ond-secondary-image\">\n                                                                            <img decoding=\"async\" width=\"300\" height=\"139\" src=\"https:\/\/orthodoxalbania.org\/2020\/wp-content\/uploads\/2026\/04\/Screenshot-2026-04-16-111222-300x139.png\" class=\"ond-secondary-img lazyload wp-post-image\" alt=\"Mesazhi i Pashk\u00ebs 2026 + Joani Kryepiskop i Tiran\u00ebs, Durr\u00ebsit dhe i Gjith\u00eb Shqip\u00ebris\u00eb &#8211; Paqia e Krishtit te Ngjallur n\u00eb nj\u00eb Bot\u00eb t\u00eb Trazuar\" title=\"Mesazhi i Pashk\u00ebs 2026 + Joani Kryepiskop i Tiran\u00ebs, Durr\u00ebsit dhe i Gjith\u00eb Shqip\u00ebris\u00eb &#8211; Paqia e Krishtit te Ngjallur n\u00eb nj\u00eb Bot\u00eb t\u00eb Trazuar\" srcset=\"data:image\/svg+xml,%3Csvg%20xmlns%3D%27http%3A%2F%2Fwww.w3.org%2F2000%2Fsvg%27%20width%3D%271180%27%20height%3D%27545%27%20viewBox%3D%270%200%201180%20545%27%3E%3Crect%20width%3D%271180%27%20height%3D%27545%27%20fill-opacity%3D%220%22%2F%3E%3C%2Fsvg%3E\" data-orig-src=\"https:\/\/orthodoxalbania.org\/2020\/wp-content\/uploads\/2026\/04\/Screenshot-2026-04-16-111222-300x139.png\" data-srcset=\"https:\/\/orthodoxalbania.org\/2020\/wp-content\/uploads\/2026\/04\/Screenshot-2026-04-16-111222-200x92.png 200w, https:\/\/orthodoxalbania.org\/2020\/wp-content\/uploads\/2026\/04\/Screenshot-2026-04-16-111222-300x139.png 300w, https:\/\/orthodoxalbania.org\/2020\/wp-content\/uploads\/2026\/04\/Screenshot-2026-04-16-111222-400x185.png 400w, https:\/\/orthodoxalbania.org\/2020\/wp-content\/uploads\/2026\/04\/Screenshot-2026-04-16-111222-600x277.png 600w, https:\/\/orthodoxalbania.org\/2020\/wp-content\/uploads\/2026\/04\/Screenshot-2026-04-16-111222-768x355.png 768w, https:\/\/orthodoxalbania.org\/2020\/wp-content\/uploads\/2026\/04\/Screenshot-2026-04-16-111222-800x369.png 800w, https:\/\/orthodoxalbania.org\/2020\/wp-content\/uploads\/2026\/04\/Screenshot-2026-04-16-111222-1024x473.png 1024w, https:\/\/orthodoxalbania.org\/2020\/wp-content\/uploads\/2026\/04\/Screenshot-2026-04-16-111222.png 1180w\" data-sizes=\"auto\" \/>                                                                    <\/div>\n                                \n                                <div class=\"ond-secondary-content\">\n                                                                        <time class=\"ond-secondary-date\" datetime=\"2026-04-12T10:03:41+02:00\">\n                                        12 April, 2026                                    <\/time>\n                                                                        \n                                    <h4 class=\"ond-secondary-title\">Mesazhi i Pashk\u00ebs 2026 + Joani Kryepiskop i Tiran\u00ebs, Durr\u00ebsit dhe i Gjith\u00eb Shqip\u00ebris\u00eb &#8211; Paqia e Krishtit te Ngjallur n\u00eb nj\u00eb Bot\u00eb t\u00eb Trazuar<\/h4>\n                                <\/div>\n                            <\/a>\n                        <\/article>\n                                                <article class=\"ond-secondary-card\">\n                            <a href=\"https:\/\/orthodoxalbania.org\/2020\/2026\/04\/12\/sherbesa-madheshtore-e-se-dieles-se-madhe-te-shenjte-te-pashkes-ngjalljes-se-jisu-krishtit-e-drejtuar-nga-fortlumturia-e-tij-joani-kryepiskop-i-tiranes-durresit-dhe-i-gjithe-shqiperise-12-prill\/\" class=\"ond-secondary-link\">\n                                <div class=\"ond-secondary-image\">\n                                                                            <img decoding=\"async\" width=\"300\" height=\"200\" src=\"https:\/\/orthodoxalbania.org\/2020\/wp-content\/uploads\/2026\/04\/Pashk-2026.2-300x200.jpg\" class=\"ond-secondary-img lazyload wp-post-image\" alt=\"Sh\u00ebrbesa madh\u00ebshtore e s\u00eb Diel\u00ebs s\u00eb Madhe t\u00eb Shenjt\u00eb t\u00eb Pashk\u00ebs, Ngjalljes s\u00eb Jisu Krishtit, e drejtuar nga Fortlumturia e Tij, Joani, Kryepiskop i Tiran\u00ebs, Durr\u00ebsit dhe i Gjith\u00eb Shqip\u00ebris\u00eb. 12 Prill 2026\" title=\"Sh\u00ebrbesa madh\u00ebshtore e s\u00eb Diel\u00ebs s\u00eb Madhe t\u00eb Shenjt\u00eb t\u00eb Pashk\u00ebs, Ngjalljes s\u00eb Jisu Krishtit, e drejtuar nga Fortlumturia e Tij, Joani, Kryepiskop i Tiran\u00ebs, Durr\u00ebsit dhe i Gjith\u00eb Shqip\u00ebris\u00eb. 12 Prill 2026\" srcset=\"data:image\/svg+xml,%3Csvg%20xmlns%3D%27http%3A%2F%2Fwww.w3.org%2F2000%2Fsvg%27%20width%3D%271600%27%20height%3D%271066%27%20viewBox%3D%270%200%201600%201066%27%3E%3Crect%20width%3D%271600%27%20height%3D%271066%27%20fill-opacity%3D%220%22%2F%3E%3C%2Fsvg%3E\" data-orig-src=\"https:\/\/orthodoxalbania.org\/2020\/wp-content\/uploads\/2026\/04\/Pashk-2026.2-300x200.jpg\" data-srcset=\"https:\/\/orthodoxalbania.org\/2020\/wp-content\/uploads\/2026\/04\/Pashk-2026.2-200x133.jpg 200w, https:\/\/orthodoxalbania.org\/2020\/wp-content\/uploads\/2026\/04\/Pashk-2026.2-300x200.jpg 300w, https:\/\/orthodoxalbania.org\/2020\/wp-content\/uploads\/2026\/04\/Pashk-2026.2-400x267.jpg 400w, https:\/\/orthodoxalbania.org\/2020\/wp-content\/uploads\/2026\/04\/Pashk-2026.2-600x400.jpg 600w, https:\/\/orthodoxalbania.org\/2020\/wp-content\/uploads\/2026\/04\/Pashk-2026.2-768x512.jpg 768w, https:\/\/orthodoxalbania.org\/2020\/wp-content\/uploads\/2026\/04\/Pashk-2026.2-800x533.jpg 800w, https:\/\/orthodoxalbania.org\/2020\/wp-content\/uploads\/2026\/04\/Pashk-2026.2-1024x682.jpg 1024w, https:\/\/orthodoxalbania.org\/2020\/wp-content\/uploads\/2026\/04\/Pashk-2026.2-1200x800.jpg 1200w, https:\/\/orthodoxalbania.org\/2020\/wp-content\/uploads\/2026\/04\/Pashk-2026.2-1536x1023.jpg 1536w, https:\/\/orthodoxalbania.org\/2020\/wp-content\/uploads\/2026\/04\/Pashk-2026.2.jpg 1600w\" data-sizes=\"auto\" \/>                                                                    <\/div>\n                                \n                                <div class=\"ond-secondary-content\">\n                                                                        <time class=\"ond-secondary-date\" datetime=\"2026-04-12T00:00:40+02:00\">\n                                        12 April, 2026                                    <\/time>\n                                                                        \n                                    <h4 class=\"ond-secondary-title\">Sh\u00ebrbesa madh\u00ebshtore e s\u00eb Diel\u00ebs s\u00eb Madhe t\u00eb Shenjt\u00eb t\u00eb Pashk\u00ebs, Ngjalljes s\u00eb Jisu Krishtit, e drejtuar nga Fortlumturia e Tij, Joani, Kryepiskop i Tiran\u00ebs, Durr\u00ebsit dhe i Gjith\u00eb Shqip\u00ebris\u00eb. 12 Prill 2026<\/h4>\n                                <\/div>\n                            <\/a>\n                        <\/article>\n                                            <\/div>\n                    \n\n                <\/div>\n                \n            <\/div>\n            \n            <!-- View All Button -->\n            <div class=\"ond-button-wrapper\">\n                <a href=\"https:\/\/orthodoxalbania.org\/2020\/category\/lajme\/\" class=\"ond-view-all-btn\">\n                    <span class=\"ond-btn-text\">View all news<\/span>\n                    <svg class=\"ond-btn-arrow\" width=\"20\" height=\"20\" viewBox=\"0 0 24 24\" fill=\"none\" stroke=\"currentColor\" stroke-width=\"2\">\n                        <path d=\"M5 12h14M12 5l7 7-7 7\"\/>\n                    <\/svg>\n                <\/a>\n            <\/div>\n            \n        <\/section>\n        \n        <\/div><\/div><\/div><\/div><div class=\"fusion-fullwidth fullwidth-box fusion-builder-row-2 fusion-flex-container has-pattern-background has-mask-background nonhundred-percent-fullwidth non-hundred-percent-height-scrolling\" style=\"--awb-border-radius-top-left:0px;--awb-border-radius-top-right:0px;--awb-border-radius-bottom-right:0px;--awb-border-radius-bottom-left:0px;--awb-flex-wrap:wrap;\" ><div class=\"fusion-builder-row fusion-row fusion-flex-align-items-flex-start fusion-flex-content-wrap\" style=\"max-width:1216.8px;margin-left: calc(-4% \/ 2 );margin-right: calc(-4% \/ 2 );\"><div class=\"fusion-layout-column fusion_builder_column fusion-builder-column-1 fusion_builder_column_1_1 1_1 fusion-flex-column\" style=\"--awb-bg-size:cover;--awb-width-large:100%;--awb-margin-top-large:0px;--awb-spacing-right-large:1.92%;--awb-margin-bottom-large:20px;--awb-spacing-left-large:1.92%;--awb-width-medium:100%;--awb-order-medium:0;--awb-spacing-right-medium:1.92%;--awb-spacing-left-medium:1.92%;--awb-width-small:100%;--awb-order-small:0;--awb-spacing-right-small:1.92%;--awb-spacing-left-small:1.92%;\"><div class=\"fusion-column-wrapper fusion-column-has-shadow fusion-flex-justify-content-flex-start fusion-content-layout-column\">        <div class=\"orthodox-calendar-container\">\n            <div class=\"orthodox-calendar-full\" data-month=\"5\" data-year=\"2026\">\n                \n                <div class=\"calendar-header\">\n                    <button class=\"calendar-nav-btn prev\">\u2039<\/button>\n                    <div>\n                        <div class=\"calendar-title\">Maj<\/div>\n                        <div class=\"calendar-year\">2026<\/div>\n                    <\/div>\n                    <button class=\"calendar-nav-btn next\">\u203a<\/button>\n                <\/div>\n                \n                <div class=\"calendar-weekdays\">\n                                        <div class=\"calendar-weekday sunday\">Di<\/div>\n                                        <div class=\"calendar-weekday\">H\u00eb<\/div>\n                                        <div class=\"calendar-weekday\">Ma<\/div>\n                                        <div class=\"calendar-weekday\">M\u00eb<\/div>\n                                        <div class=\"calendar-weekday\">En<\/div>\n                                        <div class=\"calendar-weekday\">Pr<\/div>\n                                        <div class=\"calendar-weekday\">Sh<\/div>\n                                    <\/div>\n                \n                <div class=\"calendar-grid\">\n                                        <div class=\"calendar-day empty\"><\/div>\n                                        <div class=\"calendar-day empty\"><\/div>\n                                        <div class=\"calendar-day empty\"><\/div>\n                                        <div class=\"calendar-day empty\"><\/div>\n                                        <div class=\"calendar-day empty\"><\/div>\n                                        \n                                        <div class=\"calendar-day today\" data-day=\"1\" data-month=\"5\" data-year=\"2026\">\n                        <div class=\"calendar-day-number\">1<\/div>\n                                                <div class=\"calendar-day-saint\">Profeti Jeremia<\/div>\n                                                                                            <\/div>\n                                        <div class=\"calendar-day\" data-day=\"2\" data-month=\"5\" data-year=\"2026\">\n                        <div class=\"calendar-day-number\">2<\/div>\n                                                <div class=\"calendar-day-saint\">Transferimi i lipsanit t\u00eb Sh. Athanasit<\/div>\n                                                                                                <div class=\"calendar-day-liturgy\">\u2627<\/div>\n                                            <\/div>\n                                        <div class=\"calendar-day sunday\" data-day=\"3\" data-month=\"5\" data-year=\"2026\">\n                        <div class=\"calendar-day-number\">3<\/div>\n                                                <div class=\"calendar-day-saint\">E T\u00cb PARALIZUARIT<\/div>\n                                                                                                <div class=\"calendar-day-liturgy\">\u2627<\/div>\n                                            <\/div>\n                                        <div class=\"calendar-day\" data-day=\"4\" data-month=\"5\" data-year=\"2026\">\n                        <div class=\"calendar-day-number\">4<\/div>\n                                                <div class=\"calendar-day-saint\">D\u00ebshmoret Pelagjia dhe Afrodisi<\/div>\n                                                                                            <\/div>\n                                        <div class=\"calendar-day\" data-day=\"5\" data-month=\"5\" data-year=\"2026\">\n                        <div class=\"calendar-day-number\">5<\/div>\n                                                <div class=\"calendar-day-saint\">D\u00ebshmorja e Madhe Irini<\/div>\n                                                                                                <div class=\"calendar-day-liturgy\">\u2627<\/div>\n                                            <\/div>\n                                        <div class=\"calendar-day great-feast\" data-day=\"6\" data-month=\"5\" data-year=\"2026\">\n                        <div class=\"calendar-day-number\">6<\/div>\n                                                <div class=\"calendar-day-saint\">Gjysm\u00ebpentikostia<\/div>\n                                                                        <div class=\"calendar-day-fasting fasting-fish\"><\/div>\n                                                                        <div class=\"calendar-day-liturgy\">\u2627<\/div>\n                                            <\/div>\n                                        <div class=\"calendar-day\" data-day=\"7\" data-month=\"5\" data-year=\"2026\">\n                        <div class=\"calendar-day-number\">7<\/div>\n                                                <div class=\"calendar-day-saint\">Kryqi q\u00eb u shfaq n\u00eb qiell<\/div>\n                                                                                            <\/div>\n                                        <div class=\"calendar-day\" data-day=\"8\" data-month=\"5\" data-year=\"2026\">\n                        <div class=\"calendar-day-number\">8<\/div>\n                                                <div class=\"calendar-day-saint\">Apostulli dhe Ungjillori Joan Theologu<\/div>\n                                                                                                <div class=\"calendar-day-liturgy\">\u2627<\/div>\n                                            <\/div>\n                                        <div class=\"calendar-day\" data-day=\"9\" data-month=\"5\" data-year=\"2026\">\n                        <div class=\"calendar-day-number\">9<\/div>\n                                                <div class=\"calendar-day-saint\">Profeti Isaia<\/div>\n                                                                                                <div class=\"calendar-day-liturgy\">\u2627<\/div>\n                                            <\/div>\n                                        <div class=\"calendar-day sunday\" data-day=\"10\" data-month=\"5\" data-year=\"2026\">\n                        <div class=\"calendar-day-number\">10<\/div>\n                                                <div class=\"calendar-day-saint\">E SAMARITANES<\/div>\n                                                                                                <div class=\"calendar-day-liturgy\">\u2627<\/div>\n                                            <\/div>\n                                        <div class=\"calendar-day\" data-day=\"11\" data-month=\"5\" data-year=\"2026\">\n                        <div class=\"calendar-day-number\">11<\/div>\n                                                <div class=\"calendar-day-saint\">Kirili dhe Metodi, ndri\u00e7uesit e sllav\u00ebve<\/div>\n                                                                                                <div class=\"calendar-day-liturgy\">\u2627<\/div>\n                                            <\/div>\n                                        <div class=\"calendar-day\" data-day=\"12\" data-month=\"5\" data-year=\"2026\">\n                        <div class=\"calendar-day-number\">12<\/div>\n                                                <div class=\"calendar-day-saint\">Epifani i Qipros<\/div>\n                                                                                            <\/div>\n                                        <div class=\"calendar-day\" data-day=\"13\" data-month=\"5\" data-year=\"2026\">\n                        <div class=\"calendar-day-number\">13<\/div>\n                                                <div class=\"calendar-day-saint\">D\u00ebshmor\u00ebt Gliqeria dhe Laodiki<\/div>\n                                                                                            <\/div>\n                                        <div class=\"calendar-day\" data-day=\"14\" data-month=\"5\" data-year=\"2026\">\n                        <div class=\"calendar-day-number\">14<\/div>\n                                                <div class=\"calendar-day-saint\">D\u00ebshmor\u00ebt Isidor, Aristotel dhe Leandr<\/div>\n                                                                                            <\/div>\n                                        <div class=\"calendar-day\" data-day=\"15\" data-month=\"5\" data-year=\"2026\">\n                        <div class=\"calendar-day-number\">15<\/div>\n                                                <div class=\"calendar-day-saint\">Osh\u00ebnari Pahomi i Madh<\/div>\n                                                                                            <\/div>\n                                        <div class=\"calendar-day\" data-day=\"16\" data-month=\"5\" data-year=\"2026\">\n                        <div class=\"calendar-day-number\">16<\/div>\n                                                <div class=\"calendar-day-saint\">Theodhori i Shenjt\u00ebruar<\/div>\n                                                                                                <div class=\"calendar-day-liturgy\">\u2627<\/div>\n                                            <\/div>\n                                        <div class=\"calendar-day sunday\" data-day=\"17\" data-month=\"5\" data-year=\"2026\">\n                        <div class=\"calendar-day-number\">17<\/div>\n                                                <div class=\"calendar-day-saint\">E T\u00cb VERBRIT<\/div>\n                                                                                                <div class=\"calendar-day-liturgy\">\u2627<\/div>\n                                            <\/div>\n                                        <div class=\"calendar-day\" data-day=\"18\" data-month=\"5\" data-year=\"2026\">\n                        <div class=\"calendar-day-number\">18<\/div>\n                                                <div class=\"calendar-day-saint\">D\u00ebshmor\u00ebt Petro, Dionisi, Kristina, Irakliu, Benedim, Pavli etj.<\/div>\n                                                                                            <\/div>\n                                        <div class=\"calendar-day\" data-day=\"19\" data-month=\"5\" data-year=\"2026\">\n                        <div class=\"calendar-day-number\">19<\/div>\n                                                <div class=\"calendar-day-saint\">Hierod\u00ebshmor\u00ebt Patriku i Prus\u00ebs dhe Polien<\/div>\n                                                                                            <\/div>\n                                        <div class=\"calendar-day\" data-day=\"20\" data-month=\"5\" data-year=\"2026\">\n                        <div class=\"calendar-day-number\">20<\/div>\n                                                <div class=\"calendar-day-saint\">Mbyllja e Pashk\u00ebs<\/div>\n                                                                        <div class=\"calendar-day-fasting fasting-fish\"><\/div>\n                                                                        <div class=\"calendar-day-liturgy\">\u2627<\/div>\n                                            <\/div>\n                                        <div class=\"calendar-day great-feast\" data-day=\"21\" data-month=\"5\" data-year=\"2026\">\n                        <div class=\"calendar-day-number\">21<\/div>\n                                                <div class=\"calendar-day-saint\">Ngjitja e Zotit Krisht n\u00eb Qiej<\/div>\n                                                                                                <div class=\"calendar-day-liturgy\">\u2627<\/div>\n                                            <\/div>\n                                        <div class=\"calendar-day\" data-day=\"22\" data-month=\"5\" data-year=\"2026\">\n                        <div class=\"calendar-day-number\">22<\/div>\n                                                <div class=\"calendar-day-saint\">Et\u00ebrit e Sinodit II Ekumenik<\/div>\n                                                                                                <div class=\"calendar-day-liturgy\">\u2627<\/div>\n                                            <\/div>\n                                        <div class=\"calendar-day\" data-day=\"23\" data-month=\"5\" data-year=\"2026\">\n                        <div class=\"calendar-day-number\">23<\/div>\n                                                <div class=\"calendar-day-saint\">Miroprur\u00ebsja Maria e Kleop\u00ebs<\/div>\n                                                                                                <div class=\"calendar-day-liturgy\">\u2627<\/div>\n                                            <\/div>\n                                        <div class=\"calendar-day sunday\" data-day=\"24\" data-month=\"5\" data-year=\"2026\">\n                        <div class=\"calendar-day-number\">24<\/div>\n                                                <div class=\"calendar-day-saint\">E ET\u00cbRVE T\u00cb SINODIT I EKUMENIK<\/div>\n                                                                                                <div class=\"calendar-day-liturgy\">\u2627<\/div>\n                                            <\/div>\n                                        <div class=\"calendar-day\" data-day=\"25\" data-month=\"5\" data-year=\"2026\">\n                        <div class=\"calendar-day-number\">25<\/div>\n                                                <div class=\"calendar-day-saint\">Gjetja III e kok\u00ebs s\u00eb Sh. Joan Pag\u00ebzorit<\/div>\n                                                                                            <\/div>\n                                        <div class=\"calendar-day\" data-day=\"26\" data-month=\"5\" data-year=\"2026\">\n                        <div class=\"calendar-day-number\">26<\/div>\n                                                <div class=\"calendar-day-saint\">Apostujt Karp dhe Alfe nga t\u00eb 70-t<\/div>\n                                                                                            <\/div>\n                                        <div class=\"calendar-day\" data-day=\"27\" data-month=\"5\" data-year=\"2026\">\n                        <div class=\"calendar-day-number\">27<\/div>\n                                                <div class=\"calendar-day-saint\">Hierod\u00ebshmori Heladhi<\/div>\n                                                                                            <\/div>\n                                        <div class=\"calendar-day\" data-day=\"28\" data-month=\"5\" data-year=\"2026\">\n                        <div class=\"calendar-day-number\">28<\/div>\n                                                <div class=\"calendar-day-saint\">Hierod\u00ebshmori Eftiki<\/div>\n                                                                                            <\/div>\n                                        <div class=\"calendar-day\" data-day=\"29\" data-month=\"5\" data-year=\"2026\">\n                        <div class=\"calendar-day-number\">29<\/div>\n                                                <div class=\"calendar-day-saint\">Mbyllja e Ngjitjes<\/div>\n                                                                                            <\/div>\n                                        <div class=\"calendar-day\" data-day=\"30\" data-month=\"5\" data-year=\"2026\">\n                        <div class=\"calendar-day-number\">30<\/div>\n                                                <div class=\"calendar-day-saint\">E Shpirtrave (Psychosabbato)<\/div>\n                                                                                                <div class=\"calendar-day-liturgy\">\u2627<\/div>\n                                            <\/div>\n                                        <div class=\"calendar-day sunday great-feast\" data-day=\"31\" data-month=\"5\" data-year=\"2026\">\n                        <div class=\"calendar-day-number\">31<\/div>\n                                                <div class=\"calendar-day-saint\">PENTIKOSTIA (Rr\u00ebshaj\u00ebt)<\/div>\n                                                                                                <div class=\"calendar-day-liturgy\">\u2627<\/div>\n                                            <\/div>\n                                    <\/div>\n                \n                        <div class=\"calendar-legend\">\n            <div class=\"legend-item\">\n                <span class=\"legend-icon\"><span class=\"legend-dot fasting-strict\"><\/span><\/span>\n                <span class=\"legend-text\">Kreshm\u00eb e rrept\u00eb<\/span>\n            <\/div>\n            <div class=\"legend-item\">\n                <span class=\"legend-icon\"><span class=\"legend-dot fasting-oil-wine\"><\/span><\/span>\n                <span class=\"legend-text\">Vaj dhe ver\u00eb<\/span>\n            <\/div>\n            <div class=\"legend-item\">\n                <span class=\"legend-icon\"><span class=\"legend-dot fasting-fish\"><\/span><\/span>\n                <span class=\"legend-text\">Peshk i lejuar<\/span>\n            <\/div>\n            <div class=\"legend-item\">\n                <span class=\"legend-icon\"><span class=\"legend-liturgy\">\u2627<\/span><\/span>\n                <span class=\"legend-text\">Liturgji Hyjnore<\/span>\n            <\/div>\n        <\/div>\n                    <\/div>\n        <\/div>\n        <div class=\"fusion-text fusion-text-1\">        <div class=\"oca-timeline-wrapper\" data-lang=\"en\">\n            <div class=\"oca-timeline-header\">\n                <h2 class=\"oca-timeline-title\">\n                    Most Important Dates in the History of the Orthodox Church of Albania                <\/h2>\n            <\/div>\n            \n            <div class=\"oca-timeline-container\">\n                <div class=\"oca-timeline-track\">\n                    <div class=\"oca-timeline-line\"><\/div>\n                    \n                    <div class=\"oca-period-events\">\n                                                                                    <div class=\"oca-timeline-event\" data-description=\"The region included in the present-day state of Albania receives the message of the Gospel (Rom. 15:19). The region extends westward along the northern part of the Ionian Sea and the southern Adriatic, and eastward around the axis of the ancient Via Egnatia.\">\n                                    <div class=\"oca-event-marker\"><\/div>\n                                    <div class=\"oca-event-date\">\n                                        1st century AD                                    <\/div>\n                                <\/div>\n                                                            <div class=\"oca-timeline-event\" data-description=\"After the death of Theodosius I, the region belonging to Eastern Illyricum comes under Constantinople politically, while ecclesiastically it remains under Rome through the Roman vicariate of Thessaloniki.\">\n                                    <div class=\"oca-event-marker\"><\/div>\n                                    <div class=\"oca-event-date\">\n                                        395                                    <\/div>\n                                <\/div>\n                                                            <div class=\"oca-timeline-event\" data-description=\"The local Church is placed under the direct jurisdiction of the Patriarchate of Constantinople, ending its subordination to Rome that had lasted since the apostolic era.\">\n                                    <div class=\"oca-event-marker\"><\/div>\n                                    <div class=\"oca-event-date\">\n                                        731                                    <\/div>\n                                <\/div>\n                                                            <div class=\"oca-timeline-event\" data-description=\"Many of the dioceses of present-day Albania come under the Archbishopric of Ohrid, while the Metropolis of Durr\u00ebs in the 11th and 13th centuries continues to be subject to the Patriarchate of Constantinople.\">\n                                    <div class=\"oca-event-marker\"><\/div>\n                                    <div class=\"oca-event-date\">\n                                        1018                                    <\/div>\n                                <\/div>\n                                                            <div class=\"oca-timeline-event\" data-description=\"The Great Schism between East and West divides the region into two ecclesiastical jurisdictions: the north under Rome and the south under Constantinople.\">\n                                    <div class=\"oca-event-marker\"><\/div>\n                                    <div class=\"oca-event-date\">\n                                        1054                                    <\/div>\n                                <\/div>\n                                                            <div class=\"oca-timeline-event\" data-description=\"Fall of Durr\u00ebs to the Ottomans, completing the conquest of the region. The Ottoman occupation causes large waves of Islamization.\">\n                                    <div class=\"oca-event-marker\"><\/div>\n                                    <div class=\"oca-event-date\">\n                                        1501                                    <\/div>\n                                <\/div>\n                                                            <div class=\"oca-timeline-event\" data-description=\"Abolition of the autocephaly of the Archbishopric of Ohrid. The dioceses located in the territory of present-day Albania return to the canonical jurisdiction of the Patriarchate of Constantinople.\">\n                                    <div class=\"oca-event-marker\"><\/div>\n                                    <div class=\"oca-event-date\">\n                                        1767                                    <\/div>\n                                <\/div>\n                                                            <div class=\"oca-timeline-event\" data-description=\"Activity of Saint Kosmas of Aetolia in Albania, who seals his missionary journey with his martyrdom in 1779.\">\n                                    <div class=\"oca-event-marker\"><\/div>\n                                    <div class=\"oca-event-date\">\n                                        1775-1779                                    <\/div>\n                                <\/div>\n                                                                                                                <div class=\"oca-timeline-event\" data-description=\"Establishment of the Albanian state. With the acquisition of political freedom, the Albanian authorities request independence for all religious communities from centers located in other states.\">\n                                    <div class=\"oca-event-marker\"><\/div>\n                                    <div class=\"oca-event-date\">\n                                        1912                                    <\/div>\n                                <\/div>\n                                                            <div class=\"oca-timeline-event\" data-description=\"Orthodox ecclesiastical congress in Berat, with the support of the then Albanian Government, unilaterally proclaims the Church of Albania Autocephalous. The Ecumenical Patriarchate refuses to accept these anti-canonical actions.\">\n                                    <div class=\"oca-event-marker\"><\/div>\n                                    <div class=\"oca-event-date\">\n                                        September 1922                                    <\/div>\n                                <\/div>\n                                                            <div class=\"oca-timeline-event\" data-description=\"The Ecumenical Patriarchate, under Patriarch Benjamin I, officially grants the Patriarchal and Synodal Tomos &#039;On the blessing of the Autocephaly of the Orthodox Church in Albania&#039;, a fundamental document for the canonical existence of the Church.\">\n                                    <div class=\"oca-event-marker\"><\/div>\n                                    <div class=\"oca-event-date\">\n                                        April 17, 1937                                    <\/div>\n                                <\/div>\n                                                            <div class=\"oca-timeline-event\" data-description=\"Entry of Italian troops, Albania becomes a province of Italy. Plans for religious annexation and absorption of the Orthodox through the Unia are immediately put into effect.\">\n                                    <div class=\"oca-event-marker\"><\/div>\n                                    <div class=\"oca-event-date\">\n                                        April 7, 1939                                    <\/div>\n                                <\/div>\n                                                            <div class=\"oca-timeline-event\" data-description=\"Withdrawal of the Germans and full imposition of the communist regime in Albania. The persecution of religion begins in the classic form.\">\n                                    <div class=\"oca-event-marker\"><\/div>\n                                    <div class=\"oca-event-date\">\n                                        November 1944                                    <\/div>\n                                <\/div>\n                                                            <div class=\"oca-timeline-event\" data-description=\"Archbishop Kristofor is forced to leave and placed under house arrest. Paisios Vodica is appointed as new archbishop.\">\n                                    <div class=\"oca-event-marker\"><\/div>\n                                    <div class=\"oca-event-date\">\n                                        December 25, 1948                                    <\/div>\n                                <\/div>\n                                                            <div class=\"oca-timeline-event\" data-description=\"The canonical Archbishop Kristofor was found dead, according to the official version from a heart attack, while under house arrest.\">\n                                    <div class=\"oca-event-marker\"><\/div>\n                                    <div class=\"oca-event-date\">\n                                        June 19, 1958                                    <\/div>\n                                <\/div>\n                                                                                                                <div class=\"oca-timeline-event\" data-description=\"The signal for total persecution against religion is given. The effort to ridicule religion and its representatives intensifies, as does oppression with exiles, imprisonments and executions of believers, clergy and laity.\">\n                                    <div class=\"oca-event-marker\"><\/div>\n                                    <div class=\"oca-event-date\">\n                                        April 4, 1967                                    <\/div>\n                                <\/div>\n                                                            <div class=\"oca-timeline-event\" data-description=\"By decree 4337, Albania is officially proclaimed the first and only atheist state in the world and in history. Hundreds of churches are demolished, almost all monasteries are destroyed. The clergy are defrocked, church property is confiscated.\">\n                                    <div class=\"oca-event-marker\"><\/div>\n                                    <div class=\"oca-event-date\">\n                                        November 22, 1967                                    <\/div>\n                                <\/div>\n                                                            <div class=\"oca-timeline-event\" data-description=\"Death of Archbishop Damianos at his home in Pogradec, where he had retired after 1967.\">\n                                    <div class=\"oca-event-marker\"><\/div>\n                                    <div class=\"oca-event-date\">\n                                        October 18, 1973                                    <\/div>\n                                <\/div>\n                                                                                                                <div class=\"oca-timeline-event\" data-description=\"Ecumenical Patriarch Dimitrios and the Holy Synod select Bishop Anastasios Yannoulatos of Androussa as Patriarchal Exarch. After 23 years of complete dissolution, the Ecumenical Patriarchate takes the initiative for the reconstitution of the Church.\">\n                                    <div class=\"oca-event-marker\"><\/div>\n                                    <div class=\"oca-event-date\">\n                                        January 1991                                    <\/div>\n                                <\/div>\n                                                            <div class=\"oca-timeline-event\" data-description=\"After months of opposition from the Albanian state, the Patriarchal Exarch arrives in Tirana. Only 12 priests and 3 deacons remained, mostly elderly and sick.\">\n                                    <div class=\"oca-event-marker\"><\/div>\n                                    <div class=\"oca-event-date\">\n                                        July 16, 1991                                    <\/div>\n                                <\/div>\n                                                            <div class=\"oca-timeline-event\" data-description=\"Upon the proposal of Ecumenical Patriarch Bartholomew, the Holy Synod of the Ecumenical Patriarchate unanimously elects Anastasios Yannoulatos as Archbishop of Tirana and All Albania.\">\n                                    <div class=\"oca-event-marker\"><\/div>\n                                    <div class=\"oca-event-date\">\n                                        June 24, 1992                                    <\/div>\n                                <\/div>\n                                                            <div class=\"oca-timeline-event\" data-description=\"Enthronement of Archbishop Anastasios in the Cathedral of the Annunciation in Tirana, in the presence of all clergy and lay representatives from all provinces of Albania.\">\n                                    <div class=\"oca-event-marker\"><\/div>\n                                    <div class=\"oca-event-date\">\n                                        August 2, 1992                                    <\/div>\n                                <\/div>\n                                                            <div class=\"oca-timeline-event\" data-description=\"Referendum rejects the Draft Constitution, which sought the final removal of the Archbishop. 80,000 signatures in support of his stay.\">\n                                    <div class=\"oca-event-marker\"><\/div>\n                                    <div class=\"oca-event-date\">\n                                        November 6, 1994                                    <\/div>\n                                <\/div>\n                                                            <div class=\"oca-timeline-event\" data-description=\"Start of operation of the Orthodox Theological Academy &#039;Anastasis&#039;, with dormitory, in the area of the New Monastery of Saint Vlash in Durr\u00ebs.\">\n                                    <div class=\"oca-event-marker\"><\/div>\n                                    <div class=\"oca-event-date\">\n                                        1997                                    <\/div>\n                                <\/div>\n                                                            <div class=\"oca-timeline-event\" data-description=\"Refugee crisis from Kosovo. The Church organizes an extensive humanitarian program (over 10 million dollars) and assists about 33,000 people.\">\n                                    <div class=\"oca-event-marker\"><\/div>\n                                    <div class=\"oca-event-date\">\n                                        1999                                    <\/div>\n                                <\/div>\n                                                                                                                <div class=\"oca-timeline-event\" data-description=\"Special Clergy-Laity Assembly with 257 members unanimously accepts the new Statute at the Theological Academy &#039;Anastasis&#039;.\">\n                                    <div class=\"oca-event-marker\"><\/div>\n                                    <div class=\"oca-event-date\">\n                                        November 4, 2006                                    <\/div>\n                                <\/div>\n                                                            <div class=\"oca-timeline-event\" data-description=\"Ratification of the Agreement by President Bamir Topi and its transformation into State Law (No. 10057). The Court legally recognizes the Church as a legal entity.\">\n                                    <div class=\"oca-event-marker\"><\/div>\n                                    <div class=\"oca-event-date\">\n                                        January 22, 2009                                    <\/div>\n                                <\/div>\n                                                            <div class=\"oca-timeline-event\" data-description=\"Awarding of the &#039;Gjergj Kastrioti Skanderbeg&#039; medal of the Republic of Albania to Archbishop Anastasios.\">\n                                    <div class=\"oca-event-marker\"><\/div>\n                                    <div class=\"oca-event-date\">\n                                        2010                                    <\/div>\n                                <\/div>\n                                                            <div class=\"oca-timeline-event\" data-description=\"Establishment of the private University &#039;Logos&#039; after permission from the Council of Ministers.\">\n                                    <div class=\"oca-event-marker\"><\/div>\n                                    <div class=\"oca-event-date\">\n                                        2011                                    <\/div>\n                                <\/div>\n                                                            <div class=\"oca-timeline-event\" data-description=\"The Holy Synod approves the establishment of the Metropolis of Apollonia and Fier and the Metropolis of Elbasan.\">\n                                    <div class=\"oca-event-marker\"><\/div>\n                                    <div class=\"oca-event-date\">\n                                        April 7, 2016                                    <\/div>\n                                <\/div>\n                                                            <div class=\"oca-timeline-event\" data-description=\"Establishment of the Greek Language Learning Center with the main goal of promoting the Greek language and culture in Albania.\">\n                                    <div class=\"oca-event-marker\"><\/div>\n                                    <div class=\"oca-event-date\">\n                                        September 2021                                    <\/div>\n                                <\/div>\n                                                                        <\/div>\n                <\/div>\n            <\/div>\n            \n                        <div class=\"oca-timeline-source\">\n                                    <span>The Reconstitution of the Orthodox Autocephalous Church of Albania 1991-2021<\/span>\n                                                    <span>\u2020 Anastasios, Archbishop of Tirana, Durr\u00ebs and All Albania<\/span>\n                            <\/div>\n                        \n            <!-- Overlay -->\n            <div class=\"oca-tooltip-overlay\"><\/div>\n            \n            <!-- Tooltip -->\n            <div class=\"oca-timeline-tooltip\">\n                <div class=\"oca-tooltip-content\">\n                    <button class=\"oca-tooltip-close\">&times;<\/button>\n                    <div class=\"oca-tooltip-header\">\n                        <div class=\"oca-tooltip-icon\">\n                            <svg viewBox=\"0 0 24 24\" fill=\"none\" stroke=\"currentColor\" stroke-width=\"2\">\n                                <circle cx=\"12\" cy=\"12\" r=\"10\"\/>\n                                <polyline points=\"12,6 12,12 16,14\"\/>\n                            <\/svg>\n                        <\/div>\n                        <h3 class=\"oca-tooltip-title\"><\/h3>\n                    <\/div>\n                    <div class=\"oca-tooltip-body\">\n                        <p class=\"oca-tooltip-description\"><\/p>\n                    <\/div>\n                <\/div>\n            <\/div>\n            \n            <button class=\"oca-timeline-nav oca-nav-left\" aria-label=\"Scroll left\">\n                <svg viewBox=\"0 0 24 24\" fill=\"none\" stroke=\"currentColor\" stroke-width=\"2\">\n                    <polyline points=\"15,18 9,12 15,6\"\/>\n                <\/svg>\n            <\/button>\n            <button class=\"oca-timeline-nav oca-nav-right\" aria-label=\"Scroll right\">\n                <svg viewBox=\"0 0 24 24\" fill=\"none\" stroke=\"currentColor\" stroke-width=\"2\">\n                    <polyline points=\"9,6 15,12 9,18\"\/>\n                <\/svg>\n            <\/button>\n        <\/div>\n        \n<\/div><\/div><\/div><\/div><\/div><\/p>\n","protected":false},"excerpt":{"rendered":"","protected":false},"author":1,"featured_media":0,"parent":0,"menu_order":0,"comment_status":"closed","ping_status":"closed","template":"100-width.php","meta":{"_acf_changed":false,"pagelayer_contact_templates":[],"_pagelayer_content":"","inline_featured_image":false,"footnotes":""},"class_list":["post-17651","page","type-page","status-publish","hentry"],"acf":[],"yoast_head":"<!-- This site is optimized with the Yoast SEO plugin v27.2 - https:\/\/yoast.com\/product\/yoast-seo-wordpress\/ -->\n<title>Kisha Orthodh\u03bfkse Autoqefale e Shqip\u00ebris\u00eb - Official webpage<\/title>\n<meta name=\"description\" content=\"The Official Page of the Autocephalous Orthodox Church of Albania with its news and official information about its structure and activity.\" \/>\n<meta name=\"robots\" content=\"index, follow, max-snippet:-1, max-image-preview:large, max-video-preview:-1\" \/>\n<link rel=\"canonical\" href=\"https:\/\/orthodoxalbania.org\/2020\/en\/\" \/>\n<meta property=\"og:locale\" content=\"en_US\" \/>\n<meta property=\"og:type\" content=\"article\" \/>\n<meta property=\"og:title\" content=\"Kisha Orthodh\u03bfkse Autoqefale e Shqip\u00ebris\u00eb - Official webpage\" \/>\n<meta property=\"og:description\" content=\"The Official Page of the Autocephalous Orthodox Church of Albania with its news and official information about its structure and activity.\" \/>\n<meta property=\"og:url\" content=\"https:\/\/orthodoxalbania.org\/2020\/en\/\" \/>\n<meta property=\"og:site_name\" content=\"Kisha Orthodh\u03bfkse Autoqefale e Shqip\u00ebris\u00eb\" \/>\n<meta property=\"article:publisher\" content=\"https:\/\/www.facebook.com\/koash1991\" \/>\n<meta property=\"article:modified_time\" content=\"2025-12-30T15:55:06+00:00\" \/>\n<meta property=\"og:image\" content=\"https:\/\/orthodoxalbania.org\/2020\/wp-content\/uploads\/2021\/02\/LogoLastALb-200.png\" \/>\n\t<meta property=\"og:image:width\" content=\"200\" \/>\n\t<meta property=\"og:image:height\" content=\"172\" \/>\n\t<meta property=\"og:image:type\" content=\"image\/png\" \/>\n<meta name=\"twitter:card\" content=\"summary_large_image\" \/>\n<meta name=\"twitter:label1\" content=\"Est. reading time\" \/>\n\t<meta name=\"twitter:data1\" content=\"4 minutes\" \/>\n<script type=\"application\/ld+json\" class=\"yoast-schema-graph\">{\"@context\":\"https:\/\/schema.org\",\"@graph\":[{\"@type\":\"WebPage\",\"@id\":\"https:\/\/orthodoxalbania.org\/2020\/en\/\",\"url\":\"https:\/\/orthodoxalbania.org\/2020\/en\/\",\"name\":\"Kisha Orthodh\u03bfkse Autoqefale e Shqip\u00ebris\u00eb - Official webpage\",\"isPartOf\":{\"@id\":\"https:\/\/orthodoxalbania.org\/2020\/#website\"},\"datePublished\":\"2020-04-12T11:28:28+00:00\",\"dateModified\":\"2025-12-30T15:55:06+00:00\",\"description\":\"The Official Page of the Autocephalous Orthodox Church of Albania with its news and official information about its structure and activity.\",\"breadcrumb\":{\"@id\":\"https:\/\/orthodoxalbania.org\/2020\/en\/#breadcrumb\"},\"inLanguage\":\"en-US\",\"potentialAction\":[{\"@type\":\"ReadAction\",\"target\":[\"https:\/\/orthodoxalbania.org\/2020\/en\/\"]}]},{\"@type\":\"BreadcrumbList\",\"@id\":\"https:\/\/orthodoxalbania.org\/2020\/en\/#breadcrumb\",\"itemListElement\":[{\"@type\":\"ListItem\",\"position\":1,\"name\":\"Home\",\"item\":\"https:\/\/orthodoxalbania.org\/2020\/\"},{\"@type\":\"ListItem\",\"position\":2,\"name\":\"Home\"}]},{\"@type\":\"WebSite\",\"@id\":\"https:\/\/orthodoxalbania.org\/2020\/#website\",\"url\":\"https:\/\/orthodoxalbania.org\/2020\/\",\"name\":\"Kisha Orthodh\u03bfkse Autoqefale e Shqip\u00ebris\u00eb\",\"description\":\"Fqja Zyrtare e Kish\u00ebs Orthodhokse Autoqefale e Shqip\u00ebris\u00eb me lajmet edhe informacionet zyrtare p\u00ebr struktur\u00ebn edhe veprimtarin e saj.\",\"publisher\":{\"@id\":\"https:\/\/orthodoxalbania.org\/2020\/#organization\"},\"potentialAction\":[{\"@type\":\"SearchAction\",\"target\":{\"@type\":\"EntryPoint\",\"urlTemplate\":\"https:\/\/orthodoxalbania.org\/2020\/?s={search_term_string}\"},\"query-input\":{\"@type\":\"PropertyValueSpecification\",\"valueRequired\":true,\"valueName\":\"search_term_string\"}}],\"inLanguage\":\"en-US\"},{\"@type\":\"Organization\",\"@id\":\"https:\/\/orthodoxalbania.org\/2020\/#organization\",\"name\":\"Kisha Orthodhokse Autoqefale e Shqip\u00ebris\u00eb\",\"url\":\"https:\/\/orthodoxalbania.org\/2020\/\",\"logo\":{\"@type\":\"ImageObject\",\"inLanguage\":\"en-US\",\"@id\":\"https:\/\/orthodoxalbania.org\/2020\/#\/schema\/logo\/image\/\",\"url\":\"https:\/\/orthodoxalbania.org\/2020\/wp-content\/uploads\/2020\/05\/albania.jpeg\",\"contentUrl\":\"https:\/\/orthodoxalbania.org\/2020\/wp-content\/uploads\/2020\/05\/albania.jpeg\",\"width\":540,\"height\":540,\"caption\":\"Kisha Orthodhokse Autoqefale e Shqip\u00ebris\u00eb\"},\"image\":{\"@id\":\"https:\/\/orthodoxalbania.org\/2020\/#\/schema\/logo\/image\/\"},\"sameAs\":[\"https:\/\/www.facebook.com\/koash1991\"]}]}<\/script>\n<!-- \/ Yoast SEO plugin. -->","yoast_head_json":{"title":"Kisha Orthodh\u03bfkse Autoqefale e Shqip\u00ebris\u00eb - Official webpage","description":"The Official Page of the Autocephalous Orthodox Church of Albania with its news and official information about its structure and activity.","robots":{"index":"index","follow":"follow","max-snippet":"max-snippet:-1","max-image-preview":"max-image-preview:large","max-video-preview":"max-video-preview:-1"},"canonical":"https:\/\/orthodoxalbania.org\/2020\/en\/","og_locale":"en_US","og_type":"article","og_title":"Kisha Orthodh\u03bfkse Autoqefale e Shqip\u00ebris\u00eb - Official webpage","og_description":"The Official Page of the Autocephalous Orthodox Church of Albania with its news and official information about its structure and activity.","og_url":"https:\/\/orthodoxalbania.org\/2020\/en\/","og_site_name":"Kisha Orthodh\u03bfkse Autoqefale e Shqip\u00ebris\u00eb","article_publisher":"https:\/\/www.facebook.com\/koash1991","article_modified_time":"2025-12-30T15:55:06+00:00","og_image":[{"width":200,"height":172,"url":"https:\/\/orthodoxalbania.org\/2020\/wp-content\/uploads\/2021\/02\/LogoLastALb-200.png","type":"image\/png"}],"twitter_card":"summary_large_image","twitter_misc":{"Est. reading time":"4 minutes"},"schema":{"@context":"https:\/\/schema.org","@graph":[{"@type":"WebPage","@id":"https:\/\/orthodoxalbania.org\/2020\/en\/","url":"https:\/\/orthodoxalbania.org\/2020\/en\/","name":"Kisha Orthodh\u03bfkse Autoqefale e Shqip\u00ebris\u00eb - Official webpage","isPartOf":{"@id":"https:\/\/orthodoxalbania.org\/2020\/#website"},"datePublished":"2020-04-12T11:28:28+00:00","dateModified":"2025-12-30T15:55:06+00:00","description":"The Official Page of the Autocephalous Orthodox Church of Albania with its news and official information about its structure and activity.","breadcrumb":{"@id":"https:\/\/orthodoxalbania.org\/2020\/en\/#breadcrumb"},"inLanguage":"en-US","potentialAction":[{"@type":"ReadAction","target":["https:\/\/orthodoxalbania.org\/2020\/en\/"]}]},{"@type":"BreadcrumbList","@id":"https:\/\/orthodoxalbania.org\/2020\/en\/#breadcrumb","itemListElement":[{"@type":"ListItem","position":1,"name":"Home","item":"https:\/\/orthodoxalbania.org\/2020\/"},{"@type":"ListItem","position":2,"name":"Home"}]},{"@type":"WebSite","@id":"https:\/\/orthodoxalbania.org\/2020\/#website","url":"https:\/\/orthodoxalbania.org\/2020\/","name":"Kisha Orthodh\u03bfkse Autoqefale e Shqip\u00ebris\u00eb","description":"Fqja Zyrtare e Kish\u00ebs Orthodhokse Autoqefale e Shqip\u00ebris\u00eb me lajmet edhe informacionet zyrtare p\u00ebr struktur\u00ebn edhe veprimtarin e saj.","publisher":{"@id":"https:\/\/orthodoxalbania.org\/2020\/#organization"},"potentialAction":[{"@type":"SearchAction","target":{"@type":"EntryPoint","urlTemplate":"https:\/\/orthodoxalbania.org\/2020\/?s={search_term_string}"},"query-input":{"@type":"PropertyValueSpecification","valueRequired":true,"valueName":"search_term_string"}}],"inLanguage":"en-US"},{"@type":"Organization","@id":"https:\/\/orthodoxalbania.org\/2020\/#organization","name":"Kisha Orthodhokse Autoqefale e Shqip\u00ebris\u00eb","url":"https:\/\/orthodoxalbania.org\/2020\/","logo":{"@type":"ImageObject","inLanguage":"en-US","@id":"https:\/\/orthodoxalbania.org\/2020\/#\/schema\/logo\/image\/","url":"https:\/\/orthodoxalbania.org\/2020\/wp-content\/uploads\/2020\/05\/albania.jpeg","contentUrl":"https:\/\/orthodoxalbania.org\/2020\/wp-content\/uploads\/2020\/05\/albania.jpeg","width":540,"height":540,"caption":"Kisha Orthodhokse Autoqefale e Shqip\u00ebris\u00eb"},"image":{"@id":"https:\/\/orthodoxalbania.org\/2020\/#\/schema\/logo\/image\/"},"sameAs":["https:\/\/www.facebook.com\/koash1991"]}]}},"_links":{"self":[{"href":"https:\/\/orthodoxalbania.org\/2020\/wp-json\/wp\/v2\/pages\/17651","targetHints":{"allow":["GET"]}}],"collection":[{"href":"https:\/\/orthodoxalbania.org\/2020\/wp-json\/wp\/v2\/pages"}],"about":[{"href":"https:\/\/orthodoxalbania.org\/2020\/wp-json\/wp\/v2\/types\/page"}],"author":[{"embeddable":true,"href":"https:\/\/orthodoxalbania.org\/2020\/wp-json\/wp\/v2\/users\/1"}],"replies":[{"embeddable":true,"href":"https:\/\/orthodoxalbania.org\/2020\/wp-json\/wp\/v2\/comments?post=17651"}],"version-history":[{"count":82,"href":"https:\/\/orthodoxalbania.org\/2020\/wp-json\/wp\/v2\/pages\/17651\/revisions"}],"predecessor-version":[{"id":69095,"href":"https:\/\/orthodoxalbania.org\/2020\/wp-json\/wp\/v2\/pages\/17651\/revisions\/69095"}],"wp:attachment":[{"href":"https:\/\/orthodoxalbania.org\/2020\/wp-json\/wp\/v2\/media?parent=17651"}],"curies":[{"name":"wp","href":"https:\/\/api.w.org\/{rel}","templated":true}]}}