{"version":"1.0","provider_name":"Kisha Orthodh\u03bfkse Autoqefale e Shqip\u00ebris\u00eb","provider_url":"https:\/\/orthodoxalbania.org\/2020","author_name":"neo_admin","author_url":"https:\/\/orthodoxalbania.org\/2020\/author\/neo_admin\/","title":"KNFSH - Kunder ardhjes se armeve kimike ne Shqiperi! (14 N\u00ebntor 2013) - Kisha Orthodh\u03bfkse Autoqefale e Shqip\u00ebris\u00eb","type":"rich","width":600,"height":338,"html":"<blockquote class=\"wp-embedded-content\" data-secret=\"AUWztZhtMG\"><a href=\"https:\/\/orthodoxalbania.org\/2020\/2013\/11\/14\/knfsh-kunder-ardhjes-se-armeve-kimike-ne-shqiperi\/\">KNFSH &#8211; Kunder ardhjes se armeve kimike ne Shqiperi! (14 N\u00ebntor 2013)<\/a><\/blockquote><iframe sandbox=\"allow-scripts\" security=\"restricted\" src=\"https:\/\/orthodoxalbania.org\/2020\/2013\/11\/14\/knfsh-kunder-ardhjes-se-armeve-kimike-ne-shqiperi\/embed\/#?secret=AUWztZhtMG\" width=\"600\" height=\"338\" title=\"&#8220;KNFSH &#8211; Kunder ardhjes se armeve kimike ne Shqiperi! (14 N\u00ebntor 2013)&#8221; &#8212; Kisha Orthodh\u03bfkse Autoqefale e Shqip\u00ebris\u00eb\" data-secret=\"AUWztZhtMG\" frameborder=\"0\" marginwidth=\"0\" marginheight=\"0\" scrolling=\"no\" class=\"wp-embedded-content\"><\/iframe><script type=\"text\/javascript\">\n\/* <![CDATA[ *\/\n\/*! This file is auto-generated *\/\n!function(d,l){\"use strict\";l.querySelector&&d.addEventListener&&\"undefined\"!=typeof URL&&(d.wp=d.wp||{},d.wp.receiveEmbedMessage||(d.wp.receiveEmbedMessage=function(e){var t=e.data;if((t||t.secret||t.message||t.value)&&!\/[^a-zA-Z0-9]\/.test(t.secret)){for(var s,r,n,a=l.querySelectorAll('iframe[data-secret=\"'+t.secret+'\"]'),o=l.querySelectorAll('blockquote[data-secret=\"'+t.secret+'\"]'),c=new RegExp(\"^https?:$\",\"i\"),i=0;i<o.length;i++)o[i].style.display=\"none\";for(i=0;i<a.length;i++)s=a[i],e.source===s.contentWindow&&(s.removeAttribute(\"style\"),\"height\"===t.message?(1e3<(r=parseInt(t.value,10))?r=1e3:~~r<200&&(r=200),s.height=r):\"link\"===t.message&&(r=new URL(s.getAttribute(\"src\")),n=new URL(t.value),c.test(n.protocol))&&n.host===r.host&&l.activeElement===s&&(d.top.location.href=t.value))}},d.addEventListener(\"message\",d.wp.receiveEmbedMessage,!1),l.addEventListener(\"DOMContentLoaded\",function(){for(var e,t,s=l.querySelectorAll(\"iframe.wp-embedded-content\"),r=0;r<s.length;r++)(t=(e=s[r]).getAttribute(\"data-secret\"))||(t=Math.random().toString(36).substring(2,12),e.src+=\"#?secret=\"+t,e.setAttribute(\"data-secret\",t)),e.contentWindow.postMessage({message:\"ready\",secret:t},\"*\")},!1)))}(window,document);\n\/\/# sourceURL=https:\/\/orthodoxalbania.org\/2020\/wp-includes\/js\/wp-embed.min.js\n\/* ]]> *\/\n<\/script>\n","description":"&nbsp; Tiran\u00eb, m\u00eb 14 n\u00ebntor 2013 &nbsp; DEKLARAT\u00cb P\u00cbR SHTYP &nbsp; &nbsp; &nbsp; K\u00ebshilli Nd\u00ebrfetar i Shqip\u00ebris\u00eb, (Komuniteti Musliman i Shqip\u00ebris\u00eb, Kisha Orthodhokse Autoqefale e Shqip\u00ebris\u00eb, Kisha Katolike e Shqip\u00ebris\u00eb dhe Kryegjyshata Bot\u00ebrore Bektashiane) si dhe V\u00ebllaz\u00ebria Ungjillore e Shqip\u00ebris\u00eb, jemi duke ndjekur me shum\u00eb shqet\u00ebsim zhvillimet e fundit politike dhe shoq\u00ebrore, t\u00eb cilat po marrin nj\u00eb karakter gjithnj\u00eb e m\u00eb popullor, n\u00eb lidhje me","thumbnail_url":"https:\/\/lh6.googleusercontent.com\/-T8S8zQEor9k\/UoVG17MBkCI\/AAAAAAAAG2g\/lEOeJM_f_90\/w1000-h606-no\/Untitled-1.jpg"}