{"version":"1.0","provider_name":"Kisha Orthodh\u03bfkse Autoqefale e Shqip\u00ebris\u00eb","provider_url":"https:\/\/orthodoxalbania.org\/2020","author_name":"Administrator3","author_url":"https:\/\/orthodoxalbania.org\/2020\/author\/asti\/","title":"RR\u00cbZIMI I NJ\u00cb S\u00cbR\u00cb AKUZAVE SHPIF\u00cbSE. (Tetor 2013) - Kisha Orthodh\u03bfkse Autoqefale e Shqip\u00ebris\u00eb","type":"rich","width":600,"height":338,"html":"<blockquote class=\"wp-embedded-content\" data-secret=\"X1VsQsmJ6e\"><a href=\"https:\/\/orthodoxalbania.org\/2020\/2013\/10\/22\/rrezimi-i-nje-sere-akuzave-shpifese\/\">RR\u00cbZIMI I NJ\u00cb S\u00cbR\u00cb AKUZAVE SHPIF\u00cbSE. (Tetor 2013)<\/a><\/blockquote><iframe sandbox=\"allow-scripts\" security=\"restricted\" src=\"https:\/\/orthodoxalbania.org\/2020\/2013\/10\/22\/rrezimi-i-nje-sere-akuzave-shpifese\/embed\/#?secret=X1VsQsmJ6e\" width=\"600\" height=\"338\" title=\"&#8220;RR\u00cbZIMI I NJ\u00cb S\u00cbR\u00cb AKUZAVE SHPIF\u00cbSE. (Tetor 2013)&#8221; &#8212; Kisha Orthodh\u03bfkse Autoqefale e Shqip\u00ebris\u00eb\" data-secret=\"X1VsQsmJ6e\" frameborder=\"0\" marginwidth=\"0\" marginheight=\"0\" scrolling=\"no\" class=\"wp-embedded-content\"><\/iframe><script type=\"text\/javascript\">\n\/* <![CDATA[ *\/\n\/*! This file is auto-generated *\/\n!function(d,l){\"use strict\";l.querySelector&&d.addEventListener&&\"undefined\"!=typeof URL&&(d.wp=d.wp||{},d.wp.receiveEmbedMessage||(d.wp.receiveEmbedMessage=function(e){var t=e.data;if((t||t.secret||t.message||t.value)&&!\/[^a-zA-Z0-9]\/.test(t.secret)){for(var s,r,n,a=l.querySelectorAll('iframe[data-secret=\"'+t.secret+'\"]'),o=l.querySelectorAll('blockquote[data-secret=\"'+t.secret+'\"]'),c=new RegExp(\"^https?:$\",\"i\"),i=0;i<o.length;i++)o[i].style.display=\"none\";for(i=0;i<a.length;i++)s=a[i],e.source===s.contentWindow&&(s.removeAttribute(\"style\"),\"height\"===t.message?(1e3<(r=parseInt(t.value,10))?r=1e3:~~r<200&&(r=200),s.height=r):\"link\"===t.message&&(r=new URL(s.getAttribute(\"src\")),n=new URL(t.value),c.test(n.protocol))&&n.host===r.host&&l.activeElement===s&&(d.top.location.href=t.value))}},d.addEventListener(\"message\",d.wp.receiveEmbedMessage,!1),l.addEventListener(\"DOMContentLoaded\",function(){for(var e,t,s=l.querySelectorAll(\"iframe.wp-embedded-content\"),r=0;r<s.length;r++)(t=(e=s[r]).getAttribute(\"data-secret\"))||(t=Math.random().toString(36).substring(2,12),e.src+=\"#?secret=\"+t,e.setAttribute(\"data-secret\",t)),e.contentWindow.postMessage({message:\"ready\",secret:t},\"*\")},!1)))}(window,document);\n\/\/# sourceURL=https:\/\/orthodoxalbania.org\/2020\/wp-includes\/js\/wp-embed.min.js\n\/* ]]> *\/\n<\/script>\n","description":"&nbsp; Nga Kryepiskopi i Tiran\u00ebs, Durr\u00ebsit dhe i gjith\u00eb Shqip\u00ebris\u00eb, Prof. Dr. Anastasi, An\u00ebtar Nderi i Akademis\u00eb s\u00eb Athin\u00ebs P\u00ebrgjigje nr. 2 drejtuar historianit Kristo Frash\u00ebri, botuar n\u00eb Gazeta Shqiptare 21-22.10.2013. &nbsp; &nbsp;&nbsp;&nbsp; Pjesa e Par\u00eb &nbsp;&nbsp; 1. Prof. Dr. Frash\u00ebri n\u00eb shkrimin e tij t\u00eb fundit (Gazeta Shqiptare, 22-23\/9\/2013), nisi p\u00ebrs\u00ebri me pasakt\u00ebsit\u00eb e tij. Flet \u201cp\u00ebr artikujt kritik\u00eb q\u00eb u botuan gjat\u00eb tri","thumbnail_url":"https:\/\/lh5.googleusercontent.com\/-DA0yNlTkkAc\/Ui2CjL-oZfI\/AAAAAAAAGbo\/XG_DIuD0uUo\/w473-h709-no\/KRYEPISKOPI+3+copy.jpg"}