{"version":"1.0","provider_name":"Kisha Orthodh\u03bfkse Autoqefale e Shqip\u00ebris\u00eb","provider_url":"https:\/\/orthodoxalbania.org\/2020","author_name":"neo_admin","author_url":"https:\/\/orthodoxalbania.org\/2020\/author\/neo_admin\/","title":"Rreth Dokumentit t\u00eb Milanos (viti 313 pas Krishtit). (6 Prill 2013) - Kisha Orthodh\u03bfkse Autoqefale e Shqip\u00ebris\u00eb","type":"rich","width":600,"height":338,"html":"<blockquote class=\"wp-embedded-content\" data-secret=\"Okozmdh0j1\"><a href=\"https:\/\/orthodoxalbania.org\/2020\/2013\/04\/06\/rreth-dokumentit-te-milanos-viti-313-pas-krishtit\/\">Rreth Dokumentit t\u00eb Milanos (viti 313 pas Krishtit). (6 Prill 2013)<\/a><\/blockquote><iframe sandbox=\"allow-scripts\" security=\"restricted\" src=\"https:\/\/orthodoxalbania.org\/2020\/2013\/04\/06\/rreth-dokumentit-te-milanos-viti-313-pas-krishtit\/embed\/#?secret=Okozmdh0j1\" width=\"600\" height=\"338\" title=\"&#8220;Rreth Dokumentit t\u00eb Milanos (viti 313 pas Krishtit). (6 Prill 2013)&#8221; &#8212; Kisha Orthodh\u03bfkse Autoqefale e Shqip\u00ebris\u00eb\" data-secret=\"Okozmdh0j1\" frameborder=\"0\" marginwidth=\"0\" marginheight=\"0\" scrolling=\"no\" class=\"wp-embedded-content\"><\/iframe><script type=\"text\/javascript\">\n\/* <![CDATA[ *\/\n\/*! This file is auto-generated *\/\n!function(d,l){\"use strict\";l.querySelector&&d.addEventListener&&\"undefined\"!=typeof URL&&(d.wp=d.wp||{},d.wp.receiveEmbedMessage||(d.wp.receiveEmbedMessage=function(e){var t=e.data;if((t||t.secret||t.message||t.value)&&!\/[^a-zA-Z0-9]\/.test(t.secret)){for(var s,r,n,a=l.querySelectorAll('iframe[data-secret=\"'+t.secret+'\"]'),o=l.querySelectorAll('blockquote[data-secret=\"'+t.secret+'\"]'),c=new RegExp(\"^https?:$\",\"i\"),i=0;i<o.length;i++)o[i].style.display=\"none\";for(i=0;i<a.length;i++)s=a[i],e.source===s.contentWindow&&(s.removeAttribute(\"style\"),\"height\"===t.message?(1e3<(r=parseInt(t.value,10))?r=1e3:~~r<200&&(r=200),s.height=r):\"link\"===t.message&&(r=new URL(s.getAttribute(\"src\")),n=new URL(t.value),c.test(n.protocol))&&n.host===r.host&&l.activeElement===s&&(d.top.location.href=t.value))}},d.addEventListener(\"message\",d.wp.receiveEmbedMessage,!1),l.addEventListener(\"DOMContentLoaded\",function(){for(var e,t,s=l.querySelectorAll(\"iframe.wp-embedded-content\"),r=0;r<s.length;r++)(t=(e=s[r]).getAttribute(\"data-secret\"))||(t=Math.random().toString(36).substring(2,12),e.src+=\"#?secret=\"+t,e.setAttribute(\"data-secret\",t)),e.contentWindow.postMessage({message:\"ready\",secret:t},\"*\")},!1)))}(window,document);\n\/\/# sourceURL=https:\/\/orthodoxalbania.org\/2020\/wp-includes\/js\/wp-embed.min.js\n\/* ]]> *\/\n<\/script>\n","description":"&nbsp; &nbsp; &nbsp;&nbsp;Duke qen\u00eb se jemi n\u00eb nj\u00eb vit jubilar t\u00eb 1700 vjetorit t\u00eb shpalljes s\u00eb Krishterimit si fe e lir\u00eb dhe e ligjshme p\u00ebrkrah feve t\u00eb tjera t\u00eb asaj kohe n\u00eb Perandorin\u00eb Romake, menduam t\u00eb paraqesim nj\u00eb p\u00ebrzgjedhje t\u00eb nj\u00eb studimi interesant q\u00eb gjendet tek Enciklopedia fetare dhe etike, vol. 8, Athin\u00eb 1966, fq. 888-889, n\u00eb fjal\u00ebn &#8220;Edikti&#8221;. &nbsp; &nbsp; Pas fitores kund\u00ebr Maksentit","thumbnail_url":"http:\/\/modeoflife.files.wordpress.com\/2012\/11\/edict-of-milan-image.png?w=800"}