{"version":"1.0","provider_name":"Kisha Orthodh\u03bfkse Autoqefale e Shqip\u00ebris\u00eb","provider_url":"https:\/\/orthodoxalbania.org\/2020","author_name":"Kisha Orthodhokse","author_url":"https:\/\/orthodoxalbania.org\/2020\/author\/giokashar\/","title":"Darke p\u00ebr punonj\u00ebsit q\u00eb ngrit\u00ebn katedralen. (2 korrik 2012) - Kisha Orthodh\u03bfkse Autoqefale e Shqip\u00ebris\u00eb","type":"rich","width":600,"height":338,"html":"<blockquote class=\"wp-embedded-content\" data-secret=\"sYcXPxeJc6\"><a href=\"https:\/\/orthodoxalbania.org\/2020\/2013\/03\/21\/darke-per-punonjesit-qe-ngriten-katedralen\/\">Darke p\u00ebr punonj\u00ebsit q\u00eb ngrit\u00ebn katedralen. (2 korrik 2012)<\/a><\/blockquote><iframe sandbox=\"allow-scripts\" security=\"restricted\" src=\"https:\/\/orthodoxalbania.org\/2020\/2013\/03\/21\/darke-per-punonjesit-qe-ngriten-katedralen\/embed\/#?secret=sYcXPxeJc6\" width=\"600\" height=\"338\" title=\"&#8220;Darke p\u00ebr punonj\u00ebsit q\u00eb ngrit\u00ebn katedralen. (2 korrik 2012)&#8221; &#8212; Kisha Orthodh\u03bfkse Autoqefale e Shqip\u00ebris\u00eb\" data-secret=\"sYcXPxeJc6\" frameborder=\"0\" marginwidth=\"0\" marginheight=\"0\" scrolling=\"no\" class=\"wp-embedded-content\"><\/iframe><script type=\"text\/javascript\">\n\/* <![CDATA[ *\/\n\/*! This file is auto-generated *\/\n!function(d,l){\"use strict\";l.querySelector&&d.addEventListener&&\"undefined\"!=typeof URL&&(d.wp=d.wp||{},d.wp.receiveEmbedMessage||(d.wp.receiveEmbedMessage=function(e){var t=e.data;if((t||t.secret||t.message||t.value)&&!\/[^a-zA-Z0-9]\/.test(t.secret)){for(var s,r,n,a=l.querySelectorAll('iframe[data-secret=\"'+t.secret+'\"]'),o=l.querySelectorAll('blockquote[data-secret=\"'+t.secret+'\"]'),c=new RegExp(\"^https?:$\",\"i\"),i=0;i<o.length;i++)o[i].style.display=\"none\";for(i=0;i<a.length;i++)s=a[i],e.source===s.contentWindow&&(s.removeAttribute(\"style\"),\"height\"===t.message?(1e3<(r=parseInt(t.value,10))?r=1e3:~~r<200&&(r=200),s.height=r):\"link\"===t.message&&(r=new URL(s.getAttribute(\"src\")),n=new URL(t.value),c.test(n.protocol))&&n.host===r.host&&l.activeElement===s&&(d.top.location.href=t.value))}},d.addEventListener(\"message\",d.wp.receiveEmbedMessage,!1),l.addEventListener(\"DOMContentLoaded\",function(){for(var e,t,s=l.querySelectorAll(\"iframe.wp-embedded-content\"),r=0;r<s.length;r++)(t=(e=s[r]).getAttribute(\"data-secret\"))||(t=Math.random().toString(36).substring(2,12),e.src+=\"#?secret=\"+t,e.setAttribute(\"data-secret\",t)),e.contentWindow.postMessage({message:\"ready\",secret:t},\"*\")},!1)))}(window,document);\n\/\/# sourceURL=https:\/\/orthodoxalbania.org\/2020\/wp-includes\/js\/wp-embed.min.js\n\/* ]]> *\/\n<\/script>\n","description":"Nderim p\u00ebr ata q\u00eb derdh\u00ebn djers\u00ebn dhe talentin&nbsp;p\u00ebr nj\u00eb vep\u00ebr q\u00eb zbukuron kryeqytetin. &nbsp;&nbsp; T\u00eb h\u00ebn\u00ebn, 2 korrik, n\u00eb mjediset e qendr\u00ebs \u201cThavor\u201d, Kryepiskopi Anastas shtroi nj\u00eb dark\u00eb p\u00ebr t\u00eb nderuar dhe fal\u00ebnderuar t\u00eb gjith\u00eb ata q\u00eb punuan p\u00ebr nd\u00ebrtimin e Katedrales \u201cNgjallja e Krishtit\u201d. &nbsp; &nbsp;&nbsp; &nbsp; &nbsp; Ishin t\u00eb ftuar t\u00eb gjith\u00eb punonj\u00ebsit qe kontribuuan ne k\u00ebt\u00eb vep\u00ebr madh\u00ebshtore, rreth 90 vet\u00eb, qe","thumbnail_url":"https:\/\/lh6.googleusercontent.com\/-IWt0_59H2qk\/T_MaoiDAKbI\/AAAAAAAAAhM\/oMzLn5qtODE\/s720\/P7020184.JPG"}