{"version":"1.0","provider_name":"Kisha Orthodh\u03bfkse Autoqefale e Shqip\u00ebris\u00eb","provider_url":"https:\/\/orthodoxalbania.org\/2020","author_name":"Kisha Orthodhokse","author_url":"https:\/\/orthodoxalbania.org\/2020\/author\/giokashar\/","title":"Veprimtari festive n\u00eb kish\u00ebn e Durr\u00ebsit. (25 Prill 2010) - Kisha Orthodh\u03bfkse Autoqefale e Shqip\u00ebris\u00eb","type":"rich","width":600,"height":338,"html":"<blockquote class=\"wp-embedded-content\" data-secret=\"i4JqqY4YaH\"><a href=\"https:\/\/orthodoxalbania.org\/2020\/2013\/03\/20\/veprimtari-festive-ne-kishen-e-durresit\/\">Veprimtari festive n\u00eb kish\u00ebn e Durr\u00ebsit. (25 Prill 2010)<\/a><\/blockquote><iframe sandbox=\"allow-scripts\" security=\"restricted\" src=\"https:\/\/orthodoxalbania.org\/2020\/2013\/03\/20\/veprimtari-festive-ne-kishen-e-durresit\/embed\/#?secret=i4JqqY4YaH\" width=\"600\" height=\"338\" title=\"&#8220;Veprimtari festive n\u00eb kish\u00ebn e Durr\u00ebsit. (25 Prill 2010)&#8221; &#8212; Kisha Orthodh\u03bfkse Autoqefale e Shqip\u00ebris\u00eb\" data-secret=\"i4JqqY4YaH\" frameborder=\"0\" marginwidth=\"0\" marginheight=\"0\" scrolling=\"no\" class=\"wp-embedded-content\"><\/iframe><script type=\"text\/javascript\">\n\/* <![CDATA[ *\/\n\/*! This file is auto-generated *\/\n!function(d,l){\"use strict\";l.querySelector&&d.addEventListener&&\"undefined\"!=typeof URL&&(d.wp=d.wp||{},d.wp.receiveEmbedMessage||(d.wp.receiveEmbedMessage=function(e){var t=e.data;if((t||t.secret||t.message||t.value)&&!\/[^a-zA-Z0-9]\/.test(t.secret)){for(var s,r,n,a=l.querySelectorAll('iframe[data-secret=\"'+t.secret+'\"]'),o=l.querySelectorAll('blockquote[data-secret=\"'+t.secret+'\"]'),c=new RegExp(\"^https?:$\",\"i\"),i=0;i<o.length;i++)o[i].style.display=\"none\";for(i=0;i<a.length;i++)s=a[i],e.source===s.contentWindow&&(s.removeAttribute(\"style\"),\"height\"===t.message?(1e3<(r=parseInt(t.value,10))?r=1e3:~~r<200&&(r=200),s.height=r):\"link\"===t.message&&(r=new URL(s.getAttribute(\"src\")),n=new URL(t.value),c.test(n.protocol))&&n.host===r.host&&l.activeElement===s&&(d.top.location.href=t.value))}},d.addEventListener(\"message\",d.wp.receiveEmbedMessage,!1),l.addEventListener(\"DOMContentLoaded\",function(){for(var e,t,s=l.querySelectorAll(\"iframe.wp-embedded-content\"),r=0;r<s.length;r++)(t=(e=s[r]).getAttribute(\"data-secret\"))||(t=Math.random().toString(36).substring(2,12),e.src+=\"#?secret=\"+t,e.setAttribute(\"data-secret\",t)),e.contentWindow.postMessage({message:\"ready\",secret:t},\"*\")},!1)))}(window,document);\n\/\/# sourceURL=https:\/\/orthodoxalbania.org\/2020\/wp-includes\/js\/wp-embed.min.js\n\/* ]]> *\/\n<\/script>\n","description":"&nbsp;&nbsp;&nbsp; Me p\u00ebrsh\u00ebndetjen gazmore \u201cKrishti u Ngjall\u201d, n\u00eb kish\u00ebn qendrore t\u00eb qytetit t\u00eb Durr\u00ebsit, u organizua m\u00eb 25 prill nj\u00eb veprimtari festive me inisiativ\u00ebn e Akademis\u00eb Teologjike dhe institucioneve t\u00eb tjera arsimore t\u00eb Kish\u00ebs son\u00eb n\u00eb k\u00ebt\u00eb qytet. &nbsp;&nbsp;&nbsp; Atmosfera e Pashk\u00ebs s\u00eb Madhe u zbukurua n\u00eb g\u00ebzimin e t\u00eb rinjve dhe t\u00eb rejave, t\u00eb cil\u00ebt p\u00ebr k\u00ebt\u00eb ngjarje kishin p\u00ebrgatitur nj\u00eb programt\u00eb ve\u00e7ant\u00eb. Mes","thumbnail_url":"https:\/\/lh5.googleusercontent.com\/-HMqPf2dwTL4\/VK5ll0TI1vI\/AAAAAAAAKiw\/EyrvVcjmpQ8\/w458-h344-no\/NVE00009.png"}